{"id":910,"date":"2018-02-08T08:54:55","date_gmt":"2018-02-08T08:54:55","guid":{"rendered":"https:\/\/isisbernocchi.edu.it\/?page_id=910"},"modified":"2025-08-29T10:07:22","modified_gmt":"2025-08-29T09:07:22","slug":"albo-sindacale","status":"publish","type":"page","link":"https:\/\/isisbernocchi.edu.it\/od\/albo-sindacale\/","title":{"rendered":"Albo sindacale"},"content":{"rendered":"<div class=\"QpPSMb\">\n<div class=\"DoxwDb\">\n<div role=\"heading\" aria-level=\"2\" data-attrid=\"title\"><\/div>\n<\/div>\n<div class=\"DoxwDb\">\n<ul>\n<li role=\"heading\" aria-level=\"2\" data-attrid=\"title\"><a href=\"https:\/\/isisbernocchi.edu.it\/od\/wp-content\/uploads\/2025\/08\/Infopoint462.pdf\"><strong>Automazione dei contratti degli incaricati annuali di religione a.s. 2025\/2026<\/strong><\/a><\/li>\n<\/ul>\n<p>&nbsp;<\/p>\n<ul>\n<li role=\"heading\" aria-level=\"2\" data-attrid=\"title\"><a href=\"https:\/\/www.snalsmilano.it\/2025\/08\/28\/docenti-immessi-in-ruolo-e-periodo-di-prova\/\"><strong>DOCENTI IMMESSI IN RUOLO E PERIODO DI PROVA<\/strong><\/a><\/li>\n<\/ul>\n<p>&nbsp;<\/p>\n<ul>\n<li role=\"heading\" aria-level=\"2\" data-attrid=\"title\"><a href=\"https:\/\/isisbernocchi.edu.it\/od\/wp-content\/uploads\/2025\/08\/Infopoint453.pdf.pdf\"><strong>Procedura straordinaria &#8211; Approvate le Graduatorie di Merito per la scuola dell\u2019infanzia e primaria<\/strong><\/a><\/li>\n<\/ul>\n<p>&nbsp;<\/p>\n<ul>\n<li role=\"heading\" aria-level=\"2\" data-attrid=\"title\"><a href=\"https:\/\/www.snalsmilano.it\/2025\/08\/26\/contratto-tempo-indeterminato-personale-ata-2025-26\/\"><strong>Contratto tempo indeterminato personale ATA \u2013 2025\/26<\/strong><\/a><\/li>\n<\/ul>\n<p>&nbsp;<\/p>\n<ul>\n<li role=\"heading\" aria-level=\"2\" data-attrid=\"title\"><a href=\"https:\/\/www.snalsmilano.it\/2025\/08\/25\/visite-fiscali-docenti-e-ata\/\"><strong>Visite fiscali docenti e ATA<\/strong><\/a><\/li>\n<\/ul>\n<p>&nbsp;<\/p>\n<ul>\n<li role=\"heading\" aria-level=\"2\" data-attrid=\"title\"><a href=\"https:\/\/isisbernocchi.edu.it\/od\/wp-content\/uploads\/2025\/08\/N.-00057-ASSEMBLEA-SINDACALE-DOCENTI-DI-RELIGIONE-CATTOLICA.pdf\"><strong>ASSEMBLEA SINDACALE E INCONTRO FORMATIVO DOCENTI DI RELIGIONE<\/strong><\/a><\/li>\n<\/ul>\n<p>&nbsp;<\/p>\n<ul>\n<li role=\"heading\" aria-level=\"2\" data-attrid=\"title\"><a href=\"https:\/\/www.snalsmilano.it\/2025\/08\/19\/organico-sostegno-situazione-di-fatto-2025-2026\/\"><strong>Organico sostegno situazione di fatto \u2013 2025\/2026<\/strong><\/a><\/li>\n<\/ul>\n<p>&nbsp;<\/p>\n<ul>\n<li role=\"heading\" aria-level=\"2\" data-attrid=\"title\"><a href=\"https:\/\/www.snalsmilano.it\/2025\/08\/14\/utilizzazioni-e-assegnazioni-provvisorie-4\/\"><strong>Utilizzazioni e assegnazioni provvisorie<\/strong><\/a><\/li>\n<\/ul>\n<p>&nbsp;<\/p>\n<ul>\n<li role=\"heading\" aria-level=\"2\" data-attrid=\"title\"><a href=\"https:\/\/isisbernocchi.edu.it\/od\/wp-content\/uploads\/2025\/08\/ass-pre-congressuale-2025-signed.pdf\"><strong>Assemblea sindacale ATA 30\/8, 15\/9, 16\/9<\/strong><\/a><\/li>\n<\/ul>\n<p>&nbsp;<\/p>\n<ul>\n<li role=\"heading\" aria-level=\"2\" data-attrid=\"title\"><a href=\"https:\/\/www.snalsmilano.it\/2025\/08\/13\/scienze-della-formazione-primaria-2025-26\/\"><strong>Scienze della formazione primaria 2025\/26<\/strong><\/a><\/li>\n<\/ul>\n<p>&nbsp;<\/p>\n<ul>\n<li role=\"heading\" aria-level=\"2\" data-attrid=\"title\"><a href=\"https:\/\/www.snalsmilano.it\/2025\/08\/12\/prospetto-riassuntivo-immissioni-in-ruolo-personale-ata\/\"><strong>Prospetto riassuntivo immissioni in ruolo personale ATA<\/strong><\/a><\/li>\n<\/ul>\n<p>&nbsp;<\/p>\n<ul>\n<li role=\"heading\" aria-level=\"2\" data-attrid=\"title\"><a href=\"https:\/\/www.snalsmilano.it\/2025\/08\/07\/graduatorie-definitive-concorsi-a-t-a\/\"><strong>Graduatorie definitive concorsi A.T.A .<\/strong><\/a><\/li>\n<\/ul>\n<p>&nbsp;<\/p>\n<ul>\n<li role=\"heading\" aria-level=\"2\" data-attrid=\"title\"><a href=\"https:\/\/www.snalsmilano.it\/2025\/08\/05\/disponibilita-incarichi-sostegno\/\"><strong>Disponibilit\u00e0 incarichi sostegno<\/strong><\/a><\/li>\n<\/ul>\n<p>&nbsp;<\/p>\n<ul>\n<li role=\"heading\" aria-level=\"2\" data-attrid=\"title\"><a href=\"https:\/\/isisbernocchi.edu.it\/od\/wp-content\/uploads\/2025\/08\/Infopoint409.pdf.pdf.pdf\"><strong>AVVISO Concorso ordinario<\/strong><\/a><\/li>\n<\/ul>\n<p>&nbsp;<\/p>\n<ul>\n<li role=\"heading\" aria-level=\"2\" data-attrid=\"title\"><a href=\"https:\/\/www.snalsmilano.it\/2025\/08\/01\/mini-call-veloce-sostegno-2025-26\/\"><strong>Mini call veloce sostegno 2025\/26.<\/strong><\/a><\/li>\n<\/ul>\n<p>&nbsp;<\/p>\n<ul>\n<li role=\"heading\" aria-level=\"2\" data-attrid=\"title\"><a href=\"https:\/\/www.snalsmilano.it\/2025\/07\/31\/riforma-del-voto-di-condotta\/\"><strong>Riforma del voto di condotta<\/strong><\/a><\/li>\n<\/ul>\n<p>&nbsp;<\/p>\n<ul>\n<li role=\"heading\" aria-level=\"2\" data-attrid=\"title\"><a href=\"https:\/\/isisbernocchi.edu.it\/od\/wp-content\/uploads\/2025\/07\/USB-Scuola-Altro-che-assunzioni-e-sicurezza-il-governo-regala-260-milioni-alle-assicurazioni-private-sottraendoli-ai-veri-bisogni-della-scuola-statale.pdf\"><strong>Altro che assunzioni e sicurezza: il governo regala 260 milioni alle assicurazioni private sottraendoli ai veri bisogni della scuola statale<\/strong><\/a><\/li>\n<\/ul>\n<p>&nbsp;<\/p>\n<ul>\n<li role=\"heading\" aria-level=\"2\" data-attrid=\"title\"><a href=\"https:\/\/www.snalsmilano.it\/2025\/07\/30\/immissioni-ruolo-insegnanti-di-religione-cattolica-a-s-2025-26\/\"><strong>Immissioni ruolo insegnanti di Religione Cattolica \u2013 A.S. 2025\/26<\/strong><\/a><\/li>\n<\/ul>\n<p>&nbsp;<\/p>\n<ul>\n<li role=\"heading\" aria-level=\"2\" data-attrid=\"title\"><a href=\"https:\/\/www.snalsmilano.it\/2025\/07\/29\/gps-milano-i-fasce-e-ii-fasce-adaa-adee-admm-e-adss-2025-26\/\"><strong>GPS Milano I fasce e II fasce<\/strong><\/a><\/li>\n<\/ul>\n<p>&nbsp;<\/p>\n<ul>\n<li role=\"heading\" aria-level=\"2\" data-attrid=\"title\"><a href=\"https:\/\/www.snalsmilano.it\/2025\/07\/28\/organico-di-diritto-ata-milano-2025-2026\/\"><strong>Organico di diritto ATA Milano 2025\/2026<\/strong><\/a><\/li>\n<\/ul>\n<p>&nbsp;<\/p>\n<ul>\n<li role=\"heading\" aria-level=\"2\" data-attrid=\"title\"><a href=\"https:\/\/www.snalsmilano.it\/2025\/07\/25\/percorsi-indire-docenti-triennalisti-ripubblicate-le-graduatorie\/\"><strong>Percorsi INDIRE docenti triennalisti, ripubblicate le graduatorie<\/strong><\/a><\/li>\n<\/ul>\n<p>&nbsp;<\/p>\n<ul>\n<li role=\"heading\" aria-level=\"2\" data-attrid=\"title\"><a href=\"https:\/\/www.snalsmilano.it\/2025\/07\/24\/supplenze-annuali-docente-di-ruolo-chiarimenti\/\"><strong>SUPPLENZE ANNUALI DOCENTE DI RUOLO: CHIARIMENTI<\/strong><\/a><\/li>\n<\/ul>\n<p>&nbsp;<\/p>\n<ul>\n<li role=\"heading\" aria-level=\"2\" data-attrid=\"title\"><a href=\"https:\/\/isisbernocchi.edu.it\/od\/wp-content\/uploads\/2025\/07\/2025_08_26_nuovidsga2025\u2013pianodiform.pdf\"><strong>PIANO DI FORMAZIONE PLURITEMATICO IN MODALITA&#8217; WEBINAR: NUOVI DSGA 2025: LA PRATICA OPERATIVA INDISPENSABILE ACCANTO ALLA BUONA FORMAZIONE DOTTRINALE<\/strong><\/a><\/li>\n<\/ul>\n<p>&nbsp;<\/p>\n<ul>\n<li role=\"heading\" aria-level=\"2\" data-attrid=\"title\"><a href=\"https:\/\/www.snalsmilano.it\/2025\/07\/23\/graduatorie-permanenti-provvisorie-concorsi-per-soli-titoli-a-t-a\/\"><strong>Graduatorie permanenti provvisorie concorsi per soli titoli A.T.A.<\/strong><\/a><\/li>\n<\/ul>\n<p>&nbsp;<\/p>\n<ul>\n<li role=\"heading\" aria-level=\"2\" data-attrid=\"title\"><a href=\"https:\/\/isisbernocchi.edu.it\/od\/wp-content\/uploads\/2025\/07\/SAIR-NAZIONALE-3-2025.pdf\"><strong>AGLI INSEGNANTI DI RELIGIONE- CONCORSO ORDINARIO IRC &#8211; CORSO PROVA ORALE<\/strong><\/a><\/li>\n<\/ul>\n<p>&nbsp;<\/p>\n<ul>\n<li role=\"heading\" aria-level=\"2\" data-attrid=\"title\"><a href=\"https:\/\/www.snalsmilano.it\/2025\/07\/16\/ata-percorsi-formativi-20-ore-per-le-posizioni-economiche\/\"><strong>ATA, percorsi formativi 20 ore<\/strong><\/a><\/li>\n<\/ul>\n<p>&nbsp;<\/p>\n<ul>\n<li role=\"heading\" aria-level=\"2\" data-attrid=\"title\"><a href=\"https:\/\/www.snalsmilano.it\/2025\/07\/14\/utilizzazioni-ed-assegnazioni-provvisorie-a-s-2025-2026-2\/\"><strong>UTILIZZAZIONI ED ASSEGNAZIONI PROVVISORIE A.S 2025\/2026<\/strong><\/a><\/li>\n<\/ul>\n<p>&nbsp;<\/p>\n<ul>\n<li role=\"heading\" aria-level=\"2\" data-attrid=\"title\"><a href=\"https:\/\/isisbernocchi.edu.it\/od\/wp-content\/uploads\/2025\/07\/ilovepdf_merged-75.pdf\"><strong>RICORSI ATTIVI PER I DOCENTI IRC &#8211; CALCOLO PENSIONISTICO<\/strong><\/a><\/li>\n<\/ul>\n<p>&nbsp;<\/p>\n<ul>\n<li role=\"heading\" aria-level=\"2\" data-attrid=\"title\"><a href=\"https:\/\/isisbernocchi.edu.it\/od\/wp-content\/uploads\/2025\/07\/SADOCINFORMAN.2-2025.pdf\"><strong>ASSEGNAZIONI E UTILIZZI: AL VIA LE DOMANDE DAL 14 FINO AL 25 LUGLIO<\/strong><\/a><\/li>\n<\/ul>\n<p>&nbsp;<\/p>\n<ul>\n<li role=\"heading\" aria-level=\"2\" data-attrid=\"title\"><a href=\"https:\/\/www.snalsmilano.it\/2025\/07\/08\/assegnazione-della-fascia-di-complessita\/\"><strong>Assegnazione della fascia di complessit\u00e0<\/strong><\/a><\/li>\n<\/ul>\n<p>&nbsp;<\/p>\n<ul>\n<li role=\"heading\" aria-level=\"2\" data-attrid=\"title\"><a href=\"https:\/\/www.snalsmilano.it\/2025\/07\/08\/nuove-indicazioni-nazionali-primo-ciclo-testo-definitivo\/\"><strong>INDICAZIONI NAZIONALI: TESTO DEFINITIVO<\/strong><\/a><\/li>\n<\/ul>\n<p>&nbsp;<\/p>\n<ul>\n<li role=\"heading\" aria-level=\"2\" data-attrid=\"title\"><a href=\"https:\/\/isisbernocchi.edu.it\/od\/wp-content\/uploads\/2025\/07\/Infopoint395.pdf\"><strong>Snadir Info-Point n.395<\/strong><\/a><\/li>\n<\/ul>\n<p>&nbsp;<\/p>\n<ul>\n<li role=\"heading\" aria-level=\"2\" data-attrid=\"title\"><a href=\"https:\/\/www.snalsmilano.it\/2025\/07\/04\/vademecum-percorsi-per-il-conseguimento-della-specializzazione-sul-sostegno\/\"><strong>Percorsi per il conseguimento della specializzazione sul sostegno<\/strong><\/a><\/li>\n<\/ul>\n<p>&nbsp;<\/p>\n<ul>\n<li role=\"heading\" aria-level=\"2\" data-attrid=\"title\"><a href=\"https:\/\/www.snalsmilano.it\/2025\/06\/27\/tfa-sostegno-x-ciclo-35-784-posti-prove-dal-15-al-18-luglio\/\"><strong>TFA Sostegno X ciclo, 35.784 posti, prove dal 15 al 18 luglio<\/strong><\/a><\/li>\n<\/ul>\n<p>&nbsp;<\/p>\n<ul>\n<li role=\"heading\" aria-level=\"2\" data-attrid=\"title\"><a href=\"https:\/\/www.snalsmilano.it\/2025\/06\/25\/conferma-supplenti-sostegno-proroga-fino-al-27-giugno\/\"><strong>Conferma supplenti sostegno<\/strong><\/a><\/li>\n<\/ul>\n<p>&nbsp;<\/p>\n<ul>\n<li role=\"heading\" aria-level=\"2\" data-attrid=\"title\"><a href=\"https:\/\/isisbernocchi.edu.it\/od\/wp-content\/uploads\/2025\/06\/IncontroFondoEspero25-06-2025.pdf\"><strong>FLC CGIL MILANO Incontro Fondo Espero 25-06-25<\/strong><\/a><\/li>\n<\/ul>\n<p>&nbsp;<\/p>\n<ul>\n<li role=\"heading\" aria-level=\"2\" data-attrid=\"title\"><a href=\"https:\/\/www.snalsmilano.it\/2025\/06\/20\/rapporto-di-lavoro-a-tempo-parziale\/\"><strong>Rapporto di lavoro a tempo parziale<\/strong><\/a><\/li>\n<\/ul>\n<p>&nbsp;<\/p>\n<ul>\n<li role=\"heading\" aria-level=\"2\" data-attrid=\"title\"><a href=\"https:\/\/www.snalsmilano.it\/2025\/06\/18\/aggiornamenti-del-sistema-di-valutazione-ds\/\"><strong>sistema di valutazione DS<\/strong><\/a><\/li>\n<\/ul>\n<p>&nbsp;<\/p>\n<ul>\n<li role=\"heading\" aria-level=\"2\" data-attrid=\"title\"><a href=\"https:\/\/isisbernocchi.edu.it\/od\/wp-content\/uploads\/2025\/06\/Infopoint381.pdf\"><strong>Organici di religione: 1.276 posti in pi\u00f9 nel 70% per il nuovo anno scolastico<\/strong><\/a><\/li>\n<\/ul>\n<p>&nbsp;<\/p>\n<ul>\n<li role=\"heading\" aria-level=\"2\" data-attrid=\"title\"><a href=\"https:\/\/www.snalsmilano.it\/2025\/06\/14\/scioglimento-della-riserva-gps-2\/\"><strong>Scioglimento della riserva GPS<\/strong><\/a><\/li>\n<\/ul>\n<p>&nbsp;<\/p>\n<ul>\n<li role=\"heading\" aria-level=\"2\" data-attrid=\"title\"><a href=\"https:\/\/www.snalsmilano.it\/2025\/06\/04\/posti-disponibili-personale-a-t-a-a-s-2025-2026\/\"><strong>Elenco posti disponibili dopo i movimenti del personale A.T.A. a.s. 2025\/2026<\/strong><\/a><\/li>\n<\/ul>\n<p>&nbsp;<\/p>\n<ul>\n<li role=\"heading\" aria-level=\"2\" data-attrid=\"title\"><a href=\"https:\/\/www.snalsmilano.it\/2025\/06\/03\/percorsi-abilitanti-entro-l8-agosto\/\"><strong>Percorsi abilitanti: entro l\u20198 agosto<\/strong><\/a><\/li>\n<\/ul>\n<p>&nbsp;<\/p>\n<ul>\n<li role=\"heading\" aria-level=\"2\" data-attrid=\"title\"><a href=\"https:\/\/isisbernocchi.edu.it\/od\/wp-content\/uploads\/2025\/05\/PRESENTAZIONECORSOFORMAZIONEUILIRC2025.pdf\"><strong>CORSO DI PREPARAZIONE AL CONCORSO ORDINARIO IRC 2025<\/strong><\/a><\/li>\n<\/ul>\n<p>&nbsp;<\/p>\n<ul>\n<li role=\"heading\" aria-level=\"2\" data-attrid=\"title\"><a href=\"https:\/\/www.snalsmilano.it\/2025\/05\/30\/conferma-dei-supplenti-su-posto-di-sostegno\/\"><strong>Conferma supplenti su posto sostegno<\/strong><\/a><\/li>\n<\/ul>\n<p>&nbsp;<\/p>\n<ul>\n<li role=\"heading\" aria-level=\"2\" data-attrid=\"title\"><a href=\"https:\/\/isisbernocchi.edu.it\/od\/wp-content\/uploads\/2025\/05\/permessinegati-diritticalpestati.pdf\"><strong>comunicato sindacale<\/strong><\/a><\/li>\n<\/ul>\n<p>&nbsp;<\/p>\n<ul>\n<li role=\"heading\" aria-level=\"2\" data-attrid=\"title\"><a href=\"https:\/\/www.snalsmilano.it\/2025\/05\/28\/congedo-parentale-le-novita-della-legge-di-bilancio-2025\/\"><strong>Congedo parentale, le novit\u00e0 della Legge di Bilancio 2025<\/strong><\/a><\/li>\n<\/ul>\n<p>&nbsp;<\/p>\n<ul>\n<li role=\"heading\" aria-level=\"2\" data-attrid=\"title\"><a href=\"https:\/\/www.snalsmilano.it\/2025\/05\/27\/posti-disponibili-dopo-le-operazioni-di-mobilita-per-il-2025-26\/\"><strong>POSTI DISPONIBILI NELLA PROVINCIA DI MILANO DOPO LE OPERAZIONI DI MOBILIT\u00c0 PER IL 2025\/26<\/strong><\/a><\/li>\n<\/ul>\n<p>&nbsp;<\/p>\n<ul>\n<li role=\"heading\" aria-level=\"2\" data-attrid=\"title\"><a href=\"https:\/\/www.snalsmilano.it\/2025\/05\/26\/pubblicazione-esiti-movimenti-docenti-2025-2026\/\"><strong>Movimenti docenti 2025\/2026<\/strong><\/a><\/li>\n<\/ul>\n<p>&nbsp;<\/p>\n<ul>\n<li role=\"heading\" aria-level=\"2\" data-attrid=\"title\"><a href=\"https:\/\/isisbernocchi.edu.it\/od\/wp-content\/uploads\/2025\/05\/FEDERATAEAICACONIDSGA.pdf\"><strong>FEDERATA E AICA CON I DSGA<\/strong><\/a><\/li>\n<\/ul>\n<p>&nbsp;<\/p>\n<ul>\n<li role=\"heading\" aria-level=\"2\" data-attrid=\"title\"><a href=\"https:\/\/isisbernocchi.edu.it\/od\/wp-content\/uploads\/2025\/05\/Infopoint360.pdf.pdf\"><strong>BONUS TAGLIO DEL CUNEO FISCALE 2025 &#8211; LINEA DIRETTA CON SNADIR &amp; CAF<\/strong><\/a><\/li>\n<\/ul>\n<p>&nbsp;<\/p>\n<ul>\n<li role=\"heading\" aria-level=\"2\" data-attrid=\"title\"><a href=\"https:\/\/www.snalsmilano.it\/2025\/05\/23\/congedi-parentali-art-42-l-151-2001-webinar-nuovi-moduli167-6\/\"><strong>Congedi parentali<\/strong><\/a><\/li>\n<\/ul>\n<p>&nbsp;<\/p>\n<ul>\n<li role=\"heading\" aria-level=\"2\" data-attrid=\"title\"><a href=\"https:\/\/isisbernocchi.edu.it\/od\/wp-content\/uploads\/2025\/05\/ALBO.pdf\"><strong>ASSEMBLEA PRECARI ON LINE<\/strong><\/a><\/li>\n<\/ul>\n<p>&nbsp;<\/p>\n<ul>\n<li role=\"heading\" aria-level=\"2\" data-attrid=\"title\"><a href=\"https:\/\/www.snalsmilano.it\/2025\/05\/22\/nuove-misure-per-lanno-scolastico-2025-2026\/\"><strong>Nuove misure per l\u2019anno scolastico 2025\/2026<\/strong><\/a><\/li>\n<\/ul>\n<p>&nbsp;<\/p>\n<ul>\n<li role=\"heading\" aria-level=\"2\" data-attrid=\"title\"><a href=\"https:\/\/isisbernocchi.edu.it\/od\/wp-content\/uploads\/2025\/05\/Infopoint356.pdf\"><strong>Taglio del cuneo fiscale 2025: attivo su NoiPA il self-service per la gestione dei benefici fiscali<\/strong><\/a><\/li>\n<\/ul>\n<p>&nbsp;<\/p>\n<ul>\n<li role=\"heading\" aria-level=\"2\" data-attrid=\"title\"><a href=\"https:\/\/www.snalsmilano.it\/2025\/05\/21\/decreto-pa-i-provvedimenti-che-riguardano-la-scuola\/\"><strong>DECRETO PA: i provvedimenti che riguardano la Scuola<\/strong><\/a><\/li>\n<\/ul>\n<p>&nbsp;<\/p>\n<ul>\n<li role=\"heading\" aria-level=\"2\" data-attrid=\"title\"><a href=\"https:\/\/isisbernocchi.edu.it\/od\/wp-content\/uploads\/2025\/05\/FENSIRMILANO-NEWSLETTERN.1-2025.pdf\"><strong>FENSIR MILANO<\/strong><\/a><\/li>\n<\/ul>\n<p>&nbsp;<\/p>\n<ul>\n<li role=\"heading\" aria-level=\"2\" data-attrid=\"title\"><a href=\"https:\/\/isisbernocchi.edu.it\/od\/wp-content\/uploads\/2025\/05\/LetteradiRingraziamentoElezioniRsu2025.pdf\"><strong>Invio Lettera di Ringraziamento Elezioni Rsu 2025<\/strong><\/a><\/li>\n<\/ul>\n<p>&nbsp;<\/p>\n<ul>\n<li role=\"heading\" aria-level=\"2\" data-attrid=\"title\"><strong><a href=\"https:\/\/www.snalsmilano.it\/2025\/05\/20\/graduatorie-24-mesi-del-personale-ata\/\">Graduatorie \u201c24 mesi\u201d del personale ATA<\/a><\/strong><\/li>\n<\/ul>\n<p>&nbsp;<\/p>\n<ul>\n<li role=\"heading\" aria-level=\"2\" data-attrid=\"title\"><a href=\"https:\/\/isisbernocchi.edu.it\/od\/wp-content\/uploads\/2025\/05\/LocandinaRSU30052025.pdf\"><strong>SEMINARIO PER RSU E TAS &#8211; FEDERAZIONE UIL SCUOLA RUA<\/strong><\/a><\/li>\n<\/ul>\n<p>&nbsp;<\/p>\n<ul>\n<li role=\"heading\" aria-level=\"2\" data-attrid=\"title\"><a href=\"https:\/\/isisbernocchi.edu.it\/od\/wp-content\/uploads\/2025\/05\/AVVISODISCIOPERO23e24maggio.pdf\"><strong>AVVISO DI SCIOPERO<\/strong><\/a><\/li>\n<\/ul>\n<p>&nbsp;<\/p>\n<ul>\n<li role=\"heading\" aria-level=\"2\" data-attrid=\"title\"><a href=\"https:\/\/www.snalsmilano.it\/2025\/05\/19\/carta-del-docente-da-settembre-cambiano-le-regole\/\"><strong>Carta del docente: da settembre cambiano le regole<\/strong><\/a><\/li>\n<\/ul>\n<p>&nbsp;<\/p>\n<ul>\n<li role=\"heading\" aria-level=\"2\" data-attrid=\"title\"><a href=\"https:\/\/isisbernocchi.edu.it\/od\/wp-content\/uploads\/2025\/05\/ConcorsodocentiPNRR2_250516_081503.pdf\"><strong><span style=\"font-family: Calibri;\">UIL Scuola RUA Milano<\/span> INIZIATIVA FORMATIVA AI FINI DELLA PREPARAZIONE DELLA PROVA ORALE DEL CONCORSO PNRR 2<\/strong><\/a><\/li>\n<\/ul>\n<p>&nbsp;<\/p>\n<ul>\n<li role=\"heading\" aria-level=\"2\" data-attrid=\"title\"><a href=\"https:\/\/www.snalsmilano.it\/2025\/05\/15\/esami-di-stato-secondo-ciclo-a-s-2024-25-presidenti-commissioni\/\"><strong>Esami di Stato secondo ciclo a.s. 2024\/25 \u2013 Presidenti Commissioni<\/strong><\/a><\/li>\n<\/ul>\n<p>&nbsp;<\/p>\n<ul>\n<li role=\"heading\" aria-level=\"2\" data-attrid=\"title\"><a href=\"https:\/\/isisbernocchi.edu.it\/od\/wp-content\/uploads\/2025\/05\/Infopoint354.pdf.pdf\"><strong>Carta del Docente: la nostra conquista!<\/strong><\/a><\/li>\n<\/ul>\n<p>&nbsp;<\/p>\n<ul>\n<li role=\"heading\" aria-level=\"2\" data-attrid=\"title\"><a href=\"https:\/\/isisbernocchi.edu.it\/od\/wp-content\/uploads\/2025\/05\/FLC-CGIL-MILANO-12-05-25.pdf\"><strong>Istituti Tecnici, riforma e decreto 45\/25, quale futuro? Incontro online mercoled\u00ec 14 maggio dalle 16.00 alle 17.30<\/strong><\/a><\/li>\n<\/ul>\n<p>&nbsp;<\/p>\n<ul>\n<li role=\"heading\" aria-level=\"2\" data-attrid=\"title\"><a href=\"https:\/\/isisbernocchi.edu.it\/od\/wp-content\/uploads\/2025\/05\/Sciopero-13-maggio_-personale-privato-settori-socio-sanitari-assistenziali-educativi_-intervento-Commissione-di-garanzia_-personale-escluso.pdf\"><strong>Sciopero 13 maggio_ personale privato settori socio-sanitari-assistenziali-educativi_ intervento Commissione di garanzia_ personale escluso<\/strong><\/a><\/li>\n<\/ul>\n<p>&nbsp;<\/p>\n<ul>\n<li role=\"heading\" aria-level=\"2\" data-attrid=\"title\"><a href=\"https:\/\/www.snalsmilano.it\/2025\/05\/12\/decreto-legislativo-contro-bullismo-e-cyberbullismo\/\"><strong>Decreto legislativo contro bullismo e cyberbullismo<\/strong><\/a><\/li>\n<\/ul>\n<p>&nbsp;<\/p>\n<ul>\n<li role=\"heading\" aria-level=\"2\" data-attrid=\"title\"><a href=\"https:\/\/isisbernocchi.edu.it\/od\/wp-content\/uploads\/2025\/05\/2025-03-atanews.pdf\"><strong>ATAnews n. 3\/2025<\/strong><\/a><\/li>\n<\/ul>\n<p>&nbsp;<\/p>\n<ul>\n<li role=\"heading\" aria-level=\"2\" data-attrid=\"title\"><a href=\"https:\/\/www.snalsmilano.it\/2025\/05\/09\/corsi-di-preparazione-snals-confsal\/\"><strong>CORSI DI PREPARAZIONE<\/strong><\/a><\/li>\n<\/ul>\n<p>&nbsp;<\/p>\n<ul>\n<li role=\"heading\" aria-level=\"2\" data-attrid=\"title\"><a href=\"https:\/\/www.snalsmilano.it\/2025\/05\/08\/incarichi-di-presidenza-invio-delle-conferme-dal-6-al-26-maggio-2025\/\"><strong>Incarichi di presidenza<\/strong><\/a><\/li>\n<\/ul>\n<p>&nbsp;<\/p>\n<ul>\n<li role=\"heading\" aria-level=\"2\" data-attrid=\"title\"><a href=\"https:\/\/www.snalsmilano.it\/2025\/05\/06\/9-maggio-giorno-della-memoria-dedicato-alle-vittime-del-terrorismo-e-delle-stragi\/\"><strong>9 maggio \u2013 Giorno della Memoria dedicato alle vittime del terrorismo e delle stragi.<\/strong><\/a><\/li>\n<\/ul>\n<p>&nbsp;<\/p>\n<ul>\n<li role=\"heading\" aria-level=\"2\" data-attrid=\"title\"><a href=\"https:\/\/isisbernocchi.edu.it\/od\/wp-content\/uploads\/2025\/05\/AVVISODISCIOPERO7maggio.pdf\"><strong>AVVISO DI SCIOPERO<\/strong><\/a><\/li>\n<\/ul>\n<p>&nbsp;<\/p>\n<ul>\n<li role=\"heading\" aria-level=\"2\" data-attrid=\"title\"><a href=\"https:\/\/isisbernocchi.edu.it\/od\/wp-content\/uploads\/2025\/05\/7-maggio-2025-Sciopero-Nazionale-prima-o-ultima-ora-Docenti-e-Ata-a-seconda-dei-turni-di-lavoro.pdf\"><b>7\u00a0 maggio\u00a0 2025:\u00a0\u00a0Sciopero\u00a0 Nazionale\u00a0 prima\u00a0 o\u00a0\u00a0ultima\u00a0 ora\u00a0 Docenti\u00a0 e\u00a0 Ata\u00a0 a\u00a0 seconda \u00a0dei\u00a0 turni\u00a0 di\u00a0 lavoro<\/b><\/a><\/li>\n<\/ul>\n<p>&nbsp;<\/p>\n<ul>\n<li role=\"heading\" aria-level=\"2\" data-attrid=\"title\"><a href=\"https:\/\/www.snalsmilano.it\/2025\/05\/05\/riduzione-cuneo-fiscale-giugno-aggiornamento-retribuzioni\/\"><strong>Giugno aggiornamento retribuzioni<\/strong><\/a><\/li>\n<\/ul>\n<p>&nbsp;<\/p>\n<ul>\n<li role=\"heading\" aria-level=\"2\" data-attrid=\"title\"><a href=\"https:\/\/isisbernocchi.edu.it\/od\/wp-content\/uploads\/2025\/05\/Infopoint350.pdf.pdf\"><strong>CAMPAGNA FISCALE 2025<\/strong><\/a><\/li>\n<\/ul>\n<p>&nbsp;<\/p>\n<ul>\n<li role=\"heading\" aria-level=\"2\" data-attrid=\"title\"><a href=\"https:\/\/www.commissionegaranziasciopero.it\/calendario-scioperi\/dettaglio-sciopero\/351994\"><strong>SGB DETTAGLIO SCIOPERO<\/strong><\/a><\/li>\n<\/ul>\n<p>&nbsp;<\/p>\n<ul>\n<li role=\"heading\" aria-level=\"2\" data-attrid=\"title\"><a href=\"https:\/\/isisbernocchi.edu.it\/od\/wp-content\/uploads\/2025\/05\/SGB-NAZIONALE-MODELLI.pdf\"><strong>SGB SCIOPERO, SGB NAZIONALE MODELLI ADESIONE<\/strong><\/a>\n<div><\/div>\n<\/li>\n<\/ul>\n<ul>\n<li role=\"heading\" aria-level=\"2\" data-attrid=\"title\"><a href=\"https:\/\/isisbernocchi.edu.it\/od\/wp-content\/uploads\/2025\/05\/scioperoINVALSISSB.pdf\"><strong>SSB comunicato sciopero<\/strong><\/a><\/li>\n<\/ul>\n<p>&nbsp;<\/p>\n<ul>\n<li role=\"heading\" aria-level=\"2\" data-attrid=\"title\"><a href=\"https:\/\/www.snalsmilano.it\/2025\/04\/30\/specializzazione-sul-sostegno\/\"><strong>Specializzazione sul sostegno<\/strong><\/a><\/li>\n<\/ul>\n<p>&nbsp;<\/p>\n<ul>\n<li role=\"heading\" aria-level=\"2\" data-attrid=\"title\"><a href=\"https:\/\/isisbernocchi.edu.it\/od\/wp-content\/uploads\/2025\/04\/Assemblea7maggioore810TicinoOlona.pdf\"><strong>Convocazione assemblea sindacale ONLINE FLC CGIL del 7 maggio ore 8\/10 ONLINE (Legnano, Rescaldina)<\/strong><\/a><\/li>\n<\/ul>\n<p>&nbsp;<\/p>\n<ul>\n<li role=\"heading\" aria-level=\"2\" data-attrid=\"title\"><a href=\"https:\/\/www.snalsmilano.it\/2025\/04\/29\/verifiche-in-classe-e-compiti-a-casa\/\"><strong>Verifiche in classe e compiti a casa<\/strong> <\/a><\/li>\n<\/ul>\n<p>&nbsp;<\/p>\n<ul>\n<li role=\"heading\" aria-level=\"2\" data-attrid=\"title\"><a href=\"https:\/\/isisbernocchi.edu.it\/od\/wp-content\/uploads\/2025\/04\/USBScuolaavviosportelliPrimaFasciaATAescioglimentoriservaCIAD.pdf\"><strong>USB Scuola: avvio sportelli Prima Fascia ATA e scioglimento riserva CIAD<\/strong><\/a><\/li>\n<\/ul>\n<p>&nbsp;<\/p>\n<ul>\n<li role=\"heading\" aria-level=\"2\" data-attrid=\"title\"><a href=\"https:\/\/isisbernocchi.edu.it\/od\/wp-content\/uploads\/2025\/04\/GRADUATORIAPRIMAFASCIATA.pdf\"><strong>inserimento graduatoria di prima fascia ATA? la CIAD \u00e8 obbligatoria<\/strong><\/a><\/li>\n<\/ul>\n<p>&nbsp;<\/p>\n<ul>\n<li role=\"heading\" aria-level=\"2\" data-attrid=\"title\"><a href=\"https:\/\/isisbernocchi.edu.it\/od\/wp-content\/uploads\/2025\/04\/Verbale-elezioni-RSU_ricorso.pdf\"><strong>Verbale elezioni RSU 14-15-16 aprile 2025_ricorso<\/strong><\/a><\/li>\n<\/ul>\n<p>&nbsp;<\/p>\n<ul>\n<li role=\"heading\" aria-level=\"2\" data-attrid=\"title\"><a href=\"https:\/\/isisbernocchi.edu.it\/od\/wp-content\/uploads\/2025\/04\/Infopoint346.pdf\"><strong>Tanto rumore per nulla! Approvano un emendamento che cambia nulla e conferma solo disposizioni gi\u00e0 vigenti<\/strong><\/a><\/li>\n<\/ul>\n<p>&nbsp;<\/p>\n<ul>\n<li role=\"heading\" aria-level=\"2\" data-attrid=\"title\"><a href=\"https:\/\/isisbernocchi.edu.it\/od\/wp-content\/uploads\/2025\/04\/Verbale-elezioni-RSU-scuola-14-15-16-aprile-2025.pdf\"><strong>Verbale elezioni RSU scuola 14-15-16 aprile 2025<\/strong><\/a><\/li>\n<\/ul>\n<p>&nbsp;<\/p>\n<ul>\n<li role=\"heading\" aria-level=\"2\" data-attrid=\"title\"><a href=\"https:\/\/isisbernocchi.edu.it\/od\/wp-content\/uploads\/2025\/04\/ComunicatoDirittoallostudioecorsiabilitanti-aprile2025-2.pdf\"><strong>Grave disagio per i doceni impegnai nei percorsi abilitani obbligatori<\/strong><\/a><\/li>\n<\/ul>\n<p>&nbsp;<\/p>\n<ul>\n<li role=\"heading\" aria-level=\"2\" data-attrid=\"title\"><strong><a href=\"https:\/\/isisbernocchi.edu.it\/od\/wp-content\/uploads\/2025\/04\/ALEAIACTAESTcomunicatoperiDSGA.pdf\">Aida Scuole<\/a> ALEA IACTA EST<\/strong><\/li>\n<\/ul>\n<p>&nbsp;<\/p>\n<ul>\n<li role=\"heading\" aria-level=\"2\" data-attrid=\"title\"><a href=\"https:\/\/isisbernocchi.edu.it\/od\/wp-content\/uploads\/2025\/04\/Infopoint345.pdf.pdf\"><strong>Risarcimenti da capogiro ai docenti di religione precari. La FGU\/Snadir chiede stabilizzazione al 95%<\/strong><\/a><\/li>\n<\/ul>\n<p>&nbsp;<\/p>\n<ul>\n<li role=\"heading\" aria-level=\"2\" data-attrid=\"title\"><a href=\"https:\/\/www.snalsmilano.it\/2025\/04\/11\/inaccettabile-ritardo-arretrati-per-il-taglio-del-cuneo-fiscale\/\"><strong>ritardo arretrati per il taglio del cuneo fiscale<\/strong><\/a><\/li>\n<\/ul>\n<p>&nbsp;<\/p>\n<ul>\n<li class=\"PZPZlf ssJ7i xgAzOe\" role=\"heading\" aria-level=\"2\" data-attrid=\"title\"><a href=\"https:\/\/isisbernocchi.edu.it\/od\/wp-content\/uploads\/2025\/04\/USBScuolaprenotazionesportelloconsulenzeperinserimentoinprimafasciaGPS.pdf\"><strong>USB Scuola: prenotazione sportello consulenze per inserimento in prima fascia GPS<\/strong><\/a><\/li>\n<\/ul>\n<\/div>\n<\/div>\n<div class=\"nwVKo\">\n<div class=\"loJjTe\"><\/div>\n<\/div>\n<ul style=\"list-style-type: square;\">\n<li><a href=\"https:\/\/www.snalsmilano.it\/2025\/04\/10\/adozione-dei-libri-di-testo-2\/\"><strong>Adozione dei libri di testo<\/strong><\/a><\/li>\n<\/ul>\n<p>&nbsp;<\/p>\n<ul style=\"list-style-type: square;\">\n<li><a href=\"https:\/\/isisbernocchi.edu.it\/od\/wp-content\/uploads\/2025\/04\/Professione_ir_04_2025_online_compressed.pdf\"><strong>Professione i.r. 04\/2025\u00a0<\/strong><\/a><\/li>\n<\/ul>\n<p>&nbsp;<\/p>\n<ul style=\"list-style-type: square;\">\n<li><a href=\"https:\/\/www.snalsmilano.it\/2025\/04\/08\/stipendi-docenti-2025-aumenti-insufficienti\/\"><strong>STIPENDI DOCENTI 2025<\/strong><\/a><\/li>\n<\/ul>\n<p>&nbsp;<\/p>\n<ul style=\"list-style-type: square;\">\n<li><a href=\"https:\/\/isisbernocchi.edu.it\/od\/wp-content\/uploads\/2025\/04\/SOLLECITORIALLINEAMENTODICARRIERA_signed.pdf\"><strong>A.S.A. (Associazione Sindacale Autonoma) &#8220;Riallineamento della carriera&#8221; di Docenti ed ATA<\/strong><\/a><\/li>\n<\/ul>\n<p>&nbsp;<\/p>\n<ul style=\"list-style-type: square;\">\n<li><a href=\"https:\/\/www.snalsmilano.it\/2025\/04\/07\/uso-del-registro-elettronico\/\"><strong>Uso del registro elettronico<\/strong><\/a><\/li>\n<\/ul>\n<p>&nbsp;<\/p>\n<ul style=\"list-style-type: square;\">\n<li><a href=\"https:\/\/isisbernocchi.edu.it\/od\/wp-content\/uploads\/2025\/04\/Lista-commissione-elettorale-RSU-2025.pdf\"><strong>Lista commissione elettorale RSU 2025<\/strong><\/a><\/li>\n<\/ul>\n<p>&nbsp;<\/p>\n<ul style=\"list-style-type: square;\">\n<li><a href=\"https:\/\/www.snalsmilano.it\/2025\/04\/04\/pagamento-ferie-non-godute-docenti-tempo-determinato\/\"><strong>Pagamento ferie non godute<\/strong><\/a><\/li>\n<\/ul>\n<p>&nbsp;<\/p>\n<ul style=\"list-style-type: square;\">\n<li><a href=\"https:\/\/www.snalsmilano.it\/2025\/04\/03\/valutazione-dei-dirigenti-scolastici-3\/\"><strong>Valutazione dei dirigenti scolastici<\/strong><\/a><\/li>\n<\/ul>\n<p>&nbsp;<\/p>\n<ul style=\"list-style-type: square;\">\n<li><a href=\"https:\/\/www.snalsmilano.it\/2025\/04\/02\/decreto-scuola-2025\/\"><strong>Decreto Scuola 2025<\/strong><\/a><\/li>\n<\/ul>\n<p>&nbsp;<\/p>\n<ul style=\"list-style-type: square;\">\n<li><a href=\"https:\/\/isisbernocchi.edu.it\/od\/wp-content\/uploads\/2025\/04\/4aprilescioperoUSBScuola-Tuttigliappuntamentinellecitta.pdf\"><strong>4 aprile: sciopero USB Scuola. Tutti gli appuntamenti nelle citt\u00e0<\/strong><\/a><\/li>\n<\/ul>\n<p>&nbsp;<\/p>\n<ul style=\"list-style-type: square;\">\n<li><strong><a href=\"https:\/\/isisbernocchi.edu.it\/od\/wp-content\/uploads\/2025\/04\/ASSEMBLEA-SINDACALE-Cobas-Scuola.pdf\">Assemblea sindacale online fuori orario di servizio<\/a> Cobas Scuola\u00a0<\/strong><\/li>\n<\/ul>\n<p>&nbsp;<\/p>\n<ul style=\"list-style-type: square;\">\n<li><a href=\"https:\/\/www.snalsmilano.it\/2025\/04\/01\/entro-il-9-aprile-graduatorie-interne-di-istituto\/\"><strong>9 aprile graduatorie interne di istituto<\/strong><\/a><\/li>\n<\/ul>\n<p>&nbsp;<\/p>\n<ul style=\"list-style-type: square;\">\n<li><a href=\"https:\/\/www.snalsmilano.it\/2025\/03\/31\/incontri-webinar-supporto-operativo-e-sistemazione-procedure-amministrative\/\"><strong>Supporto operativo e sistemazione procedure amministrative<\/strong><\/a><\/li>\n<\/ul>\n<p>&nbsp;<\/p>\n<ul style=\"list-style-type: square;\">\n<li><a href=\"https:\/\/isisbernocchi.edu.it\/od\/wp-content\/uploads\/2025\/03\/USB-Scuola-sciopero-4-aprile-intera-giornata.pdf\"><strong>USB Scuola: sciopero 4 aprile intera giornata<\/strong><\/a><\/li>\n<\/ul>\n<p>&nbsp;<\/p>\n<ul style=\"list-style-type: square;\">\n<li><a href=\"https:\/\/www.snalsmilano.it\/2025\/03\/28\/simboli-nelle-comunicazioni-ufficiali\/\"><strong>Simboli nelle comunicazioni ufficiali<\/strong><\/a><\/li>\n<\/ul>\n<p>&nbsp;<\/p>\n<ul style=\"list-style-type: square;\">\n<li><a href=\"https:\/\/isisbernocchi.edu.it\/od\/wp-content\/uploads\/2025\/03\/Guida-FLC-CGIL-formulazione-graduatorie-di-istituto-mobilita-scuola-as-2025_2026.pdf\"><strong>Mobilit\u00e0 scuola e perdenti posto: la nostra guida<\/strong><\/a><\/li>\n<\/ul>\n<p>&nbsp;<\/p>\n<ul style=\"list-style-type: square;\">\n<li><a href=\"https:\/\/isisbernocchi.edu.it\/od\/wp-content\/uploads\/2025\/03\/Infopoint344.pdf\"><strong>Controllo stipendiale gratuito: un nuovo servizio per gli iscritti SNADIR<\/strong><\/a><\/li>\n<\/ul>\n<p>&nbsp;<\/p>\n<ul style=\"list-style-type: square;\">\n<li><a href=\"https:\/\/isisbernocchi.edu.it\/od\/wp-content\/uploads\/2025\/03\/Infopoint343-1.pdf\"><strong>Errore nel calcolo degli acconti IRPEF: il governo ammette lo sbaglio<\/strong><\/a><\/li>\n<\/ul>\n<p>&nbsp;<\/p>\n<ul style=\"list-style-type: square;\">\n<li><a href=\"https:\/\/www.snalsmilano.it\/2025\/03\/26\/rsu-materiali-utili-alle-elezioni\/\"><strong>Elezioni RSU 2025: 14, 15 e 16 aprile<\/strong><\/a><\/li>\n<\/ul>\n<p>&nbsp;<\/p>\n<ul style=\"list-style-type: square;\">\n<li><a href=\"https:\/\/isisbernocchi.edu.it\/od\/wp-content\/uploads\/2025\/03\/convocazioneassembleasindacaleregionale4aprile2025-scuola_signed.pdf\"><strong>Convocazione assemblea sindacale FLC CGIL 04-04-2025<\/strong><\/a><\/li>\n<\/ul>\n<p>&nbsp;<\/p>\n<ul style=\"list-style-type: square;\">\n<li><a href=\"https:\/\/www.snalsmilano.it\/2025\/03\/25\/graduatorie-interne-di-istituto-la-valutazione-del-servizio-non-di-ruolo\/\"><strong>GRADUATORIE INTERNE DI ISTITUTO<\/strong><\/a><\/li>\n<\/ul>\n<p>&nbsp;<\/p>\n<ul style=\"list-style-type: square;\">\n<li><a href=\"https:\/\/isisbernocchi.edu.it\/od\/wp-content\/uploads\/2025\/03\/Infopoint342.pdf\"><strong>Organico di diritto dei docenti di religione (di ruolo e non di ruolo) per l&#8217;a.s. 2025\/2026<\/strong><\/a><\/li>\n<\/ul>\n<p>&nbsp;<\/p>\n<ul style=\"list-style-type: square;\">\n<li><a href=\"https:\/\/www.snalsmilano.it\/2025\/03\/24\/organico-docenti-2025-26-5-667-unita-in-meno\/\"><strong>Organico docenti 2025\/26: 5.667 unit\u00e0 in meno<\/strong><\/a><\/li>\n<\/ul>\n<p>&nbsp;<\/p>\n<ul style=\"list-style-type: square;\">\n<li><a href=\"https:\/\/isisbernocchi.edu.it\/od\/wp-content\/uploads\/2025\/03\/USBScuolaversoloscioperodel4aprileperunanuovascuolapubblicastatale.pdf\"><strong>USB Scuola: verso lo sciopero del 4 aprile, per una nuova scuola pubblica statale<\/strong><\/a><\/li>\n<\/ul>\n<p>&nbsp;<\/p>\n<ul style=\"list-style-type: square;\">\n<li><a href=\"https:\/\/www.snalsmilano.it\/2025\/03\/21\/organici-ata-riduzione-di-2-174-posti-incontro-19-marzo-2025-tra-mim-e-oo-ss\/\"><strong>ORGANICI ATA: riduzione di 2.174 posti<\/strong><\/a><\/li>\n<\/ul>\n<p>&nbsp;<\/p>\n<ul style=\"list-style-type: square;\">\n<li><a href=\"https:\/\/isisbernocchi.edu.it\/od\/wp-content\/uploads\/2025\/03\/chiamatadirettasostegno.pdf-1.pdf\"><strong>NO ALLA CHIAMATA DIRETTA<\/strong><\/a><\/li>\n<\/ul>\n<p>&nbsp;<\/p>\n<ul style=\"list-style-type: square;\">\n<li><a href=\"https:\/\/isisbernocchi.edu.it\/od\/wp-content\/uploads\/2025\/03\/Lafolliadellegraduatorieinterne.pdf\"><strong>La follia della compilazione delle graduatorie interne anno 2025<\/strong><\/a><\/li>\n<\/ul>\n<p>&nbsp;<\/p>\n<ul style=\"list-style-type: square;\">\n<li><a href=\"https:\/\/www.snalsmilano.it\/2025\/03\/19\/ata-criteri-per-la-definizione-degli-organici\/\"><strong>ATA: criteri per la definizione degli organici.<\/strong><\/a><\/li>\n<\/ul>\n<p>&nbsp;<\/p>\n<ul style=\"list-style-type: square;\">\n<li><a href=\"https:\/\/isisbernocchi.edu.it\/od\/wp-content\/uploads\/2025\/03\/SADOCINFORMAN.1-2025.pdf\"><strong>QUESTION TIME: MOBILITA&#8217; E PRECARI<\/strong><\/a><\/li>\n<\/ul>\n<p>&nbsp;<\/p>\n<ul style=\"list-style-type: square;\">\n<li><a href=\"https:\/\/www.snalsmilano.it\/2025\/03\/18\/decreto-pa-pubblicato-in-gazzetta-ufficiale-le-novita-per-la-scuola\/\"><strong>Decreto PA pubblicato in Gazzetta Ufficiale, le novit\u00e0 per la scuola<\/strong><\/a><\/li>\n<\/ul>\n<p>&nbsp;<\/p>\n<ul style=\"list-style-type: square;\">\n<li><a href=\"https:\/\/isisbernocchi.edu.it\/od\/wp-content\/uploads\/2025\/03\/webinar-graduatorie-interne-20marzo2025.pdf\"><strong>Webinar: mobilit\u00e0 scuola 2025\/2026, gestione delle graduatorie interne d\u2019istituto per le segreterie<\/strong><\/a><\/li>\n<\/ul>\n<p>&nbsp;<\/p>\n<ul style=\"list-style-type: square;\">\n<li><strong><a href=\"https:\/\/www.snalsmilano.it\/2025\/03\/17\/indicazioni-operative-e-utili-note-sulla-mobilita\/\">Snals Milano<\/a> Indicazioni operative e utili note sulla mobilit\u00e0<\/strong><\/li>\n<\/ul>\n<p>&nbsp;<\/p>\n<ul style=\"list-style-type: square;\">\n<li><a href=\"https:\/\/isisbernocchi.edu.it\/od\/wp-content\/uploads\/2025\/03\/SAIRNAZIONALE1-2025.pdf\"><strong>CONCORSO IRC: ANCORA IN FASE DI STALLO IN ALCUNE REGIONI<\/strong><\/a><\/li>\n<\/ul>\n<p>&nbsp;<\/p>\n<ul style=\"list-style-type: square;\">\n<li><a href=\"https:\/\/isisbernocchi.edu.it\/od\/wp-content\/uploads\/2025\/03\/2025_ConsulenzaMobilita.pdf\"><strong>Consulenza operazioni mobilit\u00e0<\/strong><\/a><\/li>\n<\/ul>\n<p>&nbsp;<\/p>\n<ul style=\"list-style-type: square;\">\n<li><a href=\"https:\/\/isisbernocchi.edu.it\/od\/wp-content\/uploads\/2025\/03\/Infopoint337.pdf\"><strong>Docenti di religione precari: nuove vittorie legali e richiesta di pi\u00f9 posti stabili<\/strong><\/a><\/li>\n<\/ul>\n<p>&nbsp;<\/p>\n<ul style=\"list-style-type: square;\">\n<li><a href=\"https:\/\/isisbernocchi.edu.it\/od\/wp-content\/uploads\/2025\/03\/Infopoint336.pdf\"><strong>Procedura straordinaria, convocazione Prova orale infanzia e primaria (seconda parte)<\/strong><\/a><\/li>\n<\/ul>\n<p>&nbsp;<\/p>\n<ul style=\"list-style-type: square;\">\n<li><strong><a href=\"https:\/\/isisbernocchi.edu.it\/od\/wp-content\/uploads\/2025\/03\/informazionericorsiSSB.pdf\">SSB<\/a> RICORSI IN VIA DI ATTIVAZIONE<\/strong><\/li>\n<\/ul>\n<p>&nbsp;<\/p>\n<ul style=\"list-style-type: square;\">\n<li><a href=\"https:\/\/isisbernocchi.edu.it\/od\/wp-content\/uploads\/2025\/03\/Professione_ir_03_2025_online.pdf\"><strong>Professione i.r. 03\/2025<\/strong><\/a><\/li>\n<\/ul>\n<p>&nbsp;<\/p>\n<ul style=\"list-style-type: square;\">\n<li><a href=\"https:\/\/isisbernocchi.edu.it\/od\/wp-content\/uploads\/2025\/03\/LocandinaconvegnoCESP31MARZO2025.pdf\"><strong>Convegno CESP del 31 marzo 2025<\/strong><\/a><\/li>\n<\/ul>\n<p>&nbsp;<\/p>\n<ul style=\"list-style-type: square;\">\n<li><a href=\"https:\/\/isisbernocchi.edu.it\/od\/wp-content\/uploads\/2025\/03\/Infopoint335.pdf.pdf\"><strong>Costituzione degli elenchi aggiuntivi alle GPS del personale docente ed educativo<\/strong><\/a><\/li>\n<\/ul>\n<p>&nbsp;<\/p>\n<ul style=\"list-style-type: square;\">\n<li><a href=\"https:\/\/isisbernocchi.edu.it\/od\/wp-content\/uploads\/2025\/03\/LocandinaMOBILITA2025.pdf\"><strong>MOBILITA&#8217; 2025 &#8211; PERSONALE DOCENTE DI RELIGIONE CATTOLICA<\/strong><\/a><\/li>\n<\/ul>\n<p>&nbsp;<\/p>\n<ul style=\"list-style-type: square;\">\n<li><a href=\"https:\/\/isisbernocchi.edu.it\/od\/wp-content\/uploads\/2025\/03\/Infopoint334.pdf\"><strong>Mobilit\u00e0 territoriale\/professionale e Graduatoria Regionale del personale docente di religione per l&#8217;a.s. 2025\/2026<\/strong><\/a><\/li>\n<\/ul>\n<p>&nbsp;<\/p>\n<ul style=\"list-style-type: square;\">\n<li><a href=\"https:\/\/isisbernocchi.edu.it\/od\/wp-content\/uploads\/2025\/03\/ilovepdf_merged-66.pdf\"><strong>Errata Corrige: Convocazione di un\u2019assemblea sindacale regionale telematica, degli insegnanti di sostegno delle istituzioni scolastiche di ogni ordine e grado della regione Lombardia<\/strong><\/a><\/li>\n<\/ul>\n<p>&nbsp;<\/p>\n<ul style=\"list-style-type: square;\">\n<li><a href=\"https:\/\/www.snalsmilano.it\/2025\/03\/05\/rinnovo-contratto-scuola-2022-24\/\"><strong>Rinnovo contratto Scuola 2022-24<\/strong><\/a><\/li>\n<\/ul>\n<p>&nbsp;<\/p>\n<ul style=\"list-style-type: square;\">\n<li><a href=\"https:\/\/isisbernocchi.edu.it\/od\/wp-content\/uploads\/2025\/03\/Infopoint333.pdf\"><strong>Scade il 15 marzo 2025 il termine per presentare le domande per il part-time per l&#8217;anno scolastico 2025\/2026\u00a0<\/strong><\/a><\/li>\n<\/ul>\n<p>&nbsp;<\/p>\n<ul style=\"list-style-type: square;\">\n<li><a href=\"https:\/\/isisbernocchi.edu.it\/od\/wp-content\/uploads\/2025\/03\/Preparati-al-meglio-per-le-posizioni-economiche-ATA-con-il-corso-di-Proteo-Fare-Sapere.pdf\"><strong>Personale ATA e posizioni economiche<\/strong><\/a><\/li>\n<\/ul>\n<p>&nbsp;<\/p>\n<ul style=\"list-style-type: square;\">\n<li><a href=\"https:\/\/www.snalsmilano.it\/2025\/03\/04\/mobilita-emanate-le-oo-mm\/\"><strong>Mobilit\u00e0: emanate le OO.MM.<\/strong><\/a><\/li>\n<\/ul>\n<p>&nbsp;<\/p>\n<ul style=\"list-style-type: square;\">\n<li><a href=\"https:\/\/isisbernocchi.edu.it\/od\/wp-content\/uploads\/2025\/03\/ilovepdf_merged-28.pdf\"><strong>ELEZIONI.RSU.2025:INFORMAZIONI.SINTETICHE.PER.IL.PERSONALE<\/strong><\/a><\/li>\n<\/ul>\n<p>&nbsp;<\/p>\n<ul style=\"list-style-type: square;\">\n<li><a href=\"https:\/\/www.snalsmilano.it\/2025\/03\/03\/elezioni-per-rinnovo-rsu\/\"><strong>Elezioni per rinnovo RSU<\/strong><\/a><\/li>\n<\/ul>\n<p>&nbsp;<\/p>\n<ul style=\"list-style-type: square;\">\n<li><a href=\"https:\/\/isisbernocchi.edu.it\/od\/wp-content\/uploads\/2025\/02\/FondoEsperonograzie.pdf\"><strong>ATTENZIONE AL SILENZIO-ASSENSO: NON ADERIAMO AL FONDOESPERO!<\/strong><\/a><\/li>\n<\/ul>\n<p>&nbsp;<\/p>\n<ul style=\"list-style-type: square;\">\n<li><a href=\"https:\/\/isisbernocchi.edu.it\/od\/wp-content\/uploads\/2025\/02\/m_pi.AOODRLO.REGISTRO-UFFICIALEE.0008368.17-02-2025.pdf\"><strong>Convocazione assemblea regionale (art. 10 del CCNL vigente) per il<\/strong><\/a><br \/>\n<strong>giorno 24 febbraio 2025 in presenza e in modalit\u00e0 videoconferenza<\/strong><br \/>\n<strong>per tutti i dipendenti in servizio presso gli uffici dell\u2019USR per la<\/strong><br \/>\n<strong>Lombardia e ambiti territoriali.<\/strong><\/li>\n<\/ul>\n<p>&nbsp;<\/p>\n<ul style=\"list-style-type: square;\">\n<li><a href=\"https:\/\/isisbernocchi.edu.it\/od\/wp-content\/uploads\/2025\/02\/ComunicatoATA.pdf\"><strong>Organico aggiuntivo Ata 2025, ci avevate creduto?<\/strong><\/a><\/li>\n<\/ul>\n<p>&nbsp;<\/p>\n<ul style=\"list-style-type: square;\">\n<li><a href=\"https:\/\/isisbernocchi.edu.it\/od\/wp-content\/uploads\/2025\/02\/USBScuola-sportellomobilita2025-26.pdf\"><strong>USB Scuola &#8211; Avvio prenotazioni sportello mobilit\u00e0 2025\/26<\/strong><\/a><\/li>\n<\/ul>\n<p>&nbsp;<\/p>\n<ul style=\"list-style-type: square;\">\n<li><a href=\"https:\/\/isisbernocchi.edu.it\/od\/wp-content\/uploads\/2025\/02\/comunicato-flc-cgil-su-formazione-personale-scuola-11-febbraio-2025.pdf\"><strong>Scuola, formazione del personale: il Ministro risponde alla nostra lettera<\/strong><\/a><\/li>\n<\/ul>\n<p>&nbsp;<\/p>\n<ul style=\"list-style-type: square;\">\n<li><a href=\"https:\/\/www.snalsmilano.it\/2025\/02\/07\/certificazioni-del-diritto-a-pensione\/\"><strong>Certificazioni del diritto a pensione<\/strong><\/a><\/li>\n<\/ul>\n<p>&nbsp;<\/p>\n<ul style=\"list-style-type: square;\">\n<li><a href=\"https:\/\/www.snalsmilano.it\/2025\/02\/05\/la-gestione-dei-soprannumerari\/\"><strong>La gestione dei soprannumerari<\/strong><\/a><\/li>\n<\/ul>\n<p>&nbsp;<\/p>\n<ul style=\"list-style-type: square;\">\n<li><a href=\"https:\/\/isisbernocchi.edu.it\/od\/wp-content\/uploads\/2025\/02\/USBScuola-assembleastreaming12febbraio.pdf\"><strong>USB Scuola: Assemblea sindacale 12 febbraio<\/strong><\/a><\/li>\n<\/ul>\n<p>&nbsp;<\/p>\n<ul style=\"list-style-type: square;\">\n<li><a href=\"https:\/\/isisbernocchi.edu.it\/od\/wp-content\/uploads\/2025\/02\/DAIFORZAAFGU-SINATAS-1.pdf\"><strong>FORZA ATA- MANCUSO E MASTROLIA INSIEME PER UN SINDACATO ATA PIU&#8217;FORTE<\/strong><\/a><\/li>\n<\/ul>\n<p>&nbsp;<\/p>\n<ul style=\"list-style-type: square;\">\n<li><a href=\"https:\/\/www.snalsmilano.it\/2025\/02\/04\/valutazione-del-servizio-pre-ruolo\/\"><strong>Valutazione del servizio pre-ruolo<\/strong><\/a><\/li>\n<\/ul>\n<p>&nbsp;<\/p>\n<ul style=\"list-style-type: square;\">\n<li><a href=\"https:\/\/www.snalsmilano.it\/2025\/02\/03\/cessazioni-personale-scolastico-2025-e-legge-di-bilancio\/\"><strong>Cessazioni personale scolastico 2025<\/strong><\/a><\/li>\n<\/ul>\n<p>&nbsp;<\/p>\n<ul style=\"list-style-type: square;\">\n<li><a href=\"https:\/\/isisbernocchi.edu.it\/od\/wp-content\/uploads\/2025\/02\/incontro-di-formazione-14-febbraio-ANIEF-di-Milano-e-provincia.pdf\"><strong>Incontro di formazione 14 febbraio &#8211; ANIEF di Milano e provincia<\/strong><\/a><\/li>\n<\/ul>\n<p>&nbsp;<\/p>\n<ul style=\"list-style-type: square;\">\n<li><a href=\"https:\/\/isisbernocchi.edu.it\/od\/wp-content\/uploads\/2025\/02\/DAIFORZAAFGU-SINATAS.pdf\"><strong>DAI FORZA AGLI ATA- MANCUSO E MASTROLIA INSIEME PER UN SINDACATO ATA FORTE<\/strong><\/a><\/li>\n<\/ul>\n<p>&nbsp;<\/p>\n<ul style=\"list-style-type: square;\">\n<li><a href=\"https:\/\/www.snalsmilano.it\/2025\/01\/31\/al-via-le-prove-dei-concorsi-ordinari\/\"><strong>Al via le prove dei concorsi ordinari<\/strong><\/a><\/li>\n<\/ul>\n<p>&nbsp;<\/p>\n<ul style=\"list-style-type: square;\">\n<li><a href=\"https:\/\/isisbernocchi.edu.it\/od\/wp-content\/uploads\/2025\/01\/Invito-di-partecipazione-Seminario-di-legislazione-scolastica-in-presenza-gratuito-4-FEBBRAIO-2025-MILANO.pdf\"><strong>Invito di partecipazione Seminario di legislazione scolastica in presenza gratuito &#8211; 4 FEBBRAIO 2025 MILANO \u201cLa scuola del Noi dalla didattica inclusiva alla didattica innovativa per l\u2019intero contesto classe\u201d\u00a0<\/strong><\/a><\/li>\n<\/ul>\n<p>&nbsp;<\/p>\n<ul style=\"list-style-type: square;\">\n<li><a href=\"https:\/\/www.snalsmilano.it\/2025\/01\/28\/valutazione-periodica-e-finale\/\"><strong>decreti Valutazione periodica e finale<\/strong><\/a><\/li>\n<\/ul>\n<p>&nbsp;<\/p>\n<ul style=\"list-style-type: square;\">\n<li><a href=\"https:\/\/www.snalsmilano.it\/2025\/01\/27\/27-gennaio-giorno-della-memoria\/\"><strong>Giorno della Memoria<\/strong><\/a><\/li>\n<\/ul>\n<p>&nbsp;<\/p>\n<ul style=\"list-style-type: square;\">\n<li><a href=\"https:\/\/isisbernocchi.edu.it\/od\/wp-content\/uploads\/2025\/01\/Segreteria-Organizzativa-Nazionale-Fe.N.S.I.R.-INFORMAZIONI-SINDACALI-E-INIZIATIVE-RSU-2025.pdf\"><strong>Segreteria Organizzativa Nazionale Fe.N.S.I.R. INFORMAZIONI SINDACALI E INIZIATIVE RSU 2025<\/strong><\/a><\/li>\n<\/ul>\n<p>&nbsp;<\/p>\n<ul style=\"list-style-type: square;\">\n<li><a href=\"https:\/\/isisbernocchi.edu.it\/od\/wp-content\/uploads\/2025\/01\/Ass.-ANIEF-31-01-2025.pdf\"><strong>ANIEF ssemblea sindacale Nazionale telematica, del personale ATA delle istituzioni scolastiche di ogni ordine e grado dell\u2019intero territorio Nazionale<\/strong><\/a><\/li>\n<\/ul>\n<p>&nbsp;<\/p>\n<ul style=\"list-style-type: square;\">\n<li><a href=\"https:\/\/isisbernocchi.edu.it\/od\/wp-content\/uploads\/2025\/01\/Unicobas.per_.ELEZIONI.RSU_.2025INFORMAZIONI.PER_.IL_.PERSONALE.pdf\"><strong>Unicobas.per.ELEZIONI.RSU.2025:INFORMAZIONI.PER.IL.PERSONALE<\/strong><\/a><\/li>\n<\/ul>\n<p>&nbsp;<\/p>\n<ul style=\"list-style-type: square;\">\n<li><a href=\"https:\/\/isisbernocchi.edu.it\/od\/wp-content\/uploads\/2025\/01\/Note.Unicobas.per_.ELEZIONI.RSU_.2025.pdf\"><strong>Note.Unicobas.per.ELEZIONI.RSU.2025<\/strong><\/a><\/li>\n<\/ul>\n<p>&nbsp;<\/p>\n<ul style=\"list-style-type: square;\">\n<li><a href=\"https:\/\/isisbernocchi.edu.it\/od\/wp-content\/uploads\/2025\/01\/Circolare-n.278-Convocazione-assemblea-sindacale-ANIEF-17-01-2025-1.pdf\"><strong>Convocazione-assemblea-sindacale-ANIEF-17-01-2025<\/strong><\/a><\/li>\n<\/ul>\n<p>&nbsp;<\/p>\n<ul style=\"list-style-type: square;\">\n<li><a href=\"https:\/\/isisbernocchi.edu.it\/od\/wp-content\/uploads\/2025\/01\/CIADPERCONCORSODSGA.pdf\"><strong>CIAD PER CONCORSO DSGA<\/strong><\/a><\/li>\n<\/ul>\n<p>&nbsp;<\/p>\n<ul style=\"list-style-type: square;\">\n<li><a href=\"https:\/\/www.snalsmilano.it\/2025\/01\/10\/legge-di-bilancio-2025-sintesi\/\"><strong>Legge di Bilancio 2025 \u2013 sintesi<\/strong><\/a><\/li>\n<\/ul>\n<p>&nbsp;<\/p>\n<ul style=\"list-style-type: square;\">\n<li><a href=\"https:\/\/www.snalsmilano.it\/2025\/01\/09\/pensionandi-scuola-2025-controllare-posizione-assicurativa\/\"><strong>Pensionandi Scuola 2025: controllare posizione assicurativa &#8211; Permessi retribuiti per il diritto allo studio<\/strong><\/a><\/li>\n<\/ul>\n<p>&nbsp;<\/p>\n<ul style=\"list-style-type: square;\">\n<li><a href=\"https:\/\/isisbernocchi.edu.it\/od\/wp-content\/uploads\/2025\/01\/Legge-di-bilancio_-il-Governo-fa-cassa-su-Istruzione-e-Ricerca.pdf\"><strong>FLC CGIL Legge di bilancio 2025 e settori della conoscenza<\/strong><\/a><\/li>\n<\/ul>\n<p>&nbsp;<\/p>\n<ul style=\"list-style-type: square;\">\n<li><a href=\"https:\/\/isisbernocchi.edu.it\/od\/wp-content\/uploads\/2025\/01\/MI.pdf\"><strong>Assemblea Sindacale per Insegnanti di Religione &#8211; ONLINE 17 gennaio 2025<\/strong><\/a><\/li>\n<\/ul>\n<p>&nbsp;<\/p>\n<ul style=\"list-style-type: square;\">\n<li><a href=\"https:\/\/isisbernocchi.edu.it\/od\/wp-content\/uploads\/2025\/01\/DallarabbiaallazionecandidaticonUSBScuolaalleelezioniRSU2025.pdf\"><strong>Dalla rabbia all\u2019azione: candidati con USB Scuola alle elezioni RSU 2025!<\/strong><\/a><\/li>\n<\/ul>\n<p>&nbsp;<\/p>\n<ul style=\"list-style-type: square;\">\n<li><a href=\"https:\/\/www.snalsmilano.it\/2025\/01\/08\/bando-concorso-1-435-posti-dsga-domande-entro-il-15-gennaio-2025\/\"><strong>Concorso Docenti e DSGA 2<\/strong><\/a><\/li>\n<\/ul>\n<p>&nbsp;<\/p>\n<ul style=\"list-style-type: square;\">\n<li><a href=\"https:\/\/www.snalsmilano.it\/2025\/01\/08\/concorso-docenti-pnrr-2024\/\"><strong>Concorso Docenti e DSGA<\/strong><\/a><\/li>\n<\/ul>\n<p>&nbsp;<\/p>\n<ul style=\"list-style-type: square;\">\n<li><a href=\"https:\/\/www.snalsmilano.it\/2025\/01\/07\/dal-21-gennaio-al-10-febbraio-le-iscrizioni-per-lanno-scolastico-20\"><strong>Iscrizioni per l\u2019anno scolastico 2025\/2026<\/strong><\/a><\/li>\n<\/ul>\n<p>&nbsp;<\/p>\n<ul style=\"list-style-type: square;\">\n<li><a href=\"https:\/\/isisbernocchi.edu.it\/od\/wp-content\/uploads\/2024\/12\/CONVEGNO-USB-SCUOLACESTES.pdf\"><strong>USB Scuola-Cestes: Convegno di formazione personale docente e ATA<\/strong><\/a><\/li>\n<\/ul>\n<p>&nbsp;<\/p>\n<ul style=\"list-style-type: square;\">\n<li><a href=\"https:\/\/www.snalsmilano.it\/2024\/12\/17\/bando-concorso-1-435-posti-dsga-domande-entro-il-15-gennaio-2025\/\"><strong>concorso 1.435 posti DSGA<\/strong><\/a><\/li>\n<\/ul>\n<p>&nbsp;<\/p>\n<ul style=\"list-style-type: square;\">\n<li><a href=\"https:\/\/isisbernocchi.edu.it\/od\/wp-content\/uploads\/2024\/12\/Snadir-newsletter311.pdf\"><strong>Procedure Straordinarie e Concorsi Ordinari Irc: una panoramica sulle cifre nazionali<\/strong><\/a><\/li>\n<\/ul>\n<p>&nbsp;<\/p>\n<ul style=\"list-style-type: square;\">\n<li><a href=\"https:\/\/isisbernocchi.edu.it\/od\/wp-content\/uploads\/2024\/12\/USBScuolasportelloconsulenzaiscrizioniconcorsoPNRR2.pdf\"><strong>USB Scuola: sportello consulenza iscrizioni concorso PNRR 2<\/strong><\/a><\/li>\n<\/ul>\n<p>&nbsp;<\/p>\n<ul style=\"list-style-type: square;\">\n<li><a href=\"https:\/\/isisbernocchi.edu.it\/od\/wp-content\/uploads\/2024\/12\/Infopoint309.pdf\"><strong>Concorsi PNRR 2024\/2025<\/strong><\/a><\/li>\n<\/ul>\n<p>&nbsp;<\/p>\n<ul style=\"list-style-type: square;\">\n<li><a href=\"https:\/\/isisbernocchi.edu.it\/od\/wp-content\/uploads\/2024\/12\/candidaticonflcconlinkattivo.pdf\"><strong>RSU 14.15.16. APRILE 2025<\/strong><\/a><\/li>\n<\/ul>\n<p>&nbsp;<\/p>\n<ul style=\"list-style-type: square;\">\n<li><a href=\"https:\/\/isisbernocchi.edu.it\/od\/wp-content\/uploads\/2024\/12\/Convocazioneassembleasindacale-fuoriorariodiserviziodocentiprovinceMilano.pdf\"><b><i>Fe.N.S.I.R.<\/i><\/b><\/a><\/li>\n<\/ul>\n<p>&nbsp;<\/p>\n<ul style=\"list-style-type: square;\">\n<li><a href=\"https:\/\/isisbernocchi.edu.it\/od\/wp-content\/uploads\/2024\/12\/per-gli-ata-con-anief.pdf\"><strong>Per gli ata con ANIEF<\/strong><\/a><\/li>\n<\/ul>\n<p>&nbsp;<\/p>\n<ul style=\"list-style-type: square;\">\n<li><a href=\"https:\/\/isisbernocchi.edu.it\/od\/wp-content\/uploads\/2024\/11\/RICORSO-ANNO-2013-ANCHE-PENSIONATI.pdf\"><strong>TESTO.PER.DOCENTI.E.ATA.SU.RICORSO.RECUPERO.ANNO 2013<\/strong><\/a><\/li>\n<\/ul>\n<p>&nbsp;<\/p>\n<ul style=\"list-style-type: square;\">\n<li style=\"text-align: left;\"><a href=\"https:\/\/isisbernocchi.edu.it\/od\/wp-content\/uploads\/2024\/11\/Convocazione-di-unassemblea-sindacale-in-presenza-del-personale-ATA.pdf\"><strong>Convocazione di un\u2019assemblea sindacale in presenza, del personale ATA<\/strong><\/a><\/li>\n<\/ul>\n<p>&nbsp;<\/p>\n<ul style=\"list-style-type: square;\">\n<li><a href=\"https:\/\/www.snalsmilano.it\/2024\/11\/26\/disponibilita-posti-comuni-e-di-sostegno\/\"><strong>Disponibilit\u00e0 posti comuni e di sostegno<\/strong><\/a><\/li>\n<\/ul>\n<p>&nbsp;<\/p>\n<ul style=\"list-style-type: square;\">\n<li><a href=\"https:\/\/www.snalsmilano.it\/2024\/11\/21\/rinnovo-rsu-1415-e-16-aprile-2025\/\"><strong>Rinnovo RSU: 14,15 e 16 aprile 2025<\/strong><\/a><\/li>\n<\/ul>\n<p>&nbsp;<\/p>\n<ul style=\"list-style-type: square;\">\n<li><a href=\"https:\/\/isisbernocchi.edu.it\/od\/wp-content\/uploads\/2024\/11\/ASSEMBLEASINDACALEONLINESGB\u2013SCUOLA-SCIOPERO29NOVEMBRE2024.pdf\"><strong>ASSEMBLEA SINDACALE ONLINE SGB\u2013SCUOLA SCIOPERO29NOVEMBRE2024<\/strong><\/a><\/li>\n<\/ul>\n<p>&nbsp;<\/p>\n<ul style=\"list-style-type: square;\">\n<li><a href=\"https:\/\/isisbernocchi.edu.it\/od\/wp-content\/uploads\/2024\/11\/Proclamazione-SCIOPERO-GENERALE-CGIL-e-UIL-del-29-novembre-2024.pdf\"><strong>Proclamazione SCIOPERO GENERALE CGIL e UIL del 29 novembre 2024<\/strong><\/a><\/li>\n<\/ul>\n<p>&nbsp;<\/p>\n<ul style=\"list-style-type: square;\">\n<li><a href=\"https:\/\/isisbernocchi.edu.it\/od\/wp-content\/uploads\/2024\/11\/ASSEMBLEA-SINDACALE-FUORI-DALLORARIO-DI-LAVORO-25-NOVEMBRE.pdf\"><strong>ASSEMBLEA SINDACALE FUORI DALL&#8217;ORARIO DI LAVORO 25 NOVEMBRE<\/strong><\/a><\/li>\n<\/ul>\n<p>&nbsp;<\/p>\n<ul style=\"list-style-type: square;\">\n<li><a href=\"https:\/\/isisbernocchi.edu.it\/od\/wp-content\/uploads\/2024\/11\/SEMINARIO-PER-RSU-E-DELEGATI-UIL-SCUOLA-RUA.pdf\"><strong>SEMINARIO PER RSU E DELEGATI UIL SCUOLA RUA<\/strong><\/a><\/li>\n<\/ul>\n<p>&nbsp;<\/p>\n<ul style=\"list-style-type: square;\">\n<li><a href=\"https:\/\/isisbernocchi.edu.it\/od\/wp-content\/uploads\/2024\/11\/assemblea-22-novembre-2024-precari.pdf\"><strong>Assemblea precari 22 novembre 2024, ore 8<\/strong><\/a><\/li>\n<\/ul>\n<p>&nbsp;<\/p>\n<ul style=\"list-style-type: square;\">\n<li><a href=\"https:\/\/isisbernocchi.edu.it\/od\/wp-content\/uploads\/2024\/11\/SAATA-NOTIZIE-N.-2-NOVEMBRE-2024.pdf\"><strong>NUOVE POSIZIONI STIPENDIALI DECRETO IN ARRIVO<\/strong><\/a><\/li>\n<\/ul>\n<p>&nbsp;<\/p>\n<ul style=\"list-style-type: square;\">\n<li><a href=\"https:\/\/isisbernocchi.edu.it\/od\/wp-content\/uploads\/2024\/11\/Infopoint265-1.pdf\"><strong>Procedura Straordinaria: Il punto della situazione regione per regione<\/strong><\/a><\/li>\n<\/ul>\n<p>&nbsp;<\/p>\n<ul style=\"list-style-type: square;\">\n<li><a href=\"https:\/\/isisbernocchi.edu.it\/od\/wp-content\/uploads\/2024\/11\/Infopoint262.pdf\"><strong>Concorso Ordinario Irc: Faq e Indicazioni sui codici da inserire nella domanda<\/strong><\/a><\/li>\n<\/ul>\n<p>&nbsp;<\/p>\n<ul style=\"list-style-type: square;\">\n<li><a href=\"https:\/\/isisbernocchi.edu.it\/od\/wp-content\/uploads\/2024\/11\/CARD.pdf\"><strong>USB Scuola organizza il corso di formazione per il concorso PNRR2<\/strong><\/a><\/li>\n<\/ul>\n<p>&nbsp;<\/p>\n<ul style=\"list-style-type: square;\">\n<li><a href=\"https:\/\/isisbernocchi.edu.it\/od\/wp-content\/uploads\/2024\/11\/Progetto-Formativo-RSU-e-TAS-Snals-Confsal-2024-2025.pdf\"><strong>Progetto Formativo RSU e TAS Snals Confsal 2024-2025<\/strong><\/a><\/li>\n<\/ul>\n<p>&nbsp;<\/p>\n<ul style=\"list-style-type: square;\">\n<li><a href=\"https:\/\/isisbernocchi.edu.it\/od\/wp-content\/uploads\/2024\/11\/Infopoint261.pdf\"><strong>Snadir Info-Point n.26<\/strong><\/a><\/li>\n<\/ul>\n<p>&nbsp;<\/p>\n<ul style=\"list-style-type: square;\">\n<li><a href=\"https:\/\/isisbernocchi.edu.it\/od\/wp-content\/uploads\/2024\/11\/INVITO-ALLA-PRESENTAZIONE-DEL-LIBRO.pdf\"><strong>Lettera di INVITO alle scuole per la PRESENTAZIONE DEL LIBRO &#8220;NONNO, COS&#8217;\u00e9 IL SINDACATO?&#8221; 18 novembre ore 15,30<\/strong><\/a><\/li>\n<\/ul>\n<p>&nbsp;<\/p>\n<ul style=\"list-style-type: square;\">\n<li><a href=\"https:\/\/isisbernocchi.edu.it\/od\/wp-content\/uploads\/2024\/11\/USB-Scuola-sempre-dalla-parte-degli-studenti-contro-la-guerra-e-chi-la-sostiene.-In-piazza-il-15-e-il-30-Novembre.pdf\"><strong>USB Scuola sempre dalla parte degli studenti, contro la guerra e chi la sostiene. In piazza il 15 e il 30 Novembre<\/strong><\/a><\/li>\n<\/ul>\n<p>&nbsp;<\/p>\n<ul style=\"list-style-type: square;\">\n<li><a href=\"https:\/\/www.snalsmilano.it\/2024\/11\/11\/inaccettabile-taglio-organici-e-prolungamento-del-servizio-fino-a-70-anni\/\"><strong>Inaccettabile taglio organici e prolungamento del servizio fino a 70 anni<\/strong><\/a><\/li>\n<\/ul>\n<p>&nbsp;<\/p>\n<ul style=\"list-style-type: square;\">\n<li><a href=\"https:\/\/isisbernocchi.edu.it\/od\/wp-content\/uploads\/2024\/11\/Infopoint255.pdf\"><strong>Per avvalersi del diritto allo studio &#8211; anno solare 2025<\/strong><\/a><\/li>\n<\/ul>\n<p>&nbsp;<\/p>\n<ul style=\"list-style-type: square;\">\n<li><a href=\"https:\/\/isisbernocchi.edu.it\/od\/wp-content\/uploads\/2024\/11\/ANQUAP_-sciopero-intera-giornata-11-novembre-e-sciopero-straordinario-da-11-a-30-novembre_-con-adesione-Movimento-Direttori-SGA.pdf\"><strong>ANQUAP_ sciopero intera giornata 11 novembre e sciopero straordinario da 11 a 30 novembre_ con adesione Movimento Direttori SGA<\/strong><\/a><\/li>\n<\/ul>\n<p>&nbsp;<\/p>\n<ul style=\"list-style-type: square;\">\n<li><strong><a href=\"https:\/\/www.snalsmilano.it\/2024\/11\/07\/permessi-per-motivi-di-studio-150-ore-per-il-2025-scadenza-15-novembre\/\">Snals Milano<\/a> 150 ore<\/strong><\/li>\n<\/ul>\n<p>&nbsp;<\/p>\n<ul style=\"list-style-type: square;\">\n<li><a href=\"https:\/\/isisbernocchi.edu.it\/od\/wp-content\/uploads\/2024\/11\/Comunicazione_MIM_sciopero_11_novembre_2024-AIDA-SCUOLE.pdf\"><strong>Adesione sciopero Direttori S.G.A. proclamato per il giorno 11 novembre 2024<\/strong><\/a><\/li>\n<\/ul>\n<p>&nbsp;<\/p>\n<ul style=\"list-style-type: square;\">\n<li><a href=\"https:\/\/isisbernocchi.edu.it\/od\/wp-content\/uploads\/2024\/11\/Snadir-newsletter238.pdf\"><strong>Al via il concorso ordinario per gli insegnanti di religione: 1.928 posti disponibili<\/strong><\/a><\/li>\n<\/ul>\n<p>&nbsp;<\/p>\n<ul style=\"list-style-type: square;\">\n<li><a href=\"https:\/\/isisbernocchi.edu.it\/od\/wp-content\/uploads\/2024\/11\/SAIR-NOTIZIE-N.-6-NOVEMBRE-2024.pdf\"><strong>CONCORSO ORDINARIO IRC<\/strong><\/a><\/li>\n<\/ul>\n<p>&nbsp;<\/p>\n<ul style=\"list-style-type: square;\">\n<li><a href=\"https:\/\/www.snalsmilano.it\/2024\/11\/05\/ferie-assenze-e-permessi-del-personale-a-tempo-determinato\/\"><strong>Ferie, Assenze e Permessi del Personale a Tempo Determinato<\/strong><\/a><\/li>\n<\/ul>\n<p>&nbsp;<\/p>\n<ul style=\"list-style-type: square;\">\n<li><a href=\"https:\/\/isisbernocchi.edu.it\/od\/wp-content\/uploads\/2024\/11\/Snadir-newsletter237.pdf\"><strong>Estensione della Carta del Docente ai Precari: un successo per Snadir<\/strong><\/a><\/li>\n<\/ul>\n<p>&nbsp;<\/p>\n<ul style=\"list-style-type: square;\">\n<li><a href=\"https:\/\/www.snalsmilano.it\/2024\/11\/04\/assegnazione-sedi-ds-milano\/\"><strong>Nuovi dirigenti scolastici di Milano<\/strong><\/a><\/li>\n<\/ul>\n<p>&nbsp;<\/p>\n<ul style=\"list-style-type: square;\">\n<li><a href=\"https:\/\/isisbernocchi.edu.it\/od\/wp-content\/uploads\/2024\/11\/SAATA-NOTIZIE-NOVEMBRE-2024.pdf\"><strong><span style=\"color: #0b5394;\">Segreteria Organizzativa Nazionale Fe.N.S.I.R.<\/span> NUOVE POSIZIONI STIPENDIALI DECRETO IN ARRIVO<\/strong><\/a><\/li>\n<\/ul>\n<p>&nbsp;<\/p>\n<ul style=\"list-style-type: square;\">\n<li><a href=\"https:\/\/www.snalsmilano.it\/2024\/10\/31\/bonus-natale\/\"><strong>Bonus Natale<\/strong><\/a><\/li>\n<\/ul>\n<p>&nbsp;<\/p>\n<ul style=\"list-style-type: square;\">\n<li><a href=\"https:\/\/www.snalsmilano.it\/2024\/10\/30\/nuove-disposizioni-del-mim-con-il-dl-pnrr\/\"><strong>Nuove disposizioni del MIM con il DL PNRR<\/strong><\/a><\/li>\n<\/ul>\n<p>&nbsp;<\/p>\n<ul style=\"list-style-type: square;\">\n<li><a href=\"https:\/\/www.snalsmilano.it\/2024\/10\/28\/docenti-tutor-e-orientatori\/\"><strong>Docenti tutor e orientatori<\/strong><\/a><\/li>\n<\/ul>\n<p>&nbsp;<\/p>\n<ul style=\"list-style-type: square;\">\n<li><a href=\"https:\/\/www.snalsmilano.it\/2024\/10\/25\/bonus-100-e-lode-alla-maturita\/\"><strong>Bonus 100 e lode alla Maturit\u00e0<\/strong><\/a><\/li>\n<\/ul>\n<p>&nbsp;<\/p>\n<ul style=\"list-style-type: square;\">\n<li><a href=\"https:\/\/isisbernocchi.edu.it\/od\/wp-content\/uploads\/2024\/10\/unicobas-31-10.pdf\"><strong>Unicobas SCIOPERO GENERALE UNITARIO \u2013 GIOVED\u00cd 31 OTTOBRE 2024<\/strong><\/a><\/li>\n<\/ul>\n<p>&nbsp;<\/p>\n<ul style=\"list-style-type: square;\">\n<li><a href=\"https:\/\/isisbernocchi.edu.it\/od\/wp-content\/uploads\/2024\/10\/volantino-flc-cgil-sciopero-31-ottobre-2024-settori-conoscenza.pdf\"><strong>Comunicato per albo sindacale su sciopero 31 ottobre<\/strong><\/a><\/li>\n<\/ul>\n<p>&nbsp;<\/p>\n<ul style=\"list-style-type: square;\">\n<li><a href=\"https:\/\/isisbernocchi.edu.it\/od\/wp-content\/uploads\/2024\/10\/sciopero-31-10.pdf\"><strong>PROCLAMAZIONE SCIOPERO FLC CGIL Milano 31 ottobre a ASSEMBLEA ONLINE territoriale venerd\u00ec 25\/10\/24 dalle 8 alle 11<\/strong><\/a><\/li>\n<\/ul>\n<p>&nbsp;<\/p>\n<ul style=\"list-style-type: square;\">\n<li><a href=\"https:\/\/isisbernocchi.edu.it\/od\/wp-content\/uploads\/2024\/10\/convocazione-28-ottobre-dirigenti-scolastici.pdf\"><strong>Convocazione assemblea sindacale Dirigenti Scolastici REGIONE LOMBARDIA FLC CGIL \u2013 28\/10\/2024, ore 9-13<\/strong><\/a><\/li>\n<\/ul>\n<p>&nbsp;<\/p>\n<ul style=\"list-style-type: square;\">\n<li><a href=\"https:\/\/isisbernocchi.edu.it\/od\/wp-content\/uploads\/2024\/10\/Incontro-Fondo-Espero-2024.pdf\"><strong>La FLC CGIL di Milano propone ai docenti, personale educativo e ATA un incontro informativo\u00a0 &#8220;\u201cIL FONDO PREVIDENZIALE ESPERO\u201c.<\/strong><\/a><\/li>\n<\/ul>\n<p>&nbsp;<\/p>\n<ul style=\"list-style-type: square;\">\n<li><a href=\"https:\/\/isisbernocchi.edu.it\/od\/wp-content\/uploads\/2024\/10\/fENSIR.pdf\"><strong>A TUTTO IL PERSONALE &#8211; LA FENSIR PROCLAMA LO SCIOPERO DEL 31 OTTOBRE 2024<\/strong><\/a><\/li>\n<\/ul>\n<p>&nbsp;<\/p>\n<ul style=\"list-style-type: square;\">\n<li><a href=\"https:\/\/isisbernocchi.edu.it\/od\/wp-content\/uploads\/2024\/10\/31-OTTOBRE-USB-SCUOLA-IN-SCIOPERO.pdf\"><strong>Informativa Sciopero USB Scuola 31 ottobre 2024<\/strong><\/a><\/li>\n<\/ul>\n<p>&nbsp;<\/p>\n<ul style=\"list-style-type: square;\">\n<li><a href=\"https:\/\/isisbernocchi.edu.it\/od\/wp-content\/uploads\/2024\/10\/Binder2.pdf\"><strong>PER IL PERSONALE ATA INSERITO IN TERZA FASCIA<\/strong><\/a><\/li>\n<\/ul>\n<p>&nbsp;<\/p>\n<ul style=\"list-style-type: square;\">\n<li><a href=\"https:\/\/isisbernocchi.edu.it\/od\/wp-content\/uploads\/2024\/10\/Foglio-Notizie-ottobre-2024.pdf\"><strong>Bollettino Sindacale<\/strong><\/a><\/li>\n<\/ul>\n<p>&nbsp;<\/p>\n<ul style=\"list-style-type: square;\">\n<li><a href=\"https:\/\/www.snalsmilano.it\/2024\/10\/11\/bonus-natale-100-euro\/\"><strong>Bonus Natale 100 euro &#8211; Trattamento quiescenza personale dirigente scolastico<\/strong><\/a><\/li>\n<\/ul>\n<p>&nbsp;<\/p>\n<ul style=\"list-style-type: square;\">\n<li><a href=\"https:\/\/isisbernocchi.edu.it\/od\/wp-content\/uploads\/2024\/10\/RICORSO-RECUPERO-ANNO-2013-DOCENTI-IRC-A-T.I.-e-a-T.D.-CON-RICOSTRUZIONE-DI-CARRIERA.pdf\"><strong>RICORSO RECUPERO ANNO 2013 &#8211; DOCENTI IRC A T.I. e a T.D. CON RICOSTRUZIONE DI CARRIERA<\/strong><\/a><\/li>\n<\/ul>\n<p>&nbsp;<\/p>\n<ul style=\"list-style-type: square;\">\n<li><a href=\"https:\/\/isisbernocchi.edu.it\/od\/wp-content\/uploads\/2024\/10\/SAIR-NOTIZIE-N.-5-SETTEMBRE-2024.pdf\"><strong>AI DOCENTI DI RELIGIONE &#8211; ALL&#8217;ALBO SINDACALE<\/strong><\/a><\/li>\n<\/ul>\n<p>&nbsp;<\/p>\n<ul style=\"list-style-type: square;\">\n<li><a href=\"https:\/\/isisbernocchi.edu.it\/od\/wp-content\/uploads\/2024\/10\/locandina-12-ott.pdf\"><strong>USB Scuola &#8211; informativa sindacale &#8211; manifestazione 12 ottobre<\/strong><\/a><\/li>\n<\/ul>\n<p>&nbsp;<\/p>\n<ul style=\"list-style-type: square;\">\n<li><a href=\"https:\/\/isisbernocchi.edu.it\/od\/wp-content\/uploads\/2024\/10\/FLC-CGIL-Milano.pdf\"><strong>Proposte di vertenza che la FLC CGIL di Milano<\/strong><\/a><\/li>\n<\/ul>\n<p>&nbsp;<\/p>\n<ul style=\"list-style-type: square;\">\n<li><a href=\"https:\/\/isisbernocchi.edu.it\/od\/wp-content\/uploads\/2024\/10\/LOCANDINA-Ricorso-anno-2013_Milano.pdf\"><strong>RECUPERO ANNO 2013 AI FINI DELLA PROGRESSIONE DI CARRIERA<\/strong><\/a><\/li>\n<\/ul>\n<p>&nbsp;<\/p>\n<ul style=\"list-style-type: square;\">\n<li><a href=\"https:\/\/isisbernocchi.edu.it\/od\/wp-content\/uploads\/2024\/10\/Volantino-A4-Screening-retro-timeline.pdf\"><strong>Campagna Anief di Screening gratuito sul tuo stato di servizio<\/strong><\/a><\/li>\n<\/ul>\n<p>&nbsp;<\/p>\n<ul style=\"list-style-type: square;\">\n<li><a href=\"https:\/\/isisbernocchi.edu.it\/od\/wp-content\/uploads\/2024\/10\/Circ-n.-67-Iscrizione-corsi-PNRR-di-inglese-per-docenti.pdf\"><strong>RICORSI GRATUITI &#8211; SADOC INFORMA N. 2<\/strong><\/a><\/li>\n<\/ul>\n<p>&nbsp;<\/p>\n<ul style=\"list-style-type: square;\">\n<li><a href=\"https:\/\/isisbernocchi.edu.it\/od\/wp-content\/uploads\/2024\/09\/Volantino_SEDE_PADERNO_DUGNANO.pdf\"><strong>ORARI SEDE UIL SCUOLA PADERNO DUGNANO<\/strong><\/a><\/li>\n<\/ul>\n<p>&nbsp;<\/p>\n<ul style=\"list-style-type: square;\">\n<li><a href=\"https:\/\/isisbernocchi.edu.it\/od\/wp-content\/uploads\/2024\/09\/AIDA-SCUOLE.pdf\"><strong>AIDA SCUOLE &#8211; Adesione manifestazione di protesta 27 settembre\u00a02024<\/strong><\/a><\/li>\n<\/ul>\n<p>&nbsp;<\/p>\n<ul style=\"list-style-type: square;\">\n<li><a href=\"https:\/\/isisbernocchi.edu.it\/od\/wp-content\/uploads\/2024\/09\/AssSindTerritorialeDocentiPrecari27-09-24.pdf\"><strong>UN\u2019 ASSEMBLEA SINDACALE TERRITORIALE IN ORARIO DI LAVORO PER IL PERSONALE DOCENTE PRECARIO DEGLI ISTITUTI DI MILANO E PROVINCIA<\/strong><\/a><\/li>\n<\/ul>\n<p>&nbsp;<\/p>\n<ul style=\"list-style-type: square;\">\n<li><a href=\"https:\/\/isisbernocchi.edu.it\/od\/wp-content\/uploads\/2024\/09\/Incontro-di-formazione-ANIEF-della-Lombardia.pdf\"><strong>Incontro di formazione ANIEF della Lombardia<\/strong><\/a><\/li>\n<\/ul>\n<p>&nbsp;<\/p>\n<ul style=\"list-style-type: square;\">\n<li><a href=\"https:\/\/isisbernocchi.edu.it\/od\/wp-content\/uploads\/2024\/09\/IncontroNeoassunti20242.pdf\"><strong>INCONTRO INFORMATIVO PER DOCENTI E ATA NEOASSUNTI A.S. 2024\/2025<\/strong><\/a><\/li>\n<\/ul>\n<p>&nbsp;<\/p>\n<ul style=\"list-style-type: square;\">\n<li><a href=\"https:\/\/isisbernocchi.edu.it\/od\/wp-content\/uploads\/2024\/09\/ilovepdf_mCGIL-UIL-d.pdf\"><strong>SEMINARIO PER RSU E DELEGATI UIL SCUOLA RUA<\/strong><\/a><\/li>\n<\/ul>\n<p>&nbsp;<\/p>\n<ul style=\"list-style-type: square;\">\n<li><a href=\"https:\/\/isisbernocchi.edu.it\/od\/wp-content\/uploads\/2024\/09\/USBSCUOLA-Assembleaonline26settembreore17-annodiformazioneeprovadocenti.pdf\"><strong>USB SCUOLA &#8211; Assemblea online 26 settembre ore 17: anno di formazione e prova docenti<\/strong><\/a><\/li>\n<\/ul>\n<p>&nbsp;<\/p>\n<ul style=\"list-style-type: square;\">\n<li><a href=\"https:\/\/isisbernocchi.edu.it\/od\/wp-content\/uploads\/2024\/09\/comunicato-flc-cgil-su-contrattazione-integrativa-di-scuola-12-settembre-2024.pdf\"><strong>Comunicato per albo sindacale su contrattazione di scuola<\/strong><\/a><\/li>\n<\/ul>\n<p>&nbsp;<\/p>\n<ul style=\"list-style-type: square;\">\n<li><a href=\"https:\/\/www.snalsmilano.it\/2024\/09\/11\/permessi-retribuiti-per-il-diritto-allo-studio-2\/\"><strong>Permessi retribuiti per il diritto allo studio<\/strong><\/a><\/li>\n<\/ul>\n<p>&nbsp;<\/p>\n<ul style=\"list-style-type: square;\">\n<li><a href=\"https:\/\/www.snalsmilano.it\/2024\/09\/10\/documento-regionale-per-lorientamento-della-scuola-lombarda-a-s-2024-2025\/\"><strong>Documento regionale per l\u2019orientamento della scuola lombarda \u2013 a.s.2024\/2025<\/strong><\/a><\/li>\n<\/ul>\n<p>&nbsp;<\/p>\n<ul style=\"list-style-type: square;\">\n<li><a href=\"https:\/\/isisbernocchi.edu.it\/od\/wp-content\/uploads\/2024\/09\/USB-Scuola-Lombardia.pdf\"><strong>USB Scuola Lombardia: assunzioni scuola, ogni anno peggio. Presidio il 10 settembre dalle ore 12 presso l\u2019USR Lombardia<\/strong><\/a><\/li>\n<\/ul>\n<p>&nbsp;<\/p>\n<ul style=\"list-style-type: square;\">\n<li><a href=\"https:\/\/isisbernocchi.edu.it\/od\/wp-content\/uploads\/2024\/09\/assemblea18settembre2024santoro.pdf\"><strong>Convocazione assemblea ATA regionale &#8211; 18 settembre 2024 IIS MAXWELL<\/strong><\/a><\/li>\n<\/ul>\n<p>&nbsp;<\/p>\n<ul style=\"list-style-type: square;\">\n<li><a href=\"https:\/\/www.snalsmilano.it\/2024\/09\/06\/reclutamento-docenti-a-tempo-determinato-2024-25-scorrimento-gps\/\"><strong>Reclutamento docenti<\/strong><\/a><\/li>\n<\/ul>\n<p>&nbsp;<\/p>\n<ul style=\"list-style-type: square;\">\n<li><a href=\"https:\/\/isisbernocchi.edu.it\/od\/wp-content\/uploads\/2024\/09\/INDICAZIONIPERLESEGRETERIESCOLASTICHEaifinidellaSOTTOSCRIZIONEdeiCONTRATTIDEGLIINSEGNANTIDIRELIGIONEINCARICATIANNUALI-2.pdf\"><strong>INDICAZIONI PER LE SEGRETERIE SCOLASTICHE ai fini della SOTTOSCRIZIONE dei CONTRATTI DEGLI INSEGNANTI DI RELIGIONE INCARICATI ANNUALI<\/strong><\/a><\/li>\n<\/ul>\n<p>&nbsp;<\/p>\n<ul style=\"list-style-type: square;\">\n<li><a href=\"https:\/\/www.snalsmilano.it\/2024\/09\/05\/supplenze-fino-allavente-diritto\/\"><strong>Supplenze fino all\u2019avente diritto<\/strong><\/a><\/li>\n<\/ul>\n<p>&nbsp;<\/p>\n<ul style=\"list-style-type: square;\">\n<li><a href=\"https:\/\/www.snalsmilano.it\/2024\/09\/05\/destinatari-incarichi-annuali-dsga\/\"><strong>incarichi annuali DSGA<\/strong><\/a><\/li>\n<\/ul>\n<p>&nbsp;<\/p>\n<ul style=\"list-style-type: square;\">\n<li><a href=\"https:\/\/isisbernocchi.edu.it\/od\/wp-content\/uploads\/2024\/09\/SADOCINFORMAN.1-SETTEMBRE2024.pdf\"><strong>SINDACATO DOCENTI &#8211; SADOC INFORMA] SADOC INFORMA &#8211; FORMAZIONE NEO IMMESSI IN RUOLO &#8211; NOMINE GPS 2024 PRIME VITTIME<\/strong><\/a><\/li>\n<\/ul>\n<p>&nbsp;<\/p>\n<ul style=\"list-style-type: square;\">\n<li><a href=\"https:\/\/www.snalsmilano.it\/2024\/09\/04\/destinatari-contratto-a-tempo-determinato-personale-ata\/\"><strong>Destinatari contratto a tempo determinato personale ATA<\/strong><\/a><\/li>\n<\/ul>\n<p>&nbsp;<\/p>\n<ul style=\"list-style-type: square;\">\n<li><a href=\"https:\/\/isisbernocchi.edu.it\/od\/wp-content\/uploads\/2024\/09\/DiffidaCARTADOCENTEANIEF_aggiornata.pdf\"><strong>Atto di diffida e messa in mora per il mancato riconoscimento del beneficio economico <\/strong><\/a><\/li>\n<\/ul>\n<p>&nbsp;<\/p>\n<ul style=\"list-style-type: square;\">\n<li><a href=\"https:\/\/www.snalsmilano.it\/2024\/08\/30\/concorso-religione-cattolica-valutazione-dei-titoli\/\"><strong>Concorso religione cattolica, valutazione dei titoli<\/strong><\/a><\/li>\n<\/ul>\n<p>&nbsp;<\/p>\n<ul style=\"list-style-type: square;\">\n<li><a href=\"https:\/\/www.snalsmilano.it\/2024\/08\/29\/sede-docenti-procedura-di-reclutamento-per-chiamata\/\"><strong>reclutamento \u201cper chiamata\u201d<\/strong><\/a><\/li>\n<\/ul>\n<p>&nbsp;<\/p>\n<ul style=\"list-style-type: square;\">\n<li><a href=\"https:\/\/www.snalsmilano.it\/2024\/08\/28\/destinatari-contratto-a-tempo-indeterminato-ata-a-s-2024-2025\/\"><strong>Destinatari contratto a tempo indeterminato ATA a.s. 2024\/2025.<\/strong><\/a><\/li>\n<\/ul>\n<p>&nbsp;<\/p>\n<ul style=\"list-style-type: square;\">\n<li><a href=\"https:\/\/www.snalsmilano.it\/2024\/08\/28\/stipula-contratti-a-tempo-determinato-personale-ata-a-s-2024-2025\/\"><strong>Stipula contratti a tempo determinato personale ATA a.s. 2024\/2025<\/strong><\/a><\/li>\n<\/ul>\n<p>&nbsp;<\/p>\n<ul style=\"list-style-type: square;\">\n<li><a href=\"https:\/\/www.snalsmilano.it\/2024\/08\/27\/utilizzazioni-ed-assegnazioni-provvisorie-2024-25\/\"><strong>A) Utilizzazioni ed assegnazioni provvisorie &#8211; B) Concorsi e Reclutamento docenti<\/strong><\/a><\/li>\n<\/ul>\n<p>&nbsp;<\/p>\n<ul style=\"list-style-type: square;\">\n<li><a href=\"https:\/\/www.snalsmilano.it\/2024\/07\/12\/uil-scuola-esclusa-dalla-contrattazione\/\"><strong>UIL Scuola esclusa dalla contrattazione<\/strong><\/a><\/li>\n<\/ul>\n<p>&nbsp;<\/p>\n<ul style=\"list-style-type: square;\">\n<li><a href=\"https:\/\/isisbernocchi.edu.it\/od\/wp-content\/uploads\/2024\/07\/cgil.pdf\"><strong>FLC CGIL- Scuola, mobilit\u00e0 annuale: tutto quello che c&#8217;\u00e8 da sapere.<\/strong><\/a><\/li>\n<\/ul>\n<p>&nbsp;<\/p>\n<ul style=\"list-style-type: square;\">\n<li><a href=\"https:\/\/www.snalsmilano.it\/2024\/07\/10\/utilizzazioni-e-assegnazioni-provvisorie-personale-ata-a-s-2024-2025\/\"><strong>Utilizzazioni e assegnazioni provvisorie personale ATA \u2013a.s. 2024\/2025<\/strong><\/a><\/li>\n<\/ul>\n<p>&nbsp;<\/p>\n<ul style=\"list-style-type: square;\">\n<li><a href=\"https:\/\/isisbernocchi.edu.it\/od\/wp-content\/uploads\/2024\/07\/FASCE-DI-COMPLESSITA.pdf\"><strong>FASCE DI COMPLESSIT\u00c0: ASSEMBLEA SINDACALE DIRIGENTISCUOLA Mercoled\u00ec 10 luglio alle ore 11.00<\/strong><\/a><\/li>\n<\/ul>\n<p>&nbsp;<\/p>\n<ul style=\"list-style-type: square;\">\n<li><a href=\"https:\/\/www.snalsmilano.it\/2024\/07\/05\/utilizzazioni-e-assegnazioni-provvisorie-personale-docente-educativo-ed-a-t-a\/\"><strong>Utilizzazioni e Assegnazioni Provvisorie personale docente, educativo ed A.T.A.<\/strong><\/a><\/li>\n<\/ul>\n<p>&nbsp;<\/p>\n<ul style=\"list-style-type: square;\">\n<li><a href=\"https:\/\/isisbernocchi.edu.it\/od\/wp-content\/uploads\/2024\/07\/COMUNICATO.pdf\"><strong>Comunicato iniziativa per ottenere il riconoscimento giuridico dell&#8217;anno 2013<\/strong><\/a><\/li>\n<\/ul>\n<p>&nbsp;<\/p>\n<ul style=\"list-style-type: square;\">\n<li><a href=\"https:\/\/www.snalsmilano.it\/2024\/07\/04\/g7-istruzione-la-formazione-e-diritto-umano-universale\/\"><strong>G7 Istruzione, la formazione \u00e8 diritto umano universale.<\/strong><\/a><\/li>\n<\/ul>\n<p>&nbsp;<\/p>\n<ul style=\"list-style-type: square;\">\n<li><a href=\"https:\/\/isisbernocchi.edu.it\/od\/wp-content\/uploads\/2024\/06\/1.RECUPEROINDENNITA-SOSTITUTIVAFERIENONGODUTE.pdf\"><strong>Comunicato sindacale per l&#8217;invio della diffida<\/strong><\/a><\/li>\n<\/ul>\n<p>&nbsp;<\/p>\n<ul style=\"list-style-type: square;\">\n<li><a href=\"https:\/\/www.snalsmilano.it\/2024\/06\/28\/mobilita-annuale-firmata-lintesa\/\"><strong>Mobilit\u00e0 annuale, firmata l\u2019Intesa<\/strong><\/a><\/li>\n<\/ul>\n<p>&nbsp;<\/p>\n<ul style=\"list-style-type: square;\">\n<li><a href=\"https:\/\/isisbernocchi.edu.it\/od\/wp-content\/uploads\/2024\/06\/SAIRNOTIZINAN.2-GIUGNO2024.pdf\"><strong>AI DOCENTI DI RELIGIONE &#8211;\u00a0 CONCORSO IRC PROBLEMATICHE TITOLI DI ACCESSO<\/strong><\/a><\/li>\n<\/ul>\n<p>&nbsp;<\/p>\n<ul style=\"list-style-type: square;\">\n<li><a href=\"https:\/\/www.snalsmilano.it\/2024\/06\/18\/assegnazione-provvisoria-e-utilizzazione-sostituzione-dsga\/\"><strong>Assegnazione provvisoria e utilizzazione \u2013 Sostituzione DSGA\u00a0<\/strong><\/a><\/li>\n<\/ul>\n<p>&nbsp;<\/p>\n<ul style=\"list-style-type: square;\">\n<li><a href=\"https:\/\/www.snalsmilano.it\/2024\/06\/13\/riscatto-dei-periodi-non-coperti-da-contribuzione\/\"><strong>Riscatto dei periodi non coperti da contribuzione<\/strong><\/a><\/li>\n<\/ul>\n<p>&nbsp;<\/p>\n<ul style=\"list-style-type: square;\">\n<li><a href=\"https:\/\/isisbernocchi.edu.it\/od\/wp-content\/uploads\/2024\/06\/SAIRNOTIZIE-GIUGNO2024.pdf\"><strong><span style=\"color: #0b5394;\"><i>Fe.N.S.I.R. <\/i><\/span>AI DOCENTI DI RELIGIONE &#8211; ALL&#8217;ALBO SINDACALE &#8211; BANDI CONCORSI STRAORDINARI IRC DOMANDE 3 GIUGNO-2 LUGLIO 2024<\/strong><\/a><\/li>\n<\/ul>\n<p>&nbsp;<\/p>\n<ul style=\"list-style-type: square;\">\n<li><a href=\"https:\/\/www.snalsmilano.it\/2024\/06\/04\/bandi-concorso-docenti-irc-pubblicati-i-bandi-domande-entro-il-2-luglio\/\"><strong>Concorso docenti IRC, domande entro il 2 luglio<\/strong><\/a><\/li>\n<\/ul>\n<p>&nbsp;<\/p>\n<ul style=\"list-style-type: square;\">\n<li><a href=\"https:\/\/www.snalsmilano.it\/2024\/06\/03\/criteri-di-graduazione-delle-istituzioni-scolastiche-cosi-non-va\/\"><strong>Graduazione delle istituzioni scolastiche<\/strong><\/a><\/li>\n<\/ul>\n<p>&nbsp;<\/p>\n<ul style=\"list-style-type: square;\">\n<li><a href=\"https:\/\/www.snalsmilano.it\/2024\/05\/31\/docenti-di-religione-concorsi-al-via-per-6-428-posti\/\"><strong>Docenti di religione, concorsi al via per 6.428 posti.<\/strong><\/a><\/li>\n<\/ul>\n<p>&nbsp;<\/p>\n<ul style=\"list-style-type: square;\">\n<li><a href=\"https:\/\/isisbernocchi.edu.it\/od\/wp-content\/uploads\/2024\/05\/SAATANOTIZIE-GIUGNO2024.pdf\"><strong>AL PERSONALE AMMINISTRATIVO E DSGA &#8211; ALL&#8217;ALBO SINDACALE &#8211; Formazione sulla Gestione del personale di religione<\/strong><\/a><\/li>\n<\/ul>\n<p>&nbsp;<\/p>\n<ul style=\"list-style-type: square;\">\n<li><a href=\"https:\/\/www.snalsmilano.it\/2024\/05\/21\/aggiornamento-delle-graduatorie-provinciali-e-di-istituto\/\"><strong>Aggiornamento delle graduatorie provinciali e di istituto<\/strong><\/a><\/li>\n<\/ul>\n<p>&nbsp;<\/p>\n<ul style=\"list-style-type: square;\">\n<li><a href=\"https:\/\/www.snalsmilano.it\/2024\/05\/17\/modifiche-alla-legge-104-1992\/\"><strong>Modifiche alla legge 104\/1992<\/strong><\/a><\/li>\n<\/ul>\n<p>&nbsp;<\/p>\n<ul style=\"list-style-type: square;\">\n<li><a href=\"https:\/\/www.flcgil.it\/contratto-istruzione-ricerca\/ccnl-istruzione-e-ricerca-2019-2021-sequenza-contrattuale-sulla-responsabilita-disciplinare-per-il-personale-docente-ed-educativo.flc\"><strong>FLC CGIL GPS docenti, terza fascia ATA e responsabilit\u00e0 disciplinare<\/strong><\/a><\/li>\n<\/ul>\n<p>&nbsp;<\/p>\n<ul style=\"list-style-type: square;\">\n<li><a href=\"https:\/\/isisbernocchi.edu.it\/od\/wp-content\/uploads\/2024\/05\/Locandina-CorsoOnlineDidatticaDigitale_.pdf\"><strong>Corso Online di Didattica Digitale per il personale docente neoassunto<\/strong><\/a><\/li>\n<\/ul>\n<p>&nbsp;<\/p>\n<ul style=\"list-style-type: square;\">\n<li><a href=\"https:\/\/isisbernocchi.edu.it\/od\/wp-content\/uploads\/2024\/05\/2-attivo-17-05-2024-1.pdf\"><strong>Attivo regionale delle delegate e dei delegati del comparto Funzioni Centrali della Funzione Pubblica CGIL \u2013 convocazione assemblea venerd\u00ec 17 maggio 2024<\/strong><\/a><\/li>\n<\/ul>\n<p>&nbsp;<\/p>\n<ul style=\"list-style-type: square;\">\n<li><a href=\"https:\/\/isisbernocchi.edu.it\/od\/wp-content\/uploads\/2024\/05\/CORSIGRATUITIPERILCOSEGUIMENTODELLACERTIFICAZIONEDIALFABETIZZAZIONEDIGITALEPERDOCENTIEATA1.pdf\"><strong>CORSI GRATUITI PER IL COSEGUIMENTO DELLA CERTIFICAZIONE DI ALFABETIZZAZIONE DIGITALE PER DOCENTI E ATA<\/strong><\/a><\/li>\n<\/ul>\n<p>&nbsp;<\/p>\n<ul style=\"list-style-type: square;\">\n<li><a href=\"https:\/\/www.snalsmilano.it\/2024\/05\/09\/gps-2024-2026-no-contratto-ad-aspiranti-in-attesa-riconoscimento-titolo-estero\/\"><strong>GPS 2024\/2026: NO contratto ad aspiranti in attesa riconoscimento titolo estero<\/strong><\/a><\/li>\n<\/ul>\n<p>&nbsp;<\/p>\n<ul style=\"list-style-type: square;\">\n<li><a href=\"https:\/\/www.snalsmilano.it\/2024\/05\/09\/organici-ata-a-s-2024-25-bozza-decreto-interministeriale\/\"><strong>Organici ATA a.s. 2024\/25: bozza decreto interministeriale<\/strong><\/a><\/li>\n<\/ul>\n<p>&nbsp;<\/p>\n<ul style=\"list-style-type: square;\">\n<li><a href=\"https:\/\/isisbernocchi.edu.it\/od\/wp-content\/uploads\/2024\/05\/FENSIRINFORMADOCENTIDIRELIGIONEN.2MAGGIO2024.pdf\"><strong>SAIR NOTIZIE AI DOCENTI DI RELIGIONE &#8211; ALL&#8217;ALBO SINDACALE &#8211; FENSIR INFORMA I DOCENTI DI RELIGIONE &#8211; CONCORSI IRC: DENUNCIA DEL GRAVE RITARDO BANDI &#8211; CONCORSI ORDINARI PRONTI I BANDI<\/strong><\/a><\/li>\n<\/ul>\n<p>&nbsp;<\/p>\n<ul style=\"list-style-type: square;\">\n<li><a href=\"https:\/\/isisbernocchi.edu.it\/od\/wp-content\/uploads\/2024\/05\/comunicato-flc-cgil-su-posizioni-economiche-ata-6-maggio-2024.pdf\"><strong>Comunicato per albo sindacale su posizioni economiche ATA<\/strong><\/a><\/li>\n<\/ul>\n<p>&nbsp;<\/p>\n<ul style=\"list-style-type: square;\">\n<li><a href=\"https:\/\/www.miur.gov.it\/web\/guest\/elezione-e-componenti\"><strong>ELEZIONI CSPI &#8211; LISTE E SCHEDE UFFICIALI<\/strong><\/a><\/li>\n<\/ul>\n<p>&nbsp;<\/p>\n<ul style=\"list-style-type: square;\">\n<li><a href=\"https:\/\/isisbernocchi.edu.it\/od\/wp-content\/uploads\/2024\/05\/ELEZIONI-CSPI-2024-A-TUTTO-IL-PERSONALE-ATA-DELLA-REGIONE-CALABRIA.-APPELLO-AL-VOTO-DI-GIUSEPPE-MANCUSO.pdf\"><strong>ELEZIONI CSPI 2024 A TUTTO IL PERSONALE ATA DELLA REGIONE CALABRIA. APPELLO AL VOTO DI GIUSEPPE MANCUSO<\/strong><\/a><\/li>\n<\/ul>\n<p>&nbsp;<\/p>\n<ul style=\"list-style-type: square;\">\n<li><a href=\"https:\/\/www.snalsmilano.it\/2024\/05\/03\/proroga-contratti-ata-fino-al-15-giugno\/\"><strong>Proroga contratti ATA fino al 15 giugno<\/strong><\/a><\/li>\n<\/ul>\n<p>&nbsp;<\/p>\n<ul style=\"list-style-type: square;\">\n<li style=\"text-align: left;\"><a href=\"https:\/\/isisbernocchi.edu.it\/od\/wp-content\/uploads\/2024\/05\/Indizione-assemblea-sindacale-ANIEF-Nazionale-personale-ATA.pdf\"><strong>Indizione assemblea sindacale ANIEF Nazionale personale ATA<\/strong><\/a><\/li>\n<\/ul>\n<p>&nbsp;<\/p>\n<ul style=\"list-style-type: square;\">\n<li><a href=\"https:\/\/isisbernocchi.edu.it\/od\/wp-content\/uploads\/2024\/05\/CANDIDATI-CSPI-2024-e-INCONTRO-CANDIDATI-LISTA-FENSIR-DOCENTI-ATA-INSEGNANTI-DI-RELIGIONE-PER-LA-SCUOLA.pdf\"><strong>CANDIDATI CSPI 2024 e INCONTRO CANDIDATI &#8211; LISTA &#8220;FENSIR DOCENTI, ATA, INSEGNANTI DI RELIGIONE PER LA SCUOLA&#8221;<\/strong><\/a><\/li>\n<\/ul>\n<p>&nbsp;<\/p>\n<ul style=\"list-style-type: square;\">\n<li><a href=\"https:\/\/isisbernocchi.edu.it\/od\/wp-content\/uploads\/2024\/05\/ELEZIONI-CSPI-2024-IL-PRESIDENTE-NAZIONALE-FEDERATA-CANDIDATO-NELLA-LISTA-ANIEF-appello-al-voto-di-Aldo-Cammarata.pdf\"><strong>ELEZIONI CSPI 2024 IL PRESIDENTE NAZIONALE FEDERATA CANDIDATO NELLA LISTA ANIEF appello al voto di Aldo Cammarata<\/strong><\/a><\/li>\n<\/ul>\n<p>&nbsp;<\/p>\n<ul style=\"list-style-type: square;\">\n<li><a href=\"https:\/\/isisbernocchi.edu.it\/od\/wp-content\/uploads\/2024\/05\/Locandina-SeminariodiformazioneIlCCNL19-21elarendicontazione.pdf\"><strong>Seminario di formazione \u201cIl CCNL 19-21 e la rendicontazione\u201d 6 maggio 15:00 &#8211; 18:00<\/strong><\/a><\/li>\n<\/ul>\n<p>&nbsp;<\/p>\n<ul style=\"list-style-type: square;\">\n<li><a href=\"https:\/\/isisbernocchi.edu.it\/od\/wp-content\/uploads\/2024\/05\/Comunicato-sindacale-Elezioni-CSPI-CISL-SCUOLA.pdf\"><strong>Comunicato sindacale Elezioni CSPI CISL SCUOLA<\/strong><\/a><\/li>\n<\/ul>\n<p>&nbsp;<\/p>\n<ul style=\"list-style-type: square;\">\n<li><a href=\"https:\/\/isisbernocchi.edu.it\/od\/wp-content\/uploads\/2024\/05\/FENSIRINFORMADOCENTIDIRELIGIONEMAGGIO2024.pdf\"><strong>SINDACATO INS. RELIGIONE &#8211; SAIR NOTIZIE AI DOCENTI DI RELIGIONE &#8211; ALL&#8217;ALBO SINDACALE<\/strong><\/a><\/li>\n<\/ul>\n<p>&nbsp;<\/p>\n<ul style=\"list-style-type: square;\">\n<li><a href=\"https:\/\/isisbernocchi.edu.it\/od\/wp-content\/uploads\/2024\/05\/Elezioni-CSPI-Trasmissione-locandine-campagna-CSPI__.pdf\"><strong>ANIEF Elezioni CSPI: Trasmissione locandine campagna CSPI<\/strong><\/a><\/li>\n<\/ul>\n<p>&nbsp;<\/p>\n<ul style=\"list-style-type: square;\">\n<li><a href=\"https:\/\/isisbernocchi.edu.it\/od\/wp-content\/uploads\/2024\/05\/3-maggio-ore-12-14-assemblea-nazionale-USB-Scuola-chiudiamo-la-campagna-per-il-CSPI-con-i-lavoratori-di-tuttItalia.pdf\"><strong>3 maggio ore 12-14 assemblea nazionale USB Scuola: chiudiamo la campagna per il CSPI con i lavoratori di tutt\u2019Italia<\/strong><\/a><\/li>\n<\/ul>\n<p>&nbsp;<\/p>\n<ul style=\"list-style-type: square;\">\n<li><a href=\"https:\/\/isisbernocchi.edu.it\/od\/wp-content\/uploads\/2024\/05\/candidaturaCSPI-Dradi.pdf\"><strong>Elezioni CSPI-Dirigenti<\/strong><\/a><\/li>\n<\/ul>\n<p>&nbsp;<\/p>\n<ul style=\"list-style-type: square;\">\n<li><a href=\"https:\/\/isisbernocchi.edu.it\/od\/wp-content\/uploads\/2024\/05\/CSPI-Assemblee-sindacali-CONFAIL-SCUOLA-e-materiali-elettorali.pdf\"><strong>CSPI Assemblee sindacali CONFAIL SCUOLA e materiali elettorali<\/strong><\/a><\/li>\n<\/ul>\n<p>&nbsp;<\/p>\n<ul style=\"list-style-type: square;\">\n<li><a href=\"https:\/\/isisbernocchi.edu.it\/od\/wp-content\/uploads\/2024\/05\/NotaElezioniCSPI23aprile2024.pdf\"><strong>Indicazioni operative \u2013 Elezione Consiglio Superiore della Pubblica Istruzione<\/strong><\/a><\/li>\n<\/ul>\n<p>&nbsp;<\/p>\n<ul style=\"list-style-type: square;\">\n<li><a href=\"https:\/\/isisbernocchi.edu.it\/od\/wp-content\/uploads\/2024\/05\/Organizzativa-Nazionale-Fe.N.S.I.R.pdf\"><strong>CSPI 2024 &#8211; SOLLECITO PUBBLICAZIONE ASSEMBLEA\/INCONTRO CANDIDATI LISTE &#8220;FENSIR DOCENTI, ATA, INSEGNANTI DI RELIGIONE PER LA SCUOLA&#8221;<\/strong><\/a><\/li>\n<\/ul>\n<p>&nbsp;<\/p>\n<ul style=\"list-style-type: square;\">\n<li><strong><a href=\"https:\/\/isisbernocchi.edu.it\/od\/wp-content\/uploads\/2024\/05\/Incontro-di-Formazione-personale-ATA-Il-ruolo-del-personale-ANIEF-6-maggio-900-1300.pdf\">Incontro di Formazione personale ATA &#8220;Il ruolo del personale ATA nella Scuola dell\u2019autonomia\u201d 6 maggio 9:00 &#8211; 13:00<\/a><\/strong><\/li>\n<\/ul>\n<p>&nbsp;<\/p>\n<ul style=\"list-style-type: square;\">\n<li><a href=\"https:\/\/isisbernocchi.edu.it\/od\/wp-content\/uploads\/2024\/05\/ELEZIONI-CSPI-PROGRAMMA.pdf\"><strong>ELEZIONI CSPI 7 MAGGIO 2024 &#8211; VOTA ANQUAP! &#8211; LISTA IV<\/strong><\/a><\/li>\n<\/ul>\n<p>&nbsp;<\/p>\n<ul style=\"list-style-type: square;\">\n<li><a href=\"https:\/\/isisbernocchi.edu.it\/od\/wp-content\/uploads\/2024\/05\/COMUNICATO_STAMPA_candidatiDS_Fuori_Regione_CSPI.pdf\"><strong>Elezioni del Consiglio Superiore della Pubblica Istruzione (CSPI). Componente elettiva Dirigenti scolastici. Comunicato Lista III &#8211; TORNI LA SCUOLA, TORNI LA VITA, TORNA ANCHE TU: DS FUORI REGIONE<\/strong><\/a><\/li>\n<\/ul>\n<p>&nbsp;<\/p>\n<ul style=\"list-style-type: square;\">\n<li><a href=\"https:\/\/isisbernocchi.edu.it\/od\/wp-content\/uploads\/2024\/05\/SISAElezioneCSPI.pdf\"><strong>COORDINAMENTO NAZIONALE SISA<\/strong><\/a><\/li>\n<\/ul>\n<p>&nbsp;<\/p>\n<ul style=\"list-style-type: square;\">\n<li><a href=\"https:\/\/isisbernocchi.edu.it\/od\/wp-content\/uploads\/2024\/04\/CANDIDATI_CSPI_UIL_SCUOLA.pdf\"><strong>CANDIDATI CSPI UIL SCUOLA RUA<\/strong><\/a><\/li>\n<\/ul>\n<p>&nbsp;<\/p>\n<ul style=\"list-style-type: square;\">\n<li><a href=\"https:\/\/isisbernocchi.edu.it\/od\/wp-content\/uploads\/2024\/04\/Incontro-di-Formazione-personale-ATA-ANIEF.pdf\"><strong>Incontro di Formazione personale ATA \u201c&#8221;Il ruolo del personale ATA nella Scuola dell\u2019autonomia\u201d\u201d 6 maggio 9:00 &#8211; 13:00<\/strong><\/a><\/li>\n<\/ul>\n<p>&nbsp;<\/p>\n<ul style=\"list-style-type: square;\">\n<li><a href=\"https:\/\/isisbernocchi.edu.it\/od\/wp-content\/uploads\/2024\/04\/sciopero-09-05-2024.pdf\"><strong>UNICOBAS SCIOPERO PROCLAMATO PER IL 9 MAGGIO<\/strong><\/a><\/li>\n<\/ul>\n<p>&nbsp;<\/p>\n<ul style=\"list-style-type: square;\">\n<li><a href=\"https:\/\/isisbernocchi.edu.it\/od\/wp-content\/uploads\/2024\/04\/comunicato-flc-cgil-su-passweb-23-aprile-2024.pdf\"><strong>FLC CGIL PASSWEB: IPOCRISIE E FALSIT\u00c0\u00a0<\/strong><\/a><\/li>\n<\/ul>\n<p>&nbsp;<\/p>\n<ul style=\"list-style-type: square;\">\n<li><a href=\"https:\/\/isisbernocchi.edu.it\/od\/wp-content\/uploads\/2024\/04\/Elezioni-CSPI-FGU-ANPA-personale-ATA.pdf\"><strong>Elezioni CSPI FGU-ANPA personale ATA<\/strong><\/a><\/li>\n<\/ul>\n<p>&nbsp;<\/p>\n<ul style=\"list-style-type: square;\">\n<li><a href=\"https:\/\/isisbernocchi.edu.it\/od\/wp-content\/uploads\/2024\/04\/SEMINARIO-DI-FORMAZIONE-IN-PRESENZA-DI-T.pdf\"><strong>Sindacato FederATA SEMINARIO DI FORMAZIONE IN PRESENZA DI TUTTO IL PERSONALE ATA DELLA LOMBARDIA 6 maggio 2024<\/strong><\/a><\/li>\n<\/ul>\n<p>&nbsp;<\/p>\n<ul style=\"list-style-type: square;\">\n<li><a href=\"https:\/\/isisbernocchi.edu.it\/od\/wp-content\/uploads\/2024\/04\/SCIOPERO-CUBSGB-DI-SOMMINISTRAZIONe.pdf\"><strong>SCIOPERO CUB-SGB DI SOMMINISTRAZIONE, CORREZIONE E TABULAZIONE DELLE PROVE INVALSI &#8211; SCUOLA PRIMARIA &#8211; MAGGIO 2024<\/strong><\/a><\/li>\n<\/ul>\n<p>&nbsp;<\/p>\n<ul style=\"list-style-type: square;\">\n<li><a href=\"https:\/\/www.funzionepubblica.gov.it\/content\/dettaglio-sciopero?id_sciopero=325&amp;indirizzo_ricerca_back=\/content\/cruscotto-degli-scioperi-nel-pubblico-impiego\"><strong>Sciopero Nazionale Proclamato da:\u00a0CUB SUR &#8211; SGB SCUOLA PRIMARIA &#8211; ISTRUZIONE RICERCA<\/strong><\/a><\/li>\n<\/ul>\n<p>&nbsp;<\/p>\n<ul style=\"list-style-type: square;\">\n<li><a href=\"https:\/\/www.funzionepubblica.gov.it\/content\/dettaglio-sciopero?id_sciopero=336&amp;indirizzo_ricerca_back=\/content\/cruscotto-degli-scioperi-nel-pubblico-impiego\"><strong>Sciopero<\/strong> <strong>Generale &#8211; Intervento Commissione di garanzia USI CIT<\/strong><\/a><\/li>\n<\/ul>\n<p>&nbsp;<\/p>\n<ul style=\"list-style-type: square;\">\n<li><a href=\"https:\/\/isisbernocchi.edu.it\/od\/wp-content\/uploads\/2024\/04\/ManifestocandidatiCSPI.pdf\"><strong>Elezioni CSPI Locandina CSPI &#8211; Richiesta pubblicazione<\/strong><\/a><\/li>\n<\/ul>\n<p>&nbsp;<\/p>\n<ul style=\"list-style-type: square;\">\n<li><a href=\"https:\/\/isisbernocchi.edu.it\/od\/wp-content\/uploads\/2024\/04\/ELEZIONICSPI-INFORMATIVA.pdf\"><strong>INFORMATIVA SULLE ELEZIONI CSPI DEL 7 MAGGIO 2024<\/strong><\/a><\/li>\n<\/ul>\n<p>&nbsp;<\/p>\n<ul style=\"list-style-type: square;\">\n<li><a href=\"https:\/\/www.snalsmilano.it\/2024\/04\/22\/concorso-ata-24-mesi-2024-domande-dal-10-al-30-maggio\/\"><strong>Concorso ATA 24 mesi 2024, domande dal 10 al 30 maggio<\/strong><\/a><\/li>\n<\/ul>\n<p>&nbsp;<\/p>\n<ul style=\"list-style-type: square;\">\n<li><a href=\"https:\/\/isisbernocchi.edu.it\/od\/wp-content\/uploads\/2024\/04\/DepliantcompletoCONFAILperCSPI.pdf\"><strong>CSPI urgente materiali elezioni<\/strong><\/a><\/li>\n<\/ul>\n<p>&nbsp;<\/p>\n<ul style=\"list-style-type: square;\">\n<li><a href=\"https:\/\/isisbernocchi.edu.it\/od\/wp-content\/uploads\/2024\/04\/Locandina-SeminariodiformazioneIlCCNL19-21elarendicontazione.pdf\"><strong>Seminario di formazione \u201cIl CCNL 19-21 e la rendicontazione\u201d 6 maggio 15:00 &#8211; 18:00<\/strong><\/a><\/li>\n<\/ul>\n<p>&nbsp;<\/p>\n<ul style=\"list-style-type: square;\">\n<li><a href=\"https:\/\/isisbernocchi.edu.it\/od\/wp-content\/uploads\/2024\/04\/Notiziario_Gilda_degli_Insegnanti_Aprile_2024.pdf\"><strong>Notiziario Gilda degli insegnanti &#8211; Aprile 2024<\/strong><\/a><\/li>\n<\/ul>\n<p>&nbsp;<\/p>\n<ul style=\"list-style-type: square;\">\n<li><a href=\"https:\/\/isisbernocchi.edu.it\/od\/wp-content\/uploads\/2024\/04\/Servizio-GRATUITO-di-consulenza-e-assistenza-Passweb-SNALS-CONFSAL.pdf\"><strong>Servizio GRATUITO di consulenza e assistenza Passweb &#8211; SNALS CONFSAL<\/strong><\/a><\/li>\n<\/ul>\n<p>&nbsp;<\/p>\n<ul style=\"list-style-type: square;\">\n<li><a href=\"https:\/\/isisbernocchi.edu.it\/od\/wp-content\/uploads\/2024\/04\/2024_LOCANDINE_IRASElomb.pdf\"><strong>Corso di formazione docenti di sostegno assunti da GPS<\/strong><\/a><\/li>\n<\/ul>\n<p>&nbsp;<\/p>\n<ul style=\"list-style-type: square;\">\n<li><a href=\"https:\/\/www.snalsmilano.it\/2024\/04\/19\/il-senato-approva-la-riforma-valditara\/\"><strong>Il Senato approva la riforma Valditara<\/strong><\/a><\/li>\n<\/ul>\n<p>&nbsp;<\/p>\n<ul style=\"list-style-type: square;\">\n<li><a href=\"https:\/\/isisbernocchi.edu.it\/od\/wp-content\/uploads\/2024\/04\/indizioneassembleaUSBlombardiaIIgrado020524-1.pdf\"><strong>USB Scuola: Assemblea sindacale CSPI 2 maggio 2024<\/strong><\/a><\/li>\n<\/ul>\n<p>&nbsp;<\/p>\n<ul style=\"list-style-type: square;\">\n<li style=\"text-align: left;\"><a href=\"https:\/\/isisbernocchi.edu.it\/od\/wp-content\/uploads\/2024\/04\/CandidatiCSPICOBASSCUOLA.pdf\"><strong>Materiale Elettorale C.S.P.I. COBAS SCUOLA<\/strong><\/a><\/li>\n<\/ul>\n<p>&nbsp;<\/p>\n<ul style=\"list-style-type: square;\">\n<li><a href=\"https:\/\/isisbernocchi.edu.it\/od\/wp-content\/uploads\/2024\/04\/Locandina_LISTA_CambiaMenti_lascuolaperriscrivereilfuturo_DocentiIIGrado.pdf\"><strong>Elezioni CSPI_Locandina_LISTA_CambiaMenti_la scuola per riscrivere il futuro_Docenti IIGrado<\/strong><\/a><\/li>\n<\/ul>\n<p>&nbsp;<\/p>\n<ul style=\"list-style-type: square;\">\n<li><a href=\"https:\/\/isisbernocchi.edu.it\/od\/wp-content\/uploads\/2024\/04\/CANDIDATICSPIFENSIR2024-1.pdf\"><strong>CANDIDATI CSPI 2024 e ASSEMBLEA CANDIDATI &#8211; LISTA &#8220;FENSIR DOCENTI, ATA, INSEGNANTI DI RELGIONE PER LA SCUOLA<\/strong><\/a><\/li>\n<\/ul>\n<p>&nbsp;<\/p>\n<ul style=\"list-style-type: square;\">\n<li><a href=\"https:\/\/isisbernocchi.edu.it\/od\/wp-content\/uploads\/2024\/04\/Elezioni-CSPI-7-maggio-2024-Componente-elettiva-docenti-scuola-secondaria-di-II-grado-Candidato-Albano-Antonio-Lista-III-con-motto-SNALS-Confsal-La-forza-delle-tue-idee.pdf\"><strong>Elezioni CSPI 7 maggio 2024 &#8211; Componente elettiva docenti scuola secondaria di II grado -Candidato Albano Antonio Lista III con motto &#8220;SNALS-Confsal: La forza delle tue idee&#8221;<\/strong><\/a><\/li>\n<\/ul>\n<p>&nbsp;<\/p>\n<ul style=\"list-style-type: square;\">\n<li><a href=\"https:\/\/isisbernocchi.edu.it\/od\/wp-content\/uploads\/2024\/04\/IMG_7334_doc1-_merged.pdf\"><b>UIL \u201cScegli la coerenza\u201d\u00a0<\/b><\/a><\/li>\n<\/ul>\n<p>&nbsp;<\/p>\n<ul style=\"list-style-type: square;\">\n<li><a href=\"https:\/\/isisbernocchi.edu.it\/od\/wp-content\/uploads\/2024\/04\/CANDIDATICSPIFENSIR2024.pdf\"><strong>CANDIDATI CSPI 2024 &#8211; LISTA &#8220;FENSIR DOCENTI, ATA, INSEGNANTI DI RELGIONE PER LA SCUOLA&#8221;<\/strong><\/a><\/li>\n<\/ul>\n<p>&nbsp;<\/p>\n<ul style=\"list-style-type: square;\">\n<li><a href=\"https:\/\/isisbernocchi.edu.it\/od\/wp-content\/uploads\/2024\/04\/LocandinaPaolaMartano.pdf\"><strong>ELEZIONI CSPI 7 maggio 2024 &#8211; Personale docente scuola SECONDARIA DI II\u00b0 GRADO candidata PAOLA MARTANO<\/strong><\/a><\/li>\n<\/ul>\n<p>&nbsp;<\/p>\n<ul style=\"list-style-type: square;\">\n<li><a href=\"https:\/\/isisbernocchi.edu.it\/od\/wp-content\/uploads\/2024\/04\/Presentazione-Programma-e-candidati-LISTA-UDIR-perunascuolasicura-07-MAGGIO-2024.pdf\"><strong>Presentazione Programma e candidati LISTA UDIR &#8211; #perunascuolasicura &#8211; 07 MAGGIO 2024<\/strong><\/a><\/li>\n<\/ul>\n<p>&nbsp;<\/p>\n<ul style=\"list-style-type: square;\">\n<li><a href=\"https:\/\/isisbernocchi.edu.it\/od\/wp-content\/uploads\/2024\/04\/RASSEGNA-SINDACALE-ANIEF-N.-15-15-APRILE-2024-e-ELEZIONI-CSPI-2024-ANIEF.pdf\"><strong>RASSEGNA SINDACALE ANIEF N. 15 &#8211; 15 APRILE 2024 e ELEZIONI CSPI 2024 ANIEF<\/strong><\/a><\/li>\n<\/ul>\n<p>&nbsp;<\/p>\n<ul style=\"list-style-type: square;\">\n<li><a href=\"https:\/\/isisbernocchi.edu.it\/od\/wp-content\/uploads\/2024\/04\/Lista-X-docenti-superiori-elezioni-CSPI-VOLANTINO-PER-BACHECA-ELETTORALE.pdf\"><strong>Lista X docenti superiori elezioni CSPI &#8211; VOLANTINO PER BACHECA ELETTORALE<\/strong><\/a><\/li>\n<\/ul>\n<p>&nbsp;<\/p>\n<ul style=\"list-style-type: square;\">\n<li><a href=\"https:\/\/isisbernocchi.edu.it\/od\/wp-content\/uploads\/2024\/04\/Elezioni-del-Consiglio-Superiore-della-Pubblica-Istruzione-Il-Dirigente-Scolastico-Candidato.pdf\"><strong>Elezioni del Consiglio Superiore della Pubblica Istruzione (CSPI). Componente elettiva Dirigenti scolastici. Materiali Lista III &#8211; TORNI LA SCUOLA, TORNI LA VITA, TORNA ANCHE TU: DS FUORI REGIONE<\/strong><\/a><\/li>\n<\/ul>\n<p>&nbsp;<\/p>\n<ul style=\"list-style-type: square;\">\n<li><a href=\"https:\/\/isisbernocchi.edu.it\/od\/wp-content\/uploads\/2024\/04\/m_pi.AOODGOSV.REGISTROUFFICIALE-0014345.11-04-2024.pdf\"><strong>MIUR Elezioni del CSPI &#8211; Pubblicazione invito alla regolarizzazione delle liste dei candidati<\/strong><\/a><\/li>\n<\/ul>\n<p>&nbsp;<\/p>\n<ul style=\"list-style-type: square;\">\n<li><a href=\"http:\/\/Elezioni del CSPI - Pubblicazione invito alla regolarizzazione delle liste dei candidati\"><strong>M I U R -Elezioni del CSPI &#8211; Pubblicazione invito alla regolarizzazione delle liste dei candidati\u00a0<\/strong><\/a><\/li>\n<\/ul>\n<p>&nbsp;<\/p>\n<ul style=\"list-style-type: square;\">\n<li><a href=\"https:\/\/www.snalsmilano.it\/2024\/04\/11\/elezioni-del-cspi-2024-guida-per-gli-elettori\/\"><strong>Elezioni del CSPI 2024: guida per gli elettori<\/strong><\/a><\/li>\n<\/ul>\n<p>&nbsp;<\/p>\n<ul style=\"list-style-type: square;\">\n<li><a href=\"https:\/\/isisbernocchi.edu.it\/od\/wp-content\/uploads\/2024\/04\/indizioneVarese290424.pdf\"><strong>USB Scuola: Assemblea sindacale CSPI 29 aprile 2024<\/strong><\/a><\/li>\n<\/ul>\n<p>&nbsp;<\/p>\n<ul style=\"list-style-type: square;\">\n<li><a href=\"https:\/\/isisbernocchi.edu.it\/od\/wp-content\/uploads\/2024\/04\/Comunicato_elezioni_CSPI_7_maggio.pdf\"><strong>ELEZIONI CSPI &#8211; SGB SI CANDIDA CON LA CUB SUR<\/strong><\/a><\/li>\n<\/ul>\n<p>&nbsp;<\/p>\n<ul style=\"list-style-type: square;\">\n<li><a href=\"https:\/\/isisbernocchi.edu.it\/od\/wp-content\/uploads\/2024\/04\/IMG-20240410-WA0006.pdf\"><strong>Presentazione della candidatura al CSPI del Presidente Nazionale di Feder.ATA Giuseppe Mancuso nelle liste di ANIEF<\/strong><\/a><\/li>\n<\/ul>\n<p>&nbsp;<\/p>\n<ul style=\"list-style-type: square;\">\n<li><a href=\"https:\/\/isisbernocchi.edu.it\/od\/wp-content\/uploads\/2024\/04\/FLC-CGIL-Milano.pdf\"><strong>FLC &#8211; CGIL \u00a0 Milano elezioni cspi<\/strong><\/a><\/li>\n<\/ul>\n<p>&nbsp;<\/p>\n<ul style=\"list-style-type: square;\">\n<li><a href=\"https:\/\/isisbernocchi.edu.it\/od\/wp-content\/uploads\/2024\/04\/indizioneMilano180424.pdf\"><strong>USB Scuola: Assemblea sindacale CSPI 18 aprile 2024<\/strong><\/a><\/li>\n<\/ul>\n<p>&nbsp;<\/p>\n<ul style=\"list-style-type: square;\">\n<li><a href=\"https:\/\/isisbernocchi.edu.it\/od\/wp-content\/uploads\/2024\/04\/Milano190424.pdf\"><strong>USB Scuola: Assemblea sindacale CSPI 19 aprile 2024. Ambiti 25 e 26<\/strong><\/a><\/li>\n<\/ul>\n<p>&nbsp;<\/p>\n<ul style=\"list-style-type: square;\">\n<li><a href=\"https:\/\/isisbernocchi.edu.it\/od\/wp-content\/uploads\/2024\/04\/FENSIRFORMAZIONE-DOCENTIDIRELIGIONE.pdf\"><strong>FENSIR SINDACATO INS. RELIGIONE &#8211; SAIR NOTIZIE<\/strong><\/a><\/li>\n<\/ul>\n<p>&nbsp;<\/p>\n<ul style=\"list-style-type: square;\">\n<li><a href=\"https:\/\/isisbernocchi.edu.it\/od\/wp-content\/uploads\/2024\/04\/Elezioni-CSPI-Trasmissione-locandine-campagna-CSPI.pdf\"><strong>ANIEF Elezioni CSPI: Trasmissione locandine campagna CSPI<\/strong><\/a><\/li>\n<\/ul>\n<p>&nbsp;<\/p>\n<ul style=\"list-style-type: square;\">\n<li><a href=\"https:\/\/isisbernocchi.edu.it\/od\/wp-content\/uploads\/2024\/04\/ElezioniCSPIUSB-FORMAREUNMONDODIVERSO.pdf\"><strong>Elezioni CSPI: Lista USB &#8211; FORMARE UN MONDO DIVERSO &#8211; docenti, ATA e studenti uniti per una nuova scuola statale<\/strong><\/a><\/li>\n<\/ul>\n<p>&nbsp;<\/p>\n<ul style=\"list-style-type: square;\">\n<li><a href=\"https:\/\/isisbernocchi.edu.it\/od\/wp-content\/uploads\/2024\/04\/INCONTRISINDACALIREGIONALISOLOMILANO.pdf\"><strong>Incontro sindacale informativo CSPI 10 Aprile 2024<\/strong><\/a><\/li>\n<\/ul>\n<p>&nbsp;<\/p>\n<ul style=\"list-style-type: square;\">\n<li><a href=\"https:\/\/anief.org\/index.php?option=com_anief&amp;task=getAllegato&amp;a=q0w5qusmorgnfx6y\"><strong>RASSEGNA SINDACALE ANIEF N. 13 &#8211; 2 APRILE 2024 e Elezioni CSPI 2024 Anief -COME SI VOTA-<\/strong><\/a><\/li>\n<\/ul>\n<p>&nbsp;<\/p>\n<ul style=\"list-style-type: square;\">\n<li><a href=\"https:\/\/anief.org\/index.php?option=com_anief&amp;task=getAllegato&amp;a=4rsn5a80nw8lhduv\"><strong>RASSEGNA SINDACALE ANIEF N. 13 &#8211; 2 APRILE 2024 e Elezioni CSPI 2024 Anief<\/strong><\/a><\/li>\n<\/ul>\n<p>&nbsp;<\/p>\n<ul style=\"list-style-type: square;\">\n<li><a href=\"https:\/\/isisbernocchi.edu.it\/od\/wp-content\/uploads\/2024\/04\/USBScuola-AvviosportelloconsulenzeperaggiornamentooinserimentoGPS2024-26.pdf\"><strong>USB Scuola: Avvio sportello consulenze per aggiornamento o inserimento GPS 2024-26<\/strong><\/a><\/li>\n<\/ul>\n<p>&nbsp;<\/p>\n<ul style=\"list-style-type: square;\">\n<li><a href=\"https:\/\/isisbernocchi.edu.it\/od\/wp-content\/uploads\/2024\/04\/USBScuola-.pdf\"><strong>USB Scuola: L\u2019unica garanzia di continuit\u00e0 \u00e8 la stabilizzazione dei docenti di sostegno. Diciamo no alla chiamata diretta delle famiglie, s\u00ec all\u2019assunzione da GPS<\/strong><\/a><\/li>\n<\/ul>\n<p>&nbsp;<\/p>\n<ul style=\"list-style-type: square;\">\n<li><a href=\"https:\/\/anief.org\/index.php?option=com_anief&amp;task=getAllegato&amp;a=10quvey8l76y8jm1\"><strong>Elezioni CSPI 2024 &#8211; ANIEF<\/strong><\/a><\/li>\n<\/ul>\n<p>&nbsp;<\/p>\n<ul style=\"list-style-type: square;\">\n<li><a href=\"https:\/\/isisbernocchi.edu.it\/od\/wp-content\/uploads\/2024\/03\/LocandinacandidatielezioniCSPI7maggio2024OK_Cont_2132024121621.pdf\"><strong>LISTA SNALS &#8211; Elezioni del CSPI<\/strong><\/a><\/li>\n<\/ul>\n<p>&nbsp;<\/p>\n<ul style=\"list-style-type: square;\">\n<li><a href=\"https:\/\/anief.org\/index.php?option=com_anief&amp;task=getAllegato&amp;a=73en1iwy78cc4yyz\"><strong>RASSEGNA SINDACALE ANIEF N. 12 &#8211; 25 MARZO 2024<\/strong><\/a><\/li>\n<\/ul>\n<p>&nbsp;<\/p>\n<ul style=\"list-style-type: square;\">\n<li><a href=\"https:\/\/anief.org\/index.php?option=com_anief&amp;task=getAllegato&amp;a=t1peq2d83oav2ga0\"><strong>RASSEGNA SINDACALE ANIEF N. 11 &#8211; 18 MARZO 2024 e Elezioni CSPI 2024 Anief<\/strong><\/a><\/li>\n<\/ul>\n<p>&nbsp;<\/p>\n<ul style=\"list-style-type: square;\">\n<li><a href=\"https:\/\/isisbernocchi.edu.it\/od\/wp-content\/uploads\/2024\/03\/ElezioniCSPIUSB-FORMAREUNMONDODIVERSO-docentiATAestudentiunitiperunanuova-scuola-statale.pdf\"><strong>Elezioni CSPI: USB &#8211; FORMARE UN MONDO DIVERSO &#8211; docenti, ATA e studenti uniti per una nuova scuola statale<\/strong><\/a><\/li>\n<\/ul>\n<p>&nbsp;<\/p>\n<ul style=\"list-style-type: square;\">\n<li><a href=\"https:\/\/www.snalsmilano.it\/2024\/03\/05\/part-time-scadenza-15-marzo-2024\/\"><strong>Part time: scadenza 15 marzo 2024<\/strong><\/a><\/li>\n<\/ul>\n<p>&nbsp;<\/p>\n<ul style=\"list-style-type: square;\">\n<li><a href=\"https:\/\/www.snalsmilano.it\/2024\/03\/07\/insegnanti-di-religione-cattolica-pubblicato-il-decreto-ministeriale\/\"><strong>Concorso Insegnanti di religione cattolica<\/strong><\/a><\/li>\n<\/ul>\n<p>&nbsp;<\/p>\n<ul style=\"list-style-type: square;\">\n<li><a href=\"https:\/\/isisbernocchi.edu.it\/od\/wp-content\/uploads\/2024\/03\/IndizioneriunioneCSPI2024_Milano22-03-2024_Ist.superiori.pdf\"><strong>Indizione riunione sindacale CSPI 2024, del personale degli istituti superiori della provincia di Milano<\/strong><\/a><\/li>\n<\/ul>\n<p>&nbsp;<\/p>\n<ul style=\"list-style-type: square;\">\n<li><a href=\"https:\/\/anief.org\/index.php?option=com_anief&amp;task=getAllegato&amp;a=bzlq8bkz0e0tcfx7\"><strong>RASSEGNA SINDACALE ANIEF N. 10 &#8211; 11 MARZO 2024<\/strong><\/a><\/li>\n<\/ul>\n<p>&nbsp;<\/p>\n<ul style=\"list-style-type: square;\">\n<li><a href=\"https:\/\/isisbernocchi.edu.it\/od\/wp-content\/uploads\/2024\/03\/CSPI_2024-FGU_MANIFESTODOCENTI.pdf\"><strong>Federazione Gilda-Unams elezioni CSPI<\/strong><\/a><\/li>\n<\/ul>\n<p>&nbsp;<\/p>\n<ul style=\"list-style-type: square;\">\n<li><a href=\"https:\/\/isisbernocchi.edu.it\/od\/wp-content\/uploads\/2024\/03\/MANIFESTO.E.VOLANTINO.ELETTORALE.ELEZIONI.CSPI_.pdf\"><strong>MANIFESTO.E.VOLANTINO.ELETTORALE.ELEZIONI.CSPI<\/strong><\/a><\/li>\n<\/ul>\n<p>&nbsp;<\/p>\n<ul style=\"list-style-type: square;\">\n<li><a href=\"https:\/\/isisbernocchi.edu.it\/od\/wp-content\/uploads\/2024\/03\/AIDOCENTIDIRELIGIONE-ALL-ALBOSINDACALEN.3-ANNOIII.pdf\"><strong>AI DOCENTI DI RELIGIONE &#8211; ALL&#8217;ALBO SINDACALE &#8211; CORSI CONCORSO IRC<\/strong><\/a><\/li>\n<\/ul>\n<p>&nbsp;<\/p>\n<ul style=\"list-style-type: square;\">\n<li><a href=\"https:\/\/isisbernocchi.edu.it\/od\/wp-content\/uploads\/2024\/03\/AIDOCENTIDIRELIONGE-ALL-ALBOSINDACALE-concorsiIRC.pdf\"><strong>AI DOCENTI DI RELIGIONE &#8211; CONCORSI IRC PUBBLICATO IL DECRETO &#8211; PRESTO IL BANDO<\/strong><\/a><\/li>\n<\/ul>\n<p>&nbsp;<\/p>\n<ul style=\"list-style-type: square;\">\n<li><a href=\"https:\/\/anief.org\/index.php?option=com_anief&amp;task=getAllegato&amp;a=6xnk0spctfjf81gq\"><strong>RASSEGNA SINDACALE ANIEF N. 9 &#8211; 4 MARZO 2024<\/strong><\/a><\/li>\n<\/ul>\n<p>&nbsp;<\/p>\n<ul style=\"list-style-type: square;\">\n<li><a href=\"https:\/\/anief.org\/index.php?option=com_anief&amp;task=getAllegato&amp;a=vfgkcf8t8sna0a2d\"><strong>RASSEGNA SINDACALE ANIEF N. 8 &#8211; 26 FEBBRAIO 2024<\/strong><\/a><\/li>\n<\/ul>\n<p>&nbsp;<\/p>\n<ul style=\"list-style-type: square;\">\n<li><a href=\"https:\/\/anief.org\/index.php?option=com_anief&amp;task=getAllegato&amp;a=y3tlgznjbuk6uz7u\"><strong>RASSEGNA SINDACALE ANIEF N. 7 &#8211; 19 FEBBRAIO 2024<\/strong><\/a><\/li>\n<\/ul>\n<p>&nbsp;<\/p>\n<ul style=\"list-style-type: square;\">\n<li><a href=\"https:\/\/anief.org\/index.php?option=com_anief&amp;task=getAllegato&amp;a=gp48z4qx8j14kz1a\"><strong>RASSEGNA SINDACALE ANIEF N. 6 &#8211; 12 FEBBRAIO 2024<\/strong><\/a><\/li>\n<\/ul>\n<p>&nbsp;<\/p>\n<ul style=\"list-style-type: square;\">\n<li><a href=\"https:\/\/isisbernocchi.edu.it\/od\/wp-content\/uploads\/2024\/02\/2024_LOCANDINA_TFASOSTEGNO.pdf\"><strong>Corso Irase per il TFA Sostegno IX CICLO<\/strong><\/a><\/li>\n<\/ul>\n<p>&nbsp;<\/p>\n<ul style=\"list-style-type: square;\">\n<li><a href=\"https:\/\/www.snalsmilano.it\/2024\/02\/09\/al-severi-70-mila-euro-di-danni-e-didattica-bloccata\/\"><strong>Al Severi 70 mila euro di danni<\/strong><\/a><\/li>\n<\/ul>\n<p>&nbsp;<\/p>\n<ul style=\"list-style-type: square;\">\n<li><strong><a href=\"https:\/\/isisbernocchi.edu.it\/od\/wp-content\/uploads\/2024\/02\/LOCANDINA_DEF_2_.pdf\">UIL SCUOLA RUA &#8211; SPORTELLO DI ASCOLTO &#8211; PARI OPPORTUNITA&#8217;<\/a>\u00a0<\/strong><\/li>\n<\/ul>\n<p>&nbsp;<\/p>\n<ul style=\"list-style-type: square;\">\n<li><a href=\"https:\/\/anief.org\/index.php?option=com_anief&amp;task=getAllegato&amp;a=vehy613bv4zuqafp\"><strong>RASSEGNA SINDACALE ANIEF N. 5 &#8211; 05 FEBBRAIO 2024<\/strong><\/a><\/li>\n<\/ul>\n<p>&nbsp;<\/p>\n<ul style=\"list-style-type: square;\">\n<li><a href=\"https:\/\/www.snalsmilano.it\/2024\/02\/05\/pensione-dal-01-09-2024-scadenza-28-02-2024\/\"><strong>Pensione dal 01\/09\/2024 \u2013 scadenza 28\/02\/2024<\/strong><\/a><\/li>\n<\/ul>\n<p>&nbsp;<\/p>\n<ul style=\"list-style-type: square;\">\n<li><a href=\"https:\/\/anief.org\/index.php?option=com_anief&amp;task=getAllegato&amp;a=3gq0vcjzhrf2qpft\"><strong>RASSEGNA SINDACALE ANIEF N. 4 &#8211; 29 GENNAIO 2024<\/strong><\/a><\/li>\n<\/ul>\n<p>&nbsp;<\/p>\n<ul style=\"list-style-type: square;\">\n<li><a href=\"https:\/\/isisbernocchi.edu.it\/od\/wp-content\/uploads\/2024\/01\/FENSIRINFORMAPERSONALEATAGENNAIO2024.pdf\"><strong>FENSIR SAATA INFORMA &#8211; CERTIFICAZIONI INFORMATICHE<\/strong><\/a><\/li>\n<\/ul>\n<p>&nbsp;<\/p>\n<ul style=\"list-style-type: square;\">\n<li><a href=\"https:\/\/isisbernocchi.edu.it\/od\/wp-content\/uploads\/2024\/01\/VolantinoIRC.pdf\"><strong>SPORTELLO INSEGNANTI DI RELIGIONE CATTOLICA<\/strong><\/a><\/li>\n<\/ul>\n<p>&nbsp;<\/p>\n<ul style=\"list-style-type: square;\">\n<li><a href=\"https:\/\/isisbernocchi.edu.it\/od\/wp-content\/uploads\/2024\/01\/asssemblea1febbraio.pdf\"><strong>Assemblea sindacale streaming 1 febbraio ore 17<\/strong><\/a><\/li>\n<\/ul>\n<p>&nbsp;<\/p>\n<ul style=\"list-style-type: square;\">\n<li><a href=\"https:\/\/isisbernocchi.edu.it\/od\/wp-content\/uploads\/2024\/01\/FENSIRINFORMADOCENTIDIRELIGIONEGENNAIO2024.pdf\"><strong>AI DOCENTI DI RELIGIONE &#8211; FENSIR SAIR INFORMA: DECRETO CONCORSO IRC<\/strong><\/a><\/li>\n<\/ul>\n<p>&nbsp;<\/p>\n<ul style=\"list-style-type: square;\">\n<li><a href=\"https:\/\/anief.org\/index.php?option=com_anief&amp;task=getAllegato&amp;a=84y75auno1ginjq1\"><strong>RASSEGNA SINDACALE ANIEF N. 3 &#8211; 22 GENNAIO 2024<\/strong><\/a><\/li>\n<\/ul>\n<p>&nbsp;<\/p>\n<ul style=\"list-style-type: square;\">\n<li><a href=\"https:\/\/www.snalsmilano.it\/2024\/01\/22\/diritto-pensione-dal-01-09-2024\/\"><strong>PENSIONI 2024<\/strong><\/a><\/li>\n<\/ul>\n<p>&nbsp;<\/p>\n<ul style=\"list-style-type: square;\">\n<li><a href=\"https:\/\/isisbernocchi.edu.it\/od\/wp-content\/uploads\/2024\/01\/USBScuola-ContrattoscuolaquattrosoldidiaumentovincolisullamobilitastabilitipercontrattoepersonaleATAsempremenoval.pdf\"><strong>USB Scuola: Contratto scuola: quattro soldi di aumento, vincoli sulla mobilit\u00e0 stabiliti per contratto e personale ATA sempre meno valorizzato<\/strong><\/a><\/li>\n<\/ul>\n<p>&nbsp;<\/p>\n<ul style=\"list-style-type: square;\">\n<li><a href=\"https:\/\/anief.org\/index.php?option=com_anief&amp;task=getAllegato&amp;a=w5kpg4vzkpi2phuk\"><strong>RASSEGNA SINDACALE ANIEF N. 2 &#8211; 15 GENNAIO 2024<\/strong><\/a><\/li>\n<\/ul>\n<p>&nbsp;<\/p>\n<ul style=\"list-style-type: square;\">\n<li><a href=\"https:\/\/anief.org\/index.php?option=com_anief&amp;task=getAllegato&amp;a=grpbucwad7dtx1vg\"><strong>RASSEGNA SINDACALE ANIEF N. 1 &#8211; 08 GENNAIO 2024<\/strong><\/a><\/li>\n<\/ul>\n<p>&nbsp;<\/p>\n<ul style=\"list-style-type: square;\">\n<li><a href=\"https:\/\/isisbernocchi.edu.it\/od\/wp-content\/uploads\/2024\/01\/SAIRNOTIZIEN.13-DICEMBRE2023.pdf\"><strong>AI DOCENTI DI RELIGIONE E ALL&#8217;ALBO SINDACALE<\/strong><\/a><\/li>\n<\/ul>\n<p>&nbsp;<\/p>\n<ul style=\"list-style-type: square;\">\n<li><a href=\"https:\/\/isisbernocchi.edu.it\/od\/wp-content\/uploads\/2023\/12\/FENSIRINFORMADOCENTI-DOCENTIIRC-ATA-DS-DSGA.pdf\"><strong>Sei un RSU, RSA, SINDACALISTA o lo sei stato<\/strong><\/a><\/li>\n<\/ul>\n<p>&nbsp;<\/p>\n<ul style=\"list-style-type: square;\">\n<li><a href=\"https:\/\/anief.org\/index.php?option=com_anief&amp;task=getAllegato&amp;a=6xwsz7jfv012itcb\"><strong>RASSEGNA SINDACALE ANIEF N.38 &#8211; 18 DICEMBRE 2023<\/strong><\/a><\/li>\n<\/ul>\n<p>&nbsp;<\/p>\n<ul style=\"list-style-type: square;\">\n<li><a href=\"https:\/\/www.snalsmilano.it\/2023\/12\/13\/concorsi-ordinari-2023\/\"><strong>Concorsi ordinari 2023<\/strong><\/a><\/li>\n<\/ul>\n<p>&nbsp;<\/p>\n<ul style=\"list-style-type: square;\">\n<li><a href=\"https:\/\/isisbernocchi.edu.it\/od\/wp-content\/uploads\/2023\/12\/USBScuolaconsulenzeconcorso2023.pdf\"><strong>sportelli consulenze concorsi e assemblea streaming<\/strong><\/a><\/li>\n<\/ul>\n<p>&nbsp;<\/p>\n<ul style=\"list-style-type: square;\">\n<li><a href=\"https:\/\/isisbernocchi.edu.it\/od\/wp-content\/uploads\/2023\/12\/SAIRNOTIZIEN.12-DICEMBRE2023.pdf\"><strong>CONCORSO IRC<\/strong><\/a><\/li>\n<\/ul>\n<p>&nbsp;<\/p>\n<ul style=\"list-style-type: square;\">\n<li><a href=\"https:\/\/isisbernocchi.edu.it\/od\/wp-content\/uploads\/2023\/12\/Campagna_fondo_Espero1.pdf\"><strong>Gi\u00f9 le mani dal nostro TFR!<\/strong><\/a><\/li>\n<\/ul>\n<p>&nbsp;<\/p>\n<ul style=\"list-style-type: square;\">\n<li><a href=\"https:\/\/isisbernocchi.edu.it\/od\/wp-content\/uploads\/2023\/12\/INFOMATIVACONCORSOIRC.pdf\"><strong>INFORMATIVA SUL CONCORSO PER I DOCENTI DI RELIGIONE CATTOLICA<\/strong><\/a><\/li>\n<\/ul>\n<p>&nbsp;<\/p>\n<ul style=\"list-style-type: square;\">\n<li>\u00a0<a href=\"https:\/\/isisbernocchi.edu.it\/od\/wp-content\/uploads\/2023\/12\/scuola-riforma-valditara-secondaria-secondo-grado.pdf\"><strong>Comunicato su riforma Valditara della scuola secondaria di secondo grado<\/strong><\/a><\/li>\n<\/ul>\n<p>&nbsp;<\/p>\n<ul style=\"list-style-type: square;\">\n<li><a href=\"https:\/\/www.snalsmilano.it\/2023\/12\/05\/giulia-cecchettin\/\"><strong>Giulia Cecchettin<\/strong><\/a><\/li>\n<\/ul>\n<p>&nbsp;<\/p>\n<ul style=\"list-style-type: square;\">\n<li><a href=\"https:\/\/isisbernocchi.edu.it\/od\/wp-content\/uploads\/2023\/12\/assembleaterritorialeIISBERNOCCHI-1.pdf\"><strong>CORREZIONE riguardo al luogo dell&#8217;assemblea del 11 dicembre<\/strong><\/a><\/li>\n<\/ul>\n<p>&nbsp;<\/p>\n<ul style=\"list-style-type: square;\">\n<li><a href=\"https:\/\/anief.org\/index.php?option=com_anief&amp;task=getAllegato&amp;a=wr3wz5jdsm2duusp\"><strong>RASSEGNA SINDACALE ANIEF N.36 &#8211; 04 DICEMBRE 2023<\/strong><\/a><\/li>\n<\/ul>\n<p>&nbsp;<\/p>\n<ul style=\"list-style-type: square;\">\n<li><a href=\"https:\/\/isisbernocchi.edu.it\/od\/wp-content\/uploads\/2023\/12\/assembleaterritorialeIISBERNOCCHI.pdf\"><strong>ASSEMBLEA SINDACALE TERRITORIALE PER TUTTO IL PERSONALE DOCENTE E ATA<\/strong><\/a><\/li>\n<\/ul>\n<p>&nbsp;<\/p>\n<ul style=\"list-style-type: square;\">\n<li><a href=\"https:\/\/isisbernocchi.edu.it\/od\/wp-content\/uploads\/2023\/12\/scuola-applicazione-nuovi-compensi-orari-previsti-dal-contratto.pdf\"><strong>Comunicato su applicazione nuovi compensi orari previsti dal contratto<\/strong><\/a><\/li>\n<\/ul>\n<p>&nbsp;<\/p>\n<ul style=\"list-style-type: square;\">\n<li><a href=\"https:\/\/www.snalsmilano.it\/2023\/11\/20\/fondo-pensione-espero\/\"><strong>Fondo pensione Espero<\/strong><\/a><\/li>\n<\/ul>\n<p>&nbsp;<\/p>\n<ul style=\"list-style-type: square;\">\n<li><a href=\"https:\/\/anief.org\/index.php?option=com_anief&amp;task=getAllegato&amp;a=ys7hyva3fcg73b0z\"><strong>RASSEGNA SINDACALE ANIEF N.34 &#8211; 17 NOVEBRE 2023<\/strong><\/a><\/li>\n<\/ul>\n<p>&nbsp;<\/p>\n<ul style=\"list-style-type: square;\">\n<li><a href=\"https:\/\/www.snalsmilano.it\/2023\/11\/15\/gps-docenti-destinatari-contratti-a-tempo-determinato\/\"><strong>Docenti destinatari contratti a tempo determinato<\/strong><\/a><\/li>\n<\/ul>\n<p>&nbsp;<\/p>\n<ul style=\"list-style-type: square;\">\n<li><a href=\"https:\/\/isisbernocchi.edu.it\/od\/wp-content\/uploads\/2023\/11\/VolantinoSeminarioDirittoallinclusionequalestrada.pdf\"><strong>Annuncio Seminario Diritto all&#8217;inclusione<\/strong><\/a><\/li>\n<\/ul>\n<p>&nbsp;<\/p>\n<ul style=\"list-style-type: square;\">\n<li><a href=\"https:\/\/isisbernocchi.edu.it\/od\/wp-content\/uploads\/2023\/11\/USBScuolasciopero17novembre.pdf\"><strong>Informativa USB Scuola: 17 novembre sciopero<\/strong><\/a><\/li>\n<\/ul>\n<p>&nbsp;<\/p>\n<ul style=\"list-style-type: square;\">\n<li><a href=\"https:\/\/anief.org\/index.php?option=com_anief&amp;task=getAllegato&amp;a=bm4xq2abiyuu8vnj\"><strong>RASSEGNA SINDACALE ANIEF N.33 &#8211; 10 NOVEBRE 2023<\/strong><\/a><\/li>\n<\/ul>\n<p>&nbsp;<\/p>\n<ul style=\"list-style-type: square;\">\n<li><a href=\"https:\/\/www.snalsmilano.it\/2023\/11\/10\/permessi-legge-104\/\"><strong>PERMESSI LEGGE 104 applicativo<\/strong><\/a><\/li>\n<\/ul>\n<p>&nbsp;<\/p>\n<ul style=\"list-style-type: square;\">\n<li><a href=\"https:\/\/www.snalsmilano.it\/2023\/11\/09\/anno-di-formazione-e-prova-dei-docenti\/\"><strong>Anno di formazione e prova dei docenti<\/strong><\/a><\/li>\n<\/ul>\n<p>&nbsp;<\/p>\n<ul style=\"list-style-type: square;\">\n<li><a href=\"https:\/\/www.snalsmilano.it\/2023\/11\/07\/tutela-assicurativa-degli-studenti-e-del-personale\/\"><strong>Tutela assicurativa degli studenti e del personale<\/strong><\/a><\/li>\n<\/ul>\n<p>&nbsp;<\/p>\n<ul style=\"list-style-type: square;\">\n<li><a href=\"https:\/\/www.snalsmilano.it\/2023\/11\/06\/nuovi-indirizzi-e-mail-docenti-e-ata\/\"><strong>Nuovi indirizzi e-mail docenti e ATA<\/strong><\/a><\/li>\n<\/ul>\n<p>&nbsp;<\/p>\n<ul style=\"list-style-type: square;\">\n<li><a href=\"https:\/\/isisbernocchi.edu.it\/od\/wp-content\/uploads\/2023\/11\/RASSEGNA-SINDACALE-ANIEF-N.32-DEL-03-NOVEMBRE-2023.pdf\"><strong>RASSEGNA SINDACALE ANIEF N.32 DEL 03 NOVEMBRE 2023<\/strong><\/a><\/li>\n<\/ul>\n<p>&nbsp;<\/p>\n<ul style=\"list-style-type: square;\">\n<li><strong><a href=\"https:\/\/isisbernocchi.edu.it\/od\/wp-content\/uploads\/2023\/11\/SAIRNOTIZIEN.10-NOVEMBRE2023.pdf\">SAIR NOTIZIE RICORSI GRATUITI RISARCIMENTO E RECUPERO ANNI PREGRESSI CARTA DOCENTI<\/a><\/strong><\/li>\n<\/ul>\n<p>&nbsp;<\/p>\n<ul style=\"list-style-type: square;\">\n<li><a href=\"https:\/\/isisbernocchi.edu.it\/od\/wp-content\/uploads\/2023\/11\/DIPARTIMENTO-UIL-SCUOLA-IRC-RICORSO-PER-LA-REITERAZIONE-DEI-CONTRATTI-A-TERMINE.pdf\"><strong>DIPARTIMENTO UIL SCUOLA IRC &#8211; RICORSO PER LA REITERAZIONE DEI CONTRATTI A TERMINE<\/strong><\/a><\/li>\n<\/ul>\n<p>&nbsp;<\/p>\n<ul style=\"list-style-type: square;\">\n<li><a href=\"https:\/\/isisbernocchi.edu.it\/od\/wp-content\/uploads\/2023\/11\/ASSEMBLEESINDACALI10NOVEMBRE20232.pdf\"><b><span style=\"color: #0b5394;\">Segreteria Nazionale Fe.N.S.I.R. Assemblea sindacale<\/span><\/b><\/a><\/li>\n<\/ul>\n<p>&nbsp;<\/p>\n<ul style=\"list-style-type: square;\">\n<li><a href=\"https:\/\/isisbernocchi.edu.it\/od\/wp-content\/uploads\/2023\/11\/sciopero-10-11-302-27102023-1239311-procotollato.pdf\"><b><span style=\"color: #0b5394;\">Segreteria Nazionale Fe.N.S.I.R. Sciopero 10-11-2023<\/span><\/b><\/a><\/li>\n<\/ul>\n<p>&nbsp;<\/p>\n<ul style=\"list-style-type: square;\">\n<li><a href=\"https:\/\/anief.org\/index.php?option=com_anief&amp;task=getAllegato&amp;a=j2nyck7utvl3pwag\"><strong>RASSEGNA SINDACALE ANIEF N.31 &#8211; 30 OTTOBRE 2023<\/strong><\/a><\/li>\n<\/ul>\n<p>&nbsp;<\/p>\n<ul style=\"list-style-type: square;\">\n<li><a href=\"https:\/\/isisbernocchi.edu.it\/od\/wp-content\/uploads\/2023\/10\/VolantinoSeminarioDirittoallinclusionequalestrada21.pdf\"><strong>Annuncio Seminario Diritto all&#8217;inclusione<\/strong><\/a><\/li>\n<\/ul>\n<p>&nbsp;<\/p>\n<ul style=\"list-style-type: square;\">\n<li><a href=\"https:\/\/isisbernocchi.edu.it\/od\/wp-content\/uploads\/2023\/10\/ASSEMBLEAONLINE9NOVEMBRE2023testoPEC.pdf\"><strong>Assemblea sindacale UNICOBAS Scuole e Universit\u00e0 del 09-11-2023 on-line<\/strong><\/a><\/li>\n<\/ul>\n<p>&nbsp;<\/p>\n<ul style=\"list-style-type: square;\">\n<li><a href=\"https:\/\/anief.org\/index.php?option=com_anief&amp;task=getAllegato&amp;a=ym6tyy01llmvjkw2\"><strong>RASSEGNA SINDACALE ANIEF N.30 &#8211; 23 OTTOBRE 2023<\/strong><\/a><\/li>\n<\/ul>\n<p>&nbsp;<\/p>\n<ul style=\"list-style-type: square;\">\n<li><a href=\"https:\/\/isisbernocchi.edu.it\/od\/wp-content\/uploads\/2023\/10\/ComunicatoSGB_sciopero_scuola_20_ottobre_23.pdf\"><strong>SGB Scuola &#8211; Sciopero 20 ottobre 2023<\/strong><\/a><\/li>\n<\/ul>\n<p>&nbsp;<\/p>\n<ul style=\"list-style-type: square;\">\n<li><a href=\"https:\/\/anief.org\/index.php?option=com_anief&amp;task=getAllegato&amp;a=sciws2ek7e4h8lyj\"><strong>RASSEGNA SINDACALE ANIEF N.29 &#8211; 16 OTTOBRE 2023<\/strong><\/a><\/li>\n<\/ul>\n<p>&nbsp;<\/p>\n<ul style=\"list-style-type: square;\">\n<li><a href=\"https:\/\/anief.org\/index.php?option=com_anief&amp;task=getAllegato&amp;a=z0bqsbgnakdzur2r\"><strong>RASSEGNA SINDACALE ANIEF N.28 &#8211; 09 OTTOBRE 2023<\/strong><\/a><\/li>\n<\/ul>\n<p>&nbsp;<\/p>\n<ul style=\"list-style-type: square;\">\n<li>\n<div id=\"oggetto-eml\"><a href=\"https:\/\/anief.org\/index.php?option=com_anief&amp;task=getAllegato&amp;a=t5c6ifpjwb13gyti\"><strong>RASSEGNA SINDACALE ANIEF N.27 &#8211; 02 OTTOBRE 2023<\/strong><\/a><\/div>\n<div class=\"div-mail\">\n<div class=\"dettaglio-mail\">\n<div id=\"mittente-email\" class=\"raggruppa-dettaglio\">\n<div>\n<div><\/div>\n<\/div>\n<\/div>\n<\/div>\n<\/div>\n<\/li>\n<\/ul>\n<p>&nbsp;<\/p>\n<ul style=\"list-style-type: square;\">\n<li><a href=\"https:\/\/isisbernocchi.edu.it\/od\/wp-content\/uploads\/2023\/09\/USBScuola13ottobreassembleasindacaleinstreaming.pdf\"><strong>USB Scuola: 13 ottobre assemblea sindacale in streaming<\/strong><\/a><\/li>\n<\/ul>\n<p>&nbsp;<\/p>\n<ul style=\"list-style-type: square;\">\n<li><a href=\"https:\/\/isisbernocchi.edu.it\/od\/wp-content\/uploads\/2023\/09\/SAIRNOTIZIEN.11-SETTEMBRE2023-1.pdf\"><strong>SAIR INFORMA N. 11<\/strong><\/a><\/li>\n<\/ul>\n<p>&nbsp;<\/p>\n<ul style=\"list-style-type: square;\">\n<li><a href=\"https:\/\/isisbernocchi.edu.it\/od\/wp-content\/uploads\/2023\/09\/ilovepdf_merged-49.pdf\"><strong>Ricorso per il recupero della Retribuzione Professionale Docente (RPD) E Ricorso BONUS CARTA DOCENTE_2023<\/strong><\/a><\/li>\n<\/ul>\n<p>&nbsp;<\/p>\n<ul style=\"list-style-type: square;\">\n<li><a href=\"https:\/\/anief.org\/index.php?option=com_anief&amp;task=getAllegato&amp;a=p7l3pjaomc2noquq\"><strong>RASSEGNA SINDACALE ANIEF N.26 &#8211; 25 SETTEMBRE 2023<\/strong><\/a><\/li>\n<\/ul>\n<p>&nbsp;<\/p>\n<ul style=\"list-style-type: square;\">\n<li><a href=\"https:\/\/www.snalsmilano.it\/2023\/09\/25\/prevenzione-trasmissione-del-virus-sars-cov-2\/\"><strong>Virus SARS-CoV-2<\/strong><\/a><\/li>\n<\/ul>\n<p>&nbsp;<\/p>\n<ul style=\"list-style-type: square;\">\n<li><a href=\"https:\/\/isisbernocchi.edu.it\/od\/wp-content\/uploads\/2023\/09\/CONVOCAZIONEassembleaBERNOCCHILEGNANO-1.pdf\"><strong>Assemblea sindacale territoriale del personale 09-10-2023 CISL SCUOLA<\/strong><\/a><\/li>\n<\/ul>\n<p>&nbsp;<\/p>\n<ul style=\"list-style-type: square;\">\n<li><a href=\"https:\/\/www.snalsmilano.it\/2023\/09\/22\/utilizzo-telefoni-cellulari-e-analoghi-dispositivi-elettronici-in-classe\/\"><strong>Utilizzo telefoni cellulari in classe<\/strong><\/a><\/li>\n<\/ul>\n<p>&nbsp;<\/p>\n<ul style=\"list-style-type: square;\">\n<li><a href=\"https:\/\/isisbernocchi.edu.it\/od\/wp-content\/uploads\/2023\/09\/assembleaata.pdf\"><b><span style=\"font-size: large;\">Locandina della assemblea ATA\u00a0 del 26 settembre 2023 dalle ore 16 alle ore 19<\/span><\/b><\/a><\/li>\n<\/ul>\n<p>&nbsp;<\/p>\n<ul style=\"list-style-type: square;\">\n<li><a href=\"https:\/\/isisbernocchi.edu.it\/od\/wp-content\/uploads\/2023\/09\/SADOCMILANO-settembre2023.pdf\"><strong>Carta docenti Vittoria a Milano &#8211; aperto il nuovo contenzioso<\/strong><\/a><\/li>\n<\/ul>\n<p>&nbsp;<\/p>\n<ul style=\"list-style-type: square;\">\n<li><a href=\"https:\/\/www.snalsmilano.it\/2023\/09\/20\/pensioni-2023-24-domande-entro-il-31-ottobre\/\"><strong>Pensioni 2023\/24<\/strong><\/a><\/li>\n<\/ul>\n<p>&nbsp;<\/p>\n<ul style=\"list-style-type: square;\">\n<li><a href=\"https:\/\/www.snalsmilano.it\/2023\/09\/19\/istruzione-tecnica-professionale-e-voto-in-condotta\/\"><strong>Istruzione tecnica \u2013 professionale e voto in condotta<\/strong><\/a><\/li>\n<\/ul>\n<p>&nbsp;<\/p>\n<ul style=\"list-style-type: square;\">\n<li><a href=\"https:\/\/anief.org\/index.php?option=com_anief&amp;task=getAllegato&amp;a=y1m75kwwqtuxan5m\"><strong>RASSEGNA SINDACALE ANIEF N.25 &#8211; 18 SETTEMBRE 2023<\/strong><\/a><\/li>\n<\/ul>\n<p>&nbsp;<\/p>\n<ul style=\"list-style-type: square;\">\n<li><a href=\"https:\/\/www.snalsmilano.it\/2023\/09\/18\/dimensionamento-scolastico-ti-guardo-e-lagrimo-scuola-mia\/\"><strong>Dimensionamento scolastico<\/strong><\/a><\/li>\n<\/ul>\n<p>&nbsp;<\/p>\n<ul style=\"list-style-type: square;\">\n<li><a href=\"https:\/\/www.snalsmilano.it\/2023\/09\/14\/decreto-pei-e-sul-sostegno-allinclusione-scolastica\/\"><strong>Decreto PEI<\/strong><\/a><\/li>\n<\/ul>\n<p>&nbsp;<\/p>\n<ul style=\"list-style-type: square;\">\n<li><a href=\"https:\/\/www.snalsmilano.it\/2023\/09\/13\/elezioni-organi-collegiali-istituzione-scolastica-a-s-2023-2024\/\"><strong>Elezioni organi collegiali &#8211; Pensionamenti Scuola 2024<\/strong><\/a><\/li>\n<\/ul>\n<p>&nbsp;<\/p>\n<ul style=\"list-style-type: square;\">\n<li><a href=\"https:\/\/isisbernocchi.edu.it\/od\/wp-content\/uploads\/2023\/09\/assembleaannoprova2324.pdf\"><strong>USB Scuola Lombardia: assemblea sindacale per neoimmessi in ruolo<\/strong><\/a><\/li>\n<\/ul>\n<p>&nbsp;<\/p>\n<ul style=\"list-style-type: square;\">\n<li><a href=\"https:\/\/isisbernocchi.edu.it\/od\/wp-content\/uploads\/2023\/09\/volantone-flc-inca-spi-cgil-campagna-pensioni-scuola-2023.pdf\"><strong>Pensionamenti scuola 1\u00b0 settembre 2024: prime indicazioni<\/strong><\/a><\/li>\n<\/ul>\n<p>&nbsp;<\/p>\n<ul style=\"list-style-type: square;\">\n<li><a href=\"https:\/\/www.snalsmilano.it\/2023\/09\/12\/concorso-docenti-2023\/\"><strong>Concorso docenti 2023<\/strong><\/a><\/li>\n<\/ul>\n<p>&nbsp;<\/p>\n<ul style=\"list-style-type: square;\">\n<li><a href=\"https:\/\/anief.org\/index.php?option=com_anief&amp;task=getAllegato&amp;a=10ej5fftqmtrkp3f\"><strong>RASSEGNA SINDACALE ANIEF N.24 &#8211; 11 SETTEMBRE 2023<\/strong><\/a><\/li>\n<\/ul>\n<p>&nbsp;<\/p>\n<ul style=\"list-style-type: square;\">\n<li><a href=\"https:\/\/www.snalsmilano.it\/2023\/09\/06\/le-risorse-per-la-scuola-tornano-a-calare\/\"><strong>LE risorse per la scuola tornano a calare<\/strong><\/a><\/li>\n<\/ul>\n<p>&nbsp;<\/p>\n<ul style=\"list-style-type: square;\">\n<li><a href=\"https:\/\/anief.org\/index.php?option=com_anief&amp;task=getAllegato&amp;a=v8f6x3u2ju8tuwrj\"><strong>RASSEGNA SINDACALE ANIEF N.23 DEL 4 SETTEMBRE 2023<\/strong><\/a><\/li>\n<\/ul>\n<p>&nbsp;<\/p>\n<ul style=\"list-style-type: square;\">\n<li><a href=\"https:\/\/anief.org\/index.php?option=com_anief&amp;task=getAllegato&amp;a=dmxtpfxyz0pcdjgl\"><strong>RASSEGNA SINDACALE ANIEF &#8211; EDIZIONE STRAORDINARIA &#8211; DEL 01 SETTEMBRE 2023<\/strong><\/a><\/li>\n<\/ul>\n<p>&nbsp;<\/p>\n<ul style=\"list-style-type: square;\">\n<li><a href=\"https:\/\/isisbernocchi.edu.it\/od\/wp-content\/uploads\/2023\/09\/VADEMECUMPERILCORRETTOINSERIMENTODEICONTRATTIIRC.pdf\"><strong>Sottoscrizione dei contratti entro il 1\u00b0 settembre 2023 e invio del contratto dematerializzato a NoiPa entro il 5 settembre 2023<\/strong><\/a><\/li>\n<\/ul>\n<p>&nbsp;<\/p>\n<ul style=\"list-style-type: square;\">\n<li><a href=\"https:\/\/www.snalsmilano.it\/2023\/08\/31\/educazione-affettiva-a-scuola\/\"><strong>Educazione affettiva a scuola<\/strong><\/a><\/li>\n<\/ul>\n<p>&nbsp;<\/p>\n<ul style=\"list-style-type: square;\">\n<li><a href=\"https:\/\/isisbernocchi.edu.it\/od\/wp-content\/uploads\/2023\/08\/IncontroNeoassunti2023.pdf\">\u201c<strong>INCONTRO INFORMATIVO PER DOCENTI E ATA NEOASSUNTI A.S. 2023\/2024\u201d<\/strong><\/a><\/li>\n<\/ul>\n<p>&nbsp;<\/p>\n<ul style=\"list-style-type: square;\">\n<li><a href=\"https:\/\/www.snalsmilano.it\/2023\/08\/31\/utilizzazioni-e-assegnazioni-provvisorie-3\/\"><strong>Utilizzazioni e assegnazioni provvisorie<\/strong><\/a><\/li>\n<\/ul>\n<p>&nbsp;<\/p>\n<ul style=\"list-style-type: square;\">\n<li><a href=\"https:\/\/isisbernocchi.edu.it\/od\/wp-content\/uploads\/2023\/08\/FEDERATAAVVIAILRICORSOALGIUDICEDELLAVORO-SCADENZAOTTOBRE2023.pdf\"><strong>PUNTEGGIO SERVIZIO MILITARE. FEDERATA VINCE ANCORA NEI TRIBUNALI<\/strong><\/a><\/li>\n<\/ul>\n<p>&nbsp;<\/p>\n<ul style=\"list-style-type: square;\">\n<li><a href=\"https:\/\/www.snalsmilano.it\/2023\/08\/11\/modalita-di-pensione-previste-per-il-2023\/\"><strong>MODALITA\u2019 DI PENSIONE PREVISTE PER IL 2023<\/strong><\/a><\/li>\n<\/ul>\n<p>&nbsp;<\/p>\n<ul style=\"list-style-type: square;\">\n<li><a href=\"https:\/\/www.snalsmilano.it\/2023\/08\/10\/indicazioni-e-adempimenti-a-s-2023-24-docenti-e-ata\/\"><strong>Indicazioni e adempimenti a.s. 2023\/24 docenti e ATA<\/strong><\/a><\/li>\n<\/ul>\n<p>&nbsp;<\/p>\n<ul style=\"list-style-type: square;\">\n<li><a href=\"https:\/\/www.snalsmilano.it\/2023\/08\/08\/decreto-pa-bis-convertito-definitivamente-in-legge\/\"><strong>DECRETO PA BIS convertito definitivamente in legge<\/strong><\/a><\/li>\n<\/ul>\n<p>&nbsp;<\/p>\n<ul style=\"list-style-type: square;\">\n<li><a href=\"https:\/\/www.snalsmilano.it\/2023\/08\/04\/62mila-assunzioni-a-tempo-indeterminato\/\"><strong>62mila assunzioni a tempo indeterminato<\/strong><\/a><\/li>\n<\/ul>\n<p>&nbsp;<\/p>\n<ul style=\"list-style-type: square;\">\n<li><a href=\"https:\/\/www.snalsmilano.it\/2023\/08\/03\/immissioni-in-ruolo-ata-2023-24-domande-dal-7-agosto\/\"><strong>Immissioni in ruolo Ata 2023-24, domande dal 7 agosto<\/strong><\/a><\/li>\n<\/ul>\n<p>&nbsp;<\/p>\n<ul style=\"list-style-type: square;\">\n<li><a href=\"https:\/\/www.snalsmilano.it\/2023\/07\/28\/50-milioni-per-personale-aggiuntivo-abilitazione-per-i-precari\/\"><strong>50 milioni per personale aggiuntivo \u2013 Abilitazione per i precari<\/strong><\/a><\/li>\n<\/ul>\n<p>&nbsp;<\/p>\n<ul style=\"list-style-type: square;\">\n<li><a href=\"https:\/\/www.snalsmilano.it\/2023\/07\/25\/nuovi-compensi-orari-prestazioni-aggiuntive-docenti-e-ata\/\"><strong>Nuovi compensi orari prestazioni aggiuntive docenti e Ata<\/strong><\/a><\/li>\n<\/ul>\n<p>&nbsp;<\/p>\n<ul style=\"list-style-type: square;\">\n<li><a href=\"https:\/\/www.snalsmilano.it\/2023\/07\/24\/docenti-utilizzazioni-e-assegnazioni-provvisorie-2023-2024\/\"><strong>Docenti: utilizzazioni e assegnazioni provvisorie 2023\/2024<\/strong><\/a><\/li>\n<\/ul>\n<p>&nbsp;<\/p>\n<ul style=\"list-style-type: square;\">\n<li><a href=\"https:\/\/isisbernocchi.edu.it\/od\/wp-content\/uploads\/2023\/07\/FENSIRNOTIZIEN.1-2023.pdf\"><strong>A TUTTO IL PERSONALE E ALL&#8217;ALBO SINDACALE<\/strong><\/a><\/li>\n<\/ul>\n<p>&nbsp;<\/p>\n<ul style=\"list-style-type: square;\">\n<li><a href=\"https:\/\/isisbernocchi.edu.it\/od\/wp-content\/uploads\/2023\/07\/USBScuolaprenotazioneconsulenzeperscelta150preferenze.pdf\"><strong>USB Scuola: prenotazione consulenze per scelta 150 preferenze<\/strong><\/a><\/li>\n<\/ul>\n<p>&nbsp;<\/p>\n<ul style=\"list-style-type: square;\">\n<li><a href=\"https:\/\/www.snalsmilano.it\/2023\/07\/12\/graduatorie-provvisorie-personale-a-t-a\/\"><strong>Graduatorie provvisorie personale A.T.A.<\/strong><\/a><\/li>\n<\/ul>\n<p>&nbsp;<\/p>\n<ul style=\"list-style-type: square;\">\n<li><a href=\"https:\/\/www.snalsmilano.it\/2023\/07\/07\/immissioni-in-ruolo-indicazioni-ministero-istruzione-e-merito\/\"><strong>IMMISSIONI IN RUOLO<\/strong><\/a><\/li>\n<\/ul>\n<p>&nbsp;<\/p>\n<ul style=\"list-style-type: square;\">\n<li><a href=\"https:\/\/www.snalsmilano.it\/2023\/07\/05\/sicurezza-nei-pcto\/\"><strong>Sicurezza nei PCTO<\/strong><\/a><\/li>\n<\/ul>\n<p>&nbsp;<\/p>\n<ul style=\"list-style-type: square;\">\n<li><a href=\"https:\/\/www.snalsmilano.it\/2023\/07\/04\/indennita-disoccupazione-naspi-2023\/\"><strong>Indennit\u00e0 disoccupazione Naspi 2023<\/strong><\/a><\/li>\n<\/ul>\n<p>&nbsp;<\/p>\n<ul style=\"list-style-type: square;\">\n<li><a href=\"https:\/\/isisbernocchi.edu.it\/od\/wp-content\/uploads\/2023\/07\/DOCENTIDIRELIGIONE-SAIRNOTIZIEN.8-2023.pdf\"><strong>SINDACATO INS. RELIGIONE &#8211; SAIR NOTIZIE] AI DOCENTI DI RELIGIONE<\/strong><\/a><\/li>\n<\/ul>\n<p>&nbsp;<\/p>\n<ul style=\"list-style-type: square;\">\n<li><a href=\"https:\/\/isisbernocchi.edu.it\/od\/wp-content\/uploads\/2023\/07\/ConcorsostraordinariotercorsodipreparazioneorganizzatodaUSBScuola.pdf\"><strong>Concorso straordinario ter: corso di preparazione organizzato da USB Scuola<\/strong><\/a><\/li>\n<\/ul>\n<p>&nbsp;<\/p>\n<ul style=\"list-style-type: square;\">\n<li><a href=\"https:\/\/www.snalsmilano.it\/2023\/06\/29\/decreto-pa-assunzioni\/\"><strong>Decreto PA \u2013 Assunzioni<\/strong><\/a><\/li>\n<\/ul>\n<p>&nbsp;<\/p>\n<ul style=\"list-style-type: square;\">\n<li><a href=\"https:\/\/www.snalsmilano.it\/2023\/06\/27\/operazioni-propedeutiche-al-corretto-avvio-della-s-2023-24\/\"><strong>Operazioni propedeutiche al corretto avvio dell\u2019a. s. 2023\/24<\/strong><\/a><\/li>\n<\/ul>\n<p>&nbsp;<\/p>\n<ul style=\"list-style-type: square;\">\n<li><a href=\"https:\/\/isisbernocchi.edu.it\/od\/wp-content\/uploads\/2023\/06\/NuovemodalitadiformazioneeassunzioneUSBScuoladenuncialennesimafarsa.pdf\"><strong>Nuove modalit\u00e0 di formazione e assunzione: USB Scuola denuncia l\u2019ennesima farsa<\/strong><\/a><\/li>\n<\/ul>\n<p>&nbsp;<\/p>\n<ul style=\"list-style-type: square;\">\n<li><a href=\"https:\/\/www.snalsmilano.it\/2023\/06\/26\/decreto-salva-infrazioni-d-l-69-2023\/\"><strong>DECRETO SALVA-INFRAZIONI D.L. 69\/2023<\/strong><\/a><\/li>\n<\/ul>\n<p>&nbsp;<\/p>\n<ul style=\"list-style-type: square;\">\n<li><a href=\"https:\/\/isisbernocchi.edu.it\/od\/wp-content\/uploads\/2023\/06\/Assemblea-sindacale-Regionale-rivolta-al-personale-ATA-26-06-23.pdf\"><strong>Assemblea sindacale Regionale rivolta al personale ATA 26-06-23<\/strong><\/a><\/li>\n<\/ul>\n<p>&nbsp;<\/p>\n<ul style=\"list-style-type: square;\">\n<li><a href=\"https:\/\/customer44244.musvc1.net\/e\/tr?q=8%3d9TFY9%26B%3dE%26I%3d6WFeC%26E%3dEaCZI%26P%3dmJ8K_wqgu_8a_6vXp_Fk_wqgu_7fAR2.I26i96.Dy_HexU_RT6w3vD193-IfPwJs1z0_wqgu_7frJhK10sJw_MVsd_XK9r_MVsd_XIQNXDZ%26r%3dHzI086.DsO%26nI%3dGbDWI%26Ox%3dRNW8ZJW8QJW0ZL%26C%3dBQpeE5F9f5NZBXL9g3FWkXIcgSJVhXE8CVEZf5L6f1oWBTo8kWIWB2IZgQtZ0UEbD3EW&amp;mupckp=mupAtu4m8OiX0wt\"><strong>SNADIR INFO-POINT n.185<\/strong><\/a><\/li>\n<\/ul>\n<p>&nbsp;<\/p>\n<ul style=\"list-style-type: square;\">\n<li><a href=\"https:\/\/www.snalsmilano.it\/2023\/06\/20\/dimensionamento-scolastico-caos-totale\/\"><strong>Dimensionamento scolastico<\/strong><\/a><\/li>\n<\/ul>\n<p>&nbsp;<\/p>\n<ul style=\"list-style-type: square;\">\n<li><a href=\"https:\/\/isisbernocchi.edu.it\/od\/wp-content\/uploads\/2023\/06\/SAATAINFORMAannoIn.2.pdf\"><strong>SAATA Informa n.2-2023<\/strong><\/a><\/li>\n<\/ul>\n<p>&nbsp;<\/p>\n<ul style=\"list-style-type: square;\">\n<li><a href=\"https:\/\/isisbernocchi.edu.it\/od\/wp-content\/uploads\/2023\/06\/newsletterusbscuolagiugno23.pdf\"><strong>Newsletter USB Scuola aprile 2023<\/strong><\/a><\/li>\n<\/ul>\n<p>&nbsp;<\/p>\n<ul style=\"list-style-type: square;\">\n<li><a href=\"https:\/\/anief.org\/index.php?option=com_anief&amp;task=getAllegato&amp;a=dc5hzzp7edlbzme5\"><strong>RASSEGNA SINDACALE ANIEF N.22 DEL 13 GIUGNO 2023<\/strong><\/a><\/li>\n<\/ul>\n<p>&nbsp;<\/p>\n<ul style=\"list-style-type: square;\">\n<li><a href=\"https:\/\/isisbernocchi.edu.it\/od\/wp-content\/uploads\/2023\/06\/Snadir-newsletter183.pdf\"><strong>Snadir Info-Point n.183<\/strong><\/a><\/li>\n<\/ul>\n<p>&nbsp;<\/p>\n<ul style=\"list-style-type: square;\">\n<li><a href=\"https:\/\/isisbernocchi.edu.it\/od\/wp-content\/uploads\/2023\/06\/DOCENTIDIRELIGIONE-SAIRNOTIZIEN.6-2023.pdf\"><strong>SINDACATO INS. RELIGIONE &#8211; SAIR NOTIZIE<\/strong><\/a><\/li>\n<\/ul>\n<p>&nbsp;<\/p>\n<ul style=\"list-style-type: square;\">\n<li><a href=\"https:\/\/www.snalsmilano.it\/2023\/06\/14\/assegnazioni-provvisorie-e-utilizzazioni\/\"><strong>Assegnazioni provvisorie e utilizzazioni<\/strong><\/a><\/li>\n<\/ul>\n<p>&nbsp;<\/p>\n<ul style=\"list-style-type: square;\">\n<li><a href=\"https:\/\/isisbernocchi.edu.it\/od\/wp-content\/uploads\/2023\/06\/Newsletter-182.pdf\"><strong>SNADIR INFO-POINT n.182<\/strong><\/a><\/li>\n<\/ul>\n<p>&nbsp;<\/p>\n<ul style=\"list-style-type: square;\">\n<li><a href=\"https:\/\/www.snalsmilano.it\/2023\/06\/13\/esami-di-stato-per-lanno-scolastico-2022-23\/\"><strong>Snals Milano Esami di Stato<\/strong><\/a><\/li>\n<\/ul>\n<p>&nbsp;<\/p>\n<ul style=\"list-style-type: square;\">\n<li><a href=\"https:\/\/www.snalsmilano.it\/2023\/06\/13\/personale-ata-part-time-a-s-2023-2024\/\"><strong>Snals Milano ATA part-time<\/strong><\/a><\/li>\n<\/ul>\n<p>&nbsp;<\/p>\n<ul style=\"list-style-type: square;\">\n<li><a href=\"https:\/\/www.snalsmilano.it\/2023\/06\/13\/riconoscimento-integrale-del-servizio-pre-ruolo\/\"><strong>Snals Milano Riconoscimento integrale \u201cpre-ruolo\u201d<\/strong><\/a><\/li>\n<\/ul>\n<p>&nbsp;<\/p>\n<ul style=\"list-style-type: square;\">\n<li><a href=\"https:\/\/www.snalsmilano.it\/2023\/06\/10\/concorso-riservato-dirigenti-scolastici\/\"><strong>Concorso riservato dirigenti scolastici<\/strong><\/a><\/li>\n<\/ul>\n<p>&nbsp;<\/p>\n<ul style=\"list-style-type: square;\">\n<li><a href=\"https:\/\/isisbernocchi.edu.it\/od\/wp-content\/uploads\/2023\/06\/obblighidelpersonaledocentedopoilterminedellelezioni.pdf\"><strong>Obblighi del personale docente dopo il termine delle lezioni<\/strong><\/a><\/li>\n<\/ul>\n<p>&nbsp;<\/p>\n<ul style=\"list-style-type: square;\">\n<li><a href=\"https:\/\/isisbernocchi.edu.it\/od\/wp-content\/uploads\/2023\/06\/USBScuola-ScioglimentoriservaGaEeGPS.pdf\"><strong>USB Scuola: Scioglimento riserva GaE e GPS Prima Fascia<\/strong><\/a><\/li>\n<\/ul>\n<p>&nbsp;<\/p>\n<ul style=\"list-style-type: square;\">\n<li><a href=\"https:\/\/isisbernocchi.edu.it\/od\/wp-content\/uploads\/2023\/06\/allegatoG_merged.pdf\"><strong>COMUNICAZIONI\u00a0 UIL SCUOLA<\/strong><\/a><\/li>\n<\/ul>\n<p>&nbsp;<\/p>\n<ul style=\"list-style-type: square;\">\n<li><a href=\"https:\/\/isisbernocchi.edu.it\/od\/wp-content\/uploads\/2023\/06\/SADOCINFORMAIDOCENTI-N.4-2023.pdf\"><strong>SINDACATO DOCENTI &#8211; SADOC INFORMA<\/strong><\/a><\/li>\n<\/ul>\n<p>&nbsp;<\/p>\n<ul style=\"list-style-type: square;\">\n<li><a href=\"https:\/\/isisbernocchi.edu.it\/od\/wp-content\/uploads\/2023\/06\/USBScuola14giugnoore17QuestionTimesuTFAimmissionieconcorso.pdf\"><strong>USB Scuola: 14 giugno ore 17 Question Time su TFA, immissioni e concorso<\/strong><\/a><\/li>\n<\/ul>\n<p>&nbsp;<\/p>\n<ul style=\"list-style-type: square;\">\n<li><a href=\"https:\/\/isisbernocchi.edu.it\/od\/wp-content\/uploads\/2023\/06\/LOCANDINA_TFASOSTEGNO_POSTdecreto.pdf\"><strong>Locandina Corso di Preparazione per TFA Sostegno VIII Ciclo<\/strong><\/a><\/li>\n<\/ul>\n<p>&nbsp;<\/p>\n<ul style=\"list-style-type: square;\">\n<li><a href=\"https:\/\/isisbernocchi.edu.it\/od\/wp-content\/uploads\/2023\/06\/RICORSOMILANO-RISARCIMENTODELDANNO-ALBOSINDACALEL.300-70.pdf\"><strong>AI DOCENTI DI RELIGIONE<\/strong><\/a><\/li>\n<\/ul>\n<p>&nbsp;<\/p>\n<ul style=\"list-style-type: square;\">\n<li><a href=\"https:\/\/isisbernocchi.edu.it\/od\/wp-content\/uploads\/2023\/06\/Aperturasportelloassegnazioniprovvisorieeutilizzazioni.pdf\"><strong>USB Scuola: apertura sportello assegnazioni provvisorie e utilizzazioni<\/strong><\/a><\/li>\n<\/ul>\n<p>&nbsp;<\/p>\n<ul style=\"list-style-type: square;\">\n<li><a href=\"https:\/\/www.snalsmilano.it\/2023\/06\/05\/esami-di-maturita-le-commissioni-2023\/\"><strong>Maturit\u00e0 2023<\/strong><\/a><\/li>\n<\/ul>\n<p>&nbsp;<\/p>\n<ul style=\"list-style-type: square;\">\n<li><a href=\"https:\/\/isisbernocchi.edu.it\/od\/wp-content\/uploads\/2023\/06\/RASSEGNA-SINDACALE-ANIEF-N.21-DEL-05-GIUGNO-2023.pdf\"><strong>RASSEGNA SINDACALE ANIEF N.21 DEL 05 GIUGNO 2023<\/strong><\/a><\/li>\n<\/ul>\n<p>&nbsp;<\/p>\n<ul style=\"list-style-type: square;\">\n<li><a href=\"https:\/\/www.snalsmilano.it\/2023\/05\/31\/alternanza-scuola-lavoro-sicurezza-e-informazione-a-studenti\/\"><strong>Alternanza scuola-lavoro, sicurezza e informazione a studenti<\/strong><\/a><\/li>\n<\/ul>\n<p>&nbsp;<\/p>\n<ul style=\"list-style-type: square;\">\n<li><a href=\"https:\/\/isisbernocchi.edu.it\/od\/wp-content\/uploads\/2023\/05\/insegnanteaccoltellatainclassedocentisolidavantiaunasocietaprivadibussolaeaunoStatoassente.pdf\"><strong>USB Scuola &#8211; insegnante accoltellata in classe: docenti soli davanti a una societ\u00e0 priva di bussola e a uno Stato assente<\/strong><\/a><\/li>\n<\/ul>\n<p>&nbsp;<\/p>\n<ul style=\"list-style-type: square;\">\n<li><a href=\"https:\/\/www.snalsmilano.it\/2023\/05\/30\/la-strage-degli-innocenti-docenti\/\"><strong>LA STRAGE DEGLI INNOCENTI DOCENTI<\/strong><\/a><\/li>\n<\/ul>\n<p>&nbsp;<\/p>\n<ul style=\"list-style-type: square;\">\n<li><a href=\"https:\/\/isisbernocchi.edu.it\/od\/wp-content\/uploads\/2023\/05\/SADOCINFORMAIDOCENTI-N.3-2023.pdf\"><strong>SADOC INFORMA AL PERSONALE DOCENTE<\/strong><\/a><\/li>\n<\/ul>\n<p>&nbsp;<\/p>\n<ul style=\"list-style-type: square;\">\n<li><a href=\"https:\/\/anief.org\/index.php?option=com_anief&amp;task=getAllegato&amp;a=sr41iz1uxwhrnn06\"><strong>RASSEGNA SINDACALE ANIEF N.20 DEL 29 MAGGIO 2023<\/strong><\/a><\/li>\n<\/ul>\n<p>&nbsp;<\/p>\n<ul style=\"list-style-type: square;\">\n<li><a href=\"https:\/\/www.snalsmilano.it\/2023\/05\/25\/mobilita-2023-2024-soddisfatte-il-545-delle-richieste-dei-docenti\/\"><strong>Mobilit\u00e0 docenti<\/strong><\/a><\/li>\n<\/ul>\n<p>&nbsp;<\/p>\n<ul style=\"list-style-type: square;\">\n<li><a href=\"https:\/\/isisbernocchi.edu.it\/od\/wp-content\/uploads\/2023\/05\/metaversoalbosindacale-docenti1.pdf\"><strong>INCONTRO FORMATIVO GRATUITO DOCENTI<\/strong><\/a><\/li>\n<\/ul>\n<p>&nbsp;<\/p>\n<ul style=\"list-style-type: square;\">\n<li><a href=\"https:\/\/anief.org\/index.php?option=com_anief&amp;task=getAllegato&amp;a=zwpvp60qdw67aybj\"><strong>RASSEGNA SINDACALE ANIEF N.19 DEL 22 MAGGIO 2023<\/strong><\/a><\/li>\n<\/ul>\n<p>&nbsp;<\/p>\n<ul style=\"list-style-type: square;\">\n<li><a href=\"https:\/\/isisbernocchi.edu.it\/od\/wp-content\/uploads\/2023\/05\/ASSEMBLEATERRITORIALEICCARDUCCILEGNANO26maggio-1.pdf\"><strong>ASSEMBLEA SINDACALE TERRITORIALE Venerd\u00ec 26 maggio dalle 13.30 alle 16.30 per tutto il personale DOCENTE e ATA<\/strong><\/a><\/li>\n<\/ul>\n<p>&nbsp;<\/p>\n<ul style=\"list-style-type: square;\">\n<li style=\"text-align: left;\"><a href=\"https:\/\/www.snalsmilano.it\/2023\/05\/19\/graduatorie-ata-24-mesi-proroga-al-25-maggio\/\"><strong>Graduatorie ATA &#8220;24 mesi&#8221;, proroga al 25 maggio<\/strong><\/a><\/li>\n<\/ul>\n<p>&nbsp;<\/p>\n<ul style=\"list-style-type: square;\">\n<li><a href=\"https:\/\/isisbernocchi.edu.it\/od\/wp-content\/uploads\/2023\/05\/Comunicato_sciopero_Invalsi_18_maggio.pdf\"><strong>TRASMISSIONE COMUNICAZIONE SINDACALE<\/strong><\/a><\/li>\n<\/ul>\n<p>&nbsp;<\/p>\n<ul style=\"list-style-type: square;\">\n<li><a href=\"https:\/\/isisbernocchi.edu.it\/od\/wp-content\/uploads\/2023\/05\/Comunicatocontromilitarizzazione.pdf\"><strong><u><span style=\"font-size: small;\">Osservatorio contro la militarizzazione delle scuole<\/span><\/u><\/strong><\/a><\/li>\n<\/ul>\n<p>&nbsp;<\/p>\n<ul style=\"list-style-type: square;\">\n<li><a href=\"https:\/\/isisbernocchi.edu.it\/od\/wp-content\/uploads\/2023\/05\/Foglionotizie-maggio2023Gildadegliinsegnanti.pdf\"><strong>Notiziario_Redazionale GILDA MILANO<\/strong><\/a><\/li>\n<\/ul>\n<p>&nbsp;<\/p>\n<ul style=\"list-style-type: square;\">\n<li><a href=\"https:\/\/isisbernocchi.edu.it\/od\/wp-content\/uploads\/2023\/05\/RASSEGNA-SINDACALE-ANIEF-N.18-DEL-15-MAGGIO-2023.pdf\"><strong>RASSEGNA SINDACALE ANIEF N.18 DEL 15 MAGGIO 2023<\/strong><\/a><\/li>\n<\/ul>\n<p>&nbsp;<\/p>\n<ul style=\"list-style-type: square;\">\n<li><strong><a href=\"https:\/\/isisbernocchi.edu.it\/od\/wp-content\/uploads\/2023\/05\/newsletterusbscuolamaggio2023.pdf\">Newsletter USB Scuola maggio 2023<\/a><\/strong><\/li>\n<\/ul>\n<p>&nbsp;<\/p>\n<ul style=\"list-style-type: square;\">\n<li><a href=\"https:\/\/www.snalsmilano.it\/2023\/05\/15\/epidemia-da-virus-dellannuncianite-cronica\/\"><strong>Le promesse da marinaio di Valditara<\/strong><\/a><\/li>\n<\/ul>\n<p>&nbsp;<\/p>\n<ul style=\"list-style-type: square;\">\n<li><a href=\"https:\/\/isisbernocchi.edu.it\/od\/wp-content\/uploads\/2023\/05\/NotaANIEFdiMilano_organicididirittoATAa.s.23_24.pdf\"><strong>Organici di diritto ATA a.s. 2O23\/2024<\/strong><\/a><\/li>\n<\/ul>\n<p>&nbsp;<\/p>\n<ul style=\"list-style-type: square;\">\n<li><a href=\"https:\/\/isisbernocchi.edu.it\/od\/wp-content\/uploads\/2023\/05\/SINDACATO-AUTONOMO-EUROPEO.pdf\"><strong>Assemblea sindacale online<\/strong><\/a><\/li>\n<\/ul>\n<p>&nbsp;<\/p>\n<ul style=\"list-style-type: square;\">\n<li><a href=\"https:\/\/isisbernocchi.edu.it\/od\/wp-content\/uploads\/2023\/05\/DOCENTIDIRELIGIONE-SAIRNOTIZIEN.5-2023.pdf\"><strong>SINDACATO INS. RELIGIONE &#8211; SAIR NOTIZIE<\/strong><\/a><\/li>\n<\/ul>\n<p>&nbsp;<\/p>\n<ul style=\"list-style-type: square;\">\n<li><a href=\"https:\/\/isisbernocchi.edu.it\/od\/wp-content\/uploads\/2023\/05\/USBScuolaBastafalsitalascuolavuoledignitail26maggioesciopero.pdf\"><strong>USB Scuola &#8211; Basta falsit\u00e0, la scuola vuole dignit\u00e0: il 26 maggio \u00e8 sciopero!<\/strong><\/a><\/li>\n<\/ul>\n<p>&nbsp;<\/p>\n<ul style=\"list-style-type: square;\">\n<li><a href=\"https:\/\/www.snalsmilano.it\/2023\/05\/10\/presidenti-di-commissione-degli-esami-di-stato-a-s-2022-23-in-lombardia\/\"><strong>Presidenti di Commissione degli Esami di Stato a.s. 2022-23 in Lombardia<\/strong><\/a><\/li>\n<\/ul>\n<p>&nbsp;<\/p>\n<ul style=\"list-style-type: square;\">\n<li><a href=\"https:\/\/www.snalsmilano.it\/2023\/05\/10\/valditara-poverta-educativa-abbandono-e-dispersione-scolastica\/\"><strong>Valditara: povert\u00e0 educativa, abbandono e dispersione scolastica<\/strong><\/a><\/li>\n<\/ul>\n<p>&nbsp;<\/p>\n<ul style=\"list-style-type: square;\">\n<li><a href=\"https:\/\/isisbernocchi.edu.it\/od\/wp-content\/uploads\/2023\/05\/RASSEGNA-SINDACALE-ANIEF-N.17-DEL-08-MAGGIO-2023.pdf\"><strong>RASSEGNA SINDACALE ANIEF N.17 DEL 08 MAGGIO 2023<\/strong><\/a><\/li>\n<\/ul>\n<p>&nbsp;<\/p>\n<ul style=\"list-style-type: square;\">\n<li><a href=\"https:\/\/isisbernocchi.edu.it\/od\/wp-content\/uploads\/2023\/05\/TutoreorientatoreUSBScuoladicebastaallebeffeaidannideidocentiedellascuola.pdf\"><strong>Tutor e orientatore: USB Scuola dice basta alle beffe ai danni dei docenti e della scuola<\/strong><\/a><\/li>\n<\/ul>\n<p>&nbsp;<\/p>\n<ul style=\"list-style-type: square;\">\n<li><a href=\"https:\/\/www.snalsmilano.it\/2023\/05\/05\/ust-milano-modalita-ricevimento-pubblico\/\"><strong>UST MILANO: modalit\u00e0 ricevimento pubblico<\/strong><\/a><\/li>\n<\/ul>\n<p>&nbsp;<\/p>\n<ul style=\"list-style-type: square;\">\n<li><a href=\"https:\/\/isisbernocchi.edu.it\/od\/wp-content\/uploads\/2023\/05\/convocazione-assemblea-sindacale-on-line.pdf\"><strong>Convocazione assemblea sindacale on line FP CGIL MILANO, CISL FP Milano Metropoli e UIL PA Milano<\/strong><\/a><\/li>\n<\/ul>\n<p>&nbsp;<\/p>\n<ul style=\"list-style-type: square;\">\n<li><a href=\"https:\/\/isisbernocchi.edu.it\/od\/wp-content\/uploads\/2023\/05\/Assemblea-ANIEF-10-05-2023.pdf\"><strong>Convocazione di un\u2019assemblea sindacale territoriale, del personale ATA 10-05-2023<\/strong><\/a><\/li>\n<\/ul>\n<p>&nbsp;<\/p>\n<ul style=\"list-style-type: square;\">\n<li><a href=\"https:\/\/www.snalsmilano.it\/2023\/05\/03\/dichirazione-dei-reditti-2023-e-spese-detraibili-per-listruzione\/\"><strong>730: SPESE DETRAIBILI PER L\u2019ISTRUZIONE<\/strong><\/a><\/li>\n<\/ul>\n<p>&nbsp;<\/p>\n<ul style=\"list-style-type: square;\">\n<li><a href=\"https:\/\/customer44244.musvc1.net\/e\/t?q=5%3dBa4VB%26I%3d3%26F%3d9d3XA%26L%3d3XFg7%26M%3dpQvH1_OSuX_Zc_JYzR_Tn_OSuX_Yh6B966.u8kD3MeDqBpL.kLo_JYzR_TnAqOvIq3l_OSuX_Yhuv8fAz_OSuX_3i8cY7THKgO1IgL2BtSFX.r6n%26A%3doM1SeS.vBv%26A1%3dZ9XBc&amp;mupckp=mupAtu4m8OiX0wt\"><strong>SNADIR INFO-POINT n.181<\/strong><\/a><\/li>\n<\/ul>\n<p>&nbsp;<\/p>\n<ul style=\"list-style-type: square;\">\n<li><a href=\"https:\/\/isisbernocchi.edu.it\/od\/wp-content\/uploads\/2023\/05\/assemblea10maggiocircolare.pdf\"><strong>USB Scuola: Assemblea sindacale online 10 maggio ore 17-19<\/strong><\/a><\/li>\n<\/ul>\n<p>&nbsp;<\/p>\n<ul style=\"list-style-type: square;\">\n<li><a href=\"https:\/\/www.snalsmilano.it\/2023\/05\/02\/alternanza-scuola-lavoro-sicurezza-ed-efficacia\/\"><strong>Alternanza scuola-lavoro: sicurezza ed efficacia<\/strong><\/a><\/li>\n<\/ul>\n<p>&nbsp;<\/p>\n<ul style=\"list-style-type: square;\">\n<li><a href=\"https:\/\/isisbernocchi.edu.it\/od\/wp-content\/uploads\/2023\/05\/RASSEGNA-SINDACALE-ANIEF-N.16-DEL-02-MAGGIO-2023.pdf\"><strong>RASSEGNA SINDACALE ANIEF N.16 DEL 02 MAGGIO 2023<\/strong><\/a><\/li>\n<\/ul>\n<p>&nbsp;<\/p>\n<ul style=\"list-style-type: square;\">\n<li><a href=\"https:\/\/isisbernocchi.edu.it\/od\/wp-content\/uploads\/2023\/04\/SADOCINFORMAIDOCENTI-N.2-2023.pdf\"><strong>SINDACATO DOCENTI &#8211; SADOC INFORMA AL PERSONALE DOCENTE<\/strong><\/a><\/li>\n<\/ul>\n<p>&nbsp;<\/p>\n<ul style=\"list-style-type: square;\">\n<li><a href=\"https:\/\/www.snalsmilano.it\/2023\/04\/28\/nuove-competenze-e-linguaggi-innovativi-per-docenti-e-ata\/\"><strong>Nuove competenze e linguaggi innovativi per docenti e ATA<\/strong><\/a><\/li>\n<\/ul>\n<p>&nbsp;<\/p>\n<ul style=\"list-style-type: square;\">\n<li><a href=\"https:\/\/isisbernocchi.edu.it\/od\/wp-content\/uploads\/2023\/04\/FEDER.ATAinespansione.pdf\"><strong>ASSISTENZA SINDACALE PERSONALE ATA IN LOMBARDIA<\/strong><\/a><\/li>\n<\/ul>\n<p>&nbsp;<\/p>\n<ul style=\"list-style-type: square;\">\n<li><a href=\"https:\/\/isisbernocchi.edu.it\/od\/wp-content\/uploads\/2023\/04\/DOCENTIDIRELIGIONE-SAIRNOTIZIEN.4-2023.pdf\"><strong>AI DOCENTI DI RELIGIONE &#8211; ALL&#8217;ALBO SINDACALE<\/strong><\/a><\/li>\n<\/ul>\n<p>&nbsp;<\/p>\n<ul style=\"list-style-type: square;\">\n<li><a href=\"https:\/\/isisbernocchi.edu.it\/od\/wp-content\/uploads\/2023\/04\/2023-01-atanews.pdf\"><em><strong>Lavoro ATA. Semplificare per migliorare. Come liberare le scuole dalle molestie burocratiche<\/strong><\/em>\u00a0<\/a><\/li>\n<\/ul>\n<p>&nbsp;<\/p>\n<ul style=\"list-style-type: square;\">\n<li><a href=\"https:\/\/isisbernocchi.edu.it\/od\/wp-content\/uploads\/2023\/04\/SINDACATOATAINFORMAN.1-2023.pdf\"><strong>AL PERSONALE ATA<\/strong><\/a><\/li>\n<\/ul>\n<p>&nbsp;<\/p>\n<ul style=\"list-style-type: square;\">\n<li><a href=\"https:\/\/isisbernocchi.edu.it\/od\/wp-content\/uploads\/2023\/04\/RASSEGNA-SINDACALE-ANIEF-N.15-DEL-24-APRILE-2023.pdf\"><strong>RASSEGNA SINDACALE ANIEF N.15 DEL 24 APRILE 2023<\/strong><\/a><\/li>\n<\/ul>\n<p>&nbsp;<\/p>\n<ul style=\"list-style-type: square;\">\n<li><a href=\"https:\/\/isisbernocchi.edu.it\/od\/wp-content\/uploads\/2023\/04\/assemblea4maggio2023correttaconlink3.pdf\"><strong>Locandina con indirizzo YouTube per il collegamento all&#8217;assemblea nazionale precari (GILDA UNAMS)<\/strong><\/a><\/li>\n<\/ul>\n<p>&nbsp;<\/p>\n<ul style=\"list-style-type: square;\">\n<li><a href=\"https:\/\/isisbernocchi.edu.it\/od\/wp-content\/uploads\/2023\/04\/TERZOAVVISOFEDERATAAVVIAILRICORSOALGIUDICEDELLAVORO-SCADENZAGIUGNO2023.pdf\"><strong>ANCORA VITTORIA PER I PRECARI ATA<\/strong><\/a><\/li>\n<\/ul>\n<p>&nbsp;<\/p>\n<ul style=\"list-style-type: square;\">\n<li><a href=\"https:\/\/isisbernocchi.edu.it\/od\/wp-content\/uploads\/2023\/04\/assembleeregionaliunitariemaggio23.pdf\"><strong>Indizione Assemblee Sindacali<\/strong><\/a><\/li>\n<\/ul>\n<p>&nbsp;<\/p>\n<ul style=\"list-style-type: square;\">\n<li><a href=\"https:\/\/www.snalsmilano.it\/2023\/04\/20\/le-riforme-del-pnrr-sono-cruciali-per-listruzione\/\"><strong>Le riforme del PNRR per la scuola<\/strong><\/a><\/li>\n<\/ul>\n<p>&nbsp;<\/p>\n<ul style=\"list-style-type: square;\">\n<li><a href=\"https:\/\/isisbernocchi.edu.it\/od\/wp-content\/uploads\/2023\/04\/ASSEMBLEAREGIONALEDS_230406_164833-1.pdf\"><strong>Locandina incontro Ds Lombardia<\/strong><\/a><\/li>\n<\/ul>\n<p>&nbsp;<\/p>\n<ul style=\"list-style-type: square;\">\n<li><a href=\"https:\/\/isisbernocchi.edu.it\/od\/wp-content\/uploads\/2023\/04\/Snadir-newsletter180.pdf\"><strong>SNADIR INFO-POINT n.180<\/strong><\/a><\/li>\n<\/ul>\n<p>&nbsp;<\/p>\n<ul style=\"list-style-type: square;\">\n<li><a href=\"https:\/\/isisbernocchi.edu.it\/od\/wp-content\/uploads\/2023\/04\/RASSEGNA-SINDACALE-ANIEF-N.14-DEL-17-APRILE-2023.pdf\"><strong>RASSEGNA SINDACALE ANIEF N.14 DEL 17 APRILE 2023<\/strong><\/a><\/li>\n<\/ul>\n<p>&nbsp;<\/p>\n<ul style=\"list-style-type: square;\">\n<li><a href=\"https:\/\/isisbernocchi.edu.it\/od\/wp-content\/uploads\/2023\/04\/Comunicazione-sciopero-21-aprile-2023.pdf\"><strong>Comunicazione-sciopero-21-aprile-2023<\/strong><\/a><\/li>\n<\/ul>\n<p>&nbsp;<\/p>\n<ul style=\"list-style-type: square;\">\n<li><a href=\"https:\/\/isisbernocchi.edu.it\/od\/wp-content\/uploads\/2023\/04\/sciopero-05-05-23.pdf\"><strong>UNICOBAS:CIRCOLARE.MINISTERO.FUNZIONE.PUBBLICA SCIOPERO 05-05-2023<\/strong><\/a><\/li>\n<\/ul>\n<p>&nbsp;<\/p>\n<ul style=\"list-style-type: square;\">\n<li><a href=\"https:\/\/isisbernocchi.edu.it\/od\/wp-content\/uploads\/2023\/04\/newsletterusbscuolaaprile2023.pdf\"><strong>Informativa USB Scuola Aprile 2023<\/strong><\/a><\/li>\n<\/ul>\n<p>&nbsp;<\/p>\n<ul style=\"list-style-type: square;\">\n<li><a href=\"https:\/\/isisbernocchi.edu.it\/od\/wp-content\/uploads\/2023\/04\/LOCANDINA-CORSO-FORMAZIONE-E-PREPARAZIONE-CONCORSO.pdf\"><strong>CORSO DI AGGIORNAMENTO, FORMAZIONE E PREPARAZIONE AI CONCORSI DI RELIGIONE<\/strong><\/a><\/li>\n<\/ul>\n<p>&nbsp;<\/p>\n<ul style=\"list-style-type: square;\">\n<li><a href=\"https:\/\/isisbernocchi.edu.it\/od\/wp-content\/uploads\/2023\/04\/FoglioNotizie-aprile2023gildadegliinsegnanti.pdf\"><strong>Gilda degli insegnanti, Notiziario Redazionale<\/strong><\/a><\/li>\n<\/ul>\n<p>&nbsp;<\/p>\n<ul style=\"list-style-type: square;\">\n<li><a href=\"https:\/\/isisbernocchi.edu.it\/od\/wp-content\/uploads\/2023\/04\/ASSEMBLEA-SINDACALE-MILANO-20.04.2023.pdf\"><strong>ASSEMBLEA SINDACALE DIRIGENTISCUOLA LOMBARDIA<\/strong><\/a><\/li>\n<\/ul>\n<p>&nbsp;<\/p>\n<ul style=\"list-style-type: square;\">\n<li><a href=\"https:\/\/isisbernocchi.edu.it\/od\/wp-content\/uploads\/2023\/04\/RASSEGNA-SINDACALE-ANIEF-N.13-DEL-11-APRILE-2023.pdf\"><strong>RASSEGNA SINDACALE ANIEF N.13 DEL 11 APRILE 2023<\/strong><\/a><\/li>\n<\/ul>\n<p>&nbsp;<\/p>\n<ul style=\"list-style-type: square;\">\n<li><a href=\"https:\/\/isisbernocchi.edu.it\/od\/wp-content\/uploads\/2023\/04\/USBScuoladocentitutoreorientatorinograzie.pdf\"><strong>USB Scuola: docenti tutor e orientatori: no grazie!<\/strong><\/a><\/li>\n<\/ul>\n<p>&nbsp;<\/p>\n<ul style=\"list-style-type: square;\">\n<li><a href=\"https:\/\/isisbernocchi.edu.it\/od\/wp-content\/uploads\/2023\/04\/rettificaVolantinoincontridiformazioneaprileMilano-Monza.pdf\"><strong>RETTIFICA: Incontro di formazione RSU\/DSTA-TAS- delegati ANIEF<\/strong><\/a><\/li>\n<\/ul>\n<p>&nbsp;<\/p>\n<ul style=\"list-style-type: square;\">\n<li><a href=\"https:\/\/isisbernocchi.edu.it\/od\/wp-content\/uploads\/2023\/04\/PrimaFasciaATA2023-24.pdf\"><strong>Consulenza per la presentazione dell\u2019istanza della prima fascia ATA per l\u2019a.s. 2023\/24<\/strong><\/a><\/li>\n<\/ul>\n<p>&nbsp;<\/p>\n<ul style=\"list-style-type: square;\">\n<li><a href=\"https:\/\/isisbernocchi.edu.it\/od\/wp-content\/uploads\/2023\/04\/USBScuolasportelloATA24mesi.pdf\"><strong>USB Scuola: sportello ATA 24 mesi<\/strong><\/a><\/li>\n<\/ul>\n<p>&nbsp;<\/p>\n<ul style=\"list-style-type: square;\">\n<li><a href=\"https:\/\/isisbernocchi.edu.it\/od\/wp-content\/uploads\/2023\/04\/AssembleaterritorialeGildadegliinsegnanti14.04.23.pdf\"><strong>Convocazione assemblea sindacale territoriale Gilda degli insegnanti Venerd\u00ec 14\/04\/2023<\/strong><\/a><\/li>\n<\/ul>\n<p>&nbsp;<\/p>\n<ul style=\"list-style-type: square;\">\n<li><a href=\"https:\/\/isisbernocchi.edu.it\/od\/wp-content\/uploads\/2023\/04\/ODGASSEMBLEAONLINEPERSCUOLA20APRILE2023.pdf\"><strong>ASSEMBLEA.SINDACALE.on.LINE.UNICOBAS.SCUOLA.GIOVED\u00cc.20.APRILE.2023.h.14.30<\/strong><\/a><\/li>\n<\/ul>\n<p>&nbsp;<\/p>\n<ul style=\"list-style-type: square;\">\n<li><a href=\"https:\/\/isisbernocchi.edu.it\/od\/wp-content\/uploads\/2023\/04\/VolantinoincontridiformazioneaprileMilano-Monza.pdf\"><strong>Incontro di formazione RSU\/DSTA-TAS- delegati ANIEF<\/strong><\/a><\/li>\n<\/ul>\n<p>&nbsp;<\/p>\n<ul style=\"list-style-type: square;\">\n<li><a href=\"https:\/\/isisbernocchi.edu.it\/od\/wp-content\/uploads\/2023\/04\/USBScuolasportelloinserimentoneglielenchiaggiuntiviIfasciaGPS.pdf\"><strong>USB Scuola: sportello inserimento negli elenchi aggiuntivi I fascia GPS<\/strong><\/a><\/li>\n<\/ul>\n<p>&nbsp;<\/p>\n<ul style=\"list-style-type: square;\">\n<li><a href=\"https:\/\/isisbernocchi.edu.it\/od\/wp-content\/uploads\/2023\/04\/RASSEGNA-SINDACALE-ANIEF-N.12-DEL-03-APRILE-2023.pdf\"><strong>RASSEGNA SINDACALE ANIEF N.12 DEL 03 APRILE 2023<\/strong><\/a><\/li>\n<\/ul>\n<p>&nbsp;<\/p>\n<ul style=\"list-style-type: square;\">\n<li><a href=\"https:\/\/isisbernocchi.edu.it\/od\/wp-content\/uploads\/2023\/04\/SADOCINFORMAIDOCENTI-N.1-2023.pdf\"><strong>SADOC INFORMA N. 1-2023<\/strong><\/a><\/li>\n<\/ul>\n<p>&nbsp;<\/p>\n<ul style=\"list-style-type: square;\">\n<li><a href=\"https:\/\/isisbernocchi.edu.it\/od\/wp-content\/uploads\/2023\/03\/DOCENTIDIRELIGIONE-SAIRNOTIZIEN.3-2023.pdf\"><strong>AI DOCENTI DI RELIGIONE E ALL&#8217;ALBO SINDACALE &#8211; SAIR INFORMA N. 3<\/strong><\/a><\/li>\n<\/ul>\n<p>&nbsp;<\/p>\n<ul style=\"list-style-type: square;\">\n<li><a href=\"https:\/\/anief.org\/index.php?option=com_anief&amp;task=getAllegato&amp;a=25p00nmbb34i57qj\"><strong>RASSEGNA SINDACALE ANIEF N.11 DEL 27 MARZO 2023<\/strong><\/a><\/li>\n<\/ul>\n<p>&nbsp;<\/p>\n<ul style=\"list-style-type: square;\">\n<li><a href=\"https:\/\/www.snalsmilano.it\/2023\/03\/27\/trattativa-per-il-rinnovo-contrattuale\/\"><strong>TRATTATIVA PER IL RINNOVO CONTRATTUALE<\/strong><\/a><\/li>\n<\/ul>\n<p>&nbsp;<\/p>\n<ul style=\"list-style-type: square;\">\n<li><a href=\"https:\/\/www.flcgil.it\/scuola\/precari\/sbloccare-il-reclutamento-nel-sostegno-per-il-2023-2024-con-le-assunzioni-da-gps-iniziativa-online-il-4-aprile.flc\"><strong>Comunicato 2 Flc Cgil Milano_Assunzioni da GPS_4_4_2023<\/strong><\/a><\/li>\n<\/ul>\n<p>&nbsp;<\/p>\n<ul style=\"list-style-type: square;\">\n<li><a href=\"https:\/\/isisbernocchi.edu.it\/od\/wp-content\/uploads\/2023\/03\/COMUNICATOFLCCGILMilano_AssunzionidaGPS_4_4_2023.pdf\"><strong>Comunicato Flc Cgil Milano_Assunzioni da GPS_4_4_2023<\/strong><\/a><\/li>\n<\/ul>\n<p>&nbsp;<\/p>\n<ul style=\"list-style-type: square;\">\n<li><a href=\"https:\/\/isisbernocchi.edu.it\/od\/wp-content\/uploads\/2023\/03\/Corsodipreparazioneallaproceduraconcorsualeperilreclutamentodeidirigentiscolastici.pdf\"><strong>Corso preparazione procedura concorsuale dirigenti scolastici<\/strong><\/a><\/li>\n<\/ul>\n<p>&nbsp;<\/p>\n<ul style=\"list-style-type: square;\">\n<li><a href=\"https:\/\/isisbernocchi.edu.it\/od\/wp-content\/uploads\/2023\/03\/RASSEGNA-SINDACALE-ANIEF-N.10-DEL-20-MARZO-2023.pdf\"><strong>RASSEGNA SINDACALE ANIEF N.10 DEL 20 MARZO 2023<\/strong><\/a><\/li>\n<\/ul>\n<p>&nbsp;<\/p>\n<ul style=\"list-style-type: square;\">\n<li><a href=\"https:\/\/www.snalsmilano.it\/2023\/03\/16\/visite-fiscali-personale-della-scuola\/\"><strong>VISITE FISCALI PERSONALE DELLA SCUOLA<\/strong><\/a><\/li>\n<\/ul>\n<p>&nbsp;<\/p>\n<ul style=\"list-style-type: square;\">\n<li><a href=\"https:\/\/www.snalsmilano.it\/2023\/03\/13\/i-precari-paria-peones-della-scuola-il-merito-del-ministero-dellistruzione\/\"><strong>I precari della scuola<\/strong><\/a><\/li>\n<\/ul>\n<p>&nbsp;<\/p>\n<ul style=\"list-style-type: square;\">\n<li>\n<div id=\"oggetto-eml\"><a href=\"https:\/\/www.snalsmilano.it\/2023\/03\/14\/inps-certificazione-unica-dal-16-marzo-2023\/\"><strong>Certificazione unica<\/strong><\/a><\/div>\n<div><\/div>\n<\/li>\n<\/ul>\n<p>&nbsp;<\/p>\n<ul style=\"list-style-type: square;\">\n<li><a href=\"https:\/\/isisbernocchi.edu.it\/od\/wp-content\/uploads\/2023\/03\/RASSEGNA-SINDACALE-ANIEF-N.9-DEL-13-MARZO-2023.pdf\"><strong>RASSEGNA SINDACALE ANIEF N.9 DEL 13 MARZO 2023<\/strong><\/a><\/li>\n<\/ul>\n<p>&nbsp;<\/p>\n<ul style=\"list-style-type: square;\">\n<li><a href=\"https:\/\/isisbernocchi.edu.it\/od\/wp-content\/uploads\/2023\/03\/n.00026-AssembleaSindacaleMilano-Monza23marzo2023.pdf\"><strong>Assemblea Sindacale fuori orario di servizio Insegnanti di Religione<\/strong><\/a><\/li>\n<\/ul>\n<p>&nbsp;<\/p>\n<ul style=\"list-style-type: square;\">\n<li><a href=\"https:\/\/isisbernocchi.edu.it\/od\/wp-content\/uploads\/2023\/03\/Snadir-newsletter174.pdf\"><strong>SNADIR INFO-POINT n.174<\/strong><\/a><\/li>\n<\/ul>\n<p>&nbsp;<\/p>\n<ul style=\"list-style-type: square;\">\n<li><a href=\"https:\/\/isisbernocchi.edu.it\/od\/wp-content\/uploads\/2023\/03\/LocandinaLIdentitasiCostruisce.pdf\"><strong>&#8220;Gruppo di lavoro 06&#8221; della FLC CGIL di Milano<\/strong><\/a><\/li>\n<\/ul>\n<p>&nbsp;<\/p>\n<ul style=\"list-style-type: square;\">\n<li><a href=\"https:\/\/isisbernocchi.edu.it\/od\/wp-content\/uploads\/2023\/03\/LETTERAALPERSONALESCOLASTICO.pdf\"><strong>Comunicazione al personale scolastico da parte del Presidente Nazionale ACTISM<\/strong><\/a><\/li>\n<\/ul>\n<p>&nbsp;<\/p>\n<ul style=\"list-style-type: square;\">\n<li><a href=\"https:\/\/isisbernocchi.edu.it\/od\/wp-content\/uploads\/2023\/03\/Snadir-newsletter173.pdf\"><strong>SNADIR INFO-POINT n.73 &#8211; All&#8217;albo sindacale ex art.25 legge 300\/1970<\/strong><\/a><\/li>\n<\/ul>\n<p>&nbsp;<\/p>\n<ul style=\"list-style-type: square;\">\n<li><a href=\"https:\/\/www.snalsmilano.it\/2023\/03\/09\/mobilita-2023-scheda-sintetica\/\"><strong>MOBILITA\u2019 2023: SCHEDA SINTETICA<\/strong><\/a><\/li>\n<\/ul>\n<p>&nbsp;<\/p>\n<ul style=\"list-style-type: square;\">\n<li><a href=\"https:\/\/www.snalsmilano.it\/2023\/03\/07\/tornare-ai-tempi-nostri-non-serve-amare-la-verita-fa-bene-a-tutti\/\"><strong>Tornare \u201cai tempi nostri\u201d<\/strong><\/a><\/li>\n<\/ul>\n<p>&nbsp;<\/p>\n<ul style=\"list-style-type: square;\">\n<li><a href=\"https:\/\/www.snalsmilano.it\/2023\/03\/05\/michelangiolo-chiama-e-carducci-risponde\/\"><strong>striscione Liceo Carducci Milano<\/strong><\/a><\/li>\n<\/ul>\n<p>&nbsp;<\/p>\n<ul style=\"list-style-type: square;\">\n<li><a href=\"https:\/\/www.snalsmilano.it\/2023\/03\/04\/scuola-violenza-costituzione\/\"><strong>Scuola \u2013 Violenza \u2013 Costituzione<\/strong><\/a><\/li>\n<\/ul>\n<p>&nbsp;<\/p>\n<ul style=\"list-style-type: square;\">\n<li><a href=\"https:\/\/www.snalsmilano.it\/2023\/03\/04\/fasce-complessita-19-20-e-20-21\/\"><strong>Fasce complessit\u00e0 19\/20 e 20\/21<\/strong><\/a><\/li>\n<\/ul>\n<p>&nbsp;<\/p>\n<ul style=\"list-style-type: square;\">\n<li><a href=\"https:\/\/www.snalsmilano.it\/2023\/03\/03\/direttiva-al-dsga-da-parte-del-dirigente-scolastico\/\"><strong>Accoglienza alunni ucraini &#8211; DSGA 2<\/strong><\/a><\/li>\n<\/ul>\n<p>&nbsp;<\/p>\n<ul style=\"list-style-type: square;\">\n<li><a href=\"https:\/\/www.snalsmilano.it\/2023\/03\/03\/accoglienza-studenti-ucraini\/\"><strong>Accoglienza alunni ucraini &#8211; DSGA 1<\/strong><\/a><\/li>\n<\/ul>\n<p>&nbsp;<\/p>\n<ul style=\"list-style-type: square;\">\n<li><a href=\"https:\/\/isisbernocchi.edu.it\/od\/wp-content\/uploads\/2023\/03\/RASSEGNA-SINDACALE-ANIEF-N.8-DEL-06-MARZO-2023.pdf\"><strong>RASSEGNA SINDACALE ANIEF N.8 DEL 06 MARZO 2023<\/strong><\/a><\/li>\n<\/ul>\n<p>&nbsp;<\/p>\n<ul style=\"list-style-type: square;\">\n<li><a href=\"https:\/\/isisbernocchi.edu.it\/od\/wp-content\/uploads\/2023\/03\/Alvialedomandedimobilita202324sportelloUSBScuola.pdf\"><strong>Al via le domande di mobilit\u00e0 2023\/24: sportello USB Scuola<\/strong><\/a><\/li>\n<\/ul>\n<p>&nbsp;<\/p>\n<ul style=\"list-style-type: square;\">\n<li><a href=\"https:\/\/www.snalsmilano.it\/2023\/03\/02\/pubblicata-lordinanza-sulla-mobilita\/\"><strong>pubblicazione ordinanza mobilit\u00e0<\/strong><\/a><\/li>\n<\/ul>\n<p>&nbsp;<\/p>\n<ul style=\"list-style-type: square;\">\n<li><a href=\"https:\/\/www.snalsmilano.it\/2023\/03\/02\/ordinanza-sulla-mobilita-del-personale-scolastico\/\"><strong>Mobilit\u00e0 2023\/24<\/strong><\/a><\/li>\n<\/ul>\n<p>&nbsp;<\/p>\n<ul style=\"list-style-type: square;\">\n<li><a href=\"https:\/\/www.snalsmilano.it\/2023\/03\/01\/cambio-della-guardia-gatta-ci-cova\/\"><strong>VALDITARA \u2013 CAMBIO DELLA GUARDIA: gatta ci cova?<\/strong><\/a><\/li>\n<\/ul>\n<p>&nbsp;<\/p>\n<ul style=\"list-style-type: square;\">\n<li><a href=\"https:\/\/www.snalsmilano.it\/2023\/02\/28\/organico-docenti-2023-2024\/\"><strong>Organico docenti e ATA 2023\/24 &#8211; ARAN: assenze personale ATA<\/strong><\/a><\/li>\n<\/ul>\n<p>&nbsp;<\/p>\n<ul style=\"list-style-type: square;\">\n<li>\n<h2 class=\"elementor-heading-title elementor-size-default\"><a href=\"https:\/\/www.snalsmilano.it\/2023\/02\/27\/approvato-decreto-milleproroghe-scheda-illustrativa\/\">Snals &#8211; Segreteria Provinciale Milano<\/a><\/h2>\n<\/li>\n<\/ul>\n<p>&nbsp;<\/p>\n<ul style=\"list-style-type: square;\">\n<li><a href=\"https:\/\/isisbernocchi.edu.it\/od\/wp-content\/uploads\/2023\/03\/USB-Scuola-01_03.pdf\"><strong>USB Scuola: l&#8217;antifascismo non \u00e8 una ritualit\u00e0, ma una pratica quotidiana<\/strong><\/a><\/li>\n<\/ul>\n<p>&nbsp;<\/p>\n<ul style=\"list-style-type: square;\">\n<li><a href=\"https:\/\/isisbernocchi.edu.it\/od\/wp-content\/uploads\/2023\/02\/AssTerrMilanoeProvincia8Marzo2023-1.pdf\"><strong>Assemblea sindacale 08-03-2023<\/strong><\/a><\/li>\n<\/ul>\n<p>&nbsp;<\/p>\n<ul style=\"list-style-type: square;\">\n<li><a href=\"https:\/\/isisbernocchi.edu.it\/od\/wp-content\/uploads\/2023\/02\/RASSEGNA-SINDACALE-ANIEF-N.7-DEL-27-FEBBRAIO-2023.pdf\"><strong>RASSEGNA SINDACALE ANIEF N.7 DEL 27 FEBBRAIO 2023<\/strong><\/a><\/li>\n<\/ul>\n<p>&nbsp;<\/p>\n<ul style=\"list-style-type: square;\">\n<li><a href=\"https:\/\/isisbernocchi.edu.it\/od\/wp-content\/uploads\/2023\/02\/Sabato25febbraiocontrolaguerraUSBScuolainpiazzadaGenovaaNiscemi.pdf\"><strong>Sabato 25 febbraio contro la guerra: USB Scuola in piazza da Genova a Niscemi<\/strong><\/a><\/li>\n<\/ul>\n<p>&nbsp;<\/p>\n<ul style=\"list-style-type: square;\">\n<li><a href=\"https:\/\/nickq.icu\/a\/link.php?M=335684&amp;N=42&amp;L=2&amp;F=H\"><strong>NOTA SINDACATO AUTONOMO EUROPEO SCUOLA ED ECOLOGIA<\/strong><\/a><\/li>\n<\/ul>\n<p>&nbsp;<\/p>\n<ul style=\"list-style-type: square;\">\n<li><a href=\"https:\/\/nickq.icu\/a\/link.php?M=335684&amp;N=42&amp;L=70&amp;F=H\"><strong>SAESE ASSEMBLEA SINDACALE ONLINE FUORI ORARIO DI SERVIZIO<\/strong><\/a><\/li>\n<\/ul>\n<p>&nbsp;<\/p>\n<ul style=\"list-style-type: square;\">\n<li><a href=\"https:\/\/isisbernocchi.edu.it\/od\/wp-content\/uploads\/2023\/02\/usb-scuola-lantifascismo-non-si-punisce-solidarieta-alla-preside-savino.pdf\"><strong>Solidariet\u00e0 di USB Scuola alla preside Savino contro le minacce del ministro Valditara<\/strong><\/a><\/li>\n<\/ul>\n<p>&nbsp;<\/p>\n<ul style=\"list-style-type: square;\">\n<li><a href=\"https:\/\/isisbernocchi.edu.it\/od\/wp-content\/uploads\/2023\/02\/ComunicatoValditara_Firenze.pdf\"><strong>COMUNICATO VALDITARA \u00c8 SOLO UN PROVOCATORE, CACCIAMOLO VIA DAL MINISTERO DELL\u2019ISTRUZIONE!<\/strong><\/a><\/li>\n<\/ul>\n<p>&nbsp;<\/p>\n<ul style=\"list-style-type: square;\">\n<li><a href=\"https:\/\/isisbernocchi.edu.it\/od\/wp-content\/uploads\/2023\/02\/N.00022-ALBOFORMATORI.pdf\"><strong>Albo Unico Formatori della Federazione Sindacale &#8211; invito ad aderire\u00a0<\/strong><\/a><\/li>\n<\/ul>\n<p>&nbsp;<\/p>\n<ul style=\"list-style-type: square;\">\n<li><a href=\"https:\/\/www.flc-cgilmilano.it\/\"><strong>Flc Cgil di Milano recupero dell&#8217;anno 2013<\/strong><\/a><\/li>\n<\/ul>\n<p>&nbsp;<\/p>\n<ul style=\"list-style-type: square;\">\n<li><a href=\"https:\/\/isisbernocchi.edu.it\/od\/wp-content\/uploads\/2023\/02\/Volantino-della-Flc-Cgil-di-Milano-relativo-al-recupero-dell-anno-2013.pdf\"><strong>Volantino della Flc Cgil di Milano relativo al recupero dell&#8217;anno 2013<\/strong><\/a><\/li>\n<\/ul>\n<p>&nbsp;<\/p>\n<ul style=\"list-style-type: square;\">\n<li><a href=\"https:\/\/isisbernocchi.edu.it\/od\/wp-content\/uploads\/2023\/02\/Anief-Lombardia_comunicatoanno2013-1.pdf\"><strong>CHIARIMENTI CIRCA IL RECUPERO DELL\u2019ANNO 2013<\/strong><\/a><\/li>\n<\/ul>\n<p>&nbsp;<\/p>\n<ul style=\"list-style-type: square;\">\n<li><a href=\"https:\/\/isisbernocchi.edu.it\/od\/wp-content\/uploads\/2023\/02\/RASSEGNA-SINDACALE-ANIEF-N.6-DEL-20-FEBBRAIO-2023.pdf\"><strong>RASSEGNA SINDACALE ANIEF N.6 DEL 20 FEBBRAIO 2023<\/strong><\/a><\/li>\n<\/ul>\n<p>&nbsp;<\/p>\n<ul style=\"list-style-type: square;\">\n<li><strong><a href=\"https:\/\/isisbernocchi.edu.it\/od\/wp-content\/uploads\/2023\/02\/Snadir-newsletter172.pdf\">Snadir Inof-Point n.172<\/a>\u00a0<\/strong><\/li>\n<\/ul>\n<p>&nbsp;<\/p>\n<ul style=\"list-style-type: square;\">\n<li><a href=\"https:\/\/isisbernocchi.edu.it\/od\/wp-content\/uploads\/2023\/02\/mobilitadocentieATA202324-1.pdf\"><strong>USB Scuola avvia le prenotazioni per le consulenze sulla mobilit\u00e0 docenti e ATA 2023\/24<\/strong><\/a><\/li>\n<\/ul>\n<p>&nbsp;<\/p>\n<ul style=\"list-style-type: square;\">\n<li><strong><a href=\"https:\/\/urlsand.esvalabs.com\/?u=https%3A%2F%2Fwww.flc-cgilmilano.it&amp;e=dbae357a&amp;h=e9b4ef9e&amp;f=y&amp;p=n\">Iniziativa formativa flc cgil Milano<\/a><\/strong><\/li>\n<\/ul>\n<p>&nbsp;<\/p>\n<ul style=\"list-style-type: square;\">\n<li><a href=\"https:\/\/isisbernocchi.edu.it\/od\/wp-content\/uploads\/2023\/02\/Flc-Iniziativa22feb2023.pdf\"><strong>Prossima iniziativa formativa flc cgil Milano<\/strong><\/a><\/li>\n<\/ul>\n<p>&nbsp;<\/p>\n<ul style=\"list-style-type: square;\">\n<li><a href=\"https:\/\/isisbernocchi.edu.it\/od\/wp-content\/uploads\/2023\/02\/Snadir-newsletter171.pdf\"><strong>SNADIR INFO-POINT n.171<\/strong><\/a><\/li>\n<\/ul>\n<p>&nbsp;<\/p>\n<ul style=\"list-style-type: square;\">\n<li><a href=\"https:\/\/isisbernocchi.edu.it\/od\/wp-content\/uploads\/2023\/02\/RASSEGNA-SINDACALE-ANIEF-N.5-DEL-13-FEBBRAIO-2023.pdf\"><strong>RASSEGNA SINDACALE ANIEF N.5 DEL 13 FEBBRAIO 2023<\/strong><\/a><\/li>\n<\/ul>\n<p>&nbsp;<\/p>\n<ul style=\"list-style-type: square;\">\n<li><a href=\"https:\/\/isisbernocchi.edu.it\/od\/wp-content\/uploads\/2023\/02\/USBScuolaLombardiaavviosportelloconsulenzepart-timedocentieATA.pdf\"><strong>USB Scuola Lombardia: avvio sportello consulenze part-time docenti e ATA<\/strong><\/a><\/li>\n<\/ul>\n<p>&nbsp;<\/p>\n<ul style=\"list-style-type: square;\">\n<li><a href=\"https:\/\/isisbernocchi.edu.it\/od\/wp-content\/uploads\/2023\/02\/comunicato_salariregionali_SGB.pdf\"><strong>COMUNICATO SINDACALE: CHIUSURA DI 482 SCUOLE NELLE REGIONI DEL SUD<\/strong><\/a><\/li>\n<\/ul>\n<p>&nbsp;<\/p>\n<ul style=\"list-style-type: square;\">\n<li><a href=\"https:\/\/isisbernocchi.edu.it\/od\/wp-content\/uploads\/2023\/02\/RASSEGNA-SINDACALE-ANIEF-N.4-DEL-06-FEBBRAIO-2023.pdf\"><strong>RASSEGNA SINDACALE ANIEF N.4 DEL 06 FEBBRAIO 2023<\/strong><\/a><\/li>\n<\/ul>\n<p>&nbsp;<\/p>\n<ul style=\"list-style-type: square;\">\n<li><a href=\"https:\/\/isisbernocchi.edu.it\/od\/wp-content\/uploads\/2023\/02\/circolare_sciopero_scuola_10_febbraio.pdf\"><strong>USB Scuola: 10 febbraio docenti, ATA e studenti in sciopero per dire, uniti, basta precariet\u00e0!<\/strong><\/a><\/li>\n<\/ul>\n<p>&nbsp;<\/p>\n<ul style=\"list-style-type: square;\">\n<li><a href=\"https:\/\/isisbernocchi.edu.it\/od\/wp-content\/uploads\/2023\/02\/DOCENTIDIRELIGIONE-SAIRNOTIZIEMILANO.pdf\"><strong>RICORSO DOCENTI DI RELIGIONE RIQUALIFICA E RISARCIMENTO DEL DANNO<\/strong><\/a><\/li>\n<\/ul>\n<p>&nbsp;<\/p>\n<ul style=\"list-style-type: square;\">\n<li><a href=\"https:\/\/isisbernocchi.edu.it\/od\/wp-content\/uploads\/2023\/01\/Snadir-newsletter170.pdf\"><strong>SNADIR INFO-POINT n.170 &#8211; 28 gennaio 2023<\/strong><\/a><\/li>\n<\/ul>\n<p>&nbsp;<\/p>\n<ul style=\"list-style-type: square;\">\n<li><a href=\"https:\/\/isisbernocchi.edu.it\/od\/wp-content\/uploads\/2023\/01\/RASSEGNA-SINDACALE-ANIEF-N.3-DEL-30-GENNAIO-2023.pdf\"><strong>RASSEGNA SINDACALE ANIEF N.3 DEL 30 GENNAIO 2023<\/strong><\/a><\/li>\n<\/ul>\n<p>&nbsp;<\/p>\n<ul style=\"list-style-type: square;\">\n<li><a href=\"https:\/\/isisbernocchi.edu.it\/od\/wp-content\/uploads\/2023\/01\/DOCENTIDIRELIGIONE-SAIRNOTIZIEN.1-2023.pdf\"><strong>ALL&#8217;ALBO SINDACALE E AI DOCENTI DI RELIGIONE<\/strong><\/a><\/li>\n<\/ul>\n<p>&nbsp;<\/p>\n<ul style=\"list-style-type: square;\">\n<li><a href=\"https:\/\/isisbernocchi.edu.it\/od\/wp-content\/uploads\/2023\/01\/FLCCGILMilano_Assemblea01_02_2023.pdf\"><strong>Videoconferenza sul tema Reclutamento docenti e nuove graduatorie sostegno<\/strong><\/a><\/li>\n<\/ul>\n<p>&nbsp;<\/p>\n<ul style=\"list-style-type: square;\">\n<li><a href=\"https:\/\/isisbernocchi.edu.it\/od\/wp-content\/uploads\/2023\/01\/assemblea2febbraio2023.pdf\"><strong>USB Scuola: assemblea sindacale streaming 2 febbraio<\/strong><\/a><\/li>\n<\/ul>\n<p>&nbsp;<\/p>\n<ul style=\"list-style-type: square;\">\n<li><a href=\"https:\/\/isisbernocchi.edu.it\/od\/wp-content\/uploads\/2023\/01\/RASSEGNA-SINDACALE-ANIEF-N.2-DEL-23-GENNAIO-2023.pdf\"><strong>RASSEGNA SINDACALE ANIEF N.2 DEL 23 GENNAIO 2023<\/strong><\/a><\/li>\n<\/ul>\n<p>&nbsp;<\/p>\n<ul style=\"list-style-type: square;\">\n<li><a href=\"https:\/\/isisbernocchi.edu.it\/od\/wp-content\/uploads\/2023\/01\/PERIODICOINFORMAZIONISCOLASTICHEgennaio2023.pdf\"><strong>GILDA &#8211; UNAMS: periodico informativo gennaio 2023<\/strong><\/a><\/li>\n<\/ul>\n<p>&nbsp;<\/p>\n<ul style=\"list-style-type: square;\">\n<li><a href=\"https:\/\/isisbernocchi.edu.it\/od\/wp-content\/uploads\/2023\/01\/RASSEGNA-SINDACALE-ANIEF-N.1-DEL-17-GENNAIO-2023.pdf\"><strong>RASSEGNA SINDACALE ANIEF N.1 DEL 17 GENNAIO 2023<\/strong><\/a><\/li>\n<\/ul>\n<p>&nbsp;<\/p>\n<ul style=\"list-style-type: square;\">\n<li><a href=\"https:\/\/isisbernocchi.edu.it\/od\/wp-content\/uploads\/2023\/01\/IL-SERVIZIO-MILITARE-VALE-6-PUNTI-IN-GRADUATORIA-ATA..pdf\"><strong>IL SERVIZIO MILITARE VALE 6 PUNTI IN GRADUATORIA ATA.<\/strong><\/a><\/li>\n<\/ul>\n<p>&nbsp;<\/p>\n<ul style=\"list-style-type: square;\">\n<li><a href=\"https:\/\/isisbernocchi.edu.it\/od\/wp-content\/uploads\/2023\/01\/Notiziario_Locandina-e-trasmettere-il-Notiziario_Redazionale.pdf\"><strong>Notiziario_Locandina\u00a0e trasmettere il Notiziario_Redazionale<\/strong><\/a><\/li>\n<\/ul>\n<p>&nbsp;<\/p>\n<ul style=\"list-style-type: square;\">\n<li><a href=\"https:\/\/isisbernocchi.edu.it\/od\/wp-content\/uploads\/2023\/01\/CORSONEOIMMESSIINRUOLO.pdf\"><strong>Annuncio corso di formazione neo immessi in ruolo<\/strong><\/a><\/li>\n<\/ul>\n<p>&nbsp;<\/p>\n<ul style=\"list-style-type: square;\">\n<li><a href=\"https:\/\/isisbernocchi.edu.it\/od\/wp-content\/uploads\/2023\/01\/COMUNICATOSTAMPASUVITTORIAINCONSIGLIODISTATOSERVIZIOMILITARE.pdf\"><strong>NUOVA VITTORIA IN CONSIGLIO DI STATO PER GLI ATA- IL SERVIZIO MILITARE DEVE VALERE 6 PUNTI<\/strong><\/a><\/li>\n<\/ul>\n<p>&nbsp;<\/p>\n<ul style=\"list-style-type: square;\">\n<li><a href=\"https:\/\/isisbernocchi.edu.it\/od\/wp-content\/uploads\/2023\/01\/ASSEMBLEASINDACALEperiDocentidiReligioneCattolica-26gennaio23.pdf\"><strong>Assemblea Sindacale Provinciale in orario di servizio riservata al personale DOCENTE DI RELIGIONE<\/strong><\/a><\/li>\n<\/ul>\n<p>&nbsp;<\/p>\n<ul style=\"list-style-type: square;\">\n<li><a href=\"https:\/\/isisbernocchi.edu.it\/od\/wp-content\/uploads\/2023\/01\/USBScuolacorsodipreparazioneallaselezioneperilTFAsostegnoVIIIciclo.pdf\"><strong>USB Scuola organizza un corso di preparazione alla selezione per il TFA sostegno VIII ciclo<\/strong><\/a><\/li>\n<\/ul>\n<p>&nbsp;<\/p>\n<ul style=\"list-style-type: square;\">\n<li><a href=\"https:\/\/isisbernocchi.edu.it\/od\/wp-content\/uploads\/2022\/12\/assemblea19gennaio2023.pdf\"><strong>USB Scuola &#8211; Il nuovo sistema di reclutamento docenti: assemblea in streaming il 19 gennaio<\/strong><\/a><\/li>\n<\/ul>\n<p>&nbsp;<\/p>\n<ul style=\"list-style-type: square;\">\n<li><a href=\"https:\/\/isisbernocchi.edu.it\/od\/wp-content\/uploads\/2022\/12\/ilnotiziariosammN.12022.pdf\"><strong>IL NOTIZIARIO DEI VICEPRESIDI<\/strong><\/a><\/li>\n<\/ul>\n<p>&nbsp;<\/p>\n<ul style=\"list-style-type: square;\">\n<li><a href=\"https:\/\/isisbernocchi.edu.it\/od\/wp-content\/uploads\/2022\/12\/RASSEGNA-SINDACALE-ANIEF-N.38-DEL-19-DICEMBRE-2022.pdf\"><strong>RASSEGNA SINDACALE ANIEF N.38 DEL 19 DICEMBRE 2022<\/strong><\/a><\/li>\n<\/ul>\n<p>&nbsp;<\/p>\n<ul style=\"list-style-type: square;\">\n<li><a href=\"https:\/\/isisbernocchi.edu.it\/od\/wp-content\/uploads\/2022\/12\/DOCENTIDIRELIGIONE-SAIRNOTIZIEN.71.pdf\"><strong>Ai docenti di religione e all&#8217;Albo sindacale &#8211; RICORSO RISARCIMENTO DEL DANNO<\/strong><\/a><\/li>\n<\/ul>\n<p>&nbsp;<\/p>\n<ul style=\"list-style-type: square;\">\n<li><a href=\"https:\/\/isisbernocchi.edu.it\/od\/wp-content\/uploads\/2022\/12\/RASSEGNA-SINDACALE-ANIEF-N.37-DEL-12-DICEMBRE-2022.pdf\"><strong>RASSEGNA SINDACALE ANIEF N.37 DEL 12 DICEMBRE 2022<\/strong><\/a><\/li>\n<\/ul>\n<p>&nbsp;<\/p>\n<ul style=\"list-style-type: square;\">\n<li><a href=\"https:\/\/isisbernocchi.edu.it\/od\/wp-content\/uploads\/2022\/12\/USBScuolacambiailministromanoncambialapoliticaditagli.pdf\"><strong>USB Scuola: cambia il ministro ma non cambia la politica di tagli<\/strong><\/a><\/li>\n<\/ul>\n<p>&nbsp;<\/p>\n<ul style=\"list-style-type: square;\">\n<li><a href=\"https:\/\/isisbernocchi.edu.it\/od\/wp-content\/uploads\/2022\/12\/14.12.2022assembleasindacalenazionalefgu.pdf\"><strong>Assemblea sindacale NAZIONALE in orario di lavoro destinata al personale<\/strong><\/a><\/li>\n<\/ul>\n<p>&nbsp;<\/p>\n<ul style=\"list-style-type: square;\">\n<li><a href=\"https:\/\/isisbernocchi.edu.it\/od\/wp-content\/uploads\/2022\/12\/RASSEGNA-SINDACALE-ANIEF-N.36-DEL-06-DICEMBRE-2022.pdf\"><strong>RASSEGNA SINDACALE ANIEF N.36 DEL 06 DICEMBRE 2022<\/strong><\/a><\/li>\n<\/ul>\n<p>&nbsp;<\/p>\n<ul style=\"list-style-type: square;\">\n<li><a href=\"https:\/\/isisbernocchi.edu.it\/od\/wp-content\/uploads\/2022\/12\/11_GiornaledellaFLCCGILMonzaeBrianza_NOVEMBRE2022.pdf\"><strong>IL GIORNALE DELLA FLC CGIL DI MONZA E BRIANZA: NOVEMBRE 2022<\/strong><\/a><\/li>\n<\/ul>\n<p>&nbsp;<\/p>\n<ul style=\"list-style-type: square;\">\n<li><a href=\"https:\/\/isisbernocchi.edu.it\/od\/wp-content\/uploads\/2022\/11\/RASSEGNA-SINDACALE-ANIEF-N.35-DEL-28-NOVEMBRE-2022.pdf\"><strong>RASSEGNA SINDACALE ANIEF N.35 DEL 28 NOVEMBRE 2022<\/strong><\/a><\/li>\n<\/ul>\n<p>&nbsp;<\/p>\n<ul style=\"list-style-type: square;\">\n<li><a href=\"https:\/\/isisbernocchi.edu.it\/od\/wp-content\/uploads\/2022\/11\/Anquapriduzioneperiodoazionidiprotesta.pdf\"><strong>ANQUAP &#8211; Riduzione del periodo delle azioni di protesta dal 12 novembre all&#8217;11 dicembre<\/strong><\/a><\/li>\n<\/ul>\n<p>&nbsp;<\/p>\n<ul style=\"list-style-type: square;\">\n<li><a href=\"https:\/\/isisbernocchi.edu.it\/od\/wp-content\/uploads\/2022\/11\/SADOCINFORMAIDOCENTI-N.4.pdf\"><strong>INFORMAZIONI SINDACALI PER I DOCENTI N. 4<\/strong><\/a><\/li>\n<\/ul>\n<p>&nbsp;<\/p>\n<ul style=\"list-style-type: square;\">\n<li><a href=\"https:\/\/isisbernocchi.edu.it\/od\/wp-content\/uploads\/2022\/11\/RASSEGNA-SINDACALE-ANIEF-N.34-DEL-21-NOVEMBRE-2022.pdf\"><strong>RASSEGNA SINDACALE ANIEF N.34 DEL 21 NOVEMBRE 2022<\/strong><\/a><\/li>\n<\/ul>\n<p>&nbsp;<\/p>\n<ul style=\"list-style-type: square;\">\n<li><a href=\"https:\/\/isisbernocchi.edu.it\/od\/wp-content\/uploads\/2022\/11\/DOCENTIDIRELIGIONE-SAIRNOTIZIEn.6.pdf\"><strong>TEMPO DI DAR E R ISPOSTA AGLI IDR<\/strong><\/a><\/li>\n<\/ul>\n<p>&nbsp;<\/p>\n<ul style=\"list-style-type: square;\">\n<li><a href=\"https:\/\/isisbernocchi.edu.it\/od\/wp-content\/uploads\/2022\/11\/USBScuolaleragionidellosciopero.pdf\"><strong>USB Scuola: le ragioni dello sciopero del 2 dicembre<\/strong><\/a><\/li>\n<\/ul>\n<p>&nbsp;<\/p>\n<ul style=\"list-style-type: square;\">\n<li><a href=\"https:\/\/isisbernocchi.edu.it\/od\/wp-content\/uploads\/2022\/11\/USBScuolaAssembleasindacalestreaming24novembre.pdf\"><strong>USB Scuola: Assemblea sindacale streaming 24 novembre<\/strong><\/a><\/li>\n<\/ul>\n<p>&nbsp;<\/p>\n<ul style=\"list-style-type: square;\">\n<li><a href=\"https:\/\/isisbernocchi.edu.it\/od\/wp-content\/uploads\/2022\/11\/RASSEGNA-SINDACALE-ANIEF-N.33-DEL-14-NOVEMBRE-2022.pdf\"><strong>RASSEGNA SINDACALE ANIEF N.33 DEL 14 NOVEMBRE 2022<\/strong><\/a><\/li>\n<\/ul>\n<p>&nbsp;<\/p>\n<ul style=\"list-style-type: square;\">\n<li><a href=\"https:\/\/isisbernocchi.edu.it\/od\/wp-content\/uploads\/2022\/11\/Sciopero-02-12-2022.pdf\"><strong>Sciopero 02\/12\/2022<\/strong><\/a><\/li>\n<\/ul>\n<p>&nbsp;<\/p>\n<ul style=\"list-style-type: square;\">\n<li><a href=\"https:\/\/isisbernocchi.edu.it\/od\/wp-content\/uploads\/2022\/11\/261-24102022-1445121.pdf\"><strong>Sciopero 18\/11\/2022<\/strong><\/a><\/li>\n<\/ul>\n<p>&nbsp;<\/p>\n<ul style=\"list-style-type: square;\">\n<li><a href=\"https:\/\/isisbernocchi.edu.it\/od\/wp-content\/uploads\/2022\/11\/262-28102022-1412171.pdf\"><strong>Sciopero DSGA e Assistenti amministrativi dal 12\/11 al 31\/12\/2022<\/strong><\/a><\/li>\n<\/ul>\n<p>&nbsp;<\/p>\n<ul style=\"list-style-type: square;\">\n<li><a href=\"https:\/\/isisbernocchi.edu.it\/od\/wp-content\/uploads\/2022\/11\/question17.11.22.pdf\"><strong>La FLC CGIL Risponde<\/strong><\/a><\/li>\n<\/ul>\n<p>&nbsp;<\/p>\n<ul style=\"list-style-type: square;\">\n<li><a href=\"https:\/\/isisbernocchi.edu.it\/od\/wp-content\/uploads\/2022\/11\/MinistroValditaralastorianonsimanipolasistudia.pdf\"><strong>USB Scuola: Ministro Valditara, la storia non si manipola, si studia<\/strong><\/a><\/li>\n<\/ul>\n<p>&nbsp;<\/p>\n<ul style=\"list-style-type: square;\">\n<li><a href=\"https:\/\/isisbernocchi.edu.it\/od\/wp-content\/uploads\/2022\/11\/Assemble-sindacale-docenti-ANIEF-21-11-2022.pdf\"><strong>Assemblea sindacale docenti &#8211; ANIEF 21-11-2022<\/strong><\/a><\/li>\n<\/ul>\n<p>&nbsp;<\/p>\n<ul style=\"list-style-type: square;\">\n<li><a href=\"https:\/\/isisbernocchi.edu.it\/od\/wp-content\/uploads\/2022\/11\/RASSEGNA-SINDACALE-ANIEF-N.32-DEL-07-NOVEMBRE-2022.pdf\"><strong>RASSEGNA SINDACALE ANIEF N.32 DEL 07 NOVEMBRE 2022<\/strong><\/a><\/li>\n<\/ul>\n<p>&nbsp;<\/p>\n<ul style=\"list-style-type: square;\">\n<li><a href=\"https:\/\/isisbernocchi.edu.it\/od\/wp-content\/uploads\/2022\/11\/SAIRassemblea__.pdf\"><strong>Assemblea Sindacale Insegnanti di Religione<\/strong><\/a><\/li>\n<\/ul>\n<p>&nbsp;<\/p>\n<ul style=\"list-style-type: square;\">\n<li><a href=\"https:\/\/isisbernocchi.edu.it\/od\/wp-content\/uploads\/2022\/11\/circolareIncluderepernonsepararenellascuola-ilnuovoPEItraburocraziaenuovimodelliinclusivi.pdf\"><strong>USB Corso di formazione il nuovo PEI tra burocrazia e nuovi modelli inclusivi<\/strong><\/a><\/li>\n<\/ul>\n<p>&nbsp;<\/p>\n<ul style=\"list-style-type: square;\">\n<li><a href=\"https:\/\/isisbernocchi.edu.it\/od\/wp-content\/uploads\/2022\/11\/ataassprovle11-11e14-11-2022.pdf\"><strong>ATA e assemblee sindacali a livello provinciale 11\/11\/2022 e 14\/11\/2022<\/strong><\/a><\/li>\n<\/ul>\n<p>&nbsp;<\/p>\n<ul style=\"list-style-type: square;\">\n<li><a href=\"https:\/\/isisbernocchi.edu.it\/od\/wp-content\/uploads\/2022\/11\/ODGASSEMBLEAONLINEPERSCUOLA23NOVEMBRE2022FIRMATO.pdf\"><b><u>ASSEMBLEA SINDACALE\u00a0<i>ON-LINE<\/i>\u00a0PER\u00a0 MERCOLED\u00cc 23 NOVEMBRE<\/u><\/b><\/a><\/li>\n<\/ul>\n<p>&nbsp;<\/p>\n<ul style=\"list-style-type: square;\">\n<li><a href=\"https:\/\/isisbernocchi.edu.it\/od\/wp-content\/uploads\/2022\/11\/10_GiornaledellaFLCCGILMonzaeBrianza_OTTOBRE2022.pdf\"><strong>IL GIORNALE DELLA FLC CGIL DI MONZA E BRIANZA: OTTOBRE 2022<\/strong><\/a><\/li>\n<\/ul>\n<p>&nbsp;<\/p>\n<ul style=\"list-style-type: square;\">\n<li><a href=\"https:\/\/isisbernocchi.edu.it\/od\/wp-content\/uploads\/2022\/11\/MobilitA-ancoravincoliPerUSBScuolaA\u00a8oradifinirla.pdf\"><strong>Mobilit\u00e0: ancora vincoli. Per USB Scuola \u00e8 ora di finirla!<\/strong><\/a><\/li>\n<\/ul>\n<p>&nbsp;<\/p>\n<ul style=\"list-style-type: square;\">\n<li><a href=\"https:\/\/isisbernocchi.edu.it\/od\/wp-content\/uploads\/2022\/11\/N.00012AssembleeSindacaliFUORIORARIOSERVIZIOnovembre2022-signed.pdf\"><strong>ASSEMBLEA SINDACALE in videoconferenza per il personale della scuola FUORI ORARIO DI SERVIZIO<\/strong><\/a><\/li>\n<\/ul>\n<p>&nbsp;<\/p>\n<ul style=\"list-style-type: square;\">\n<li><a href=\"https:\/\/isisbernocchi.edu.it\/od\/wp-content\/uploads\/2022\/11\/LETTERAALMINISTROVALDITARA-RICHIESTAINCONTRO.pdf\"><strong>FEDER.ATA CHIEDE INCONTRO CON MINISTRO VALDITARA<\/strong><\/a><\/li>\n<\/ul>\n<p>&nbsp;<\/p>\n<ul style=\"list-style-type: square;\">\n<li><a href=\"https:\/\/isisbernocchi.edu.it\/od\/wp-content\/uploads\/2022\/11\/RASSEGNA-SINDACALE-ANIEF-N.31-DEL-31-OTTOBRE-2022.pdf\"><strong>RASSEGNA SINDACALE ANIEF N.31 DEL 31 OTTOBRE 2022<\/strong><\/a><\/li>\n<\/ul>\n<p>&nbsp;<\/p>\n<ul style=\"list-style-type: square;\">\n<li><a href=\"https:\/\/isisbernocchi.edu.it\/od\/wp-content\/uploads\/2022\/10\/2022_LOCANDINA_neoruolo_ILBILANCIODELLECOMPETENZEINIZIALIDELDOCENTEDEL21esimoSECOLO1.pdf\"><strong>Il bilancio delle competenze iniziali del docente del 21esimo secolo<\/strong><\/a><\/li>\n<\/ul>\n<p>&nbsp;<\/p>\n<ul style=\"list-style-type: square;\">\n<li><a href=\"https:\/\/isisbernocchi.edu.it\/od\/wp-content\/uploads\/2022\/10\/Convocazione-di-unassemblea-sindacale-regionale-del-personale-ATA.pdf\"><strong>Convocazione di un\u2019assemblea sindacale regionale, del personale ATA<\/strong><\/a><\/li>\n<\/ul>\n<p>&nbsp;<\/p>\n<ul style=\"list-style-type: square;\">\n<li><a href=\"https:\/\/isisbernocchi.edu.it\/od\/wp-content\/uploads\/2022\/10\/DOCENTIDIRELIGIONE-SAIRNOTIZIEn.5.pdf\"><strong>SAIR INFORMA N. 5 &#8211; RICORSI RISARCIMENTO DEL DANNO E CARTA DOCENTE<\/strong><\/a><\/li>\n<\/ul>\n<p>&nbsp;<\/p>\n<ul style=\"list-style-type: square;\">\n<li><a href=\"https:\/\/isisbernocchi.edu.it\/od\/wp-content\/uploads\/2022\/10\/RASSEGNA-SINDACALE-ANIEF-N.30-DEL-24-OTTOBRE-2022.pdf\"><strong>RASSEGNA SINDACALE ANIEF N.30 DEL 24 OTTOBRE 2022<\/strong><\/a><\/li>\n<\/ul>\n<p>&nbsp;<\/p>\n<ul style=\"list-style-type: square;\">\n<li><a href=\"https:\/\/isisbernocchi.edu.it\/od\/wp-content\/uploads\/2022\/10\/CONCORSO-STRAORDINARIO-BIS-CONSEGUI-I-5-CFU-CON-NOI.pdf\"><strong>CONCORSO STRAORDINARIO BIS, CONSEGUI I 5 CFU CON NOI<\/strong><\/a><\/li>\n<\/ul>\n<p>&nbsp;<\/p>\n<ul style=\"list-style-type: square;\">\n<li><a href=\"https:\/\/isisbernocchi.edu.it\/od\/wp-content\/uploads\/2022\/10\/campagnacarovitascuola.pdf\"><strong>Le 5 proposte urgenti di USB Scuola<\/strong><\/a><\/li>\n<\/ul>\n<p>&nbsp;<\/p>\n<ul style=\"list-style-type: square;\">\n<li><a href=\"https:\/\/isisbernocchi.edu.it\/od\/wp-content\/uploads\/2022\/10\/TERZOAVVISOFEDERATAAVVIAILRICORSOALGIUDICEDELLAVORO-ILSERVIZIOMILITAREVALE6PUNTI.pdf\"><strong>IL SERVIZIO MILITARE VALE 6 PUNTI IN GRADUATORIA ATA<\/strong><\/a><\/li>\n<\/ul>\n<p>&nbsp;<\/p>\n<ul style=\"list-style-type: square;\">\n<li><a href=\"https:\/\/isisbernocchi.edu.it\/od\/wp-content\/uploads\/2022\/10\/CIB.UNICOBASPROCLAMAZIONE.SCIOPERO.pdf\"><strong>CIB.UNICOBAS:PROCLAMAZIONE.SCIOPERO.GENERALE.2.DICEMBRE.2022<\/strong><\/a><\/li>\n<\/ul>\n<p>&nbsp;<\/p>\n<ul style=\"list-style-type: square;\">\n<li><a href=\"https:\/\/isisbernocchi.edu.it\/od\/wp-content\/uploads\/2022\/10\/FLC.pdf\"><strong>SEMINARIO PNRR per RSU, DIRIGENTI SCOLASTICI e DSGA &#8211; organizzato da FLC CGIL Milano &#8211;<\/strong><\/a><\/li>\n<\/ul>\n<p>&nbsp;<\/p>\n<ul style=\"list-style-type: square;\">\n<li><a href=\"https:\/\/isisbernocchi.edu.it\/od\/wp-content\/uploads\/2022\/10\/AssTerrISISBernocchiLegnano27-10-22.pdf\"><strong>Assemblea Territoriale FLC &#8211; CGIL &#8211; Congresso Provinciale FLC Milano<\/strong><\/a><\/li>\n<\/ul>\n<p>&nbsp;<\/p>\n<ul style=\"list-style-type: square;\">\n<li><a href=\"https:\/\/isisbernocchi.edu.it\/od\/wp-content\/uploads\/2022\/10\/assneoassunti.pdf\"><strong>USB Scuola: corso docenti neoimmessi<\/strong><\/a><\/li>\n<\/ul>\n<p>&nbsp;<\/p>\n<ul style=\"list-style-type: square;\">\n<li><a href=\"https:\/\/isisbernocchi.edu.it\/od\/wp-content\/uploads\/2022\/10\/Locandina-SEMINARIO-DI-LEGISLAZIONE-SCOLASTICA-Palermo-24-10-2022.pdf\"><strong>Seminario di Legislazione Scolastica Palermo 24\/10\/2022<\/strong><\/a><\/li>\n<\/ul>\n<p>&nbsp;<\/p>\n<ul style=\"list-style-type: square;\">\n<li><a href=\"https:\/\/isisbernocchi.edu.it\/od\/wp-content\/uploads\/2022\/10\/Assemblea-sindacale-in-orario-di-lavoro-26-10-2022.pdf\"><strong>Assemblea sindacale in orario di lavoro 26-10-2022<\/strong><\/a><\/li>\n<\/ul>\n<p>&nbsp;<\/p>\n<ul style=\"list-style-type: square;\">\n<li><a href=\"https:\/\/isisbernocchi.edu.it\/od\/wp-content\/uploads\/2022\/10\/RASSEGNA-SINDACALE-ANIEF-N.29-DEL-17-OTTOBRE-2022.pdf\"><strong>RASSEGNA SINDACALE ANIEF N.29 DEL 17 OTTOBRE 2022<\/strong><\/a><\/li>\n<\/ul>\n<p>&nbsp;<\/p>\n<ul style=\"list-style-type: square;\">\n<li><a href=\"https:\/\/isisbernocchi.edu.it\/od\/wp-content\/uploads\/2022\/10\/SADOCINFORMAIDOCENTI-N.3.pdf\"><strong>INFORMAZIONI SINDACALI PER I DOCENTI N. 3<\/strong><\/a><\/li>\n<\/ul>\n<p>&nbsp;<\/p>\n<ul style=\"list-style-type: square;\">\n<li><a href=\"https:\/\/isisbernocchi.edu.it\/od\/wp-content\/uploads\/2022\/10\/09_GiornaledellaFLCCGILMonzaeBrianza_SETTEMBRE2022.pdf\"><strong>IL GIORNALE DELLA FLC CGIL DI MONZA E BRIANZA: SETTEMBRE 2022<\/strong><\/a><\/li>\n<\/ul>\n<p>&nbsp;<\/p>\n<ul style=\"list-style-type: square;\">\n<li><a href=\"https:\/\/isisbernocchi.edu.it\/od\/wp-content\/uploads\/2022\/10\/COMUNICAZIONEFORZAATA.pdf\"><strong>FORZA ATA UNITI SI VINCE<\/strong><\/a><\/li>\n<\/ul>\n<p>&nbsp;<\/p>\n<ul style=\"list-style-type: square;\">\n<li><a href=\"https:\/\/isisbernocchi.edu.it\/od\/wp-content\/uploads\/2022\/10\/RASSEGNA-SINDACALE-ANIEF-N.28-DEL-11-OTTOBRE-2022.pdf\"><strong>RASSEGNA SINDACALE ANIEF N.28 DEL 11 OTTOBRE 2022<\/strong><\/a><\/li>\n<\/ul>\n<p>&nbsp;<\/p>\n<ul style=\"list-style-type: square;\">\n<li><a href=\"https:\/\/isisbernocchi.edu.it\/od\/wp-content\/uploads\/2022\/10\/DOCENTIDIRELIGIONE-SAIRNOTIZIEn.4.pdf\"><strong>SAIR &#8211; NOTIZIE PER I DOCENTI DI RELIGIONE n. 4<\/strong><\/a><\/li>\n<\/ul>\n<p>&nbsp;<\/p>\n<ul style=\"list-style-type: square;\">\n<li><a href=\"https:\/\/isisbernocchi.edu.it\/od\/wp-content\/uploads\/2022\/10\/RicorsocartadeldocenteprimavittoriadiUSBScuola.pdf\"><strong>Ricorso carta del docente: prima vittoria di USB Scuola!<\/strong><\/a><\/li>\n<\/ul>\n<p>&nbsp;<\/p>\n<ul style=\"list-style-type: square;\">\n<li><a href=\"https:\/\/isisbernocchi.edu.it\/od\/wp-content\/uploads\/2022\/10\/RASSEGNA-SINDACALE-ANIEF-N.27-DEL-03-OTTOBRE-2022.pdf\"><strong>RASSEGNA SINDACALE ANIEF N.27 DEL 03 OTTOBRE 2022<\/strong><\/a><\/li>\n<\/ul>\n<p>&nbsp;<\/p>\n<ul style=\"list-style-type: square;\">\n<li><a href=\"https:\/\/isisbernocchi.edu.it\/od\/wp-content\/uploads\/2022\/09\/Sciopero-02-12-2022.pdf\"><strong>UNICOBAS:PROCLAMAZIONE SCIOPERO GENERALE 2.12.2022<\/strong><\/a><\/li>\n<\/ul>\n<p>&nbsp;<\/p>\n<ul style=\"list-style-type: square;\">\n<li><a href=\"https:\/\/isisbernocchi.edu.it\/od\/wp-content\/uploads\/2022\/09\/CalendarioFormazioneRSUOttobre2022.pdf\"><strong>Calendario formazione sindacale per RSU e TAS FLC CGIL<\/strong><\/a><\/li>\n<\/ul>\n<p>&nbsp;<\/p>\n<ul style=\"list-style-type: square;\">\n<li><a href=\"https:\/\/isisbernocchi.edu.it\/od\/wp-content\/uploads\/2022\/09\/SEMINARIOPNRREDM170-29settembre2022.pdf\"><strong>SEMINARIO FLC CGIL &#8211; PROTEO su PNRR<\/strong><\/a><\/li>\n<\/ul>\n<p>&nbsp;<\/p>\n<ul style=\"list-style-type: square;\">\n<li><a href=\"https:\/\/isisbernocchi.edu.it\/od\/wp-content\/uploads\/2022\/09\/assprovincialeset.ott_.2022.pdf\"><strong>Assemblea sindacale provinciale 04\/10\/2022<\/strong><\/a><\/li>\n<\/ul>\n<p>&nbsp;<\/p>\n<ul style=\"list-style-type: square;\">\n<li><a href=\"https:\/\/isisbernocchi.edu.it\/od\/wp-content\/uploads\/2022\/09\/SADOCINFORMAIDOCENTI-N.2.pdf\"><strong>SADOC INFORMAZIONI SINDACALI PER I DOCENTI N. 2<\/strong><\/a><\/li>\n<\/ul>\n<p>&nbsp;<\/p>\n<ul style=\"list-style-type: square;\">\n<li><a href=\"https:\/\/isisbernocchi.edu.it\/od\/wp-content\/uploads\/2022\/09\/VademecumRitornoascuolainsicurezza.pdf\"><strong>Snals Confsal &#8211; Vademecum Ritorno a scuola in sicurezza<\/strong><\/a><\/li>\n<\/ul>\n<p>&nbsp;<\/p>\n<ul style=\"list-style-type: square;\">\n<li><a href=\"https:\/\/isisbernocchi.edu.it\/od\/wp-content\/uploads\/2022\/09\/Conferimento-supplenze-online-il-fallimento-e-totale..pdf\"><strong>Conferimento supplenze online: il fallimento \u00e8 totale.<\/strong><\/a><\/li>\n<\/ul>\n<p>&nbsp;<\/p>\n<ul style=\"list-style-type: square;\">\n<li><a href=\"https:\/\/isisbernocchi.edu.it\/od\/wp-content\/uploads\/2022\/09\/corso-di-formazione-per-la-RSU-e-delegati-dell-istituto.pdf\"><strong>Corso di formazione per la RSU e delegati dell&#8217;istituto<\/strong><\/a><\/li>\n<\/ul>\n<p>&nbsp;<\/p>\n<ul style=\"list-style-type: square;\">\n<li><a href=\"https:\/\/isisbernocchi.edu.it\/od\/wp-content\/uploads\/2022\/09\/SADOC-INFORMAZIONI-SINDACALI-PER-I-DOCENTI-N.-1.pdf\"><strong>SADOC INFORMAZIONI SINDACALI PER I DOCENTI N. 1<\/strong><\/a><\/li>\n<\/ul>\n<p>&nbsp;<\/p>\n<ul style=\"list-style-type: square;\">\n<li><a href=\"https:\/\/isisbernocchi.edu.it\/od\/wp-content\/uploads\/2022\/09\/SECONDOAVVISOFEDERATAAVVIAILRICORSOALGIUDICEDELLAVORO-ILSERVIZIOMILITAREVALE6PUNTI.pdf\"><strong>IL SERVIZIO MILITARE VALE 6 PUNTI IN GRADUATORIA ATA<\/strong><\/a><\/li>\n<\/ul>\n<p>&nbsp;<\/p>\n<ul style=\"list-style-type: square;\">\n<li><a href=\"https:\/\/isisbernocchi.edu.it\/od\/wp-content\/uploads\/2022\/09\/rel.pdf\"><strong>SAIR &#8211; NOTIZIE PER I DOCENTI DI RELIGIONE n.3<\/strong><\/a><\/li>\n<\/ul>\n<p>&nbsp;<\/p>\n<ul style=\"list-style-type: square;\">\n<li><a href=\"https:\/\/anyflip.com\/bvbyr\/cdsq\/\"><strong>IL GIORNALE DELLA FLC CGIL DI MONZA E BRIANZA: AGOSTO 2022\u00a0<\/strong><\/a><\/li>\n<\/ul>\n<p>&nbsp;<\/p>\n<ul style=\"list-style-type: square;\">\n<li><a href=\"https:\/\/isisbernocchi.edu.it\/od\/wp-content\/uploads\/2022\/09\/m_pi.AOOUSPMI.REGISTRO-UFFICIALEU.0013878.26-08-2022.pdf\"><strong>Sciopero generale di tutti i settori pubblici della Pubblica Amministrazione dal 08\/09\/2022 al 10\/09\/2022<\/strong><\/a><\/li>\n<\/ul>\n<p>&nbsp;<\/p>\n<ul style=\"list-style-type: square;\">\n<li><a href=\"https:\/\/isisbernocchi.edu.it\/od\/wp-content\/uploads\/2022\/09\/IA\u00b0IncontroNeoassunti2022.pdf\"><strong>Incontro Webinar Neoassunti FLC CGIL Milano\u00a0<\/strong><\/a><\/li>\n<\/ul>\n<p>&nbsp;<\/p>\n<ul style=\"list-style-type: square;\">\n<li><a href=\"https:\/\/isisbernocchi.edu.it\/od\/wp-content\/uploads\/2022\/09\/DOCENTIDIRELIGIONE-SAIRNOTIZIEn.2.pdf\"><strong>SAIR &#8211; NOTIZIE PER I DOCENTI DI RELIGIONE n.2<\/strong><\/a><\/li>\n<\/ul>\n<p>&nbsp;<\/p>\n<ul style=\"list-style-type: square;\">\n<li><a href=\"https:\/\/isisbernocchi.edu.it\/od\/wp-content\/uploads\/2022\/07\/Sindacato-Nazionale-FederATA.pdf\"><b>RICONOSCIMENTO DEL SERVIZIO MILITARE SVOLTO NON IN COSTANZA DI SERVIZIO<\/b><\/a><\/li>\n<\/ul>\n<p>&nbsp;<\/p>\n<ul style=\"list-style-type: square;\">\n<li><a href=\"https:\/\/isisbernocchi.edu.it\/od\/wp-content\/uploads\/2022\/07\/USBScuola.Bonus200eurospettaancheaisupplential30giugno.Bastadiscriminazioni.pdf\"><strong>USB Scuola. Bonus 200 euro: spetta anche ai supplenti al 30 giugno. Basta discriminazioni!<\/strong><\/a><\/li>\n<\/ul>\n<p>&nbsp;<\/p>\n<ul style=\"list-style-type: square;\">\n<li><a href=\"https:\/\/isisbernocchi.edu.it\/od\/wp-content\/uploads\/2022\/07\/USBScuola-prenotazioneconsulenzeperimmissioneinruolo.pdf\"><strong>USB Scuola: Prenotazione consulenze per immissione in ruolo<\/strong><\/a><\/li>\n<\/ul>\n<p>&nbsp;<\/p>\n<ul style=\"list-style-type: square;\">\n<li><a href=\"https:\/\/isisbernocchi.edu.it\/od\/wp-content\/uploads\/2022\/07\/06_GiornaledellaFLCCGILMonzaeBrianza_GIUGNO2022.pdf\"><strong>IL GIORNALE DELLA FLC CGIL DI MONZA E BRIANZA: GIUGNO 2022<\/strong><\/a><\/li>\n<\/ul>\n<p>&nbsp;<\/p>\n<ul style=\"list-style-type: square;\">\n<li><a href=\"https:\/\/isisbernocchi.edu.it\/od\/wp-content\/uploads\/2022\/07\/VITTORIA-IN-CONSIGLIO-DI-STATO.pdf\"><strong>VITTORIA IN CONSIGLIO DI STATO_ RICONOSCIMENTO DEL SERVIZIO MILITARE SVOLTO NON IN COSTANZA DI SERVIZIO<\/strong><\/a><\/li>\n<\/ul>\n<p>&nbsp;<\/p>\n<ul style=\"list-style-type: square;\">\n<li><a href=\"https:\/\/isisbernocchi.edu.it\/od\/wp-content\/uploads\/2022\/06\/RASSEGNA-SINDACALE-ANIEF-N.25-DEL-27-GIUGNO-2022.pdf\"><strong>RASSEGNA SINDACALE ANIEF N.25 DEL 27 GIUGNO 2022<\/strong><\/a><\/li>\n<\/ul>\n<p>&nbsp;<\/p>\n<ul style=\"list-style-type: square;\">\n<li><a href=\"https:\/\/isisbernocchi.edu.it\/od\/wp-content\/uploads\/2022\/06\/COMUNICATOSTAMPAVITTORIAINCONSIGLIODISTATO.pdf\"><strong>IL SERVIZIO MILITARE VALE 6 PUNTI. IL CONSIGLIO DI STATO ACCOGLIE IL RICORSO DELLE FEDER-ATA<\/strong><\/a><\/li>\n<\/ul>\n<p>&nbsp;<\/p>\n<ul style=\"list-style-type: square;\">\n<li><a href=\"https:\/\/isisbernocchi.edu.it\/od\/wp-content\/uploads\/2022\/06\/RASSEGNA-SINDACALE-ANIEF-N.24-DEL-20-GIUGNO-2022.pdf\"><strong>RASSEGNA SINDACALE ANIEF N.24 DEL 20 GIUGNO 2022<\/strong><\/a><\/li>\n<\/ul>\n<p>&nbsp;<\/p>\n<ul style=\"list-style-type: square;\">\n<li><a href=\"https:\/\/isisbernocchi.edu.it\/od\/wp-content\/uploads\/2022\/06\/USBScuolaAvviosportelliperassegnazioniprovvisorieeutilizzazioni.pdf\"><strong>USB Scuola: avvio sportelli per assegnazioni provvisorie e utilizzazioni<\/strong><\/a><\/li>\n<\/ul>\n<p>&nbsp;<\/p>\n<ul style=\"list-style-type: square;\">\n<li><a href=\"https:\/\/isisbernocchi.edu.it\/od\/wp-content\/uploads\/2022\/06\/ilovepdf_merged-23.pdf\"><strong>Assemblea\/incontro informativo ANIEF Area Nord 23 giugno 2022<\/strong><\/a><\/li>\n<\/ul>\n<p>&nbsp;<\/p>\n<ul style=\"list-style-type: square;\">\n<li><a href=\"https:\/\/isisbernocchi.edu.it\/od\/wp-content\/uploads\/2022\/06\/RASSEGNA-SINDACALE-ANIEF-N.23-DEL-13-GIUGNO-2022.pdf\"><strong>RASSEGNA SINDACALE ANIEF N.23 DEL 13 GIUGNO 2022<\/strong><\/a><\/li>\n<\/ul>\n<p>&nbsp;<\/p>\n<ul style=\"list-style-type: square;\">\n<li><a href=\"https:\/\/isisbernocchi.edu.it\/od\/wp-content\/uploads\/2022\/06\/RASSEGNA-SINDACALE-ANIEF-N.22-DEL-7-GIUGNO-2022.pdf\"><strong>RASSEGNA SINDACALE ANIEF N.22 DEL 7 GIUGNO 2022<\/strong><\/a><\/li>\n<\/ul>\n<p>&nbsp;<\/p>\n<ul style=\"list-style-type: square;\">\n<li><a href=\"https:\/\/isisbernocchi.edu.it\/od\/wp-content\/uploads\/2022\/06\/AvvisoferiedocentiprecariLombardia-1.pdf\"><strong>AVVISO SULLE FERIE PER I DOCENTI PRECARI<\/strong><\/a><\/li>\n<\/ul>\n<p>&nbsp;<\/p>\n<ul style=\"list-style-type: square;\">\n<li><a href=\"https:\/\/isisbernocchi.edu.it\/od\/wp-content\/uploads\/2022\/06\/05_GiornaledellaFLCCGILMonzaeBrianza_MAGGIO2022.pdf\"><strong>IL GIORNALE DELLA FLC CGIL DI MONZA E BRIANZA: MAGGIO 2022<\/strong><\/a><\/li>\n<\/ul>\n<p>&nbsp;<\/p>\n<ul style=\"list-style-type: square;\">\n<li><a href=\"https:\/\/isisbernocchi.edu.it\/od\/wp-content\/uploads\/2022\/06\/assembleaterritorialeUILSCUOLARUAdel9.6.2022.pdf\"><strong>Assemblea Territoriale UIL Scuola RUA<\/strong><\/a><\/li>\n<\/ul>\n<p>&nbsp;<\/p>\n<ul style=\"list-style-type: square;\">\n<li><a href=\"https:\/\/isisbernocchi.edu.it\/od\/wp-content\/uploads\/2022\/05\/RASSEGNA-SINDACALE-ANIEF-N.21-DEL-30-MAGGIO-2022.pdf\"><strong>RASSEGNA SINDACALE ANIEF N.21 DEL 30 MAGGIO 2022<\/strong><\/a><\/li>\n<\/ul>\n<p>&nbsp;<\/p>\n<ul style=\"list-style-type: square;\">\n<li><a href=\"https:\/\/isisbernocchi.edu.it\/od\/wp-content\/uploads\/2022\/05\/A3corsoscuolaqr.pdf\"><strong>USB Scuola organizza un corso di preparazione all&#8217;orale del concorso ordinario e allo straordinario bis<\/strong><\/a><\/li>\n<\/ul>\n<p>&nbsp;<\/p>\n<ul style=\"list-style-type: square;\">\n<li><a href=\"https:\/\/isisbernocchi.edu.it\/od\/wp-content\/uploads\/2022\/05\/ilovepdf_merged-18.pdf\"><strong>Comunicazione Sciopero ANIEF del personale docente, ATA ed educativo<\/strong><\/a><\/li>\n<\/ul>\n<p>&nbsp;<\/p>\n<ul style=\"list-style-type: square;\">\n<li><a href=\"https:\/\/isisbernocchi.edu.it\/od\/wp-content\/uploads\/2022\/05\/RASSEGNA-SINDACALE-ANIEF-N.20-DEL-23-MAGGIO-2022-1.pdf\"><strong>RASSEGNA SINDACALE ANIEF N.20 DEL 23 MAGGIO 2022<\/strong><\/a><\/li>\n<\/ul>\n<p>&nbsp;<\/p>\n<ul style=\"list-style-type: square;\">\n<li><a href=\"https:\/\/isisbernocchi.edu.it\/od\/wp-content\/uploads\/2022\/05\/Letteraunitariaadesionesciopero30maggio2022.pdf\"><strong>Sciopero generale della scuola del 30 maggio 2022<\/strong><\/a><\/li>\n<\/ul>\n<p>&nbsp;<\/p>\n<ul style=\"list-style-type: square;\">\n<li><a href=\"https:\/\/isisbernocchi.edu.it\/od\/wp-content\/uploads\/2022\/05\/ilovepdf_merged-15.pdf\"><strong>Assemblea sindacale in orario di servizio ANIEF 24-05-2022<\/strong><\/a><\/li>\n<\/ul>\n<p>&nbsp;<\/p>\n<ul style=\"list-style-type: square;\">\n<li><a href=\"https:\/\/isisbernocchi.edu.it\/od\/wp-content\/uploads\/2022\/05\/RASSEGNA-SINDACALE-ANIEF-N.19-DEL-18-MAGGIO-2022.pdf\"><strong>RASSEGNA SINDACALE ANIEF N.19 DEL 18 MAGGIO 2022<\/strong><\/a><\/li>\n<\/ul>\n<p>&nbsp;<\/p>\n<ul style=\"list-style-type: square;\">\n<li><a href=\"https:\/\/isisbernocchi.edu.it\/od\/wp-content\/uploads\/2022\/05\/MANISCIO20MAGGIO2022ULTIMO.pdf\"><strong>Unicobas SCIOPERO PROCLAMATO PER IL 20 MAGGIO<\/strong><\/a><\/li>\n<\/ul>\n<p>&nbsp;<\/p>\n<ul style=\"list-style-type: square;\">\n<li><a href=\"https:\/\/isisbernocchi.edu.it\/od\/wp-content\/uploads\/2022\/05\/SAESE-ASSEMBLEA-SINDACALE-ONLINE-FUORI-ORARIO-DI-SERVIZIO.pdf\"><strong>SAESE ASSEMBLEA SINDACALE ONLINE FUORI ORARIO DI SERVIZIO<\/strong><\/a><\/li>\n<\/ul>\n<p>&nbsp;<\/p>\n<ul style=\"list-style-type: square;\">\n<li><a href=\"https:\/\/isisbernocchi.edu.it\/od\/wp-content\/uploads\/2022\/05\/CONVOCAZIONEASSEMBLEEREGIONALI19e20.pdf\"><strong>Avviso &#8211; convocazione Assemblea sindacale 20-05-2022<\/strong><\/a><\/li>\n<\/ul>\n<p>&nbsp;<\/p>\n<ul style=\"list-style-type: square;\">\n<li><a href=\"https:\/\/isisbernocchi.edu.it\/od\/wp-content\/uploads\/2022\/05\/ODGASSEMBLEAONLINEPERSCUOLA17MAGGIO2022FIRMATO.pdf\"><strong>ASSEMBLEA SINDACALE ON LINE UNICOBAS SCUOLA MARTED\u00cc 17 MAGGIO 2022<\/strong><\/a><\/li>\n<\/ul>\n<p>&nbsp;<\/p>\n<ul style=\"list-style-type: square;\">\n<li><a href=\"https:\/\/isisbernocchi.edu.it\/od\/wp-content\/uploads\/2022\/05\/ConvocazioneAssembleaIRC-24-05-2022.pdf\"><strong>Convocazione Assemblea Sindacale Regionale: insegnanti di Religione Cattolica<\/strong><\/a><\/li>\n<\/ul>\n<p>&nbsp;<\/p>\n<ul style=\"list-style-type: square;\">\n<li><a href=\"https:\/\/isisbernocchi.edu.it\/od\/wp-content\/uploads\/2022\/05\/ilovepdf_merged-12.pdf\"><strong>Stop allo sfruttamento del personale di Segreteria<\/strong><\/a><\/li>\n<\/ul>\n<p>&nbsp;<\/p>\n<ul style=\"list-style-type: square;\">\n<li><a href=\"https:\/\/isisbernocchi.edu.it\/od\/wp-content\/uploads\/2022\/05\/AssembleaSindacaleTerritorialeFlcCgil_11Maggio2022.pdf\"><strong>Assemblea sindacale territoriale<\/strong><\/a><\/li>\n<\/ul>\n<p>&nbsp;<\/p>\n<ul style=\"list-style-type: square;\">\n<li><a href=\"https:\/\/isisbernocchi.edu.it\/od\/wp-content\/uploads\/2022\/05\/circolaresciopero6maggio.pdf\"><strong>Sciopero del 6 maggio. Le ragioni e le piazze<\/strong><\/a><\/li>\n<\/ul>\n<p>&nbsp;<\/p>\n<ul style=\"list-style-type: square;\">\n<li><a href=\"https:\/\/isisbernocchi.edu.it\/od\/wp-content\/uploads\/2022\/05\/RASSEGNA-SINDACALE-ANIEF-N.17-DEL-02-MAGGIO-2022.pdf\"><strong>RASSEGNA SINDACALE ANIEF N.17 DEL 02 MAGGIO 2022<\/strong><\/a><\/li>\n<\/ul>\n<p>&nbsp;<\/p>\n<ul style=\"list-style-type: square;\">\n<li><a href=\"https:\/\/isisbernocchi.edu.it\/od\/wp-content\/uploads\/2022\/05\/Sciopero-06-05-2022.pdf\"><strong>SCIOPERO 06-05-2022<\/strong><\/a><\/li>\n<\/ul>\n<p>&nbsp;<\/p>\n<ul style=\"list-style-type: square;\">\n<li><a href=\"https:\/\/isisbernocchi.edu.it\/od\/wp-content\/uploads\/2022\/05\/Sciopero-06maggio2022.pdf\"><strong>INTEGRAZIONE sciopero del 06-05-2022<\/strong><\/a><\/li>\n<\/ul>\n<p>&nbsp;<\/p>\n<ul style=\"list-style-type: square;\">\n<li><a href=\"https:\/\/isisbernocchi.edu.it\/od\/wp-content\/uploads\/2022\/04\/circolaresportellogps.pdf\"><strong>USB Scuola: Attivazione sportelli consulenza GPS<\/strong><\/a><\/li>\n<\/ul>\n<p>&nbsp;<\/p>\n<ul style=\"list-style-type: square;\">\n<li><a href=\"https:\/\/isisbernocchi.edu.it\/od\/wp-content\/uploads\/2022\/04\/Sciopero-06-maggio-2022.pdf\"><strong>UNICOBAS Sciopero 06 maggio 2022<\/strong><\/a><\/li>\n<\/ul>\n<p>&nbsp;<\/p>\n<ul style=\"list-style-type: square;\">\n<li><strong><a href=\"https:\/\/isisbernocchi.edu.it\/od\/wp-content\/uploads\/2022\/04\/assemblea3maggio.pdf\">USB Scuola: Assemblea sindacale online 3 maggio ore 17-19<\/a><\/strong><\/li>\n<\/ul>\n<p>&nbsp;<\/p>\n<ul style=\"list-style-type: square;\">\n<li><a href=\"https:\/\/isisbernocchi.edu.it\/od\/wp-content\/uploads\/2022\/04\/RASSEGNA-SINDACALE-ANIEF-N.16-DEL-26-APRILE-2022.pdf\"><strong>RASSEGNA SINDACALE ANIEF N.16 DEL 26 APRILE 2022<\/strong><\/a><\/li>\n<\/ul>\n<p>&nbsp;<\/p>\n<ul style=\"list-style-type: square;\">\n<li><a href=\"https:\/\/isisbernocchi.edu.it\/od\/wp-content\/uploads\/2022\/04\/GPS_2022_FLC_CGIL_Milano.pdf\"><strong>FLC CGIL Milano &#8211; Rinnovo GPS 2022<\/strong><\/a><\/li>\n<\/ul>\n<p>&nbsp;<\/p>\n<ul style=\"list-style-type: square;\">\n<li><a href=\"https:\/\/isisbernocchi.edu.it\/od\/wp-content\/uploads\/2022\/04\/USBScuola-Versoloscioperodel6maggiodomaniinpiazzaconoperaiestudentifiglidellastessarabbia.pdf\"><strong>USB Scuola &#8211; Verso lo sciopero del 6 maggio<\/strong><\/a><\/li>\n<\/ul>\n<p>&nbsp;<\/p>\n<ul style=\"list-style-type: square;\">\n<li><a href=\"https:\/\/isisbernocchi.edu.it\/od\/wp-content\/uploads\/2022\/04\/USBScuolaa__TFASostegnopreparaticonnoi.pdf\"><strong>USB Scuola \u2013 TFA Sostegno: preparati con noi!<\/strong><\/a><\/li>\n<\/ul>\n<p>&nbsp;<\/p>\n<ul style=\"list-style-type: square;\">\n<li><a href=\"https:\/\/isisbernocchi.edu.it\/od\/wp-content\/uploads\/2022\/04\/RASSEGNA-SINDACALE-ANIEF-N.15-DEL-20-APRILE-2022.pdf\"><strong>RASSEGNA SINDACALE ANIEF N.15 DEL 20 APRILE 2022<\/strong><\/a><\/li>\n<\/ul>\n<p>&nbsp;<\/p>\n<ul style=\"list-style-type: square;\">\n<li><a href=\"https:\/\/isisbernocchi.edu.it\/od\/wp-content\/uploads\/2022\/04\/comunicazione_idr.pdf\"><strong>A TUTTI I DOCENTI DI RELIGIONE<\/strong><\/a><\/li>\n<\/ul>\n<p>&nbsp;<\/p>\n<ul style=\"list-style-type: square;\">\n<li><a href=\"https:\/\/isisbernocchi.edu.it\/od\/wp-content\/uploads\/2022\/04\/bandoata24mesi.pdf\"><strong>USB Scuola. Bando ATA 24 mesi: in arrivo le domande<\/strong><\/a><\/li>\n<\/ul>\n<p>&nbsp;<\/p>\n<ul style=\"list-style-type: square;\">\n<li><a href=\"https:\/\/isisbernocchi.edu.it\/od\/wp-content\/uploads\/2022\/04\/N.10-2022-DOCENTIDIRELIGIONE-UILSCUOLAIRCINFORMA.pdf\"><strong>UIL SCUOLA IRC INFORMA N. 10-2022 &#8211; Concorsi di religione nulla di fatto &#8211; proposte giudiziarie<\/strong><\/a><\/li>\n<\/ul>\n<p>&nbsp;<\/p>\n<ul style=\"list-style-type: square;\">\n<li><a href=\"https:\/\/isisbernocchi.edu.it\/od\/wp-content\/uploads\/2022\/04\/Verbale-RSU-2022-.pdf\"><strong>Verbale elezioni RSU\u00a0 11-04-2022<\/strong><\/a><\/li>\n<\/ul>\n<p>&nbsp;<\/p>\n<ul style=\"list-style-type: square;\">\n<li><a href=\"https:\/\/isisbernocchi.edu.it\/od\/wp-content\/uploads\/2022\/04\/Rassegna-Sindacale-Anief-n14.pdf\"><strong>RASSEGNA SINDACALE ANIEF N.14 DEL 11 APRILE 2022<\/strong><\/a><\/li>\n<\/ul>\n<p>&nbsp;<\/p>\n<ul style=\"list-style-type: square;\">\n<li><a href=\"https:\/\/isisbernocchi.edu.it\/od\/wp-content\/uploads\/2022\/04\/N.9-2022-DOCENTIDIRELIGIONE-UILSCUOLAIRCINFORMA.pdf\"><strong>AI DOCENTI IRC &#8211; UIL SCUOLA IRC INFORMA N. 9-2022 &#8211; problemi stipendiali\/graduatorie\/carta docenti<\/strong><\/a><\/li>\n<\/ul>\n<p>&nbsp;<\/p>\n<ul style=\"list-style-type: square;\">\n<li><a href=\"https:\/\/isisbernocchi.edu.it\/od\/wp-content\/uploads\/2022\/04\/Assembleaterritoriale12aprile2022GildadegliInsegnantiMilano.pdf\"><strong>Indizione assemblea sindacale territoriale Gilda degli Insegnanti 12 aprile 2022<\/strong><\/a><\/li>\n<\/ul>\n<p>&nbsp;<\/p>\n<ul style=\"list-style-type: square;\">\n<li><a href=\"https:\/\/isisbernocchi.edu.it\/od\/wp-content\/uploads\/2022\/04\/RASSEGNA-SINDACALE-ANIEF-N.13-DEL-4-APRILE-2022.pdf\"><strong>RASSEGNA SINDACALE ANIEF N.13 DEL 4 APRILE 2022<\/strong><\/a><\/li>\n<\/ul>\n<p>&nbsp;<\/p>\n<ul style=\"list-style-type: square;\">\n<li><a href=\"https:\/\/isisbernocchi.edu.it\/od\/wp-content\/uploads\/2022\/04\/RSU2022percvotareUSB.pdf\"><strong>RSU 2022: perch\u00e9 votare USB<\/strong><\/a><\/li>\n<\/ul>\n<p>&nbsp;<\/p>\n<ul style=\"list-style-type: square;\">\n<li><a href=\"https:\/\/isisbernocchi.edu.it\/od\/wp-content\/uploads\/2022\/04\/03_GiornaledellaFLCCGILMonzaeBrianza_MARZO2022.pdf\"><strong>IL GIORNALE DELLA FLC CGIL DI MONZA E BRIANZA: MARZO 2022<\/strong><\/a><\/li>\n<\/ul>\n<p>&nbsp;<\/p>\n<ul style=\"list-style-type: square;\">\n<li><a href=\"https:\/\/isisbernocchi.edu.it\/od\/wp-content\/uploads\/2022\/04\/FacciamoQuadrato.pdf\"><strong>FacciamoQuadrato!<\/strong><\/a><\/li>\n<\/ul>\n<p>&nbsp;<\/p>\n<ul style=\"list-style-type: square;\">\n<li><a href=\"https:\/\/isisbernocchi.edu.it\/od\/wp-content\/uploads\/2022\/04\/ilovepdf_merged-7.pdf\"><strong>CARD DOCENTE &#8211; ANIEF: Sul diritto dei supplenti annuali ad avere la Carta del docente<\/strong><\/a><\/li>\n<\/ul>\n<p>&nbsp;<\/p>\n<ul style=\"list-style-type: square;\">\n<li><a href=\"https:\/\/isisbernocchi.edu.it\/od\/wp-content\/uploads\/2022\/03\/VolantinoRicorsoPrecariCartaDocente.pdf\"><strong>Carta Docente &#8211; Personale Precario<\/strong><\/a><\/li>\n<\/ul>\n<p>&nbsp;<\/p>\n<ul style=\"list-style-type: square;\">\n<li><a href=\"https:\/\/isisbernocchi.edu.it\/od\/wp-content\/uploads\/2022\/03\/Comunicazione-alle-scuole-Diretta-FB-del-presidente-nazionale-ANIEF-prof.-Marcello-Pacifico.pdf\"><strong>Diretta FB del presidente nazionale ANIEF prof. Marcello Pacifico<\/strong><\/a><\/li>\n<\/ul>\n<p>&nbsp;<\/p>\n<ul style=\"list-style-type: square;\">\n<li><a href=\"https:\/\/isisbernocchi.edu.it\/od\/wp-content\/uploads\/2022\/03\/volantinoassemblea4aprile-1.pdf\"><strong>USB Scuola: Assemblea sindacale 4 aprile ore 17<\/strong><\/a><\/li>\n<\/ul>\n<p>&nbsp;<\/p>\n<ul style=\"list-style-type: square;\">\n<li><a href=\"https:\/\/isisbernocchi.edu.it\/od\/wp-content\/uploads\/2022\/03\/assemblea5aprile.pdf\"><strong>USB Scuola Lombardia: assemblea online 5 aprile ore 17<\/strong><\/a><\/li>\n<\/ul>\n<p>&nbsp;<\/p>\n<ul style=\"list-style-type: square;\">\n<li><a href=\"https:\/\/isisbernocchi.edu.it\/od\/wp-content\/uploads\/2022\/03\/RASSEGNA-SINDACALE-ANIEF-N.12-DEL-28-MARZO-2022.pdf\"><strong>RASSEGNA SINDACALE ANIEF N.12 DEL 28 MARZO 2022<\/strong><\/a><\/li>\n<\/ul>\n<p>&nbsp;<\/p>\n<ul style=\"list-style-type: square;\">\n<li><a href=\"https:\/\/isisbernocchi.edu.it\/od\/wp-content\/uploads\/2022\/03\/volantinoassemblea4aprile.pdf\"><strong>USB Scuola: Assemblea sindacale 4 aprile ore 17<\/strong><\/a><\/li>\n<\/ul>\n<p>&nbsp;<\/p>\n<ul style=\"list-style-type: square;\">\n<li><a href=\"https:\/\/isisbernocchi.edu.it\/od\/wp-content\/uploads\/2022\/03\/Lista-candidature-RSU-2022-f.pdf\"><strong>Lista candidature RSU 2022<\/strong><\/a><\/li>\n<\/ul>\n<p>&nbsp;<\/p>\n<ul style=\"list-style-type: square;\">\n<li><a href=\"https:\/\/isisbernocchi.edu.it\/od\/wp-content\/uploads\/2022\/03\/FLCCGILMI_ResponsabilitA-eSicurezza24Marzo2022.pdf\"><strong>OGGI &#8220;Un&#8217;ora sola ti vorrei&#8230;&#8221; Responsabilit\u00e0 e Sicurezza a Scuola<\/strong><\/a><\/li>\n<\/ul>\n<p>&nbsp;<\/p>\n<ul style=\"list-style-type: square;\">\n<li><a href=\"https:\/\/isisbernocchi.edu.it\/od\/wp-content\/uploads\/2022\/03\/IRC.pdf\"><strong>Assemblea dedicata al\u00a0personale IRC\u00a0in data\u00a001\/04\/2022\u00a0dalle\u00a0ore 08:00 alle ore 10:00.<\/strong><\/a><\/li>\n<\/ul>\n<p>&nbsp;<\/p>\n<ul style=\"list-style-type: square;\">\n<li><a href=\"https:\/\/isisbernocchi.edu.it\/od\/wp-content\/uploads\/2022\/03\/ATA.pdf\"><strong>Assemblea dedicata al\u00a0personale ATA\u00a0in data\u00a001\/04\/2022\u00a0dalle\u00a0ore 08:00 alle ore 10:00.<\/strong><\/a><\/li>\n<\/ul>\n<p>&nbsp;<\/p>\n<ul style=\"list-style-type: square;\">\n<li><a href=\"https:\/\/isisbernocchi.edu.it\/od\/wp-content\/uploads\/2022\/03\/RASSEGNA-SINDACALE-ANIEF-N.11-DEL-21-MARZO-2022.pdf\"><strong>RASSEGNA SINDACALE ANIEF N.11 DEL 21 MARZO 2022<\/strong><\/a><\/li>\n<\/ul>\n<p>&nbsp;<\/p>\n<ul style=\"list-style-type: square;\">\n<li><a href=\"https:\/\/isisbernocchi.edu.it\/od\/wp-content\/uploads\/2022\/03\/ManifestopresentazioneLibroLaScuolaRapita.pdf\"><b>La Scuola rapita, il Covid e la Dad.<\/b><\/a><\/li>\n<\/ul>\n<p>&nbsp;<\/p>\n<ul style=\"list-style-type: square;\">\n<li><a href=\"https:\/\/isisbernocchi.edu.it\/od\/wp-content\/uploads\/2022\/03\/invitocorso_merged.pdf\"><strong>Corso di formazione USB Scuola-Cestes<\/strong><\/a><\/li>\n<\/ul>\n<p>&nbsp;<\/p>\n<ul style=\"list-style-type: square;\">\n<li><strong><a href=\"https:\/\/isisbernocchi.edu.it\/od\/wp-content\/uploads\/2022\/03\/indizioneassembleasindacaleterritoriale25marzo.pdf\">Assemblea sindacale territoriale del personale docente<\/a><\/strong><\/li>\n<\/ul>\n<p>&nbsp;<\/p>\n<ul style=\"list-style-type: square;\">\n<li><a href=\"https:\/\/isisbernocchi.edu.it\/od\/wp-content\/uploads\/2022\/03\/Carta-docente-ai-precari-di-religione-le-indicazioni-per-ricevere-il-bonus.pdf\"><strong>Carta docente ai precari di religione le indicazioni per ricevere il bonus<\/strong><\/a><\/li>\n<\/ul>\n<p>&nbsp;<\/p>\n<ul style=\"list-style-type: square;\">\n<li><a href=\"https:\/\/isisbernocchi.edu.it\/od\/wp-content\/uploads\/2022\/03\/N.8-2022-DOCENTIDIRELIGIONE-UILSCUOLAIRCINFORMA.pdf\"><strong>UIL SCUOLA IRC INFORMA N. 8-2022 &#8211; Carta docenti ai docenti di religione incaricati<\/strong><\/a><\/li>\n<\/ul>\n<p>&nbsp;<\/p>\n<ul style=\"list-style-type: square;\">\n<li><a href=\"https:\/\/isisbernocchi.edu.it\/od\/wp-content\/uploads\/2022\/03\/download.pdf\"><strong>Assemblea Docenti Precari 23 Marzo ore 17<\/strong><\/a><\/li>\n<\/ul>\n<p>&nbsp;<\/p>\n<ul style=\"list-style-type: square;\">\n<li><a href=\"https:\/\/isisbernocchi.edu.it\/od\/wp-content\/uploads\/2022\/03\/USBScuola-PrecariatoilgovernosidimostrasemprepiA\u00b9incompetente.pdf\"><strong>USB Scuola &#8211; Precariato: il governo si dimostra sempre pi\u00f9 incompetente<\/strong><\/a><\/li>\n<\/ul>\n<p>&nbsp;<\/p>\n<ul style=\"list-style-type: square;\">\n<li><a href=\"https:\/\/isisbernocchi.edu.it\/od\/wp-content\/uploads\/2022\/03\/RASSEGNA-SINDACALE-ANIEF-N.10-DEL-15-MARZO-2022.pdf\"><strong>RASSEGNA SINDACALE ANIEF N.10 DEL 15 MARZO 2022<\/strong><\/a><\/li>\n<\/ul>\n<p>&nbsp;<\/p>\n<ul style=\"list-style-type: square;\">\n<li><a href=\"https:\/\/isisbernocchi.edu.it\/od\/wp-content\/uploads\/2022\/03\/ConvocazioneAssembleaSindacale.pdf\"><strong>CISL &#8211; Invio convocazione Assemblea sindacale<\/strong><\/a><\/li>\n<\/ul>\n<p>&nbsp;<\/p>\n<ul style=\"list-style-type: square;\">\n<li><a href=\"https:\/\/isisbernocchi.edu.it\/od\/wp-content\/uploads\/2022\/03\/PianodiformazioneperDSGAeAssistentiamministrativi_FlcCgilMilano.pdf\"><strong>Piano di Formazione DSGA e Assistenti amministrativi_Flc Cgil<\/strong><\/a><\/li>\n<\/ul>\n<p>&nbsp;<\/p>\n<ul style=\"list-style-type: square;\">\n<li><a href=\"https:\/\/isisbernocchi.edu.it\/od\/wp-content\/uploads\/2022\/03\/USBScuola-sportelloaggiornamentoGaE.pdf\"><strong>USB Scuola: sportello consulenze per aggiornamento GaE<\/strong><\/a><\/li>\n<\/ul>\n<p>&nbsp;<\/p>\n<ul style=\"list-style-type: square;\">\n<li><a href=\"https:\/\/isisbernocchi.edu.it\/od\/wp-content\/uploads\/2022\/03\/ANIEF-Convocazione-di-unassemblea-sindacale-territoriale-16-03-2022.pdf\"><strong>ANIEF Convocazione di un\u2019assemblea sindacale territoriale _ONLINE_\u00a0 16-03-2022\u00a0<\/strong><\/a><\/li>\n<\/ul>\n<p>&nbsp;<\/p>\n<ul style=\"list-style-type: square;\">\n<li><a href=\"https:\/\/isisbernocchi.edu.it\/od\/wp-content\/uploads\/2022\/03\/Rassegna-sincacale-Anief-n9-5-03-22-corretto.pdf\"><strong>RASSEGNA SINDACALE ANIEF N. 9 DEL 05 MARZO 2022<\/strong><\/a><\/li>\n<\/ul>\n<p>&nbsp;<\/p>\n<ul style=\"list-style-type: square;\">\n<li><a href=\"https:\/\/isisbernocchi.edu.it\/od\/wp-content\/uploads\/2022\/03\/AI-DOCENTI-DI-RELIGIONE-_-UIL-SCUOLA-IRC-INFORMA-N.-7_2022.pdf\"><strong>AI DOCENTI DI RELIGIONE &#8211; UIL SCUOLA IRC INFORMA N. 7-2022<\/strong><\/a><\/li>\n<\/ul>\n<p>&nbsp;<\/p>\n<ul style=\"list-style-type: square;\">\n<li><a href=\"https:\/\/isisbernocchi.edu.it\/od\/wp-content\/uploads\/2022\/03\/Comunicatostampa04marzo2022.pdf\"><strong>Comunicato Stampa del 04\/03\/2022<\/strong><\/a><\/li>\n<\/ul>\n<p>&nbsp;<\/p>\n<ul style=\"list-style-type: square;\">\n<li><a href=\"https:\/\/isisbernocchi.edu.it\/od\/wp-content\/uploads\/2022\/03\/Costituzione-commissione-elettorale-elezioni-RSU-2022.pdf\"><strong>Costituzione commissione elettorale &#8211; elezioni RSU 2022<\/strong><\/a><\/li>\n<\/ul>\n<p>&nbsp;<\/p>\n<ul style=\"list-style-type: square;\">\n<li><a href=\"https:\/\/isisbernocchi.edu.it\/od\/wp-content\/uploads\/2022\/03\/AperteleiscrizionialconcorsoordinarioperdisciplineSTEM.pdf\"><strong>USB Scuola: Aperte le iscrizioni al concorso ordinario per discipline STEM<\/strong><\/a><\/li>\n<\/ul>\n<p>&nbsp;<\/p>\n<ul style=\"list-style-type: square;\">\n<li><a href=\"https:\/\/isisbernocchi.edu.it\/od\/wp-content\/uploads\/2022\/03\/n-8-Rassegna-Sindacale-ANIEF.pdf\"><strong>RASSEGNA SINDACALE ANIEF N. 8 DEL 1 MARZO 2022<\/strong><\/a><\/li>\n<\/ul>\n<p>&nbsp;<\/p>\n<ul style=\"list-style-type: square;\">\n<li><a href=\"https:\/\/isisbernocchi.edu.it\/od\/wp-content\/uploads\/2022\/03\/02_GiornaledellaFLCCGILMonzaeBrianza_FEBBRAIO2022.pdf\"><strong>IL GIORNALE DELLA FLC CGIL DI MONZA E BRIANZA: FEBBRAIO 2022<\/strong><\/a><\/li>\n<\/ul>\n<p>&nbsp;<\/p>\n<ul style=\"list-style-type: square;\">\n<li><strong><a href=\"https:\/\/isisbernocchi.edu.it\/od\/wp-content\/uploads\/2022\/02\/FLCCGILMILANO.pdf\">Assemblea FLC CGIL Milano su Reclutamento e Concorsi_3 Marzo 2022<\/a><\/strong><\/li>\n<\/ul>\n<p>&nbsp;<\/p>\n<ul style=\"list-style-type: square;\">\n<li><a href=\"https:\/\/isisbernocchi.edu.it\/od\/wp-content\/uploads\/2022\/02\/USBScuolaavvioprenotazionimobilitA-2022-23.pdf\"><strong>USB Scuola: avvio prenotazioni mobilit\u00e0 2022\/23<\/strong><\/a><\/li>\n<\/ul>\n<p>&nbsp;<\/p>\n<ul style=\"list-style-type: square;\">\n<li><a href=\"https:\/\/isisbernocchi.edu.it\/od\/wp-content\/uploads\/2022\/02\/Rassegna-Sindacale-ANIEF-n.7.pdf\"><strong>RASSEGNA SINDACALE ANIEF N. 7 DEL 18 FEBBRAIO 2022<\/strong><\/a><\/li>\n<\/ul>\n<p>&nbsp;<\/p>\n<ul style=\"list-style-type: square;\">\n<li><a href=\"https:\/\/isisbernocchi.edu.it\/od\/wp-content\/uploads\/2022\/02\/224-17022022-1142131.pdf\"><strong>Sciopero Personale docente, Ata, educativo e Dirigente, a tempo indeterminato e determinato<\/strong><\/a><\/li>\n<\/ul>\n<p>&nbsp;<\/p>\n<ul style=\"list-style-type: square;\">\n<li><a href=\"https:\/\/isisbernocchi.edu.it\/od\/wp-content\/uploads\/2022\/02\/SEMINARIDIFORMAZIONEATA17febbraio-1.pdf\"><strong>LOCANDINA SEMINARIO 17 FEBBRAIO &#8211; DEDICATO AL PERSONALE ATA<\/strong><\/a><\/li>\n<\/ul>\n<p>&nbsp;<\/p>\n<ul style=\"list-style-type: square;\">\n<li><a href=\"https:\/\/isisbernocchi.edu.it\/od\/wp-content\/uploads\/2022\/02\/N.6-2022-DOCENTIDIRELIGIONE-UILSCUOLAIRCINFORMA.pdf\"><strong>AI DOCENTI DI RELIGIONE &#8211; UIL SCUOLA IRC INFORMA N. 6-2022<\/strong><\/a><\/li>\n<\/ul>\n<p>&nbsp;<\/p>\n<ul style=\"list-style-type: square;\">\n<li><a href=\"https:\/\/isisbernocchi.edu.it\/od\/wp-content\/uploads\/2022\/02\/Rassegna-Sindacale-ANIEF-6.pdf\"><strong>RASSEGNA SINDACALE ANIEF N. 6 DEL 14 FEBBRAIO 2022<\/strong><\/a><\/li>\n<\/ul>\n<p>&nbsp;<\/p>\n<ul style=\"list-style-type: square;\">\n<li><a href=\"https:\/\/isisbernocchi.edu.it\/od\/wp-content\/uploads\/2022\/02\/USBScuolaLombardiasportelloconsulenzeparttime.pdf\"><strong>RICHIESTE PART-TIME: SPORTELLO CONSULENZE USB SCUOLA LOMBARDIA <\/strong><\/a><\/li>\n<\/ul>\n<p>&nbsp;<\/p>\n<ul style=\"list-style-type: square;\">\n<li><a href=\"https:\/\/isisbernocchi.edu.it\/od\/wp-content\/uploads\/2022\/02\/circolare11feb22.pdf\"><strong>USB Scuola: sosteniamo le studentesse e gli studenti che<\/strong><\/a><\/li>\n<\/ul>\n<p>&nbsp;<\/p>\n<ul style=\"list-style-type: square;\">\n<li><a href=\"https:\/\/isisbernocchi.edu.it\/od\/wp-content\/uploads\/2022\/02\/217-28012022-1149351.pdf\"><strong>SCIOPERO 15-02-2022 ANQUAP<\/strong><\/a><\/li>\n<\/ul>\n<p>&nbsp;<\/p>\n<ul style=\"list-style-type: square;\">\n<li><a href=\"https:\/\/isisbernocchi.edu.it\/od\/wp-content\/uploads\/2022\/02\/SCIOPERO-15-02-2022-FISI-FEDERAZIONE-ITALIANA-SINDACATI-INTERCATEGORIALI-.pdf\"><strong>SCIOPERO 15-02-2022 FISI &#8211; FEDERAZIONE ITALIANA SINDACATI INTERCATEGORIALI &#8211;<\/strong><\/a><\/li>\n<\/ul>\n<p>&nbsp;<\/p>\n<ul style=\"list-style-type: square;\">\n<li><a href=\"https:\/\/isisbernocchi.edu.it\/od\/wp-content\/uploads\/2022\/02\/Assemblea_sindacale_FederATA_Nazionale-onlineff.pdf\"><strong>ASSEMBLEA SINDACALE ON LINE FEDER.ATA 16 Febbrario 2022<\/strong><\/a><\/li>\n<\/ul>\n<p>&nbsp;<\/p>\n<ul style=\"list-style-type: square;\">\n<li><a href=\"https:\/\/isisbernocchi.edu.it\/od\/wp-content\/uploads\/2022\/02\/USBScuolaLombardiaassemblea16feb2022.pdf\"><strong>USB Scuola Lombardia: assemblea sindacale online 16 febbraio ore 17.30<\/strong><\/a><\/li>\n<\/ul>\n<p>&nbsp;<\/p>\n<ul style=\"list-style-type: square;\">\n<li><a href=\"https:\/\/isisbernocchi.edu.it\/od\/wp-content\/uploads\/2022\/02\/N.5-2022-DOCENTIDIRELIGIONE-UILSCUOLAIRCINFORMA.pdf\"><strong>AI DOCENTI DI RELIGIONE &#8211; UIL SCUOLA IRC INFORMA N. 5 &#8211; 2022<\/strong><\/a><\/li>\n<\/ul>\n<p>&nbsp;<\/p>\n<ul style=\"list-style-type: square;\">\n<li><a href=\"https:\/\/isisbernocchi.edu.it\/od\/wp-content\/uploads\/2022\/02\/AssembleaUilScuola14febbraio2022.pdf\"><strong>UIL SCUOLA MILANO Indizione assemblea territoriale<\/strong><\/a><\/li>\n<\/ul>\n<p>&nbsp;<\/p>\n<ul style=\"list-style-type: square;\">\n<li><a href=\"https:\/\/isisbernocchi.edu.it\/od\/wp-content\/uploads\/2022\/02\/RASSEGNA-SINDACALE-ANIEF-N.5-DEL-08-FEBBRAIO-2022.pdf\"><strong>RASSEGNA SINDACALE ANIEF N.5 DEL 08 FEBBRAIO 2022<\/strong><\/a><\/li>\n<\/ul>\n<p>&nbsp;<\/p>\n<ul style=\"list-style-type: square;\">\n<li><a href=\"https:\/\/isisbernocchi.edu.it\/od\/wp-content\/uploads\/2022\/02\/ODGASSEMBLEAONLINEPERSCUOLA16FEBBRAIO2022h.17.00-signed.pdf\"><strong>ASSEMBLEA.SINDACALE.ON.LINE.UNICOBAS.SCUOLA.MERCOLED\u00cc.16.FEBBRAIO.2022.h.17<\/strong><\/a><\/li>\n<\/ul>\n<p>&nbsp;<\/p>\n<ul style=\"list-style-type: square;\">\n<li><a href=\"https:\/\/isisbernocchi.edu.it\/od\/wp-content\/uploads\/2022\/02\/FirmalapetizionediUSBP.I.SFIDUCIAMOILMINISTROBRUNETTA.pdf\"><strong>SFIDUCIAMO IL MINISTRO BRUNETTA!<\/strong><\/a><\/li>\n<\/ul>\n<p>&nbsp;<\/p>\n<ul style=\"list-style-type: square;\">\n<li><a href=\"https:\/\/isisbernocchi.edu.it\/od\/wp-content\/uploads\/2022\/02\/PerleScuoleListe.pdf\"><strong>ELEZIONI.RSU.2022<\/strong><\/a><\/li>\n<\/ul>\n<p>&nbsp;<\/p>\n<ul style=\"list-style-type: square;\">\n<li><a href=\"https:\/\/isisbernocchi.edu.it\/od\/wp-content\/uploads\/2022\/02\/SEMINARIDIFORMAZIONEATA17febbraio.pdf\"><strong>SEMINARI DI FORMAZIONE<\/strong><\/a><\/li>\n<\/ul>\n<p>&nbsp;<\/p>\n<ul style=\"list-style-type: square;\">\n<li><a href=\"https:\/\/isisbernocchi.edu.it\/od\/wp-content\/uploads\/2022\/02\/Sindacato-europeo.pdf\"><strong>Comunicazione Sindacato europeo<\/strong><\/a><\/li>\n<\/ul>\n<p>&nbsp;<\/p>\n<ul style=\"list-style-type: square;\">\n<li><a href=\"https:\/\/isisbernocchi.edu.it\/od\/wp-content\/uploads\/2022\/02\/Rinnovo-RSU-2022_FLC-CGIL-Milano.pdf\"><strong>Rinnovo RSU 2022_FLC CGIL Milano<\/strong><\/a><\/li>\n<\/ul>\n<p>&nbsp;<\/p>\n<ul style=\"list-style-type: square;\">\n<li><a href=\"https:\/\/isisbernocchi.edu.it\/od\/wp-content\/uploads\/2022\/02\/N.3-4-2022-DOCENTIDIRELIGIONE-UILSCUOLAIRCINFORMA.pdf\"><strong>AI DOCENTI DI RELIGIONE &#8211; UIL SCUOLA IRC INFORMA NN. 3 e 4 &#8211; 2022<\/strong><\/a><\/li>\n<\/ul>\n<p>&nbsp;<\/p>\n<ul style=\"list-style-type: square;\">\n<li><a href=\"https:\/\/isisbernocchi.edu.it\/od\/wp-content\/uploads\/2022\/02\/ASSEMBLEASINDACALELOMBARDIAFEBBRAIO2022.pdf\"><strong>ASSEMBLEA SINDACALE ON LINE FEDER.ATA REGIONE LOMBRDIA<\/strong><\/a><\/li>\n<\/ul>\n<p>&nbsp;<\/p>\n<ul style=\"list-style-type: square;\">\n<li><a href=\"https:\/\/isisbernocchi.edu.it\/od\/wp-content\/uploads\/2022\/01\/ILPRESIDENTENAZIONALEDIFEDERATASCRIVEALPERSONALEATAPERLERSU.pdf\"><strong>IL PRESIDENTE NAZIONALE FEDERATA SCRIVE A TUTTI GLI ATA PER LE RSU<\/strong><\/a><\/li>\n<\/ul>\n<p>&nbsp;<\/p>\n<ul style=\"list-style-type: square;\">\n<li><a href=\"https:\/\/isisbernocchi.edu.it\/od\/wp-content\/uploads\/2022\/01\/RASSEGNA-SINDACALE-ANIEF-N.4-DEL-31-GENNAIO-2022.pdf\" target=\"_blank\" rel=\"noopener\"><strong>RASSEGNA SINDACALE ANIEF N.4 DEL 31 GENNAIO 2022<\/strong><\/a><\/li>\n<\/ul>\n<p>&nbsp;<\/p>\n<ul style=\"list-style-type: square;\">\n<li><a href=\"https:\/\/isisbernocchi.edu.it\/od\/wp-content\/uploads\/2022\/01\/AssTerrATA09-02-22.pdf\"><strong>Assemblea sindacale in orario di servizio FLC CGIL 09-02-2022<\/strong><\/a><\/li>\n<\/ul>\n<p>&nbsp;<\/p>\n<ul style=\"list-style-type: square;\">\n<li><a href=\"https:\/\/isisbernocchi.edu.it\/od\/wp-content\/uploads\/2022\/01\/ELEZIONI-RSU-2022.-USB-SCUOLA.pdf\"><strong>ELEZIONI RSU 2022. USB SCUOLA: SIAMO LA CONNESSIONE AI TUOI DIRITTI.<\/strong><\/a><\/li>\n<\/ul>\n<p>&nbsp;<\/p>\n<ul style=\"list-style-type: square;\">\n<li><a href=\"https:\/\/isisbernocchi.edu.it\/od\/wp-content\/uploads\/2022\/01\/Sciopero-28-01-2022.pdf\"><strong>Proclamazione sciopero\u00a0 SCUOLE SECONDARIE DI SECONDO GRADO &#8211; ISTRUZIONE RICERCA<\/strong><\/a><\/li>\n<\/ul>\n<p>&nbsp;<\/p>\n<ul style=\"list-style-type: square;\">\n<li><a href=\"https:\/\/isisbernocchi.edu.it\/od\/wp-content\/uploads\/2022\/01\/ilovepdf_merged-6.pdf\"><strong>Partecipare gratuitamente a un\u2019interessante iniziativa formativa<\/strong><\/a><\/li>\n<\/ul>\n<p>&nbsp;<\/p>\n<ul style=\"list-style-type: square;\">\n<li><a href=\"https:\/\/isisbernocchi.edu.it\/od\/wp-content\/uploads\/2022\/01\/USBScuola-AlternanzascuolalavorooFormazioneprofessionaleilrisultatononcambia-Lorenzouccisodalsistemachedovevaformarlo.pdf\"><strong>Alternanza scuola lavoro o Formazione professionale.<\/strong><\/a><\/li>\n<\/ul>\n<p>&nbsp;<\/p>\n<ul style=\"list-style-type: square;\">\n<li><a href=\"https:\/\/isisbernocchi.edu.it\/od\/wp-content\/uploads\/2022\/01\/N.2-2022-DOCENTIDIRELIGIONE-UILSCUOLAIRCINFORMA.pdf\"><strong>UIL SCUOLA IRC INFORMA N. 2-2022<\/strong><\/a><\/li>\n<\/ul>\n<p>&nbsp;<\/p>\n<ul style=\"list-style-type: square;\">\n<li><a href=\"https:\/\/isisbernocchi.edu.it\/od\/wp-content\/uploads\/2022\/01\/circolare23gennaio22.pdf\"><strong>USB Scuola: Facciamo sentire la nostra rabbia contro i morti di scuola.<\/strong><\/a><\/li>\n<\/ul>\n<p>&nbsp;<\/p>\n<ul style=\"list-style-type: square;\">\n<li><a href=\"https:\/\/isisbernocchi.edu.it\/od\/wp-content\/uploads\/2022\/01\/ilovepdf_merged-4.pdf\"><strong>Iniziativa formativa Snals Confsal<\/strong><\/a><\/li>\n<\/ul>\n<p>&nbsp;<\/p>\n<ul style=\"list-style-type: square;\">\n<li><a href=\"https:\/\/isisbernocchi.edu.it\/od\/wp-content\/uploads\/2022\/01\/5.Lombardia_24_gennaio_2022.pdf\"><strong>Invito di partecipazione al seminario formativo interattivo \u201c\u200bDalla legge sosteni Bis alla legge di bilancio 2022&#8243;<\/strong><\/a><\/li>\n<\/ul>\n<p>&nbsp;<\/p>\n<ul style=\"list-style-type: square;\">\n<li><a href=\"https:\/\/isisbernocchi.edu.it\/od\/wp-content\/uploads\/2022\/01\/ComunicatoOOSS20gennaio2022.pdf\"><strong>INACCETTABILE SIGNOR MINISTRO!<\/strong><\/a><\/li>\n<\/ul>\n<p>&nbsp;<\/p>\n<ul style=\"list-style-type: square;\">\n<li><a href=\"https:\/\/isisbernocchi.edu.it\/od\/wp-content\/uploads\/2022\/01\/208-20122021-1136171.pdf\"><strong>SCIOPERO DEL 21\/01\/2022<\/strong><\/a><\/li>\n<\/ul>\n<p>&nbsp;<\/p>\n<ul style=\"list-style-type: square;\">\n<li><a href=\"https:\/\/isisbernocchi.edu.it\/od\/wp-content\/uploads\/2022\/01\/RASSEGNA-SINDACALE-ANIEF-N.2-DEL-17-GENNAIO-2022.pdf\"><strong>Rassegna sindacale nazionale Anief<\/strong><\/a><\/li>\n<\/ul>\n<p>&nbsp;<\/p>\n<ul style=\"list-style-type: square;\">\n<li><a href=\"https:\/\/isisbernocchi.edu.it\/od\/wp-content\/uploads\/2022\/01\/N.1-2022-DOCENTIDIRELIGIONE-UILSCUOLAIRCINFORMA.pdf\"><strong>AI DOCENTI DI RELIGIONE &#8211; UIL SCUOLA IRC INFORMA N. 1-2022<\/strong><\/a><\/li>\n<\/ul>\n<p>&nbsp;<\/p>\n<ul style=\"list-style-type: square;\">\n<li><a href=\"https:\/\/isisbernocchi.edu.it\/od\/wp-content\/uploads\/2022\/01\/USBScuolaNoncivuoleunDraghipercapirechelascuolasenzainvestimentiserisarA-semprenelcaos.pdf\"><strong>USB Scuola: Non ci vuole un Draghi per capire che la scuola senza investimenti seri sar\u00e0 sempre nel caos!<\/strong><\/a><\/li>\n<\/ul>\n<p>&nbsp;<\/p>\n<ul style=\"list-style-type: square;\">\n<li><a href=\"https:\/\/isisbernocchi.edu.it\/od\/wp-content\/uploads\/2022\/01\/comunicatoSGBriaperturascuola2022.pdf\"><strong>RIENTRO A SCUOLAIN PRESENZA: BASTA CON I GIOCHINI POLITICI E CON LE GEOMETRIE VARIABILI!<\/strong><\/a><\/li>\n<\/ul>\n<p>&nbsp;<\/p>\n<ul style=\"list-style-type: square;\">\n<li><a href=\"https:\/\/isisbernocchi.edu.it\/od\/wp-content\/uploads\/2022\/01\/10-volte-meno.pdf\"><strong>La Finanziaria fa saltare il tetto di 240.000 euro Per i Dirigenti<\/strong><\/a><\/li>\n<\/ul>\n<p>&nbsp;<\/p>\n<ul style=\"list-style-type: square;\">\n<li><a href=\"https:\/\/isisbernocchi.edu.it\/od\/wp-content\/uploads\/2022\/01\/Comunicatostampa10gennaio2022DIMISSIONIMINISTROBIANCHI.pdf\"><strong>Mancuso, \u201cChiediamo che il Ministro Bianchi si dimetta immediatamente\u201d<\/strong><\/a><\/li>\n<\/ul>\n<p>&nbsp;<\/p>\n<ul style=\"list-style-type: square;\">\n<li><a href=\"https:\/\/isisbernocchi.edu.it\/od\/wp-content\/uploads\/2022\/01\/proroga-posti-ATA-COVID.pdf\"><strong>Proroga posti ATA COVID<\/strong><\/a><\/li>\n<\/ul>\n<p>&nbsp;<\/p>\n<ul style=\"list-style-type: square;\">\n<li><a href=\"https:\/\/isisbernocchi.edu.it\/od\/wp-content\/uploads\/2022\/01\/Comunicatostampadel08gennaio2022.pdf\"><strong>FederATA \u201cIl governo Draghi ha una perseveranza diabolica unica nello sbagliare\u201d <\/strong><\/a><\/li>\n<\/ul>\n<p>&nbsp;<\/p>\n<ul style=\"list-style-type: square;\">\n<li><a href=\"https:\/\/isisbernocchi.edu.it\/od\/wp-content\/uploads\/2022\/01\/conilDLdel5gennaioilgovernotiraasortesullasalutedelmondodellascuola.pdf\"><strong>USB Scuola: con il DL del 5 gennaio il governo tira a sorte sulla salute del mondo della scuola<\/strong><\/a><\/li>\n<\/ul>\n<p>&nbsp;<\/p>\n<ul style=\"list-style-type: square;\">\n<li><a href=\"https:\/\/isisbernocchi.edu.it\/od\/wp-content\/uploads\/2022\/01\/APPELLOAIDSDIPROROGAREICONTRATTICOVIDAGLIATA.pdf\"><strong>Proroga dei contratti \u201cCOVID\u201d per gli ATA sottoscritti ai sensi dell\u2019art. 58, comma 4-ter, del D.L. 73\/2021.<\/strong><\/a><\/li>\n<\/ul>\n<p>&nbsp;<\/p>\n<ul style=\"list-style-type: square;\">\n<li><a href=\"https:\/\/isisbernocchi.edu.it\/od\/wp-content\/uploads\/2021\/12\/COMUNICATOSTAMPASUPROROGAPOSTICOVIDATA.pdf\"><strong>Comunicato del 29 dicembre 2021<\/strong><\/a><\/li>\n<\/ul>\n<p>&nbsp;<\/p>\n<ul style=\"list-style-type: square;\">\n<li><a href=\"https:\/\/isisbernocchi.edu.it\/od\/wp-content\/uploads\/2021\/12\/LetteraapertadiUSBScuolaagliinsegnantidellescuoleromane.pdf\"><strong>Lettera aperta di USB Scuola agli insegnanti delle scuole romane<\/strong><\/a><\/li>\n<\/ul>\n<p>&nbsp;<\/p>\n<ul style=\"list-style-type: square;\">\n<li><a href=\"https:\/\/isisbernocchi.edu.it\/od\/wp-content\/uploads\/2021\/12\/USBScuola.LascuolavainvacanzailCovidnodecinedimigliaiadiclassisottoposteatestingeinquarantena.pdf\"><strong>USB Scuola. La scuola va in vacanza, il Covid no<\/strong><\/a><\/li>\n<\/ul>\n<p>&nbsp;<\/p>\n<ul style=\"list-style-type: square;\">\n<li><a href=\"https:\/\/isisbernocchi.edu.it\/od\/wp-content\/uploads\/2021\/12\/m_pi.AOOUSPMI.REGISTRO-UFFICIALEU.0020094.17-12-2021.pdf\"><strong>SCIOPERO 22-12-2021<\/strong><\/a><\/li>\n<\/ul>\n<p>&nbsp;<\/p>\n<ul style=\"list-style-type: square;\">\n<li><a href=\"https:\/\/isisbernocchi.edu.it\/od\/wp-content\/uploads\/2021\/12\/RICHIESTAINDIZIONEASSEMBLEASINDACALEANIEF20_12_21MILANO_merged.pdf\"><strong>Convocazione di un\u2019assemblea sindacale territoriale in data 20\/12\/2021 dalle ore 8.00 alle ore 10.00<\/strong><\/a><\/li>\n<\/ul>\n<p>&nbsp;<\/p>\n<ul style=\"list-style-type: square;\">\n<li><a href=\"https:\/\/isisbernocchi.edu.it\/od\/wp-content\/uploads\/2021\/12\/Comunicatostampa10Dicembre2021.pdf\"><strong>Comunicato Stampa del 10\/12\/ 2021<\/strong><\/a><\/li>\n<\/ul>\n<p>&nbsp;<\/p>\n<ul style=\"list-style-type: square;\">\n<li><a href=\"https:\/\/isisbernocchi.edu.it\/od\/wp-content\/uploads\/2021\/12\/AssembleasindacaleonlineUSBScuola14dicembreore17.pdf\"><strong>Assemblea sindacale online USB Scuola 14 dicembre ore 17<\/strong><\/a><\/li>\n<\/ul>\n<p>&nbsp;<\/p>\n<ul style=\"list-style-type: square;\">\n<li><a href=\"https:\/\/isisbernocchi.edu.it\/od\/wp-content\/uploads\/2021\/12\/LocandinaAssemblea10_12_2021.pdf\"><strong>ASSEMBLEA SINDACALE PER SOLI DOCENTI IN ORARIO DI SERVIZIO<\/strong><\/a><\/li>\n<\/ul>\n<p>&nbsp;<\/p>\n<ul style=\"list-style-type: square;\">\n<li><a href=\"https:\/\/isisbernocchi.edu.it\/od\/wp-content\/uploads\/2021\/12\/ConvocazioneAssembleasindacaleNazionalepersonaleATA09-12-21.pdf\"><strong>Convocazione Assemblea Sindacale Nazionale ANIEF<\/strong><\/a><\/li>\n<\/ul>\n<p>&nbsp;<\/p>\n<ul style=\"list-style-type: square;\">\n<li><a href=\"https:\/\/isisbernocchi.edu.it\/od\/wp-content\/uploads\/2021\/12\/USBScuolaDraghismentisceBianchieSperanzasullascuola.pdf\"><strong>USB Scuola &#8211; Draghi smentisce Bianchi e Speranza<\/strong><\/a><\/li>\n<\/ul>\n<p>&nbsp;<\/p>\n<ul style=\"list-style-type: square;\">\n<li><a href=\"https:\/\/isisbernocchi.edu.it\/od\/wp-content\/uploads\/2021\/11\/il10dicembrelascuolascendeinsciopero.pdf\"><strong>SCIOPERO 10 DICEMBRE<\/strong><\/a><\/li>\n<\/ul>\n<p>&nbsp;<\/p>\n<ul style=\"list-style-type: square;\">\n<li><a href=\"https:\/\/isisbernocchi.edu.it\/od\/wp-content\/uploads\/2021\/11\/circolarersu2022-candidature_merged.pdf\"><strong>USB Scuola: RSU 2022 Candidati!<\/strong><\/a><\/li>\n<\/ul>\n<p>&nbsp;<\/p>\n<ul style=\"list-style-type: square;\">\n<li><a href=\"https:\/\/isisbernocchi.edu.it\/od\/wp-content\/uploads\/2021\/11\/2021_11_19_proclamazione_stato_agita.pdf\"><strong>Proclamazione stato di agitazione dei Direttori SGA e degli Assistenti Amministrativi<\/strong><\/a><\/li>\n<\/ul>\n<p>&nbsp;<\/p>\n<ul style=\"list-style-type: square;\">\n<li><a href=\"https:\/\/isisbernocchi.edu.it\/od\/wp-content\/uploads\/2021\/11\/ComunicatostampaAdesionealloscioperonazionale.pdf\"><strong>Comunicato Stampa del 26\/11\/2021<\/strong><\/a><\/li>\n<\/ul>\n<p>&nbsp;<\/p>\n<ul style=\"list-style-type: square;\">\n<li><a href=\"https:\/\/isisbernocchi.edu.it\/od\/wp-content\/uploads\/2021\/11\/ILPRESIDENTENAZIONALEDIFEDERATASCRIVIATUTTOILPERSONALEATA.pdf\"><strong>IL PRESIDENTE NAZIONALE DI FEDERATA SCRIVE AL PERSONALE ATA<\/strong><\/a><\/li>\n<\/ul>\n<p>&nbsp;<\/p>\n<ul style=\"list-style-type: square;\">\n<li><a href=\"https:\/\/isisbernocchi.edu.it\/od\/wp-content\/uploads\/2021\/11\/SE-NON-ORA-QUANDO.pdf\"><strong>SE NON ORA QUANDO?<\/strong><\/a><\/li>\n<\/ul>\n<p>&nbsp;<\/p>\n<ul style=\"list-style-type: square;\">\n<li><a href=\"https:\/\/isisbernocchi.edu.it\/od\/wp-content\/uploads\/2021\/11\/evento_federata.pdf\"><strong>Evento Live LA VOCE DELLA SCUOLA Feder.ATA<\/strong><\/a><\/li>\n<\/ul>\n<p>&nbsp;<\/p>\n<ul style=\"list-style-type: square;\">\n<li><a href=\"https:\/\/isisbernocchi.edu.it\/od\/wp-content\/uploads\/2021\/11\/convocazioneassemblea.pdf\"><strong>Assemblea sindacale ONLINE in orario di servizio CISL SCUOLA<\/strong><\/a><\/li>\n<\/ul>\n<p>&nbsp;<\/p>\n<ul style=\"list-style-type: square;\">\n<li><a href=\"https:\/\/isisbernocchi.edu.it\/od\/wp-content\/uploads\/2021\/11\/Nota-Ministero-prot.-n.-50232_2021.pdf\"><strong>Sciopero Feder.ATA per la giornata del 24 novembre<\/strong><\/a><\/li>\n<\/ul>\n<p>&nbsp;<\/p>\n<ul style=\"list-style-type: square;\">\n<li><a href=\"https:\/\/isisbernocchi.edu.it\/od\/wp-content\/uploads\/2021\/11\/IncontrowebinarDir.Scol_.29novembre.pptx.pdf\"><strong>Incontro Dirigenti scolastici e docenti dello staff<\/strong><\/a><\/li>\n<\/ul>\n<p>&nbsp;<\/p>\n<ul style=\"list-style-type: square;\">\n<li><a href=\"https:\/\/isisbernocchi.edu.it\/od\/wp-content\/uploads\/2021\/11\/0013assembleasindacaleinorariodiserviziodocentidireligioneMilano.pdf\"><strong>Assemblea Sindacale IN PRESENZA riservata ai docenti di religione cattolica 17\/11\/2021<\/strong><\/a><\/li>\n<\/ul>\n<p>&nbsp;<\/p>\n<ul style=\"list-style-type: square;\">\n<li><a href=\"https:\/\/isisbernocchi.edu.it\/od\/wp-content\/uploads\/2021\/11\/AssembleaSindacaleTerritorialeFlcCgilMilano_17Novembre.pdf\"><strong>Assemblea Territoriale Flc Cgil Milano 17 Novembre 202<\/strong>1<\/a><\/li>\n<\/ul>\n<p>&nbsp;<\/p>\n<ul style=\"list-style-type: square;\">\n<li><a href=\"https:\/\/isisbernocchi.edu.it\/od\/wp-content\/uploads\/2021\/11\/n.0013assembleasindacaleinorariodiserviziodocentidireligioneMilano.pdf\"><strong>Assemblea Sindacale Provinciale in orario di servizio riservata al personale Docente di Religione Cattolica <\/strong><\/a><\/li>\n<\/ul>\n<p>&nbsp;<\/p>\n<ul style=\"list-style-type: square;\">\n<li><a href=\"https:\/\/isisbernocchi.edu.it\/od\/wp-content\/uploads\/2021\/11\/ataassembleasindacaleterritoriale22.11.202123.11.20215.11.202126.11.2021.pdf\"><strong>Assemblea sindacale territoriale, in presenza, in orario di lavoro destinate al personale A. T. A.<\/strong><\/a><\/li>\n<\/ul>\n<p>&nbsp;<\/p>\n<ul style=\"list-style-type: square;\">\n<li><a href=\"https:\/\/isisbernocchi.edu.it\/od\/wp-content\/uploads\/2021\/11\/Comunicazione-sciopero-12-novembre-2021.pdf\"><strong>Comunicazione sciopero del 12\/11\/2021<\/strong><\/a><\/li>\n<\/ul>\n<p>&nbsp;<\/p>\n<ul style=\"list-style-type: square;\">\n<li><a href=\"https:\/\/isisbernocchi.edu.it\/od\/wp-content\/uploads\/2021\/11\/PROCLAMAZIONEscioperonazionale24novembre2021-1_merged.pdf\"><strong>Proclamazione sciopero nazionale ATA il giorno 24 novembre 2021<\/strong><\/a><\/li>\n<\/ul>\n<p>&nbsp;<\/p>\n<ul style=\"list-style-type: square;\">\n<li><a href=\"https:\/\/isisbernocchi.edu.it\/od\/wp-content\/uploads\/2021\/10\/PROCLAMAZIONEscioperonazionale24novembre2021.pdf\"><strong> Proclamazione sciopero nazionale del personale A.T.A. il giorno 24 novembre 2021<\/strong><\/a><\/li>\n<\/ul>\n<p>&nbsp;<\/p>\n<ul style=\"list-style-type: square;\">\n<li><a href=\"https:\/\/isisbernocchi.edu.it\/od\/wp-content\/uploads\/2021\/10\/Comunicatostampadel28Ottobre2021Scioperodellascuola.pdf\"><strong>FEDER.ATA PROCLAMA LO SCIOPERO NAZIONALE DEGLI ATA 24 NOVEMBRE 2021<\/strong><\/a><\/li>\n<\/ul>\n<p>&nbsp;<\/p>\n<ul style=\"list-style-type: square;\">\n<li><a href=\"https:\/\/isisbernocchi.edu.it\/od\/wp-content\/uploads\/2021\/10\/192-21102021-1525261.pdf\"><strong>SMART WORKERS UNION -PLURISETTORIALE &#8211; TUTTI i COMPARTI-<\/strong><\/a><\/li>\n<\/ul>\n<p>&nbsp;<\/p>\n<ul style=\"list-style-type: square;\">\n<li><a href=\"https:\/\/isisbernocchi.edu.it\/od\/wp-content\/uploads\/2021\/10\/Federatainforma26Ottobre2021.pdf\"><strong>COSA SI INTENDE PER CHIUSURA PREFESTIVA<\/strong><\/a><\/li>\n<\/ul>\n<p>&nbsp;<\/p>\n<ul style=\"list-style-type: square;\">\n<li><a href=\"https:\/\/isisbernocchi.edu.it\/od\/wp-content\/uploads\/2021\/10\/PROPOSTEPERILPERSONALEATADAINSERIRENELLALEGGEDIBILANCIO2022.pdf\"><strong>Proposte per gli ATA da inserire nella legge di bilancio 2022<\/strong><\/a><\/li>\n<\/ul>\n<p>&nbsp;<\/p>\n<ul style=\"list-style-type: square;\">\n<li><a href=\"https:\/\/isisbernocchi.edu.it\/od\/wp-content\/uploads\/2021\/10\/RichiestaalMinistrosugliATA.pdf\"><strong>FEDER A.T.A.\u00a0 Richiesta per gli ATA<\/strong><\/a><\/li>\n<\/ul>\n<p>&nbsp;<\/p>\n<ul style=\"list-style-type: square;\">\n<li><a href=\"https:\/\/isisbernocchi.edu.it\/od\/wp-content\/uploads\/2021\/10\/UILSCUOLAIRCINFORMAN.11.pdf\"><strong>&#8220;UIL SCUOLA IRC &#8211; INSEGNANTI DI RELIGIONE&#8221;<\/strong><\/a><\/li>\n<\/ul>\n<p>&nbsp;<\/p>\n<ul style=\"list-style-type: square;\">\n<li><a href=\"https:\/\/isisbernocchi.edu.it\/od\/wp-content\/uploads\/2021\/10\/PROCLAMAZIONESTATODIAGITAZIONE21Ottobre2021_scuole.pdf\"><strong>Proclamazione stato di agitazione del personale A.T.A.<\/strong><\/a><\/li>\n<\/ul>\n<p>&nbsp;<\/p>\n<ul style=\"list-style-type: square;\">\n<li><a href=\"https:\/\/isisbernocchi.edu.it\/od\/wp-content\/uploads\/2021\/10\/ScioperoFISIdal21al31ottobre.pdf\"><strong>FISI Sciopero a oltranza dalle ore 00,01 del 21 ottobre alle ore 23,59 del 31 ottobre 2021<\/strong><\/a><\/li>\n<\/ul>\n<p>&nbsp;<\/p>\n<ul style=\"list-style-type: square;\">\n<li><a href=\"https:\/\/isisbernocchi.edu.it\/od\/wp-content\/uploads\/2021\/10\/Comunicazione-sciopero-21-31-ottobre-2021.pdf\"><strong>Comunicazione-sciopero-21-31-ottobre-2021<\/strong><\/a><\/li>\n<\/ul>\n<p>&nbsp;<\/p>\n<ul style=\"list-style-type: square;\">\n<li><a href=\"https:\/\/isisbernocchi.edu.it\/od\/wp-content\/uploads\/2021\/10\/RichiestaalMinistroBianchidiprorogacontratticovidAL30GIUGNO2022.pdf\"><strong>RICHIESTA PROROGA CONTRATTI COVID<\/strong><\/a><\/li>\n<\/ul>\n<p>&nbsp;<\/p>\n<ul style=\"list-style-type: square;\">\n<li><a href=\"https:\/\/isisbernocchi.edu.it\/od\/wp-content\/uploads\/2021\/10\/Comunicatostampa14Ottobre2021.pdf\"><strong>Feder ATA Comunicato Stampa del 14\/10\/ 2021<\/strong><\/a><\/li>\n<\/ul>\n<p>&nbsp;<\/p>\n<ul style=\"list-style-type: square;\">\n<li><a href=\"https:\/\/isisbernocchi.edu.it\/od\/wp-content\/uploads\/2021\/10\/Comunicatostampa-il-diritto-di-informazione-alla-RSU.pdf\"><strong>Feder ATA \u00a0il diritto di informazione alla RSU<\/strong><\/a><\/li>\n<\/ul>\n<p>&nbsp;<\/p>\n<ul style=\"list-style-type: square;\">\n<li><a href=\"https:\/\/isisbernocchi.edu.it\/od\/wp-content\/uploads\/2021\/10\/Comunicatostampa09Ottobre2021.pdf\"><strong>Feder ATA Comunicato Stampa del 09\/10\/ 2021<\/strong><\/a><\/li>\n<\/ul>\n<p>&nbsp;<\/p>\n<ul style=\"list-style-type: square;\">\n<li><a href=\"https:\/\/isisbernocchi.edu.it\/od\/wp-content\/uploads\/2021\/10\/volantino11ottobre_merged.pdf\"><strong>11 ottobre: la scuola sciopera, USB Scuola in presidio al Miur<\/strong><\/a><\/li>\n<\/ul>\n<p>&nbsp;<\/p>\n<ul style=\"list-style-type: square;\">\n<li><a href=\"https:\/\/isisbernocchi.edu.it\/od\/wp-content\/uploads\/2021\/10\/FederatainformaOrariodilavorodelpersonaleATA.pdf\"><strong>FEDER.ATA INFORMA<\/strong><\/a><\/li>\n<\/ul>\n<p>&nbsp;<\/p>\n<ul style=\"list-style-type: square;\">\n<li><strong><a href=\"https:\/\/isisbernocchi.edu.it\/od\/wp-content\/uploads\/2021\/10\/ASSEMBLEA.ON_.LINE_.4.OTTOBRE.pdf\">ASSEMBLEA ONLINE 4 OTTOBRE<\/a><\/strong><\/li>\n<\/ul>\n<p>&nbsp;<\/p>\n<ul style=\"list-style-type: square;\">\n<li><a href=\"https:\/\/isisbernocchi.edu.it\/od\/wp-content\/uploads\/2021\/10\/AssTerrCCNLATA.pdf\"><strong>Assemblea Territoriali Piattaforma Contrattuale FLC<\/strong><\/a><\/li>\n<\/ul>\n<p>&nbsp;<\/p>\n<ul style=\"list-style-type: square;\">\n<li><strong><a href=\"https:\/\/isisbernocchi.edu.it\/od\/wp-content\/uploads\/2021\/10\/AssTerrCCNLTicino-Olona.pdf\">CONVOCAZIONE ASSEMBLEA SINDACALE IN ORARIO DI LAVORO<\/a><\/strong><\/li>\n<\/ul>\n<p>&nbsp;<\/p>\n<ul style=\"list-style-type: square;\">\n<li><a href=\"https:\/\/isisbernocchi.edu.it\/od\/wp-content\/uploads\/2021\/10\/TRASMISSIONECIRCOLARESCIOADS_merged.pdf\"><strong>Unicobas SCIOPERO PROCLAMATO PER L\u201911 OTTOBRE<\/strong><\/a><\/li>\n<\/ul>\n<p>&nbsp;<\/p>\n<ul style=\"list-style-type: square;\">\n<li><a href=\"https:\/\/isisbernocchi.edu.it\/od\/wp-content\/uploads\/2021\/09\/assemblea-sindacale-6-ottobre.pdf\"><strong>Assemblea sindacale 6 ottobre<\/strong><\/a><\/li>\n<\/ul>\n<p>&nbsp;<\/p>\n<ul style=\"list-style-type: square;\">\n<li><a href=\"https:\/\/isisbernocchi.edu.it\/od\/wp-content\/uploads\/2021\/09\/DiventaRSUFeder.ATA_.pdf\"><strong>La RSU rappresenta i lavoratori nel luogo di lavoro<\/strong><\/a><\/li>\n<\/ul>\n<p>&nbsp;<\/p>\n<ul style=\"list-style-type: square;\">\n<li><a href=\"https:\/\/isisbernocchi.edu.it\/od\/wp-content\/uploads\/2021\/09\/AssembleaFGUMI_MB30.09.2021_merged.pdf\"><strong>Assemblea Sindacale Provinciale per personale scolastico &#8211; Milano 30 Settembre<\/strong><\/a><\/li>\n<\/ul>\n<p>&nbsp;<\/p>\n<ul style=\"list-style-type: square;\">\n<li><a href=\"https:\/\/isisbernocchi.edu.it\/od\/wp-content\/uploads\/2021\/09\/Locandina-1.pdf\"><strong>ASSEMBLEA SINDACALE ONLINE FUORI ORARIO DI SERVIZIO VENERDI\u2019 22 ottobre 2021<\/strong><\/a><\/li>\n<\/ul>\n<p>&nbsp;<\/p>\n<ul style=\"list-style-type: square;\">\n<li><a href=\"https:\/\/isisbernocchi.edu.it\/od\/wp-content\/uploads\/2021\/09\/ODGASSEMBLEAONLINE4OTTOBRE2021.pdf\"><strong>ASSEMBLEA SINDACALE ONLINE UNICOBAS SCUOLA LUNEDI\u2019 4 OTTOBRE. h 17.00\/19.00<\/strong><\/a><strong>\u00a0<\/strong><\/li>\n<\/ul>\n<p>&nbsp;<\/p>\n<ul style=\"list-style-type: square;\">\n<li><a href=\"https:\/\/isisbernocchi.edu.it\/od\/wp-content\/uploads\/2021\/09\/Volantino-Sciopero-Generale.pdf\"><strong>Volantino SCIOPERO GENERALE 11 OTTOBRE 2021<\/strong><\/a><\/li>\n<\/ul>\n<p>&nbsp;<\/p>\n<ul style=\"list-style-type: square;\">\n<li><a href=\"https:\/\/isisbernocchi.edu.it\/od\/wp-content\/uploads\/2021\/09\/SecondoIncontroNeoassunti2021.pdf\"><strong>FLC CGIL Milano Secondo Incontro Neoassunti 2021-22<\/strong><\/a><\/li>\n<\/ul>\n<p>&nbsp;<\/p>\n<ul style=\"list-style-type: square;\">\n<li><a href=\"https:\/\/isisbernocchi.edu.it\/od\/wp-content\/uploads\/2021\/09\/comunicazioneassembleastreaming2829settembre.pdf\"><strong>USB Scuola: assemblea sindacale per neoimmessi 28 settembre e 29 settembre<\/strong><\/a><\/li>\n<\/ul>\n<p>&nbsp;<\/p>\n<ul style=\"list-style-type: square;\">\n<li><a href=\"https:\/\/isisbernocchi.edu.it\/od\/wp-content\/uploads\/2021\/09\/Comunicatostampadel14Settembre.pdf\"><strong>Comunicato Stampa del 14 Settembre 2021<\/strong><\/a><\/li>\n<\/ul>\n<p>&nbsp;<\/p>\n<ul style=\"list-style-type: square;\">\n<li><a href=\"https:\/\/isisbernocchi.edu.it\/od\/wp-content\/uploads\/2021\/09\/iniziativelegali.pdf\"><strong>UIL Scuola Milano Tutela dei diritti dei lavoratori della scuola<\/strong><\/a><\/li>\n<\/ul>\n<p>&nbsp;<\/p>\n<ul style=\"list-style-type: square;\">\n<li><a href=\"https:\/\/isisbernocchi.edu.it\/od\/wp-content\/uploads\/2021\/09\/Comunicatostampadel13Settembre.pdf\"><strong>Comunicato Stampa del 13 Settembre 2021<\/strong><\/a><\/li>\n<\/ul>\n<p>&nbsp;<\/p>\n<ul style=\"list-style-type: square;\">\n<li><a href=\"https:\/\/isisbernocchi.edu.it\/od\/wp-content\/uploads\/2021\/09\/Letterainizioannoscolastico.pdf\"><strong>Comunicazione Feder.ATA<\/strong><\/a><\/li>\n<\/ul>\n<p>&nbsp;<\/p>\n<ul style=\"list-style-type: square;\">\n<li><a href=\"https:\/\/isisbernocchi.edu.it\/od\/wp-content\/uploads\/2021\/09\/locandina-webinar-neo-immessi-in-ruolo-DOCENTI-1.pdf\"><strong>Periodo di prova e formazione per i docenti neo assunti in ruolo<\/strong><\/a><\/li>\n<\/ul>\n<p>&nbsp;<\/p>\n<ul style=\"list-style-type: square;\">\n<li><a href=\"https:\/\/isisbernocchi.edu.it\/od\/wp-content\/uploads\/2021\/09\/Locandinasedi2021-2022.pdf\"><strong>UIL SCUOLA MILANO E PROVINCIA \u201cDALLA PRIMA NOMINA ALLA PENSIONE: I SERVIZI DELLA UIL SCUOLA\u201d<\/strong><\/a><\/li>\n<\/ul>\n<p>&nbsp;<\/p>\n<ul style=\"list-style-type: square;\">\n<li><a href=\"https:\/\/isisbernocchi.edu.it\/od\/wp-content\/uploads\/2021\/09\/LetteraaBianchi.pdf\"><strong>No al controllo del Green Pass da parte del personale ATA<\/strong><\/a><\/li>\n<\/ul>\n<p>&nbsp;<\/p>\n<ul style=\"list-style-type: square;\">\n<li><a href=\"https:\/\/isisbernocchi.edu.it\/od\/wp-content\/uploads\/2021\/09\/Comunicatostampadel31agosto.pdf\"><strong>Comunicato Stampa del 31 Agosto 2021<\/strong><\/a><\/li>\n<\/ul>\n<p>&nbsp;<\/p>\n<ul style=\"list-style-type: square;\">\n<li><a href=\"https:\/\/isisbernocchi.edu.it\/od\/wp-content\/uploads\/2021\/09\/IncontroNeoassunti2021.pdf\"><strong>INCONTRO INFORMATIVO PER DOCENTI E ATA NEOASSUNTI A.S. 2021\/2022<\/strong><\/a><\/li>\n<\/ul>\n<p>&nbsp;<\/p>\n<ul style=\"list-style-type: square;\">\n<li><a href=\"https:\/\/isisbernocchi.edu.it\/od\/wp-content\/uploads\/2021\/08\/NoGP.pdf\"><strong>COBAS MILANO ASSEMBLEA PER TUTTO IL PERSONALE DI OGNI ORDINE E GRADO DI SCUOLA<\/strong><\/a><\/li>\n<\/ul>\n<p>&nbsp;<\/p>\n<ul style=\"list-style-type: square;\">\n<li><strong><a href=\"https:\/\/isisbernocchi.edu.it\/od\/wp-content\/uploads\/2021\/08\/Assembleasindacale-Feder-Ata.pdf\">Assemblea Sindacale Feder Ata<\/a><\/strong><\/li>\n<\/ul>\n<div id=\"page\" class=\"container hfeed site\" data-raofz=\"14\">\n<div id=\"content\" class=\"site-content\" data-raofz=\"14\">\n<div class=\"container\" data-raofz=\"14\">\n<p>&nbsp;<\/p>\n<div class=\"inner-wrapper\" data-raofz=\"14\">\n<ul>\n<li><a href=\"https:\/\/isisbernocchi.edu.it\/od\/wp-content\/uploads\/2021\/08\/Assembleasindacalezoom.pdf\"><strong>FEDER.ATA: ASSEMBLEA SINDACALE ON LINE 30\/08\/21 ore 18:00<\/strong><\/a><\/li>\n<\/ul>\n<p>&nbsp;<\/p>\n<ul>\n<li><strong>Comunicato Stampa del 24 Agosto 2021<\/strong><\/li>\n<\/ul>\n<p>&nbsp;<\/p>\n<ul>\n<li><a href=\"https:\/\/isisbernocchi.edu.it\/od\/wp-content\/uploads\/2021\/08\/Comunicatostampa18agosto.pdf\"><strong>Comunicato Stampa del 18 Agosto 2021<\/strong><\/a><\/li>\n<\/ul>\n<p>&nbsp;<\/p>\n<ul>\n<li><a href=\"https:\/\/isisbernocchi.edu.it\/od\/wp-content\/uploads\/2021\/08\/UnaprotestaperlalibertA-.pdf\"><strong><span style=\"color: #622502;\">ASSISTENZA SINDACALE GRATUITA PER UN ANNO<\/span><\/strong><\/a><\/li>\n<\/ul>\n<p>&nbsp;<\/p>\n<ul>\n<li><a href=\"https:\/\/isisbernocchi.edu.it\/od\/wp-content\/uploads\/2021\/08\/FederATAinforma11agosto21.pdf\">FEDER.ATA <strong>INFORMA<\/strong><\/a><\/li>\n<\/ul>\n<p>&nbsp;<\/p>\n<ul>\n<li><strong>Comunicato Sindacale del 10\/08\/2021<\/strong><\/li>\n<\/ul>\n<p>&nbsp;<\/p>\n<ul>\n<li><a href=\"https:\/\/isisbernocchi.edu.it\/od\/wp-content\/uploads\/2021\/08\/Comunicatostampa05agosto.pdf\"><strong>Comunicato Stampa del 05 Agosto 2021<\/strong><\/a><\/li>\n<\/ul>\n<p>&nbsp;<\/p>\n<ul>\n<li><a href=\"https:\/\/isisbernocchi.edu.it\/od\/wp-content\/uploads\/2021\/08\/Comunicatostampa28luglio.pdf\"><strong>Comunicato Stampa del 28 Luglio 2021<\/strong><\/a><\/li>\n<\/ul>\n<p>&nbsp;<\/p>\n<ul>\n<li><a href=\"https:\/\/isisbernocchi.edu.it\/od\/wp-content\/uploads\/2021\/08\/Comunicatostampa27luglio.pdf\"><strong>Comunicato Stampa del 27 Luglio 2021<\/strong><\/a><\/li>\n<\/ul>\n<p>&nbsp;<\/p>\n<ul>\n<li><a href=\"https:\/\/isisbernocchi.edu.it\/od\/wp-content\/uploads\/2021\/08\/Comunicatostampa26luglio.pdf\"><strong>Comunicato Stampa del 26 Luglio 2021 <\/strong><\/a><\/li>\n<\/ul>\n<p>&nbsp;<\/p>\n<ul>\n<li><a href=\"https:\/\/isisbernocchi.edu.it\/od\/wp-content\/uploads\/2021\/07\/Comunicatostampaobbligovaccinale.pdf\"><strong>OBBLIGO VACCINALE AL PERSONALE SCOLASTICO?<\/strong><\/a><\/li>\n<\/ul>\n<p>&nbsp;<\/p>\n<ul>\n<li><a href=\"https:\/\/isisbernocchi.edu.it\/od\/wp-content\/uploads\/2021\/07\/PagamentobonusmeritoancheagliATA.pdf\"><strong>Pagamento bonus merito anche agli ATA<\/strong><\/a><\/li>\n<\/ul>\n<p>&nbsp;<\/p>\n<ul>\n<li><a href=\"https:\/\/isisbernocchi.edu.it\/od\/wp-content\/uploads\/2021\/07\/Comunicatostampadel13luglio.pdf\"><strong>Decreto Sostegni Bis FEDER ATA<\/strong><\/a><\/li>\n<\/ul>\n<p>&nbsp;<\/p>\n<ul>\n<li><a href=\"https:\/\/isisbernocchi.edu.it\/od\/wp-content\/uploads\/2021\/07\/DocenticoncontrattiatempodeterminatocherientranoinservizioneiprofiliATAlefruizionidelleferie.pdf\"><strong>FEDER.ATA INFORMA<\/strong><\/a><\/li>\n<\/ul>\n<p>&nbsp;<\/p>\n<ul>\n<li><a href=\"https:\/\/isisbernocchi.edu.it\/od\/wp-content\/uploads\/2021\/07\/stipendigiugnodecurtati.pdf\"><strong>FEDER ATA Stipendi giugno decurtati<\/strong><\/a><\/li>\n<\/ul>\n<p>&nbsp;<\/p>\n<ul style=\"list-style-type: square;\">\n<li><strong><a href=\"https:\/\/isisbernocchi.edu.it\/od\/wp-content\/uploads\/2021\/06\/MANIFESTOINSEGNANTIDIRELIGIONE.pdf\">PROCEDURA STRAORDINARIA PER IL RUOLO IdR<\/a><\/strong><\/li>\n<\/ul>\n<p>&nbsp;<\/p>\n<ul style=\"list-style-type: square;\">\n<li><a href=\"https:\/\/isisbernocchi.edu.it\/od\/wp-content\/uploads\/2021\/06\/COMUNICATOUNITARIO18-06-2021.pdf\"><strong>COMUNICATO STAMPA UNITARIO &#8211; FLC CGIL, CISL FSUR, UIL Scuola RUA, SNALS CONFSAL e ANIEF<\/strong><\/a><\/li>\n<\/ul>\n<p>&nbsp;<\/p>\n<ul style=\"list-style-type: square;\">\n<li><a href=\"https:\/\/isisbernocchi.edu.it\/od\/wp-content\/uploads\/2021\/06\/G20Cataniail18giugnoconvegnointernazionaleinrete.pdf\"><strong>G20 Catania, il 18 giugno convegno internazionale in rete<\/strong><\/a><\/li>\n<\/ul>\n<p>&nbsp;<\/p>\n<ul style=\"list-style-type: square;\">\n<li><a href=\"https:\/\/isisbernocchi.edu.it\/od\/wp-content\/uploads\/2021\/06\/ComunicatostampaPrecariato11giugno.pdf\"><strong>Feder ATA &#8211; Comunicato Stampa del 11 Giugno 2021<\/strong><\/a><\/li>\n<\/ul>\n<p>&nbsp;<\/p>\n<ul style=\"list-style-type: square;\">\n<li><a href=\"https:\/\/isisbernocchi.edu.it\/od\/wp-content\/uploads\/2021\/06\/locandina.pdf\"><strong>ASSEMBLEA SINDACALE NAZIONALE FUORI ORARIO SERVIZIO &#8211; 09 GIUGNO 2021<\/strong><\/a><\/li>\n<\/ul>\n<p>&nbsp;<\/p>\n<ul style=\"list-style-type: square;\">\n<li><a href=\"https:\/\/isisbernocchi.edu.it\/od\/wp-content\/uploads\/2021\/06\/convegnoUSBFSMFISE18maggio.pdf\"><strong>G20 Catania, il 18 giugno convegno internazionale in rete<\/strong><\/a><\/li>\n<\/ul>\n<p>&nbsp;<\/p>\n<ul style=\"list-style-type: square;\">\n<li><a href=\"https:\/\/isisbernocchi.edu.it\/od\/wp-content\/uploads\/2021\/06\/ComunicatostampaStatigeneralidellascuola.pdf\"><strong>STATI GENERALI DELLA SCUOLA: INTERVENTO DEL PRESIDENTE NAZIONALE DI FEDER.ATA. MANCUSO\u00a0<\/strong><\/a><\/li>\n<\/ul>\n<p>&nbsp;<\/p>\n<ul style=\"list-style-type: square;\">\n<li><a href=\"https:\/\/isisbernocchi.edu.it\/od\/wp-content\/uploads\/2021\/06\/AssTerrATA07-06-21.pdf\"><strong>ASSEMBLEA SINDACALE PER TUTTO IL PERSONALE ATA 07 GIUGNO 2021<\/strong><\/a><\/li>\n<\/ul>\n<p>&nbsp;<\/p>\n<ul style=\"list-style-type: square;\">\n<li><a href=\"https:\/\/isisbernocchi.edu.it\/od\/wp-content\/uploads\/2021\/05\/volantino3giugno.pdf\"><strong>USB Scuola &#8211; Assemblea in streaming 3 giugno ore 15. DL Sostegni bis<\/strong><\/a><\/li>\n<\/ul>\n<p>&nbsp;<\/p>\n<ul style=\"list-style-type: square;\">\n<li><a href=\"https:\/\/isisbernocchi.edu.it\/od\/wp-content\/uploads\/2021\/05\/030-videoconferenzainsegnantidireligione-signed-1.pdf\"><strong>Incontro informativo sul precariato dei docenti di religione cattolica<\/strong><\/a><\/li>\n<\/ul>\n<p>&nbsp;<\/p>\n<ul style=\"list-style-type: square;\">\n<li><a href=\"https:\/\/isisbernocchi.edu.it\/od\/wp-content\/uploads\/2021\/05\/030-videoconferenzainsegnantidireligione-signed.pdf\"><strong>Incontro informativo sul precariato dei docenti di religione cattolica, quale concorso?<\/strong><\/a><\/li>\n<\/ul>\n<p>&nbsp;<\/p>\n<ul style=\"list-style-type: square;\">\n<li><a href=\"https:\/\/isisbernocchi.edu.it\/od\/wp-content\/uploads\/2021\/05\/WEBINARa__LAVALUTAZIONEDELLEDOMANDEDITERZAFASCIAATA2021-2024.pdf\"><strong>WEBINAR \u2013 LA VALUTAZIONEDELLE DOMANDE DI TERZA FASCIA ATA 2021\/2024<\/strong><\/a><\/li>\n<\/ul>\n<p>&nbsp;<\/p>\n<ul style=\"list-style-type: square;\">\n<li><a href=\"https:\/\/isisbernocchi.edu.it\/od\/wp-content\/uploads\/2021\/05\/LocandinaassembleapersonaleATALombardia27-05-2021.pdf\"><strong>ASSEMBLEA SINDACALE TERRITORIALE PERSONALE ATA 27\/5\/2021<\/strong><\/a><\/li>\n<\/ul>\n<p>&nbsp;<\/p>\n<ul style=\"list-style-type: square;\">\n<li><a href=\"https:\/\/isisbernocchi.edu.it\/od\/wp-content\/uploads\/2021\/05\/AssembleaFermiamolastragesuiluoghidilavoro.pdf\"><strong>ASSEMBLEA SINDACALE TERRITORIALE PER TUTTO IL PERSONALE 20\/05\/2021<\/strong><\/a><\/li>\n<\/ul>\n<p>&nbsp;<\/p>\n<ul style=\"list-style-type: square;\">\n<li><a href=\"https:\/\/isisbernocchi.edu.it\/od\/wp-content\/uploads\/2021\/05\/ASSEMBLEASINDACALETERRITORIALEFLCCGILMILANO12maggio.pdf\"><strong>ASSEMBLEA TERRITORIALE PER IL PERSONALE DOCENTE A TEMPO DETERMINATO<\/strong><\/a><\/li>\n<\/ul>\n<p>&nbsp;<\/p>\n<ul style=\"list-style-type: square;\">\n<li><a href=\"https:\/\/isisbernocchi.edu.it\/od\/wp-content\/uploads\/2021\/05\/Comunicazione-Sciopero-06-05-2021.pdf\"><strong>Comunicazione Sciopero 06-05-2021\u00a0<\/strong><\/a><\/li>\n<\/ul>\n<p>&nbsp;<\/p>\n<ul style=\"list-style-type: square;\">\n<li><a href=\"https:\/\/isisbernocchi.edu.it\/od\/wp-content\/uploads\/2021\/05\/assterritorialepensioniesperoFLCCGILMI-1.pdf\"><strong>Convocazione assemblea sindacale in orario di servizio 13\/05\/2021<\/strong><\/a><\/li>\n<\/ul>\n<p>&nbsp;<\/p>\n<ul style=\"list-style-type: square;\">\n<li><a href=\"https:\/\/isisbernocchi.edu.it\/od\/wp-content\/uploads\/2021\/05\/Assembleasindacale_06.05.2021.pdf\"><strong>Convocazione assemblea sindacale in orario di servizio 06\/05\/2021<\/strong><\/a><\/li>\n<\/ul>\n<p>&nbsp;<\/p>\n<ul style=\"list-style-type: square;\">\n<li><a href=\"https:\/\/isisbernocchi.edu.it\/od\/wp-content\/uploads\/2021\/04\/FormazioneSindacaleFLCCGILMilano_RSU26e27Aprile2021-1.pdf\"><strong>Formazione Sindacale FLC CGIL Milano per RSU \u2013 Delegate\/i &#8211; TAS<\/strong><\/a><\/li>\n<\/ul>\n<p>&nbsp;<\/p>\n<ul style=\"list-style-type: square;\">\n<li><a href=\"https:\/\/isisbernocchi.edu.it\/od\/wp-content\/uploads\/2021\/04\/Comunicatosullariaperturadellescuole.pdf\"><strong>Comunicato Sindacale 19 aprile 2021<\/strong><\/a><\/li>\n<\/ul>\n<p>&nbsp;<\/p>\n<ul style=\"list-style-type: square;\">\n<li><a href=\"https:\/\/isisbernocchi.edu.it\/od\/wp-content\/uploads\/2021\/04\/Comunicatosindacalesullaquestionevaccini.pdf\"><strong>Comunicato sindacale sulla questione vaccini<\/strong><\/a><\/li>\n<\/ul>\n<p>&nbsp;<\/p>\n<ul style=\"list-style-type: square;\">\n<li><a href=\"https:\/\/isisbernocchi.edu.it\/od\/wp-content\/uploads\/2021\/04\/ilovepdf_merged.pdf\"><strong>AVVIO RICORSI AL TAR DEL LAZIO PER AGGIORNAMNETO GRADUATORIA DI TERZA FASCIA ATA<\/strong><\/a><\/li>\n<\/ul>\n<p>&nbsp;<\/p>\n<ul style=\"list-style-type: square;\">\n<li><a href=\"https:\/\/isisbernocchi.edu.it\/od\/wp-content\/uploads\/2021\/04\/Corsoonlineprimafasciaata-1.pdf\"><strong>AGGIORNAMENTO GRADUATORIE DI PRIMA FASCIA ATA (24 MESI)<\/strong><\/a><\/li>\n<\/ul>\n<p>&nbsp;<\/p>\n<ul style=\"list-style-type: square;\">\n<li><a href=\"https:\/\/isisbernocchi.edu.it\/od\/wp-content\/uploads\/2021\/04\/AVVIORICORSIALTARDELLAZIOCONTROMINISTERORICORSIFICIO.pdf\"><strong>GRADUATORIA DI TERZA FASCIA: FEDER.ATA AVVIA I RICORSI AL TAR DEL LAZIO<\/strong><\/a><\/li>\n<\/ul>\n<p>&nbsp;<\/p>\n<ul style=\"list-style-type: square;\">\n<li><a href=\"https:\/\/isisbernocchi.edu.it\/od\/wp-content\/uploads\/2021\/04\/Comunicatosindacale2APRILE2021-1.pdf\"><strong>IL MINISTERO DELL\u2019ISTRUZIONE E\u2019 IN <\/strong><strong>CONFUSIONE<\/strong><\/a><\/li>\n<\/ul>\n<p>&nbsp;<\/p>\n<ul style=\"list-style-type: square;\">\n<li><a href=\"https:\/\/isisbernocchi.edu.it\/od\/wp-content\/uploads\/2021\/03\/volantinomobilitA-.pdf\"><strong>MOBILIT\u00c0 DOCENTI DI RELIGIONE 2021\/22<\/strong><\/a><\/li>\n<\/ul>\n<p>&nbsp;<\/p>\n<ul style=\"list-style-type: square;\">\n<li><a href=\"https:\/\/isisbernocchi.edu.it\/od\/wp-content\/uploads\/2021\/03\/volantinomobilitA-.pdf\"><strong>MOBILITA&#8217; 2021\/2022<\/strong><\/a><\/li>\n<\/ul>\n<p>&nbsp;<\/p>\n<ul style=\"list-style-type: square;\">\n<li><a href=\"https:\/\/isisbernocchi.edu.it\/od\/wp-content\/uploads\/2021\/03\/INCONTROINFORMATIVOFLCCGILPERGRADUATORIEATA.pdf\"><strong>Incontro Informativo FLC Cgil di Milano per Graduatorie Terza Fascia ATA<\/strong><\/a><\/li>\n<\/ul>\n<p>&nbsp;<\/p>\n<ul style=\"list-style-type: square;\">\n<li><a href=\"https:\/\/isisbernocchi.edu.it\/od\/wp-content\/uploads\/2021\/03\/Comunicazione-Sciopero-del-26-03-2021-per-tutto-il-personale.pdf\"><b>Comunicazione sciopero del 26\/03\/2021 Personale<\/b><\/a><\/li>\n<\/ul>\n<p>&nbsp;<\/p>\n<ul style=\"list-style-type: square;\">\n<li><a href=\"https:\/\/isisbernocchi.edu.it\/od\/wp-content\/uploads\/2021\/03\/A_F1_MIII0064_174297005.pdf\"><strong>Comunicazione sciopero del 26-03-2021 Famiglie<\/strong><\/a><\/li>\n<\/ul>\n<p>&nbsp;<\/p>\n<ul style=\"list-style-type: square;\">\n<li><strong><a href=\"https:\/\/isisbernocchi.edu.it\/od\/wp-content\/uploads\/2021\/03\/UILSCUOLAIRCINFORMAN.7.pdf\">Uil Scuola Informa<\/a><\/strong><\/li>\n<\/ul>\n<p>&nbsp;<\/p>\n<ul style=\"list-style-type: square;\">\n<li><a href=\"https:\/\/isisbernocchi.edu.it\/od\/wp-content\/uploads\/2021\/03\/ComunicazioneBandoterzafascia.pdf\"><strong>Feder. A.T.A. COMUNICATO SINDACALE<\/strong><\/a><\/li>\n<\/ul>\n<p>&nbsp;<\/p>\n<ul style=\"list-style-type: square;\">\n<li><a href=\"https:\/\/isisbernocchi.edu.it\/od\/wp-content\/uploads\/2021\/03\/RICHIESTA-AL-CAPO-DIPARTIMENTO-PUBBLICAZIONE-BANDO-24-MESI-E-PROROGA-BANDO-TERZA-FASCIA.pdf\"><strong>Feder. A.T.A. richiesta emanazione bando della graduatoria dei 24 mesi ATA<\/strong><\/a><\/li>\n<\/ul>\n<p>&nbsp;<\/p>\n<ul style=\"list-style-type: square;\">\n<li><a href=\"https:\/\/isisbernocchi.edu.it\/od\/wp-content\/uploads\/2021\/03\/COMUNICATO-STAMPA-A-RISCHIO-LE-IMMISIONI-IN-RUOLO.pdf\"><strong>Feder. A.T.A. A RISCHIO LE IMMISSIONI IN RUOLO DEGLI ATA<\/strong><\/a><\/li>\n<\/ul>\n<p>&nbsp;<\/p>\n<ul style=\"list-style-type: square;\">\n<li><a href=\"https:\/\/isisbernocchi.edu.it\/od\/wp-content\/uploads\/2021\/03\/COMUNICATOSULLAREVOCADEICONTRATTICOVIDMARZO2021.pdf\"><strong>Feder. A.T.A. Contratti Covid.<\/strong><\/a><\/li>\n<\/ul>\n<p>&nbsp;<\/p>\n<ul style=\"list-style-type: square;\">\n<li><a href=\"https:\/\/isisbernocchi.edu.it\/od\/wp-content\/uploads\/2021\/03\/Corsi-piu-esami-online.pdf\"><strong>Si.N.ATA.S Corsi pi\u00f9 esami online<\/strong><\/a><\/li>\n<\/ul>\n<p>&nbsp;<\/p>\n<ul style=\"list-style-type: square;\">\n<li><a href=\"https:\/\/isisbernocchi.edu.it\/od\/wp-content\/uploads\/2021\/03\/LETTERAAIDIRIGENTISCOLASTICIDELLALOMBARDIA.pdf\"><strong>FEDER A.T.A. Diffida ad adempiere alle attivit\u00e0 indifferibili personale ATA<\/strong><\/a><\/li>\n<\/ul>\n<p>&nbsp;<\/p>\n<ul style=\"list-style-type: square;\">\n<li><a href=\"https:\/\/isisbernocchi.edu.it\/od\/wp-content\/uploads\/2021\/03\/UILSCUOLAINFORMAN.6.pdf\"><strong>UIL SCUOLA IRC INFORMA DECRETO LEGGE N. 30 DEL 03\/03\/21<\/strong><\/a><\/li>\n<\/ul>\n<p>&nbsp;<\/p>\n<ul style=\"list-style-type: square;\">\n<li><a href=\"https:\/\/isisbernocchi.edu.it\/od\/wp-content\/uploads\/2021\/03\/RICHIESTAPERMESSIPERVACCINAZIONE.pdf\"><strong>Richiesta permessi dedicati ai giorni di assenze per le vaccinazioni<\/strong><\/a><\/li>\n<\/ul>\n<p>&nbsp;<\/p>\n<ul style=\"list-style-type: square;\">\n<li><strong><a href=\"https:\/\/isisbernocchi.edu.it\/od\/wp-content\/uploads\/2021\/03\/UILSCUOLAIRCINFORMAN.5.pdf\">Informazione Sindacale &#8211;\u00a0 VALUTARE = VALORIZZARE?<\/a><\/strong><\/li>\n<\/ul>\n<p>&nbsp;<\/p>\n<ul style=\"list-style-type: square;\">\n<li><a href=\"https:\/\/isisbernocchi.edu.it\/od\/wp-content\/uploads\/2021\/03\/PROMOZIONEDATTILOGRAFIAPEKITASCOMCERT.pdf\"><strong>CONVENZIONI E SERVIZI PER IL PERSONALE ATA<\/strong><\/a><\/li>\n<\/ul>\n<p>&nbsp;<\/p>\n<ul style=\"list-style-type: square;\">\n<li><a href=\"https:\/\/isisbernocchi.edu.it\/od\/wp-content\/uploads\/2021\/03\/RICHIESTA-CONCORSO-RISERVATO-PER-TITOLI-E-SERVIZI-ANCHE.pdf\"><strong>RICHIESTA CONCORSO RISERVATO \u00a0ASSISTENTI AMMINISTRATIVI FF DSGA<\/strong><\/a><\/li>\n<\/ul>\n<p>&nbsp;<\/p>\n<ul style=\"list-style-type: square;\">\n<li><a href=\"https:\/\/isisbernocchi.edu.it\/od\/wp-content\/uploads\/2021\/03\/Sciopero-08-03-21-Nota-USR-prot.-4208.pdf\"><strong>Sciopero 08-03-21 Nota USR prot. 4208<\/strong><\/a><\/li>\n<\/ul>\n<p>&nbsp;<\/p>\n<ul style=\"list-style-type: square;\">\n<li><a href=\"https:\/\/isisbernocchi.edu.it\/od\/wp-content\/uploads\/2021\/03\/ass8marzo.pdf\"><strong>ASSEMBLEA SINDACALE\u00a0 IN ORARIO DI LAVORO PER TUTTO IL PERSONALE 08\/03\/2021<\/strong><\/a><\/li>\n<\/ul>\n<p>&nbsp;<\/p>\n<ul style=\"list-style-type: square;\">\n<li><strong><a href=\"https:\/\/isisbernocchi.edu.it\/od\/wp-content\/uploads\/2021\/03\/SIT-IN-ROMA-SCIOPERO-DSGA-FF-IL-03-MARZO-2021.pdf\">Sciopero Assistenti Amministrativi FF il 03\/03\/2021<\/a><\/strong><\/li>\n<\/ul>\n<p>&nbsp;<\/p>\n<ul style=\"list-style-type: square;\">\n<li><a href=\"https:\/\/isisbernocchi.edu.it\/od\/wp-content\/uploads\/2021\/03\/ilovepdf_merged-2.pdf\"><strong>Sciopero SISA del 1 marzo 2021 per tutto il personale Docente e Dirigente con<\/strong><\/a><br \/>\n<strong>esclusione del personale ATA<\/strong><\/li>\n<\/ul>\n<p>&nbsp;<\/p>\n<ul style=\"list-style-type: square;\">\n<li><a href=\"https:\/\/isisbernocchi.edu.it\/od\/wp-content\/uploads\/2021\/02\/Locandinaddiinpdf_merged.pdf\"><strong>Corso di Formazione docenti &#8211; LE TECNOLOGIE A SCUOLA<\/strong><\/a><\/li>\n<\/ul>\n<p>&nbsp;<\/p>\n<ul style=\"list-style-type: square;\">\n<li><a href=\"https:\/\/isisbernocchi.edu.it\/od\/wp-content\/uploads\/2021\/02\/AssembleaMilano.pdf\"><strong>Assemblea sindacale provinciale per TUTTO il personale della scuola<\/strong><\/a><\/li>\n<\/ul>\n<p>&nbsp;<\/p>\n<ul style=\"list-style-type: square;\">\n<li><a href=\"https:\/\/isisbernocchi.edu.it\/od\/wp-content\/uploads\/2021\/02\/RICHIESTAMINISTROBIANCHIAGGIORNAMENTOTERZAFASCIAATAAGIUGNOLUGLIO2021.pdf\"><strong>Procedura di inserimento\/aggiornamento della terza fascia -Proposta date-<\/strong><\/a><\/li>\n<\/ul>\n<p>&nbsp;<\/p>\n<ul style=\"list-style-type: square;\">\n<li><a href=\"https:\/\/isisbernocchi.edu.it\/od\/wp-content\/uploads\/2021\/02\/N.03-2021-DOCENTIRELIGIONE-UILSCUOLA.pdf\"><strong>II\u00a0 CONCORSO DI RELIGIONE<\/strong><\/a><\/li>\n<\/ul>\n<p>&nbsp;<\/p>\n<ul style=\"list-style-type: square;\">\n<li><a href=\"https:\/\/isisbernocchi.edu.it\/od\/wp-content\/uploads\/2021\/02\/N.02-2021-DOCENTIRELIGIONE-UILSCUOLA.pdf\"><strong>CONCORSO DI RELIGIONE<\/strong><\/a><\/li>\n<\/ul>\n<p>&nbsp;<\/p>\n<ul style=\"list-style-type: square;\">\n<li><strong><a href=\"https:\/\/isisbernocchi.edu.it\/od\/wp-content\/uploads\/2021\/02\/ODGASSEMBLEEONLINEULTIMOGENNAIO2021-1.pdf\">ASSEMBLEA SINDACALE ONLINE UNICOBAS SCUOLA MARTED\u00cc 9 FEBBRAIO 2021 h 16.00\/18.00<\/a><\/strong><\/li>\n<\/ul>\n<p>&nbsp;<\/p>\n<ul style=\"list-style-type: square;\">\n<li><a href=\"https:\/\/isisbernocchi.edu.it\/od\/wp-content\/uploads\/2021\/01\/assembleasindacaleinsegnantidireligione.pdf\"><strong>Assemblea regionale IRC mercoled\u00ec 10 febbraio 2021<\/strong><\/a><\/li>\n<\/ul>\n<p>&nbsp;<\/p>\n<ul style=\"list-style-type: square;\">\n<li><a href=\"https:\/\/isisbernocchi.edu.it\/od\/wp-content\/uploads\/2021\/01\/assembleesicurezzaascuola.pdf\"><strong>Convocazione assemblee sindacali per tutto il personale della scuola<\/strong><\/a><\/li>\n<\/ul>\n<p>&nbsp;<\/p>\n<ul style=\"list-style-type: square;\">\n<li><a href=\"https:\/\/isisbernocchi.edu.it\/od\/wp-content\/uploads\/2021\/01\/PROCLAMAZIONESCIOPERONAZIONALE3marzo2021.pdf\"><strong>Proclamazione sciopero nazionale del personale DSGA FF 03\/03\/2021<\/strong><\/a><\/li>\n<\/ul>\n<p>&nbsp;<\/p>\n<ul style=\"list-style-type: square;\">\n<li><a href=\"https:\/\/isisbernocchi.edu.it\/od\/wp-content\/uploads\/2021\/01\/RICHIESTAPROROGATERMINIAGGIORNAMENTOGRADUATORIATERZAFASCIAATA.pdf\"><strong>Richiesta modifica periodo Inserimento\/Aggiornamento graduatorie ATA triennio 2021-2024<\/strong><\/a><\/li>\n<\/ul>\n<p>&nbsp;<\/p>\n<ul style=\"list-style-type: square;\">\n<li><strong><a href=\"https:\/\/isisbernocchi.edu.it\/od\/wp-content\/uploads\/2021\/01\/UIL-SCUOLA-Nota-di-Chiarimento.pdf\">Rappresentanza sindacale NOTA DI CHIARIMENTO<\/a><\/strong><\/li>\n<\/ul>\n<p>&nbsp;<\/p>\n<ul style=\"list-style-type: square;\">\n<li><a href=\"https:\/\/isisbernocchi.edu.it\/od\/wp-content\/uploads\/2021\/01\/n.0011assembleasindacaleinorariodiserviziodocentidireligioneLOMBARDIA-signed.pdf\"><strong>Assemblea sindacale in orario di servizio.<\/strong><\/a><\/li>\n<\/ul>\n<p>&nbsp;<\/p>\n<ul style=\"list-style-type: square;\">\n<li><a href=\"https:\/\/isisbernocchi.edu.it\/od\/wp-content\/uploads\/2021\/01\/PROCLAMAZIONESTATODIAGITAZIONEgennaio2021.pdf\"><strong>Proclamazione stato di agitazione del personale A.T.A.<\/strong><\/a><\/li>\n<\/ul>\n<p>&nbsp;<\/p>\n<ul style=\"list-style-type: square;\">\n<li><a href=\"https:\/\/isisbernocchi.edu.it\/od\/wp-content\/uploads\/2021\/01\/Pandemia-da-Covid-19-e-tutele-per-il-personale-ATA.pdf\"><strong>Pandemia da Covid-19 e tutele per il personale ATA<\/strong><\/a><\/li>\n<\/ul>\n<p>&nbsp;<\/p>\n<ul style=\"list-style-type: square;\">\n<li><a href=\"https:\/\/isisbernocchi.edu.it\/od\/wp-content\/uploads\/2020\/12\/n.022assembleasindacaleinorariodiserviziodocentidireligioneMilano-signed.pdf\"><strong>Assemblea Sindacale in orario di servizio personale docente religione cattolica<\/strong><\/a><\/li>\n<\/ul>\n<p>&nbsp;<\/p>\n<ul style=\"list-style-type: square;\">\n<li><a href=\"https:\/\/isisbernocchi.edu.it\/od\/wp-content\/uploads\/2020\/12\/AssembleaSindacaleperIns.diReligioneMI-18dicembre2020.pdf\"><strong>Assemblea Sindacale Provinciale \u2013 in modalit\u00e0 videoconferenza \u2013 riservata Docenti di Religione Cattolica<\/strong><\/a><\/li>\n<\/ul>\n<p>&nbsp;<\/p>\n<ul style=\"list-style-type: square;\">\n<li><a href=\"https:\/\/isisbernocchi.edu.it\/od\/wp-content\/uploads\/2020\/12\/RICHIESTAINCONTROALPRESIDENTEDELLAREPUBBLICAPERIDGSAFF.pdf\"><strong>Feder A.T.A. RICHIESTA INCONTRO AL PRESIDENTE DELLA REPUBBLICA<\/strong><\/a><\/li>\n<\/ul>\n<p>&nbsp;<\/p>\n<ul style=\"list-style-type: square;\">\n<li><a href=\"https:\/\/isisbernocchi.edu.it\/od\/wp-content\/uploads\/2020\/12\/COMUNICATOSTAMPADEL07DICEMBRE2020.pdf\"><strong>Ulteriori limiti al diritto di sciopero del personale ATA<\/strong><\/a><\/li>\n<\/ul>\n<p>&nbsp;<\/p>\n<ul style=\"list-style-type: square;\">\n<li><strong><a href=\"https:\/\/isisbernocchi.edu.it\/od\/wp-content\/uploads\/2020\/12\/richiestaunitariaustATA.pdf\">Richiesta di proroga del termine previsto 17\/12\/2020 per inserimento pratiche pensioni<\/a><\/strong><\/li>\n<\/ul>\n<p>&nbsp;<\/p>\n<ul style=\"list-style-type: square;\">\n<li><a href=\"https:\/\/isisbernocchi.edu.it\/od\/wp-content\/uploads\/2020\/12\/AssembleaSindacaleProvinciale11dicembre2020MilanoeMonza.pdf\"><strong>Assemblea Sindacale Provinciale 11 dicembre 2020 Milano e Monza.<\/strong><\/a><\/li>\n<\/ul>\n<p>&nbsp;<\/p>\n<ul style=\"list-style-type: square;\">\n<li><a href=\"https:\/\/isisbernocchi.edu.it\/od\/wp-content\/uploads\/2020\/11\/ASSEMBLEA-SINDACALE-PER-TUTTO-IL-PERSONALE.pdf\"><strong>Assemblea Sindacale del 27\/11\/2020<\/strong><\/a><\/li>\n<\/ul>\n<p>&nbsp;<\/p>\n<ul style=\"list-style-type: square;\">\n<li><a href=\"https:\/\/isisbernocchi.edu.it\/od\/wp-content\/uploads\/2020\/11\/Cessazioni_dal_servizio_del_personale_scolastico_dal_1A\u00b0settembre.pdf\"><strong>Feder. A.T.A. Cessazioni dal servizio del personale scolastico dal 1\u00b0settettoembre 2021<\/strong><\/a><\/li>\n<\/ul>\n<p>&nbsp;<\/p>\n<ul style=\"list-style-type: square;\">\n<li><strong><a href=\"https:\/\/isisbernocchi.edu.it\/od\/wp-content\/uploads\/2020\/11\/Uil-Irc-Lombardia-concorso-straordinario-anche-per-gli-insegnanti-di-Religione.pdf\">Comunicazione per i docenti di religione cattolica<\/a><\/strong><\/li>\n<\/ul>\n<p>&nbsp;<\/p>\n<ul style=\"list-style-type: square;\">\n<li><strong><a href=\"https:\/\/isisbernocchi.edu.it\/od\/wp-content\/uploads\/2020\/11\/Sciopero-del-25-11-2020.pdf\">Sciopero proclamato per il giorno 25 novembre 2020<\/a><\/strong><\/li>\n<\/ul>\n<p>&nbsp;<\/p>\n<ul style=\"list-style-type: square;\">\n<li><strong><a href=\"https:\/\/isisbernocchi.edu.it\/od\/wp-content\/uploads\/2020\/11\/UILIRCMILANO.pdf\">UIL SCUOLA Sedi e servizi per insegnanti di religione cattolica<\/a><\/strong><\/li>\n<\/ul>\n<p>&nbsp;<\/p>\n<ul style=\"list-style-type: square;\">\n<li><strong><a href=\"https:\/\/isisbernocchi.edu.it\/od\/wp-content\/uploads\/2020\/11\/assemblea9novembre2020.pdf\">USB Scuola assemblea per il giorno 9 novembre &#8211; ore 16.30<\/a><\/strong><\/li>\n<\/ul>\n<div id=\"primary\" class=\"content-area\" data-raofz=\"14\">\n<div class=\"members-access-error\" data-raofz=\"14\">\n<div id=\"page\" class=\"container hfeed site\" data-raofz=\"14\">\n<div id=\"content\" class=\"site-content\" data-raofz=\"14\">\n<ul style=\"list-style-type: square;\">\n<li><a href=\"https:\/\/isisbernocchi.edu.it\/od\/wp-content\/uploads\/2020\/09\/Sciopero-proclamato-per-il-giorno-3-ottobre-2020-Comparto-Istruzione-e-Ricerca-Settore-Scuola.pdf\"><strong>Sciopero proclamato per il giorno 3 ottobre 2020<\/strong><\/a><\/li>\n<\/ul>\n<p>&nbsp;<\/p>\n<ul style=\"list-style-type: square;\">\n<li><a href=\"https:\/\/isisbernocchi.edu.it\/od\/wp-content\/uploads\/2020\/09\/Calendario-Assemblea-Sindacale-FLC-CGIL.pdf\"><strong>Assemblea Sindacale FLC CGIL<\/strong><\/a><\/li>\n<\/ul>\n<p>&nbsp;<\/p>\n<ul style=\"list-style-type: square;\">\n<li><strong><a href=\"https:\/\/isisbernocchi.edu.it\/od\/wp-content\/uploads\/2020\/07\/SNADIR-NOTIZIARIO-LOMBARDIA.pdf\">SNADIR NOTIZIARIO LOMBARDIA<\/a><\/strong><\/li>\n<\/ul>\n<p>&nbsp;<\/p>\n<ul style=\"list-style-type: square;\">\n<li><strong><a href=\"https:\/\/isisbernocchi.edu.it\/od\/wp-content\/uploads\/2020\/06\/Circolare-n.-399-Comunicazione-sciopero-08-06-2020.pdf.pdf\">\u00a0Comunicazione sciopero 08-06-2020<\/a><\/strong><\/li>\n<\/ul>\n<div class=\"container\" data-raofz=\"14\">\n<p>&nbsp;<\/p>\n<ul style=\"list-style-type: square;\">\n<li><strong><a href=\"https:\/\/isisbernocchi.edu.it\/od\/wp-content\/uploads\/2020\/06\/Circolare-n.-398-Sciopero-del-5-giugno-2020-Comparto-Istruzione-e-ricerca-Settore-scuola.pdf\">Circolare n. 398 Sciopero del 5 giugno 2020 Comparto Istruzione e ricerca &#8211; Settore scuola<\/a><\/strong><\/li>\n<\/ul>\n<p>&nbsp;<\/p>\n<ul style=\"list-style-type: square;\">\n<li><a href=\"https:\/\/isisbernocchi.edu.it\/od\/wp-content\/uploads\/2020\/05\/Circolare-n.-389-USB-SCUOLA-Convocazione-assemblea-sindacale-28-05-20.pdf\"><strong>Convocazione assemblea sindacale 28-05-20 USB SCUOLA<\/strong><\/a><\/li>\n<\/ul>\n<p>&nbsp;<\/p>\n<ul style=\"list-style-type: square;\">\n<li><a href=\"https:\/\/isisbernocchi.edu.it\/od\/wp-content\/uploads\/2020\/05\/Circolare-n.-385-Assemblea-Sindacale-docenti-di-religione-28-05-2020.pdf.pdf\"><strong>Assemblea Sindacale docenti di religione 28-05-2020<\/strong><\/a><\/li>\n<\/ul>\n<p>&nbsp;<\/p>\n<div class=\"inner-wrapper\" data-raofz=\"14\">\n<div id=\"primary\" class=\"content-area\" data-raofz=\"14\">\n<article id=\"post-5120\" class=\"post-5120 circolari type-circolari status-publish hentry gruppiutenti-pubbliche\">\n<header class=\"entry-header\">\n<ul style=\"list-style-type: square;\">\n<li data-raofz=\"20\"><a href=\"https:\/\/isisbernocchi.edu.it\/od\/wp-content\/uploads\/2020\/05\/Circolare-n.-383-Assemblea-sindacale-del-26-05-2020-Unicobas.pdf\"><strong>Assemblea sindacale del 26-05-2020 Unicobas<\/strong><\/a><\/li>\n<\/ul>\n<\/header>\n<\/article>\n<\/div>\n<\/div>\n<\/div>\n<\/div>\n<\/div>\n<div id=\"page\" class=\"container hfeed site\" data-raofz=\"14\">\n<div id=\"content\" class=\"site-content\" data-raofz=\"14\">\n<div class=\"container\" data-raofz=\"14\">\n<div class=\"inner-wrapper\" data-raofz=\"14\">\n<div id=\"primary\" class=\"content-area\" data-raofz=\"14\">\n<article id=\"post-5120\" class=\"post-5120 circolari type-circolari status-publish hentry gruppiutenti-pubbliche\">\n<header class=\"entry-header\">\n<h2 data-raofz=\"20\"><\/h2>\n<h2 class=\"entry-title\" data-raofz=\"20\"><a role=\"link\" href=\"https:\/\/isisbernocchi.edu.it\/circolari\/circolare-n-372-convocazione-assemblea-sindacale-territoriale-19-05-2020\/\" rel=\"bookmark\" data-raofz=\"20\">Convocazione assemblea sindacale territoriale 19-05-2020<\/a><\/h2>\n<\/header>\n<\/article>\n<div class=\"ead-preview\"><div class=\"ead-document\" style=\"position: relative;padding-top: 90%;\"><div class=\"ead-iframe-wrapper\"><iframe src=\"\/\/docs.google.com\/viewer?url=https%3A%2F%2Fisisbernocchi.edu.it%2Fod%2Fwp-content%2Fuploads%2F2020%2F05%2FCircolare-n.-372-Convocazione-assemblea-sindacale-territoriale-19-05-2020.pdf&amp;embedded=true&amp;hl=en\" title=\"Embedded Document\" class=\"ead-iframe\" style=\"width: 100%;height: 100%;border: none;position: absolute;left: 0;top: 0;visibility: hidden;\"><\/iframe><\/div>\t\t\t<div class=\"ead-document-loading\" style=\"width:100%;height:100%;position:absolute;left:0;top:0;z-index:10;\">\n\t\t\t\t<div class=\"ead-loading-wrap\">\n\t\t\t\t\t<div class=\"ead-loading-main\">\n\t\t\t\t\t\t<div class=\"ead-loading\">\n\t\t\t\t\t\t\t<img loading=\"lazy\" decoding=\"async\" src=\"https:\/\/isisbernocchi.edu.it\/od\/wp-content\/plugins\/embed-any-document\/images\/loading.svg\" width=\"55\" height=\"55\" alt=\"Loader\">\n\t\t\t\t\t\t\t<span>Loading...<\/span>\n\t\t\t\t\t\t<\/div>\n\t\t\t\t\t<\/div>\n\t\t\t\t\t<div class=\"ead-loading-foot\">\n\t\t\t\t\t\t<div class=\"ead-loading-foot-title\">\n\t\t\t\t\t\t\t<img loading=\"lazy\" decoding=\"async\" src=\"https:\/\/isisbernocchi.edu.it\/od\/wp-content\/plugins\/embed-any-document\/images\/EAD-logo.svg\" alt=\"EAD Logo\" width=\"36\" height=\"23\"\/>\n\t\t\t\t\t\t\t<span>Taking too long?<\/span>\n\t\t\t\t\t\t<\/div>\n\t\t\t\t\t\t<p>\n\t\t\t\t\t\t\t<div class=\"ead-document-btn ead-reload-btn\" role=\"button\">\n\t\t\t\t\t\t\t\t<img loading=\"lazy\" decoding=\"async\" src=\"https:\/\/isisbernocchi.edu.it\/od\/wp-content\/plugins\/embed-any-document\/images\/reload.svg\" alt=\"Reload\" width=\"12\" height=\"12\"\/> Reload document\t\t\t\t\t\t\t<\/div>\n\t\t\t\t\t\t\t<span>|<\/span>\n\t\t\t\t\t\t\t<a href=\"https:\/\/isisbernocchi.edu.it\/od\/wp-content\/uploads\/2020\/05\/Circolare-n.-372-Convocazione-assemblea-sindacale-territoriale-19-05-2020.pdf\" class=\"ead-document-btn\" target=\"_blank\">\n\t\t\t\t\t\t\t\t<img loading=\"lazy\" decoding=\"async\" src=\"https:\/\/isisbernocchi.edu.it\/od\/wp-content\/plugins\/embed-any-document\/images\/open.svg\" alt=\"Open\" width=\"12\" height=\"12\"\/> Open in new tab\t\t\t\t\t\t\t<\/a>\n\t\t\t\t\t<\/div>\n\t\t\t\t<\/div>\n\t\t\t<\/div>\n\t\t<\/div><p class=\"embed_download\"><a href=\"https:\/\/isisbernocchi.edu.it\/od\/wp-content\/uploads\/2020\/05\/Circolare-n.-372-Convocazione-assemblea-sindacale-territoriale-19-05-2020.pdf\" download>Download [644.02 KB] <\/a><\/p><\/div>\n<\/div>\n<\/div>\n<\/div>\n<\/div>\n<\/div>\n<\/div>\n<article id=\"post-5118\" class=\"post-5118 circolari type-circolari status-publish hentry gruppiutenti-pubbliche\">\n<header class=\"entry-header\">\n<h2 class=\"entry-title\" data-raofz=\"20\"><a role=\"link\" href=\"https:\/\/isisbernocchi.edu.it\/circolari\/circolare-n-371-convocazione-assemblea-sindacale-territoriale-14-05-2020\/\" rel=\"bookmark\" data-raofz=\"20\">Convocazione assemblea sindacale territoriale 14-05-2020<\/a><\/h2>\n<\/header>\n<\/article>\n<div class=\"ead-preview\"><div class=\"ead-document\" style=\"position: relative;padding-top: 90%;\"><div class=\"ead-iframe-wrapper\"><iframe src=\"\/\/docs.google.com\/viewer?url=https%3A%2F%2Fisisbernocchi.edu.it%2Fod%2Fwp-content%2Fuploads%2F2020%2F05%2FCircolare-n.-371-Convocazione-assemblea-sindacale-territoriale-14-05-2020.pdf&amp;embedded=true&amp;hl=en\" title=\"Embedded Document\" class=\"ead-iframe\" style=\"width: 100%;height: 100%;border: none;position: absolute;left: 0;top: 0;visibility: hidden;\"><\/iframe><\/div>\t\t\t<div class=\"ead-document-loading\" style=\"width:100%;height:100%;position:absolute;left:0;top:0;z-index:10;\">\n\t\t\t\t<div class=\"ead-loading-wrap\">\n\t\t\t\t\t<div class=\"ead-loading-main\">\n\t\t\t\t\t\t<div class=\"ead-loading\">\n\t\t\t\t\t\t\t<img loading=\"lazy\" decoding=\"async\" src=\"https:\/\/isisbernocchi.edu.it\/od\/wp-content\/plugins\/embed-any-document\/images\/loading.svg\" width=\"55\" height=\"55\" alt=\"Loader\">\n\t\t\t\t\t\t\t<span>Loading...<\/span>\n\t\t\t\t\t\t<\/div>\n\t\t\t\t\t<\/div>\n\t\t\t\t\t<div class=\"ead-loading-foot\">\n\t\t\t\t\t\t<div class=\"ead-loading-foot-title\">\n\t\t\t\t\t\t\t<img loading=\"lazy\" decoding=\"async\" src=\"https:\/\/isisbernocchi.edu.it\/od\/wp-content\/plugins\/embed-any-document\/images\/EAD-logo.svg\" alt=\"EAD Logo\" width=\"36\" height=\"23\"\/>\n\t\t\t\t\t\t\t<span>Taking too long?<\/span>\n\t\t\t\t\t\t<\/div>\n\t\t\t\t\t\t<p>\n\t\t\t\t\t\t\t<div class=\"ead-document-btn ead-reload-btn\" role=\"button\">\n\t\t\t\t\t\t\t\t<img loading=\"lazy\" decoding=\"async\" src=\"https:\/\/isisbernocchi.edu.it\/od\/wp-content\/plugins\/embed-any-document\/images\/reload.svg\" alt=\"Reload\" width=\"12\" height=\"12\"\/> Reload document\t\t\t\t\t\t\t<\/div>\n\t\t\t\t\t\t\t<span>|<\/span>\n\t\t\t\t\t\t\t<a href=\"https:\/\/isisbernocchi.edu.it\/od\/wp-content\/uploads\/2020\/05\/Circolare-n.-371-Convocazione-assemblea-sindacale-territoriale-14-05-2020.pdf\" class=\"ead-document-btn\" target=\"_blank\">\n\t\t\t\t\t\t\t\t<img loading=\"lazy\" decoding=\"async\" src=\"https:\/\/isisbernocchi.edu.it\/od\/wp-content\/plugins\/embed-any-document\/images\/open.svg\" alt=\"Open\" width=\"12\" height=\"12\"\/> Open in new tab\t\t\t\t\t\t\t<\/a>\n\t\t\t\t\t<\/div>\n\t\t\t\t<\/div>\n\t\t\t<\/div>\n\t\t<\/div><p class=\"embed_download\"><a href=\"https:\/\/isisbernocchi.edu.it\/od\/wp-content\/uploads\/2020\/05\/Circolare-n.-371-Convocazione-assemblea-sindacale-territoriale-14-05-2020.pdf\" download>Download [696.46 KB] <\/a><\/p><\/div>\n<p>&nbsp;<\/p>\n<\/div>\n<\/div>\n<\/div>\n<\/div>\n<\/div>\n<p>&nbsp;<\/p>\n<p style=\"text-align: left;\"><strong>ASSEMBLEE SINDACALI TERRITORIALI DOCENTE E \u00a0ATA 13 MAGGIO 2020<br \/>\n<\/strong><\/p>\n<div class=\"ead-preview\"><div class=\"ead-document\" style=\"position: relative;padding-top: 90%;\"><div class=\"ead-iframe-wrapper\"><iframe src=\"\/\/docs.google.com\/viewer?url=https%3A%2F%2Fisisbernocchi.edu.it%2Fod%2Fwp-content%2Fuploads%2F2020%2F05%2FCircolare-n.-366-Assemblea-sindacale.pdf&amp;embedded=true&amp;hl=en\" title=\"Embedded Document\" class=\"ead-iframe\" style=\"width: 100%;height: 100%;border: none;position: absolute;left: 0;top: 0;visibility: hidden;\"><\/iframe><\/div>\t\t\t<div class=\"ead-document-loading\" style=\"width:100%;height:100%;position:absolute;left:0;top:0;z-index:10;\">\n\t\t\t\t<div class=\"ead-loading-wrap\">\n\t\t\t\t\t<div class=\"ead-loading-main\">\n\t\t\t\t\t\t<div class=\"ead-loading\">\n\t\t\t\t\t\t\t<img loading=\"lazy\" decoding=\"async\" src=\"https:\/\/isisbernocchi.edu.it\/od\/wp-content\/plugins\/embed-any-document\/images\/loading.svg\" width=\"55\" height=\"55\" alt=\"Loader\">\n\t\t\t\t\t\t\t<span>Loading...<\/span>\n\t\t\t\t\t\t<\/div>\n\t\t\t\t\t<\/div>\n\t\t\t\t\t<div class=\"ead-loading-foot\">\n\t\t\t\t\t\t<div class=\"ead-loading-foot-title\">\n\t\t\t\t\t\t\t<img loading=\"lazy\" decoding=\"async\" src=\"https:\/\/isisbernocchi.edu.it\/od\/wp-content\/plugins\/embed-any-document\/images\/EAD-logo.svg\" alt=\"EAD Logo\" width=\"36\" height=\"23\"\/>\n\t\t\t\t\t\t\t<span>Taking too long?<\/span>\n\t\t\t\t\t\t<\/div>\n\t\t\t\t\t\t<p>\n\t\t\t\t\t\t\t<div class=\"ead-document-btn ead-reload-btn\" role=\"button\">\n\t\t\t\t\t\t\t\t<img loading=\"lazy\" decoding=\"async\" src=\"https:\/\/isisbernocchi.edu.it\/od\/wp-content\/plugins\/embed-any-document\/images\/reload.svg\" alt=\"Reload\" width=\"12\" height=\"12\"\/> Reload document\t\t\t\t\t\t\t<\/div>\n\t\t\t\t\t\t\t<span>|<\/span>\n\t\t\t\t\t\t\t<a href=\"https:\/\/isisbernocchi.edu.it\/od\/wp-content\/uploads\/2020\/05\/Circolare-n.-366-Assemblea-sindacale.pdf\" class=\"ead-document-btn\" target=\"_blank\">\n\t\t\t\t\t\t\t\t<img loading=\"lazy\" decoding=\"async\" src=\"https:\/\/isisbernocchi.edu.it\/od\/wp-content\/plugins\/embed-any-document\/images\/open.svg\" alt=\"Open\" width=\"12\" height=\"12\"\/> Open in new tab\t\t\t\t\t\t\t<\/a>\n\t\t\t\t\t<\/div>\n\t\t\t\t<\/div>\n\t\t\t<\/div>\n\t\t<\/div><p class=\"embed_download\"><a href=\"https:\/\/isisbernocchi.edu.it\/od\/wp-content\/uploads\/2020\/05\/Circolare-n.-366-Assemblea-sindacale.pdf\" download>Download [206.79 KB] <\/a><\/p><\/div>\n<p>&nbsp;<\/p>\n<p><strong>Comunicazione-sciopero-15-maggio-2020<\/strong><\/p>\n<div class=\"ead-preview\"><div class=\"ead-document\" style=\"position: relative;padding-top: 90%;\"><div class=\"ead-iframe-wrapper\"><iframe src=\"\/\/docs.google.com\/viewer?url=https%3A%2F%2Fisisbernocchi.edu.it%2Fod%2Fwp-content%2Fuploads%2F2020%2F05%2FComunicazione-sciopero-15-maggio-2020.pdf&amp;embedded=true&amp;hl=en\" title=\"Embedded Document\" class=\"ead-iframe\" style=\"width: 100%;height: 100%;border: none;position: absolute;left: 0;top: 0;visibility: hidden;\"><\/iframe><\/div>\t\t\t<div class=\"ead-document-loading\" style=\"width:100%;height:100%;position:absolute;left:0;top:0;z-index:10;\">\n\t\t\t\t<div class=\"ead-loading-wrap\">\n\t\t\t\t\t<div class=\"ead-loading-main\">\n\t\t\t\t\t\t<div class=\"ead-loading\">\n\t\t\t\t\t\t\t<img loading=\"lazy\" decoding=\"async\" src=\"https:\/\/isisbernocchi.edu.it\/od\/wp-content\/plugins\/embed-any-document\/images\/loading.svg\" width=\"55\" height=\"55\" alt=\"Loader\">\n\t\t\t\t\t\t\t<span>Loading...<\/span>\n\t\t\t\t\t\t<\/div>\n\t\t\t\t\t<\/div>\n\t\t\t\t\t<div class=\"ead-loading-foot\">\n\t\t\t\t\t\t<div class=\"ead-loading-foot-title\">\n\t\t\t\t\t\t\t<img loading=\"lazy\" decoding=\"async\" src=\"https:\/\/isisbernocchi.edu.it\/od\/wp-content\/plugins\/embed-any-document\/images\/EAD-logo.svg\" alt=\"EAD Logo\" width=\"36\" height=\"23\"\/>\n\t\t\t\t\t\t\t<span>Taking too long?<\/span>\n\t\t\t\t\t\t<\/div>\n\t\t\t\t\t\t<p>\n\t\t\t\t\t\t\t<div class=\"ead-document-btn ead-reload-btn\" role=\"button\">\n\t\t\t\t\t\t\t\t<img loading=\"lazy\" decoding=\"async\" src=\"https:\/\/isisbernocchi.edu.it\/od\/wp-content\/plugins\/embed-any-document\/images\/reload.svg\" alt=\"Reload\" width=\"12\" height=\"12\"\/> Reload document\t\t\t\t\t\t\t<\/div>\n\t\t\t\t\t\t\t<span>|<\/span>\n\t\t\t\t\t\t\t<a href=\"https:\/\/isisbernocchi.edu.it\/od\/wp-content\/uploads\/2020\/05\/Comunicazione-sciopero-15-maggio-2020.pdf\" class=\"ead-document-btn\" target=\"_blank\">\n\t\t\t\t\t\t\t\t<img loading=\"lazy\" decoding=\"async\" src=\"https:\/\/isisbernocchi.edu.it\/od\/wp-content\/plugins\/embed-any-document\/images\/open.svg\" alt=\"Open\" width=\"12\" height=\"12\"\/> Open in new tab\t\t\t\t\t\t\t<\/a>\n\t\t\t\t\t<\/div>\n\t\t\t\t<\/div>\n\t\t\t<\/div>\n\t\t<\/div><p class=\"embed_download\"><a href=\"https:\/\/isisbernocchi.edu.it\/od\/wp-content\/uploads\/2020\/05\/Comunicazione-sciopero-15-maggio-2020.pdf\" download>Download [224.38 KB] <\/a><\/p><\/div>\n<p>&nbsp;<\/p>\n<p><strong>Comparto Istruzione e Ricerca &#8211; Settore Scuola &#8211; Sciopero generale del 25 marzo 2020<\/strong><\/p>\n<div class=\"ead-preview\"><div class=\"ead-document\" style=\"position: relative;padding-top: 90%;\"><div class=\"ead-iframe-wrapper\"><iframe src=\"\/\/docs.google.com\/viewer?url=https%3A%2F%2Fisisbernocchi.edu.it%2Fod%2Fwp-content%2Fuploads%2F2020%2F03%2FSciopero-25-marzo-2020.pdf&amp;embedded=true&amp;hl=en\" title=\"Embedded Document\" class=\"ead-iframe\" style=\"width: 100%;height: 100%;border: none;position: absolute;left: 0;top: 0;visibility: hidden;\"><\/iframe><\/div>\t\t\t<div class=\"ead-document-loading\" style=\"width:100%;height:100%;position:absolute;left:0;top:0;z-index:10;\">\n\t\t\t\t<div class=\"ead-loading-wrap\">\n\t\t\t\t\t<div class=\"ead-loading-main\">\n\t\t\t\t\t\t<div class=\"ead-loading\">\n\t\t\t\t\t\t\t<img loading=\"lazy\" decoding=\"async\" src=\"https:\/\/isisbernocchi.edu.it\/od\/wp-content\/plugins\/embed-any-document\/images\/loading.svg\" width=\"55\" height=\"55\" alt=\"Loader\">\n\t\t\t\t\t\t\t<span>Loading...<\/span>\n\t\t\t\t\t\t<\/div>\n\t\t\t\t\t<\/div>\n\t\t\t\t\t<div class=\"ead-loading-foot\">\n\t\t\t\t\t\t<div class=\"ead-loading-foot-title\">\n\t\t\t\t\t\t\t<img loading=\"lazy\" decoding=\"async\" src=\"https:\/\/isisbernocchi.edu.it\/od\/wp-content\/plugins\/embed-any-document\/images\/EAD-logo.svg\" alt=\"EAD Logo\" width=\"36\" height=\"23\"\/>\n\t\t\t\t\t\t\t<span>Taking too long?<\/span>\n\t\t\t\t\t\t<\/div>\n\t\t\t\t\t\t<p>\n\t\t\t\t\t\t\t<div class=\"ead-document-btn ead-reload-btn\" role=\"button\">\n\t\t\t\t\t\t\t\t<img loading=\"lazy\" decoding=\"async\" src=\"https:\/\/isisbernocchi.edu.it\/od\/wp-content\/plugins\/embed-any-document\/images\/reload.svg\" alt=\"Reload\" width=\"12\" height=\"12\"\/> Reload document\t\t\t\t\t\t\t<\/div>\n\t\t\t\t\t\t\t<span>|<\/span>\n\t\t\t\t\t\t\t<a href=\"https:\/\/isisbernocchi.edu.it\/od\/wp-content\/uploads\/2020\/03\/Sciopero-25-marzo-2020.pdf\" class=\"ead-document-btn\" target=\"_blank\">\n\t\t\t\t\t\t\t\t<img loading=\"lazy\" decoding=\"async\" src=\"https:\/\/isisbernocchi.edu.it\/od\/wp-content\/plugins\/embed-any-document\/images\/open.svg\" alt=\"Open\" width=\"12\" height=\"12\"\/> Open in new tab\t\t\t\t\t\t\t<\/a>\n\t\t\t\t\t<\/div>\n\t\t\t\t<\/div>\n\t\t\t<\/div>\n\t\t<\/div><p class=\"embed_download\"><a href=\"https:\/\/isisbernocchi.edu.it\/od\/wp-content\/uploads\/2020\/03\/Sciopero-25-marzo-2020.pdf\" download>Download [217.67 KB] <\/a><\/p><\/div>\n<p><strong>Assemblea sindacale territoriale 25.02.2020<\/strong><\/p>\n<div class=\"ead-preview\"><div class=\"ead-document\" style=\"position: relative;padding-top: 90%;\"><div class=\"ead-iframe-wrapper\"><iframe src=\"\/\/docs.google.com\/viewer?url=https%3A%2F%2Fisisbernocchi.edu.it%2Fod%2Fwp-content%2Fuploads%2F2020%2F02%2FAssemblea-sindacale-territoriale-25.02.2020-1.pdf&amp;embedded=true&amp;hl=en\" title=\"Embedded Document\" class=\"ead-iframe\" style=\"width: 100%;height: 100%;border: none;position: absolute;left: 0;top: 0;visibility: hidden;\"><\/iframe><\/div>\t\t\t<div class=\"ead-document-loading\" style=\"width:100%;height:100%;position:absolute;left:0;top:0;z-index:10;\">\n\t\t\t\t<div class=\"ead-loading-wrap\">\n\t\t\t\t\t<div class=\"ead-loading-main\">\n\t\t\t\t\t\t<div class=\"ead-loading\">\n\t\t\t\t\t\t\t<img loading=\"lazy\" decoding=\"async\" src=\"https:\/\/isisbernocchi.edu.it\/od\/wp-content\/plugins\/embed-any-document\/images\/loading.svg\" width=\"55\" height=\"55\" alt=\"Loader\">\n\t\t\t\t\t\t\t<span>Loading...<\/span>\n\t\t\t\t\t\t<\/div>\n\t\t\t\t\t<\/div>\n\t\t\t\t\t<div class=\"ead-loading-foot\">\n\t\t\t\t\t\t<div class=\"ead-loading-foot-title\">\n\t\t\t\t\t\t\t<img loading=\"lazy\" decoding=\"async\" src=\"https:\/\/isisbernocchi.edu.it\/od\/wp-content\/plugins\/embed-any-document\/images\/EAD-logo.svg\" alt=\"EAD Logo\" width=\"36\" height=\"23\"\/>\n\t\t\t\t\t\t\t<span>Taking too long?<\/span>\n\t\t\t\t\t\t<\/div>\n\t\t\t\t\t\t<p>\n\t\t\t\t\t\t\t<div class=\"ead-document-btn ead-reload-btn\" role=\"button\">\n\t\t\t\t\t\t\t\t<img loading=\"lazy\" decoding=\"async\" src=\"https:\/\/isisbernocchi.edu.it\/od\/wp-content\/plugins\/embed-any-document\/images\/reload.svg\" alt=\"Reload\" width=\"12\" height=\"12\"\/> Reload document\t\t\t\t\t\t\t<\/div>\n\t\t\t\t\t\t\t<span>|<\/span>\n\t\t\t\t\t\t\t<a href=\"https:\/\/isisbernocchi.edu.it\/od\/wp-content\/uploads\/2020\/02\/Assemblea-sindacale-territoriale-25.02.2020-1.pdf\" class=\"ead-document-btn\" target=\"_blank\">\n\t\t\t\t\t\t\t\t<img loading=\"lazy\" decoding=\"async\" src=\"https:\/\/isisbernocchi.edu.it\/od\/wp-content\/plugins\/embed-any-document\/images\/open.svg\" alt=\"Open\" width=\"12\" height=\"12\"\/> Open in new tab\t\t\t\t\t\t\t<\/a>\n\t\t\t\t\t<\/div>\n\t\t\t\t<\/div>\n\t\t\t<\/div>\n\t\t<\/div><p class=\"embed_download\"><a href=\"https:\/\/isisbernocchi.edu.it\/od\/wp-content\/uploads\/2020\/02\/Assemblea-sindacale-territoriale-25.02.2020-1.pdf\" download>Download [286.68 KB] <\/a><\/p><\/div>\n<p>&nbsp;<\/p>\n<p><strong>FLCCGIL Scuola anticipata al 6marzo la data dello sciopero<\/strong><\/p>\n<div class=\"ead-preview\"><div class=\"ead-document\" style=\"position: relative;padding-top: 90%;\"><div class=\"ead-iframe-wrapper\"><iframe src=\"\/\/docs.google.com\/viewer?url=https%3A%2F%2Fisisbernocchi.edu.it%2Fod%2Fwp-content%2Fuploads%2F2020%2F02%2FFLCCGIL-Scuola-anticipata-al-6marzo-la-data-dello-sciopero.pdf&amp;embedded=true&amp;hl=en\" title=\"Embedded Document\" class=\"ead-iframe\" style=\"width: 100%;height: 100%;border: none;position: absolute;left: 0;top: 0;visibility: hidden;\"><\/iframe><\/div>\t\t\t<div class=\"ead-document-loading\" style=\"width:100%;height:100%;position:absolute;left:0;top:0;z-index:10;\">\n\t\t\t\t<div class=\"ead-loading-wrap\">\n\t\t\t\t\t<div class=\"ead-loading-main\">\n\t\t\t\t\t\t<div class=\"ead-loading\">\n\t\t\t\t\t\t\t<img loading=\"lazy\" decoding=\"async\" src=\"https:\/\/isisbernocchi.edu.it\/od\/wp-content\/plugins\/embed-any-document\/images\/loading.svg\" width=\"55\" height=\"55\" alt=\"Loader\">\n\t\t\t\t\t\t\t<span>Loading...<\/span>\n\t\t\t\t\t\t<\/div>\n\t\t\t\t\t<\/div>\n\t\t\t\t\t<div class=\"ead-loading-foot\">\n\t\t\t\t\t\t<div class=\"ead-loading-foot-title\">\n\t\t\t\t\t\t\t<img loading=\"lazy\" decoding=\"async\" src=\"https:\/\/isisbernocchi.edu.it\/od\/wp-content\/plugins\/embed-any-document\/images\/EAD-logo.svg\" alt=\"EAD Logo\" width=\"36\" height=\"23\"\/>\n\t\t\t\t\t\t\t<span>Taking too long?<\/span>\n\t\t\t\t\t\t<\/div>\n\t\t\t\t\t\t<p>\n\t\t\t\t\t\t\t<div class=\"ead-document-btn ead-reload-btn\" role=\"button\">\n\t\t\t\t\t\t\t\t<img loading=\"lazy\" decoding=\"async\" src=\"https:\/\/isisbernocchi.edu.it\/od\/wp-content\/plugins\/embed-any-document\/images\/reload.svg\" alt=\"Reload\" width=\"12\" height=\"12\"\/> Reload document\t\t\t\t\t\t\t<\/div>\n\t\t\t\t\t\t\t<span>|<\/span>\n\t\t\t\t\t\t\t<a href=\"https:\/\/isisbernocchi.edu.it\/od\/wp-content\/uploads\/2020\/02\/FLCCGIL-Scuola-anticipata-al-6marzo-la-data-dello-sciopero.pdf\" class=\"ead-document-btn\" target=\"_blank\">\n\t\t\t\t\t\t\t\t<img loading=\"lazy\" decoding=\"async\" src=\"https:\/\/isisbernocchi.edu.it\/od\/wp-content\/plugins\/embed-any-document\/images\/open.svg\" alt=\"Open\" width=\"12\" height=\"12\"\/> Open in new tab\t\t\t\t\t\t\t<\/a>\n\t\t\t\t\t<\/div>\n\t\t\t\t<\/div>\n\t\t\t<\/div>\n\t\t<\/div><p class=\"embed_download\"><a href=\"https:\/\/isisbernocchi.edu.it\/od\/wp-content\/uploads\/2020\/02\/FLCCGIL-Scuola-anticipata-al-6marzo-la-data-dello-sciopero.pdf\" download>Download [1.26 MB] <\/a><\/p><\/div>\n<p>&nbsp;<\/p>\n<p><strong>UIL SCUOLA MILANO E LOMBARDIA<\/strong><\/p>\n<div class=\"ead-preview\"><div class=\"ead-document\" style=\"position: relative;padding-top: 90%;\"><div class=\"ead-iframe-wrapper\"><iframe src=\"\/\/docs.google.com\/viewer?url=https%3A%2F%2Fisisbernocchi.edu.it%2Fod%2Fwp-content%2Fuploads%2F2020%2F02%2FLOCANDINA_CORSO2_ASS_AMM.pdf&amp;embedded=true&amp;hl=en\" title=\"Embedded Document\" class=\"ead-iframe\" style=\"width: 100%;height: 100%;border: none;position: absolute;left: 0;top: 0;visibility: hidden;\"><\/iframe><\/div>\t\t\t<div class=\"ead-document-loading\" style=\"width:100%;height:100%;position:absolute;left:0;top:0;z-index:10;\">\n\t\t\t\t<div class=\"ead-loading-wrap\">\n\t\t\t\t\t<div class=\"ead-loading-main\">\n\t\t\t\t\t\t<div class=\"ead-loading\">\n\t\t\t\t\t\t\t<img loading=\"lazy\" decoding=\"async\" src=\"https:\/\/isisbernocchi.edu.it\/od\/wp-content\/plugins\/embed-any-document\/images\/loading.svg\" width=\"55\" height=\"55\" alt=\"Loader\">\n\t\t\t\t\t\t\t<span>Loading...<\/span>\n\t\t\t\t\t\t<\/div>\n\t\t\t\t\t<\/div>\n\t\t\t\t\t<div class=\"ead-loading-foot\">\n\t\t\t\t\t\t<div class=\"ead-loading-foot-title\">\n\t\t\t\t\t\t\t<img loading=\"lazy\" decoding=\"async\" src=\"https:\/\/isisbernocchi.edu.it\/od\/wp-content\/plugins\/embed-any-document\/images\/EAD-logo.svg\" alt=\"EAD Logo\" width=\"36\" height=\"23\"\/>\n\t\t\t\t\t\t\t<span>Taking too long?<\/span>\n\t\t\t\t\t\t<\/div>\n\t\t\t\t\t\t<p>\n\t\t\t\t\t\t\t<div class=\"ead-document-btn ead-reload-btn\" role=\"button\">\n\t\t\t\t\t\t\t\t<img loading=\"lazy\" decoding=\"async\" src=\"https:\/\/isisbernocchi.edu.it\/od\/wp-content\/plugins\/embed-any-document\/images\/reload.svg\" alt=\"Reload\" width=\"12\" height=\"12\"\/> Reload document\t\t\t\t\t\t\t<\/div>\n\t\t\t\t\t\t\t<span>|<\/span>\n\t\t\t\t\t\t\t<a href=\"https:\/\/isisbernocchi.edu.it\/od\/wp-content\/uploads\/2020\/02\/LOCANDINA_CORSO2_ASS_AMM.pdf\" class=\"ead-document-btn\" target=\"_blank\">\n\t\t\t\t\t\t\t\t<img loading=\"lazy\" decoding=\"async\" src=\"https:\/\/isisbernocchi.edu.it\/od\/wp-content\/plugins\/embed-any-document\/images\/open.svg\" alt=\"Open\" width=\"12\" height=\"12\"\/> Open in new tab\t\t\t\t\t\t\t<\/a>\n\t\t\t\t\t<\/div>\n\t\t\t\t<\/div>\n\t\t\t<\/div>\n\t\t<\/div><p class=\"embed_download\"><a href=\"https:\/\/isisbernocchi.edu.it\/od\/wp-content\/uploads\/2020\/02\/LOCANDINA_CORSO2_ASS_AMM.pdf\" download>Download [618.29 KB] <\/a><\/p><\/div>\n<p>&nbsp;<\/p>\n<p><strong>Assemb<\/strong><strong>lea sindacale territoriale 25.02.2020<\/strong><\/p>\n<div class=\"ead-preview\"><div class=\"ead-document\" style=\"position: relative;padding-top: 90%;\"><div class=\"ead-iframe-wrapper\"><iframe src=\"\/\/docs.google.com\/viewer?url=https%3A%2F%2Fisisbernocchi.edu.it%2Fod%2Fwp-content%2Fuploads%2F2020%2F02%2FAssemblea-sindacale-territoriale-25.02.2020.pdf&amp;embedded=true&amp;hl=en\" title=\"Embedded Document\" class=\"ead-iframe\" style=\"width: 100%;height: 100%;border: none;position: absolute;left: 0;top: 0;visibility: hidden;\"><\/iframe><\/div>\t\t\t<div class=\"ead-document-loading\" style=\"width:100%;height:100%;position:absolute;left:0;top:0;z-index:10;\">\n\t\t\t\t<div class=\"ead-loading-wrap\">\n\t\t\t\t\t<div class=\"ead-loading-main\">\n\t\t\t\t\t\t<div class=\"ead-loading\">\n\t\t\t\t\t\t\t<img loading=\"lazy\" decoding=\"async\" src=\"https:\/\/isisbernocchi.edu.it\/od\/wp-content\/plugins\/embed-any-document\/images\/loading.svg\" width=\"55\" height=\"55\" alt=\"Loader\">\n\t\t\t\t\t\t\t<span>Loading...<\/span>\n\t\t\t\t\t\t<\/div>\n\t\t\t\t\t<\/div>\n\t\t\t\t\t<div class=\"ead-loading-foot\">\n\t\t\t\t\t\t<div class=\"ead-loading-foot-title\">\n\t\t\t\t\t\t\t<img loading=\"lazy\" decoding=\"async\" src=\"https:\/\/isisbernocchi.edu.it\/od\/wp-content\/plugins\/embed-any-document\/images\/EAD-logo.svg\" alt=\"EAD Logo\" width=\"36\" height=\"23\"\/>\n\t\t\t\t\t\t\t<span>Taking too long?<\/span>\n\t\t\t\t\t\t<\/div>\n\t\t\t\t\t\t<p>\n\t\t\t\t\t\t\t<div class=\"ead-document-btn ead-reload-btn\" role=\"button\">\n\t\t\t\t\t\t\t\t<img loading=\"lazy\" decoding=\"async\" src=\"https:\/\/isisbernocchi.edu.it\/od\/wp-content\/plugins\/embed-any-document\/images\/reload.svg\" alt=\"Reload\" width=\"12\" height=\"12\"\/> Reload document\t\t\t\t\t\t\t<\/div>\n\t\t\t\t\t\t\t<span>|<\/span>\n\t\t\t\t\t\t\t<a href=\"https:\/\/isisbernocchi.edu.it\/od\/wp-content\/uploads\/2020\/02\/Assemblea-sindacale-territoriale-25.02.2020.pdf\" class=\"ead-document-btn\" target=\"_blank\">\n\t\t\t\t\t\t\t\t<img loading=\"lazy\" decoding=\"async\" src=\"https:\/\/isisbernocchi.edu.it\/od\/wp-content\/plugins\/embed-any-document\/images\/open.svg\" alt=\"Open\" width=\"12\" height=\"12\"\/> Open in new tab\t\t\t\t\t\t\t<\/a>\n\t\t\t\t\t<\/div>\n\t\t\t\t<\/div>\n\t\t\t<\/div>\n\t\t<\/div><p class=\"embed_download\"><a href=\"https:\/\/isisbernocchi.edu.it\/od\/wp-content\/uploads\/2020\/02\/Assemblea-sindacale-territoriale-25.02.2020.pdf\" download>Download [286.68 KB] <\/a><\/p><\/div>\n<p>&nbsp;<\/p>\n<p><strong>Assemblea sindacale Insegnanti di Religione 21 febbraio 2020 IPS CAvalieri -Viale Olona 14 -Milano<\/strong><\/p>\n<div class=\"ead-preview\"><div class=\"ead-document\" style=\"position: relative;padding-top: 90%;\"><div class=\"ead-iframe-wrapper\"><iframe src=\"\/\/docs.google.com\/viewer?url=https%3A%2F%2Fisisbernocchi.edu.it%2Fod%2Fwp-content%2Fuploads%2F2020%2F02%2FAOOUSPMI.REGISTRO-UFFICIALE.2020.0001858.pdf&amp;embedded=true&amp;hl=en\" title=\"Embedded Document\" class=\"ead-iframe\" style=\"width: 100%;height: 100%;border: none;position: absolute;left: 0;top: 0;visibility: hidden;\"><\/iframe><\/div>\t\t\t<div class=\"ead-document-loading\" style=\"width:100%;height:100%;position:absolute;left:0;top:0;z-index:10;\">\n\t\t\t\t<div class=\"ead-loading-wrap\">\n\t\t\t\t\t<div class=\"ead-loading-main\">\n\t\t\t\t\t\t<div class=\"ead-loading\">\n\t\t\t\t\t\t\t<img loading=\"lazy\" decoding=\"async\" src=\"https:\/\/isisbernocchi.edu.it\/od\/wp-content\/plugins\/embed-any-document\/images\/loading.svg\" width=\"55\" height=\"55\" alt=\"Loader\">\n\t\t\t\t\t\t\t<span>Loading...<\/span>\n\t\t\t\t\t\t<\/div>\n\t\t\t\t\t<\/div>\n\t\t\t\t\t<div class=\"ead-loading-foot\">\n\t\t\t\t\t\t<div class=\"ead-loading-foot-title\">\n\t\t\t\t\t\t\t<img loading=\"lazy\" decoding=\"async\" src=\"https:\/\/isisbernocchi.edu.it\/od\/wp-content\/plugins\/embed-any-document\/images\/EAD-logo.svg\" alt=\"EAD Logo\" width=\"36\" height=\"23\"\/>\n\t\t\t\t\t\t\t<span>Taking too long?<\/span>\n\t\t\t\t\t\t<\/div>\n\t\t\t\t\t\t<p>\n\t\t\t\t\t\t\t<div class=\"ead-document-btn ead-reload-btn\" role=\"button\">\n\t\t\t\t\t\t\t\t<img loading=\"lazy\" decoding=\"async\" src=\"https:\/\/isisbernocchi.edu.it\/od\/wp-content\/plugins\/embed-any-document\/images\/reload.svg\" alt=\"Reload\" width=\"12\" height=\"12\"\/> Reload document\t\t\t\t\t\t\t<\/div>\n\t\t\t\t\t\t\t<span>|<\/span>\n\t\t\t\t\t\t\t<a href=\"https:\/\/isisbernocchi.edu.it\/od\/wp-content\/uploads\/2020\/02\/AOOUSPMI.REGISTRO-UFFICIALE.2020.0001858.pdf\" class=\"ead-document-btn\" target=\"_blank\">\n\t\t\t\t\t\t\t\t<img loading=\"lazy\" decoding=\"async\" src=\"https:\/\/isisbernocchi.edu.it\/od\/wp-content\/plugins\/embed-any-document\/images\/open.svg\" alt=\"Open\" width=\"12\" height=\"12\"\/> Open in new tab\t\t\t\t\t\t\t<\/a>\n\t\t\t\t\t<\/div>\n\t\t\t\t<\/div>\n\t\t\t<\/div>\n\t\t<\/div><p class=\"embed_download\"><a href=\"https:\/\/isisbernocchi.edu.it\/od\/wp-content\/uploads\/2020\/02\/AOOUSPMI.REGISTRO-UFFICIALE.2020.0001858.pdf\" download>Download [70.96 KB] <\/a><\/p><\/div>\n<div class=\"ead-preview\"><div class=\"ead-document\" style=\"position: relative;padding-top: 90%;\"><div class=\"ead-iframe-wrapper\"><iframe src=\"\/\/docs.google.com\/viewer?url=https%3A%2F%2Fisisbernocchi.edu.it%2Fod%2Fwp-content%2Fuploads%2F2020%2F02%2F33816-ALL-1581429844593-assemblea-snals-1-3.pdf&amp;embedded=true&amp;hl=en\" title=\"Embedded Document\" class=\"ead-iframe\" style=\"width: 100%;height: 100%;border: none;position: absolute;left: 0;top: 0;visibility: hidden;\"><\/iframe><\/div>\t\t\t<div class=\"ead-document-loading\" style=\"width:100%;height:100%;position:absolute;left:0;top:0;z-index:10;\">\n\t\t\t\t<div class=\"ead-loading-wrap\">\n\t\t\t\t\t<div class=\"ead-loading-main\">\n\t\t\t\t\t\t<div class=\"ead-loading\">\n\t\t\t\t\t\t\t<img loading=\"lazy\" decoding=\"async\" src=\"https:\/\/isisbernocchi.edu.it\/od\/wp-content\/plugins\/embed-any-document\/images\/loading.svg\" width=\"55\" height=\"55\" alt=\"Loader\">\n\t\t\t\t\t\t\t<span>Loading...<\/span>\n\t\t\t\t\t\t<\/div>\n\t\t\t\t\t<\/div>\n\t\t\t\t\t<div class=\"ead-loading-foot\">\n\t\t\t\t\t\t<div class=\"ead-loading-foot-title\">\n\t\t\t\t\t\t\t<img loading=\"lazy\" decoding=\"async\" src=\"https:\/\/isisbernocchi.edu.it\/od\/wp-content\/plugins\/embed-any-document\/images\/EAD-logo.svg\" alt=\"EAD Logo\" width=\"36\" height=\"23\"\/>\n\t\t\t\t\t\t\t<span>Taking too long?<\/span>\n\t\t\t\t\t\t<\/div>\n\t\t\t\t\t\t<p>\n\t\t\t\t\t\t\t<div class=\"ead-document-btn ead-reload-btn\" role=\"button\">\n\t\t\t\t\t\t\t\t<img loading=\"lazy\" decoding=\"async\" src=\"https:\/\/isisbernocchi.edu.it\/od\/wp-content\/plugins\/embed-any-document\/images\/reload.svg\" alt=\"Reload\" width=\"12\" height=\"12\"\/> Reload document\t\t\t\t\t\t\t<\/div>\n\t\t\t\t\t\t\t<span>|<\/span>\n\t\t\t\t\t\t\t<a href=\"https:\/\/isisbernocchi.edu.it\/od\/wp-content\/uploads\/2020\/02\/33816-ALL-1581429844593-assemblea-snals-1-3.pdf\" class=\"ead-document-btn\" target=\"_blank\">\n\t\t\t\t\t\t\t\t<img loading=\"lazy\" decoding=\"async\" src=\"https:\/\/isisbernocchi.edu.it\/od\/wp-content\/plugins\/embed-any-document\/images\/open.svg\" alt=\"Open\" width=\"12\" height=\"12\"\/> Open in new tab\t\t\t\t\t\t\t<\/a>\n\t\t\t\t\t<\/div>\n\t\t\t\t<\/div>\n\t\t\t<\/div>\n\t\t<\/div><p class=\"embed_download\"><a href=\"https:\/\/isisbernocchi.edu.it\/od\/wp-content\/uploads\/2020\/02\/33816-ALL-1581429844593-assemblea-snals-1-3.pdf\" download>Download [71.77 KB] <\/a><\/p><\/div>\n<p>&nbsp;<\/p>\n<p><strong>ASSEMBLEA SINDACALE TERRITORIALE PER TUTTO IL PERSONALE ATA<\/strong><br \/>\n<strong>delle istituzioni scolastiche di Milano e provincia<\/strong><\/p>\n<div class=\"ead-preview\"><div class=\"ead-document\" style=\"position: relative;padding-top: 90%;\"><div class=\"ead-iframe-wrapper\"><iframe src=\"\/\/docs.google.com\/viewer?url=https%3A%2F%2Fisisbernocchi.edu.it%2Fod%2Fwp-content%2Fuploads%2F2020%2F02%2FAssembleaterritorialeATA-21-02-2020.pdf&amp;embedded=true&amp;hl=en\" title=\"Embedded Document\" class=\"ead-iframe\" style=\"width: 100%;height: 100%;border: none;position: absolute;left: 0;top: 0;visibility: hidden;\"><\/iframe><\/div>\t\t\t<div class=\"ead-document-loading\" style=\"width:100%;height:100%;position:absolute;left:0;top:0;z-index:10;\">\n\t\t\t\t<div class=\"ead-loading-wrap\">\n\t\t\t\t\t<div class=\"ead-loading-main\">\n\t\t\t\t\t\t<div class=\"ead-loading\">\n\t\t\t\t\t\t\t<img loading=\"lazy\" decoding=\"async\" src=\"https:\/\/isisbernocchi.edu.it\/od\/wp-content\/plugins\/embed-any-document\/images\/loading.svg\" width=\"55\" height=\"55\" alt=\"Loader\">\n\t\t\t\t\t\t\t<span>Loading...<\/span>\n\t\t\t\t\t\t<\/div>\n\t\t\t\t\t<\/div>\n\t\t\t\t\t<div class=\"ead-loading-foot\">\n\t\t\t\t\t\t<div class=\"ead-loading-foot-title\">\n\t\t\t\t\t\t\t<img loading=\"lazy\" decoding=\"async\" src=\"https:\/\/isisbernocchi.edu.it\/od\/wp-content\/plugins\/embed-any-document\/images\/EAD-logo.svg\" alt=\"EAD Logo\" width=\"36\" height=\"23\"\/>\n\t\t\t\t\t\t\t<span>Taking too long?<\/span>\n\t\t\t\t\t\t<\/div>\n\t\t\t\t\t\t<p>\n\t\t\t\t\t\t\t<div class=\"ead-document-btn ead-reload-btn\" role=\"button\">\n\t\t\t\t\t\t\t\t<img loading=\"lazy\" decoding=\"async\" src=\"https:\/\/isisbernocchi.edu.it\/od\/wp-content\/plugins\/embed-any-document\/images\/reload.svg\" alt=\"Reload\" width=\"12\" height=\"12\"\/> Reload document\t\t\t\t\t\t\t<\/div>\n\t\t\t\t\t\t\t<span>|<\/span>\n\t\t\t\t\t\t\t<a href=\"https:\/\/isisbernocchi.edu.it\/od\/wp-content\/uploads\/2020\/02\/AssembleaterritorialeATA-21-02-2020.pdf\" class=\"ead-document-btn\" target=\"_blank\">\n\t\t\t\t\t\t\t\t<img loading=\"lazy\" decoding=\"async\" src=\"https:\/\/isisbernocchi.edu.it\/od\/wp-content\/plugins\/embed-any-document\/images\/open.svg\" alt=\"Open\" width=\"12\" height=\"12\"\/> Open in new tab\t\t\t\t\t\t\t<\/a>\n\t\t\t\t\t<\/div>\n\t\t\t\t<\/div>\n\t\t\t<\/div>\n\t\t<\/div><p class=\"embed_download\"><a href=\"https:\/\/isisbernocchi.edu.it\/od\/wp-content\/uploads\/2020\/02\/AssembleaterritorialeATA-21-02-2020.pdf\" download>Download [212.34 KB] <\/a><\/p><\/div>\n<p>&nbsp;<\/p>\n<p><strong>Comparto Istruzione e Ricerca &#8211; Settore Scuola. Scioperi del 14 febbraio 2020<\/strong><\/p>\n<div class=\"ead-preview\"><div class=\"ead-document\" style=\"position: relative;padding-top: 90%;\"><div class=\"ead-iframe-wrapper\"><iframe src=\"\/\/docs.google.com\/viewer?url=https%3A%2F%2Fisisbernocchi.edu.it%2Fod%2Fwp-content%2Fuploads%2F2020%2F01%2FCircolareprot.3122_del_30_gennaio_2020.pdf&amp;embedded=true&amp;hl=en\" title=\"Embedded Document\" class=\"ead-iframe\" style=\"width: 100%;height: 100%;border: none;position: absolute;left: 0;top: 0;visibility: hidden;\"><\/iframe><\/div>\t\t\t<div class=\"ead-document-loading\" style=\"width:100%;height:100%;position:absolute;left:0;top:0;z-index:10;\">\n\t\t\t\t<div class=\"ead-loading-wrap\">\n\t\t\t\t\t<div class=\"ead-loading-main\">\n\t\t\t\t\t\t<div class=\"ead-loading\">\n\t\t\t\t\t\t\t<img loading=\"lazy\" decoding=\"async\" src=\"https:\/\/isisbernocchi.edu.it\/od\/wp-content\/plugins\/embed-any-document\/images\/loading.svg\" width=\"55\" height=\"55\" alt=\"Loader\">\n\t\t\t\t\t\t\t<span>Loading...<\/span>\n\t\t\t\t\t\t<\/div>\n\t\t\t\t\t<\/div>\n\t\t\t\t\t<div class=\"ead-loading-foot\">\n\t\t\t\t\t\t<div class=\"ead-loading-foot-title\">\n\t\t\t\t\t\t\t<img loading=\"lazy\" decoding=\"async\" src=\"https:\/\/isisbernocchi.edu.it\/od\/wp-content\/plugins\/embed-any-document\/images\/EAD-logo.svg\" alt=\"EAD Logo\" width=\"36\" height=\"23\"\/>\n\t\t\t\t\t\t\t<span>Taking too long?<\/span>\n\t\t\t\t\t\t<\/div>\n\t\t\t\t\t\t<p>\n\t\t\t\t\t\t\t<div class=\"ead-document-btn ead-reload-btn\" role=\"button\">\n\t\t\t\t\t\t\t\t<img loading=\"lazy\" decoding=\"async\" src=\"https:\/\/isisbernocchi.edu.it\/od\/wp-content\/plugins\/embed-any-document\/images\/reload.svg\" alt=\"Reload\" width=\"12\" height=\"12\"\/> Reload document\t\t\t\t\t\t\t<\/div>\n\t\t\t\t\t\t\t<span>|<\/span>\n\t\t\t\t\t\t\t<a href=\"https:\/\/isisbernocchi.edu.it\/od\/wp-content\/uploads\/2020\/01\/Circolareprot.3122_del_30_gennaio_2020.pdf\" class=\"ead-document-btn\" target=\"_blank\">\n\t\t\t\t\t\t\t\t<img loading=\"lazy\" decoding=\"async\" src=\"https:\/\/isisbernocchi.edu.it\/od\/wp-content\/plugins\/embed-any-document\/images\/open.svg\" alt=\"Open\" width=\"12\" height=\"12\"\/> Open in new tab\t\t\t\t\t\t\t<\/a>\n\t\t\t\t\t<\/div>\n\t\t\t\t<\/div>\n\t\t\t<\/div>\n\t\t<\/div><p class=\"embed_download\"><a href=\"https:\/\/isisbernocchi.edu.it\/od\/wp-content\/uploads\/2020\/01\/Circolareprot.3122_del_30_gennaio_2020.pdf\" download>Download [115.29 KB] <\/a><\/p><\/div>\n<p>&nbsp;<\/p>\n<p><strong>Incontro sindacale del personale didattico della provincia di Milano, luned\u00ec 3 febbraio 2020 dalle ore 17.00 alle ore 20.00<\/strong><\/p>\n<div class=\"ead-preview\"><div class=\"ead-document\" style=\"position: relative;padding-top: 90%;\"><div class=\"ead-iframe-wrapper\"><iframe src=\"\/\/docs.google.com\/viewer?url=https%3A%2F%2Fisisbernocchi.edu.it%2Fod%2Fwp-content%2Fuploads%2F2020%2F01%2FIncontro-FLC-CGIL-PRECARIATO.pdf&amp;embedded=true&amp;hl=en\" title=\"Embedded Document\" class=\"ead-iframe\" style=\"width: 100%;height: 100%;border: none;position: absolute;left: 0;top: 0;visibility: hidden;\"><\/iframe><\/div>\t\t\t<div class=\"ead-document-loading\" style=\"width:100%;height:100%;position:absolute;left:0;top:0;z-index:10;\">\n\t\t\t\t<div class=\"ead-loading-wrap\">\n\t\t\t\t\t<div class=\"ead-loading-main\">\n\t\t\t\t\t\t<div class=\"ead-loading\">\n\t\t\t\t\t\t\t<img loading=\"lazy\" decoding=\"async\" src=\"https:\/\/isisbernocchi.edu.it\/od\/wp-content\/plugins\/embed-any-document\/images\/loading.svg\" width=\"55\" height=\"55\" alt=\"Loader\">\n\t\t\t\t\t\t\t<span>Loading...<\/span>\n\t\t\t\t\t\t<\/div>\n\t\t\t\t\t<\/div>\n\t\t\t\t\t<div class=\"ead-loading-foot\">\n\t\t\t\t\t\t<div class=\"ead-loading-foot-title\">\n\t\t\t\t\t\t\t<img loading=\"lazy\" decoding=\"async\" src=\"https:\/\/isisbernocchi.edu.it\/od\/wp-content\/plugins\/embed-any-document\/images\/EAD-logo.svg\" alt=\"EAD Logo\" width=\"36\" height=\"23\"\/>\n\t\t\t\t\t\t\t<span>Taking too long?<\/span>\n\t\t\t\t\t\t<\/div>\n\t\t\t\t\t\t<p>\n\t\t\t\t\t\t\t<div class=\"ead-document-btn ead-reload-btn\" role=\"button\">\n\t\t\t\t\t\t\t\t<img loading=\"lazy\" decoding=\"async\" src=\"https:\/\/isisbernocchi.edu.it\/od\/wp-content\/plugins\/embed-any-document\/images\/reload.svg\" alt=\"Reload\" width=\"12\" height=\"12\"\/> Reload document\t\t\t\t\t\t\t<\/div>\n\t\t\t\t\t\t\t<span>|<\/span>\n\t\t\t\t\t\t\t<a href=\"https:\/\/isisbernocchi.edu.it\/od\/wp-content\/uploads\/2020\/01\/Incontro-FLC-CGIL-PRECARIATO.pdf\" class=\"ead-document-btn\" target=\"_blank\">\n\t\t\t\t\t\t\t\t<img loading=\"lazy\" decoding=\"async\" src=\"https:\/\/isisbernocchi.edu.it\/od\/wp-content\/plugins\/embed-any-document\/images\/open.svg\" alt=\"Open\" width=\"12\" height=\"12\"\/> Open in new tab\t\t\t\t\t\t\t<\/a>\n\t\t\t\t\t<\/div>\n\t\t\t\t<\/div>\n\t\t\t<\/div>\n\t\t<\/div><p class=\"embed_download\"><a href=\"https:\/\/isisbernocchi.edu.it\/od\/wp-content\/uploads\/2020\/01\/Incontro-FLC-CGIL-PRECARIATO.pdf\" download>Download [1.20 MB] <\/a><\/p><\/div>\n<p>&nbsp;<\/p>\n<div class=\"ead-preview\"><div class=\"ead-document\" style=\"position: relative;padding-top: 90%;\"><div class=\"ead-iframe-wrapper\"><iframe src=\"\/\/docs.google.com\/viewer?url=https%3A%2F%2Fisisbernocchi.edu.it%2Fod%2Fwp-content%2Fuploads%2F2020%2F01%2Fiisbertarelli-ferrarismi06.02.2020.pdf&amp;embedded=true&amp;hl=en\" title=\"Embedded Document\" class=\"ead-iframe\" style=\"width: 100%;height: 100%;border: none;position: absolute;left: 0;top: 0;visibility: hidden;\"><\/iframe><\/div>\t\t\t<div class=\"ead-document-loading\" style=\"width:100%;height:100%;position:absolute;left:0;top:0;z-index:10;\">\n\t\t\t\t<div class=\"ead-loading-wrap\">\n\t\t\t\t\t<div class=\"ead-loading-main\">\n\t\t\t\t\t\t<div class=\"ead-loading\">\n\t\t\t\t\t\t\t<img loading=\"lazy\" decoding=\"async\" src=\"https:\/\/isisbernocchi.edu.it\/od\/wp-content\/plugins\/embed-any-document\/images\/loading.svg\" width=\"55\" height=\"55\" alt=\"Loader\">\n\t\t\t\t\t\t\t<span>Loading...<\/span>\n\t\t\t\t\t\t<\/div>\n\t\t\t\t\t<\/div>\n\t\t\t\t\t<div class=\"ead-loading-foot\">\n\t\t\t\t\t\t<div class=\"ead-loading-foot-title\">\n\t\t\t\t\t\t\t<img loading=\"lazy\" decoding=\"async\" src=\"https:\/\/isisbernocchi.edu.it\/od\/wp-content\/plugins\/embed-any-document\/images\/EAD-logo.svg\" alt=\"EAD Logo\" width=\"36\" height=\"23\"\/>\n\t\t\t\t\t\t\t<span>Taking too long?<\/span>\n\t\t\t\t\t\t<\/div>\n\t\t\t\t\t\t<p>\n\t\t\t\t\t\t\t<div class=\"ead-document-btn ead-reload-btn\" role=\"button\">\n\t\t\t\t\t\t\t\t<img loading=\"lazy\" decoding=\"async\" src=\"https:\/\/isisbernocchi.edu.it\/od\/wp-content\/plugins\/embed-any-document\/images\/reload.svg\" alt=\"Reload\" width=\"12\" height=\"12\"\/> Reload document\t\t\t\t\t\t\t<\/div>\n\t\t\t\t\t\t\t<span>|<\/span>\n\t\t\t\t\t\t\t<a href=\"https:\/\/isisbernocchi.edu.it\/od\/wp-content\/uploads\/2020\/01\/iisbertarelli-ferrarismi06.02.2020.pdf\" class=\"ead-document-btn\" target=\"_blank\">\n\t\t\t\t\t\t\t\t<img loading=\"lazy\" decoding=\"async\" src=\"https:\/\/isisbernocchi.edu.it\/od\/wp-content\/plugins\/embed-any-document\/images\/open.svg\" alt=\"Open\" width=\"12\" height=\"12\"\/> Open in new tab\t\t\t\t\t\t\t<\/a>\n\t\t\t\t\t<\/div>\n\t\t\t\t<\/div>\n\t\t\t<\/div>\n\t\t<\/div><p class=\"embed_download\"><a href=\"https:\/\/isisbernocchi.edu.it\/od\/wp-content\/uploads\/2020\/01\/iisbertarelli-ferrarismi06.02.2020.pdf\" download>Download [283.32 KB] <\/a><\/p><\/div>\n<p>RIUNIONI SINDACALI TERRITORIALI RIVOLTI A TUTTO IL PERSONALE DOCENTE<\/p>\n<div class=\"ead-preview\"><div class=\"ead-document\" style=\"position: relative;padding-top: 90%;\"><div class=\"ead-iframe-wrapper\"><iframe src=\"\/\/docs.google.com\/viewer?url=https%3A%2F%2Fisisbernocchi.edu.it%2Fod%2Fwp-content%2Fuploads%2F2020%2F01%2FAssembleeTerritorialiFLCCgilMilano.pdf&amp;embedded=true&amp;hl=en\" title=\"Embedded Document\" class=\"ead-iframe\" style=\"width: 100%;height: 100%;border: none;position: absolute;left: 0;top: 0;visibility: hidden;\"><\/iframe><\/div>\t\t\t<div class=\"ead-document-loading\" style=\"width:100%;height:100%;position:absolute;left:0;top:0;z-index:10;\">\n\t\t\t\t<div class=\"ead-loading-wrap\">\n\t\t\t\t\t<div class=\"ead-loading-main\">\n\t\t\t\t\t\t<div class=\"ead-loading\">\n\t\t\t\t\t\t\t<img loading=\"lazy\" decoding=\"async\" src=\"https:\/\/isisbernocchi.edu.it\/od\/wp-content\/plugins\/embed-any-document\/images\/loading.svg\" width=\"55\" height=\"55\" alt=\"Loader\">\n\t\t\t\t\t\t\t<span>Loading...<\/span>\n\t\t\t\t\t\t<\/div>\n\t\t\t\t\t<\/div>\n\t\t\t\t\t<div class=\"ead-loading-foot\">\n\t\t\t\t\t\t<div class=\"ead-loading-foot-title\">\n\t\t\t\t\t\t\t<img loading=\"lazy\" decoding=\"async\" src=\"https:\/\/isisbernocchi.edu.it\/od\/wp-content\/plugins\/embed-any-document\/images\/EAD-logo.svg\" alt=\"EAD Logo\" width=\"36\" height=\"23\"\/>\n\t\t\t\t\t\t\t<span>Taking too long?<\/span>\n\t\t\t\t\t\t<\/div>\n\t\t\t\t\t\t<p>\n\t\t\t\t\t\t\t<div class=\"ead-document-btn ead-reload-btn\" role=\"button\">\n\t\t\t\t\t\t\t\t<img loading=\"lazy\" decoding=\"async\" src=\"https:\/\/isisbernocchi.edu.it\/od\/wp-content\/plugins\/embed-any-document\/images\/reload.svg\" alt=\"Reload\" width=\"12\" height=\"12\"\/> Reload document\t\t\t\t\t\t\t<\/div>\n\t\t\t\t\t\t\t<span>|<\/span>\n\t\t\t\t\t\t\t<a href=\"https:\/\/isisbernocchi.edu.it\/od\/wp-content\/uploads\/2020\/01\/AssembleeTerritorialiFLCCgilMilano.pdf\" class=\"ead-document-btn\" target=\"_blank\">\n\t\t\t\t\t\t\t\t<img loading=\"lazy\" decoding=\"async\" src=\"https:\/\/isisbernocchi.edu.it\/od\/wp-content\/plugins\/embed-any-document\/images\/open.svg\" alt=\"Open\" width=\"12\" height=\"12\"\/> Open in new tab\t\t\t\t\t\t\t<\/a>\n\t\t\t\t\t<\/div>\n\t\t\t\t<\/div>\n\t\t\t<\/div>\n\t\t<\/div><p class=\"embed_download\"><a href=\"https:\/\/isisbernocchi.edu.it\/od\/wp-content\/uploads\/2020\/01\/AssembleeTerritorialiFLCCgilMilano.pdf\" download>Download [27.36 KB] <\/a><\/p><\/div>\n<div class=\"ead-preview\"><div class=\"ead-document\" style=\"position: relative;padding-top: 90%;\"><div class=\"ead-iframe-wrapper\"><iframe src=\"\/\/docs.google.com\/viewer?url=https%3A%2F%2Fisisbernocchi.edu.it%2Fod%2Fwp-content%2Fuploads%2F2020%2F01%2Fgennaio2020volantino.pdf&amp;embedded=true&amp;hl=en\" title=\"Embedded Document\" class=\"ead-iframe\" style=\"width: 100%;height: 100%;border: none;position: absolute;left: 0;top: 0;visibility: hidden;\"><\/iframe><\/div>\t\t\t<div class=\"ead-document-loading\" style=\"width:100%;height:100%;position:absolute;left:0;top:0;z-index:10;\">\n\t\t\t\t<div class=\"ead-loading-wrap\">\n\t\t\t\t\t<div class=\"ead-loading-main\">\n\t\t\t\t\t\t<div class=\"ead-loading\">\n\t\t\t\t\t\t\t<img loading=\"lazy\" decoding=\"async\" src=\"https:\/\/isisbernocchi.edu.it\/od\/wp-content\/plugins\/embed-any-document\/images\/loading.svg\" width=\"55\" height=\"55\" alt=\"Loader\">\n\t\t\t\t\t\t\t<span>Loading...<\/span>\n\t\t\t\t\t\t<\/div>\n\t\t\t\t\t<\/div>\n\t\t\t\t\t<div class=\"ead-loading-foot\">\n\t\t\t\t\t\t<div class=\"ead-loading-foot-title\">\n\t\t\t\t\t\t\t<img loading=\"lazy\" decoding=\"async\" src=\"https:\/\/isisbernocchi.edu.it\/od\/wp-content\/plugins\/embed-any-document\/images\/EAD-logo.svg\" alt=\"EAD Logo\" width=\"36\" height=\"23\"\/>\n\t\t\t\t\t\t\t<span>Taking too long?<\/span>\n\t\t\t\t\t\t<\/div>\n\t\t\t\t\t\t<p>\n\t\t\t\t\t\t\t<div class=\"ead-document-btn ead-reload-btn\" role=\"button\">\n\t\t\t\t\t\t\t\t<img loading=\"lazy\" decoding=\"async\" src=\"https:\/\/isisbernocchi.edu.it\/od\/wp-content\/plugins\/embed-any-document\/images\/reload.svg\" alt=\"Reload\" width=\"12\" height=\"12\"\/> Reload document\t\t\t\t\t\t\t<\/div>\n\t\t\t\t\t\t\t<span>|<\/span>\n\t\t\t\t\t\t\t<a href=\"https:\/\/isisbernocchi.edu.it\/od\/wp-content\/uploads\/2020\/01\/gennaio2020volantino.pdf\" class=\"ead-document-btn\" target=\"_blank\">\n\t\t\t\t\t\t\t\t<img loading=\"lazy\" decoding=\"async\" src=\"https:\/\/isisbernocchi.edu.it\/od\/wp-content\/plugins\/embed-any-document\/images\/open.svg\" alt=\"Open\" width=\"12\" height=\"12\"\/> Open in new tab\t\t\t\t\t\t\t<\/a>\n\t\t\t\t\t<\/div>\n\t\t\t\t<\/div>\n\t\t\t<\/div>\n\t\t<\/div><p class=\"embed_download\"><a href=\"https:\/\/isisbernocchi.edu.it\/od\/wp-content\/uploads\/2020\/01\/gennaio2020volantino.pdf\" download>Download [186.18 KB] <\/a><\/p><\/div>\n<p>Assemblea sindacale del 5 febbraio 2020<\/p>\n<div class=\"ead-preview\"><div class=\"ead-document\" style=\"position: relative;padding-top: 90%;\"><div class=\"ead-iframe-wrapper\"><iframe src=\"\/\/docs.google.com\/viewer?url=https%3A%2F%2Fisisbernocchi.edu.it%2Fod%2Fwp-content%2Fuploads%2F2020%2F01%2Fass-sind-5-febb-2020.pdf&amp;embedded=true&amp;hl=en\" title=\"Embedded Document\" class=\"ead-iframe\" style=\"width: 100%;height: 100%;border: none;position: absolute;left: 0;top: 0;visibility: hidden;\"><\/iframe><\/div>\t\t\t<div class=\"ead-document-loading\" style=\"width:100%;height:100%;position:absolute;left:0;top:0;z-index:10;\">\n\t\t\t\t<div class=\"ead-loading-wrap\">\n\t\t\t\t\t<div class=\"ead-loading-main\">\n\t\t\t\t\t\t<div class=\"ead-loading\">\n\t\t\t\t\t\t\t<img loading=\"lazy\" decoding=\"async\" src=\"https:\/\/isisbernocchi.edu.it\/od\/wp-content\/plugins\/embed-any-document\/images\/loading.svg\" width=\"55\" height=\"55\" alt=\"Loader\">\n\t\t\t\t\t\t\t<span>Loading...<\/span>\n\t\t\t\t\t\t<\/div>\n\t\t\t\t\t<\/div>\n\t\t\t\t\t<div class=\"ead-loading-foot\">\n\t\t\t\t\t\t<div class=\"ead-loading-foot-title\">\n\t\t\t\t\t\t\t<img loading=\"lazy\" decoding=\"async\" src=\"https:\/\/isisbernocchi.edu.it\/od\/wp-content\/plugins\/embed-any-document\/images\/EAD-logo.svg\" alt=\"EAD Logo\" width=\"36\" height=\"23\"\/>\n\t\t\t\t\t\t\t<span>Taking too long?<\/span>\n\t\t\t\t\t\t<\/div>\n\t\t\t\t\t\t<p>\n\t\t\t\t\t\t\t<div class=\"ead-document-btn ead-reload-btn\" role=\"button\">\n\t\t\t\t\t\t\t\t<img loading=\"lazy\" decoding=\"async\" src=\"https:\/\/isisbernocchi.edu.it\/od\/wp-content\/plugins\/embed-any-document\/images\/reload.svg\" alt=\"Reload\" width=\"12\" height=\"12\"\/> Reload document\t\t\t\t\t\t\t<\/div>\n\t\t\t\t\t\t\t<span>|<\/span>\n\t\t\t\t\t\t\t<a href=\"https:\/\/isisbernocchi.edu.it\/od\/wp-content\/uploads\/2020\/01\/ass-sind-5-febb-2020.pdf\" class=\"ead-document-btn\" target=\"_blank\">\n\t\t\t\t\t\t\t\t<img loading=\"lazy\" decoding=\"async\" src=\"https:\/\/isisbernocchi.edu.it\/od\/wp-content\/plugins\/embed-any-document\/images\/open.svg\" alt=\"Open\" width=\"12\" height=\"12\"\/> Open in new tab\t\t\t\t\t\t\t<\/a>\n\t\t\t\t\t<\/div>\n\t\t\t\t<\/div>\n\t\t\t<\/div>\n\t\t<\/div><p class=\"embed_download\"><a href=\"https:\/\/isisbernocchi.edu.it\/od\/wp-content\/uploads\/2020\/01\/ass-sind-5-febb-2020.pdf\" download>Download [148.00 KB] <\/a><\/p><\/div>\n<div class=\"ead-preview\"><div class=\"ead-document\" style=\"position: relative;padding-top: 90%;\"><div class=\"ead-iframe-wrapper\"><iframe src=\"\/\/docs.google.com\/viewer?url=https%3A%2F%2Fisisbernocchi.edu.it%2Fod%2Fwp-content%2Fuploads%2F2020%2F01%2FAssemblea-sindacale-REGIONALE-per-DOCENTI-IST_PROF_-5-Febbraio-2020.pdf&amp;embedded=true&amp;hl=en\" title=\"Embedded Document\" class=\"ead-iframe\" style=\"width: 100%;height: 100%;border: none;position: absolute;left: 0;top: 0;visibility: hidden;\"><\/iframe><\/div>\t\t\t<div class=\"ead-document-loading\" style=\"width:100%;height:100%;position:absolute;left:0;top:0;z-index:10;\">\n\t\t\t\t<div class=\"ead-loading-wrap\">\n\t\t\t\t\t<div class=\"ead-loading-main\">\n\t\t\t\t\t\t<div class=\"ead-loading\">\n\t\t\t\t\t\t\t<img loading=\"lazy\" decoding=\"async\" src=\"https:\/\/isisbernocchi.edu.it\/od\/wp-content\/plugins\/embed-any-document\/images\/loading.svg\" width=\"55\" height=\"55\" alt=\"Loader\">\n\t\t\t\t\t\t\t<span>Loading...<\/span>\n\t\t\t\t\t\t<\/div>\n\t\t\t\t\t<\/div>\n\t\t\t\t\t<div class=\"ead-loading-foot\">\n\t\t\t\t\t\t<div class=\"ead-loading-foot-title\">\n\t\t\t\t\t\t\t<img loading=\"lazy\" decoding=\"async\" src=\"https:\/\/isisbernocchi.edu.it\/od\/wp-content\/plugins\/embed-any-document\/images\/EAD-logo.svg\" alt=\"EAD Logo\" width=\"36\" height=\"23\"\/>\n\t\t\t\t\t\t\t<span>Taking too long?<\/span>\n\t\t\t\t\t\t<\/div>\n\t\t\t\t\t\t<p>\n\t\t\t\t\t\t\t<div class=\"ead-document-btn ead-reload-btn\" role=\"button\">\n\t\t\t\t\t\t\t\t<img loading=\"lazy\" decoding=\"async\" src=\"https:\/\/isisbernocchi.edu.it\/od\/wp-content\/plugins\/embed-any-document\/images\/reload.svg\" alt=\"Reload\" width=\"12\" height=\"12\"\/> Reload document\t\t\t\t\t\t\t<\/div>\n\t\t\t\t\t\t\t<span>|<\/span>\n\t\t\t\t\t\t\t<a href=\"https:\/\/isisbernocchi.edu.it\/od\/wp-content\/uploads\/2020\/01\/Assemblea-sindacale-REGIONALE-per-DOCENTI-IST_PROF_-5-Febbraio-2020.pdf\" class=\"ead-document-btn\" target=\"_blank\">\n\t\t\t\t\t\t\t\t<img loading=\"lazy\" decoding=\"async\" src=\"https:\/\/isisbernocchi.edu.it\/od\/wp-content\/plugins\/embed-any-document\/images\/open.svg\" alt=\"Open\" width=\"12\" height=\"12\"\/> Open in new tab\t\t\t\t\t\t\t<\/a>\n\t\t\t\t\t<\/div>\n\t\t\t\t<\/div>\n\t\t\t<\/div>\n\t\t<\/div><p class=\"embed_download\"><a href=\"https:\/\/isisbernocchi.edu.it\/od\/wp-content\/uploads\/2020\/01\/Assemblea-sindacale-REGIONALE-per-DOCENTI-IST_PROF_-5-Febbraio-2020.pdf\" download>Download [267.10 KB] <\/a><\/p><\/div>\n<div class=\"ead-preview\"><div class=\"ead-document\" style=\"position: relative;padding-top: 90%;\"><div class=\"ead-iframe-wrapper\"><iframe src=\"\/\/docs.google.com\/viewer?url=https%3A%2F%2Fisisbernocchi.edu.it%2Fod%2Fwp-content%2Fuploads%2F2020%2F01%2Fassemblea-sindacale-del-5-febbraio-2020_0001.pdf&amp;embedded=true&amp;hl=en\" title=\"Embedded Document\" class=\"ead-iframe\" style=\"width: 100%;height: 100%;border: none;position: absolute;left: 0;top: 0;visibility: hidden;\"><\/iframe><\/div>\t\t\t<div class=\"ead-document-loading\" style=\"width:100%;height:100%;position:absolute;left:0;top:0;z-index:10;\">\n\t\t\t\t<div class=\"ead-loading-wrap\">\n\t\t\t\t\t<div class=\"ead-loading-main\">\n\t\t\t\t\t\t<div class=\"ead-loading\">\n\t\t\t\t\t\t\t<img loading=\"lazy\" decoding=\"async\" src=\"https:\/\/isisbernocchi.edu.it\/od\/wp-content\/plugins\/embed-any-document\/images\/loading.svg\" width=\"55\" height=\"55\" alt=\"Loader\">\n\t\t\t\t\t\t\t<span>Loading...<\/span>\n\t\t\t\t\t\t<\/div>\n\t\t\t\t\t<\/div>\n\t\t\t\t\t<div class=\"ead-loading-foot\">\n\t\t\t\t\t\t<div class=\"ead-loading-foot-title\">\n\t\t\t\t\t\t\t<img loading=\"lazy\" decoding=\"async\" src=\"https:\/\/isisbernocchi.edu.it\/od\/wp-content\/plugins\/embed-any-document\/images\/EAD-logo.svg\" alt=\"EAD Logo\" width=\"36\" height=\"23\"\/>\n\t\t\t\t\t\t\t<span>Taking too long?<\/span>\n\t\t\t\t\t\t<\/div>\n\t\t\t\t\t\t<p>\n\t\t\t\t\t\t\t<div class=\"ead-document-btn ead-reload-btn\" role=\"button\">\n\t\t\t\t\t\t\t\t<img loading=\"lazy\" decoding=\"async\" src=\"https:\/\/isisbernocchi.edu.it\/od\/wp-content\/plugins\/embed-any-document\/images\/reload.svg\" alt=\"Reload\" width=\"12\" height=\"12\"\/> Reload document\t\t\t\t\t\t\t<\/div>\n\t\t\t\t\t\t\t<span>|<\/span>\n\t\t\t\t\t\t\t<a href=\"https:\/\/isisbernocchi.edu.it\/od\/wp-content\/uploads\/2020\/01\/assemblea-sindacale-del-5-febbraio-2020_0001.pdf\" class=\"ead-document-btn\" target=\"_blank\">\n\t\t\t\t\t\t\t\t<img loading=\"lazy\" decoding=\"async\" src=\"https:\/\/isisbernocchi.edu.it\/od\/wp-content\/plugins\/embed-any-document\/images\/open.svg\" alt=\"Open\" width=\"12\" height=\"12\"\/> Open in new tab\t\t\t\t\t\t\t<\/a>\n\t\t\t\t\t<\/div>\n\t\t\t\t<\/div>\n\t\t\t<\/div>\n\t\t<\/div><p class=\"embed_download\"><a href=\"https:\/\/isisbernocchi.edu.it\/od\/wp-content\/uploads\/2020\/01\/assemblea-sindacale-del-5-febbraio-2020_0001.pdf\" download>Download [1.78 MB] <\/a><\/p><\/div>\n<p>Assemblea sindacale del 23 gennaio 2020<\/p>\n<div class=\"ead-preview\"><div class=\"ead-document\" style=\"position: relative;padding-top: 90%;\"><div class=\"ead-iframe-wrapper\"><iframe src=\"\/\/docs.google.com\/viewer?url=https%3A%2F%2Fisisbernocchi.edu.it%2Fod%2Fwp-content%2Fuploads%2F2020%2F01%2Fassemblea-sindacale-gioved%C3%AC-23-gennaio-2020_0001.pdf&amp;embedded=true&amp;hl=en\" title=\"Embedded Document\" class=\"ead-iframe\" style=\"width: 100%;height: 100%;border: none;position: absolute;left: 0;top: 0;visibility: hidden;\"><\/iframe><\/div>\t\t\t<div class=\"ead-document-loading\" style=\"width:100%;height:100%;position:absolute;left:0;top:0;z-index:10;\">\n\t\t\t\t<div class=\"ead-loading-wrap\">\n\t\t\t\t\t<div class=\"ead-loading-main\">\n\t\t\t\t\t\t<div class=\"ead-loading\">\n\t\t\t\t\t\t\t<img loading=\"lazy\" decoding=\"async\" src=\"https:\/\/isisbernocchi.edu.it\/od\/wp-content\/plugins\/embed-any-document\/images\/loading.svg\" width=\"55\" height=\"55\" alt=\"Loader\">\n\t\t\t\t\t\t\t<span>Loading...<\/span>\n\t\t\t\t\t\t<\/div>\n\t\t\t\t\t<\/div>\n\t\t\t\t\t<div class=\"ead-loading-foot\">\n\t\t\t\t\t\t<div class=\"ead-loading-foot-title\">\n\t\t\t\t\t\t\t<img loading=\"lazy\" decoding=\"async\" src=\"https:\/\/isisbernocchi.edu.it\/od\/wp-content\/plugins\/embed-any-document\/images\/EAD-logo.svg\" alt=\"EAD Logo\" width=\"36\" height=\"23\"\/>\n\t\t\t\t\t\t\t<span>Taking too long?<\/span>\n\t\t\t\t\t\t<\/div>\n\t\t\t\t\t\t<p>\n\t\t\t\t\t\t\t<div class=\"ead-document-btn ead-reload-btn\" role=\"button\">\n\t\t\t\t\t\t\t\t<img loading=\"lazy\" decoding=\"async\" src=\"https:\/\/isisbernocchi.edu.it\/od\/wp-content\/plugins\/embed-any-document\/images\/reload.svg\" alt=\"Reload\" width=\"12\" height=\"12\"\/> Reload document\t\t\t\t\t\t\t<\/div>\n\t\t\t\t\t\t\t<span>|<\/span>\n\t\t\t\t\t\t\t<a href=\"https:\/\/isisbernocchi.edu.it\/od\/wp-content\/uploads\/2020\/01\/assemblea-sindacale-gioved\u00ec-23-gennaio-2020_0001.pdf\" class=\"ead-document-btn\" target=\"_blank\">\n\t\t\t\t\t\t\t\t<img loading=\"lazy\" decoding=\"async\" src=\"https:\/\/isisbernocchi.edu.it\/od\/wp-content\/plugins\/embed-any-document\/images\/open.svg\" alt=\"Open\" width=\"12\" height=\"12\"\/> Open in new tab\t\t\t\t\t\t\t<\/a>\n\t\t\t\t\t<\/div>\n\t\t\t\t<\/div>\n\t\t\t<\/div>\n\t\t<\/div><p class=\"embed_download\"><a href=\"https:\/\/isisbernocchi.edu.it\/od\/wp-content\/uploads\/2020\/01\/assemblea-sindacale-gioved\u00ec-23-gennaio-2020_0001.pdf\" download>Download <\/a><\/p><\/div>\n<p>Corso di preparazione ai concorsi ordinari di tutti gli ordini.<\/p>\n<div class=\"ead-preview\"><div class=\"ead-document\" style=\"position: relative;\"><div class=\"ead-iframe-wrapper\"><iframe src=\"\/\/docs.google.com\/viewer?url=https%3A%2F%2Fisisbernocchi.edu.it%2Fod%2Fwp-content%2Fuploads%2F2020%2F01%2FIncontro-di-presentazione-del-corso-di-preparazione-al-concorso-straordinario_-2.pdf&amp;embedded=true&amp;hl=en\" title=\"Embedded Document\" class=\"ead-iframe\" style=\"width: 50%;height: 50%;border: none;min-height: 500px;visibility: hidden;\"><\/iframe><\/div>\t\t\t<div class=\"ead-document-loading\" style=\"width:100%;height:100%;position:absolute;left:0;top:0;z-index:10;\">\n\t\t\t\t<div class=\"ead-loading-wrap\">\n\t\t\t\t\t<div class=\"ead-loading-main\">\n\t\t\t\t\t\t<div class=\"ead-loading\">\n\t\t\t\t\t\t\t<img loading=\"lazy\" decoding=\"async\" src=\"https:\/\/isisbernocchi.edu.it\/od\/wp-content\/plugins\/embed-any-document\/images\/loading.svg\" width=\"55\" height=\"55\" alt=\"Loader\">\n\t\t\t\t\t\t\t<span>Loading...<\/span>\n\t\t\t\t\t\t<\/div>\n\t\t\t\t\t<\/div>\n\t\t\t\t\t<div class=\"ead-loading-foot\">\n\t\t\t\t\t\t<div class=\"ead-loading-foot-title\">\n\t\t\t\t\t\t\t<img loading=\"lazy\" decoding=\"async\" src=\"https:\/\/isisbernocchi.edu.it\/od\/wp-content\/plugins\/embed-any-document\/images\/EAD-logo.svg\" alt=\"EAD Logo\" width=\"36\" height=\"23\"\/>\n\t\t\t\t\t\t\t<span>Taking too long?<\/span>\n\t\t\t\t\t\t<\/div>\n\t\t\t\t\t\t<p>\n\t\t\t\t\t\t\t<div class=\"ead-document-btn ead-reload-btn\" role=\"button\">\n\t\t\t\t\t\t\t\t<img loading=\"lazy\" decoding=\"async\" src=\"https:\/\/isisbernocchi.edu.it\/od\/wp-content\/plugins\/embed-any-document\/images\/reload.svg\" alt=\"Reload\" width=\"12\" height=\"12\"\/> Reload document\t\t\t\t\t\t\t<\/div>\n\t\t\t\t\t\t\t<span>|<\/span>\n\t\t\t\t\t\t\t<a href=\"https:\/\/isisbernocchi.edu.it\/od\/wp-content\/uploads\/2020\/01\/Incontro-di-presentazione-del-corso-di-preparazione-al-concorso-straordinario_-2.pdf\" class=\"ead-document-btn\" target=\"_blank\">\n\t\t\t\t\t\t\t\t<img loading=\"lazy\" decoding=\"async\" src=\"https:\/\/isisbernocchi.edu.it\/od\/wp-content\/plugins\/embed-any-document\/images\/open.svg\" alt=\"Open\" width=\"12\" height=\"12\"\/> Open in new tab\t\t\t\t\t\t\t<\/a>\n\t\t\t\t\t<\/div>\n\t\t\t\t<\/div>\n\t\t\t<\/div>\n\t\t<\/div><p class=\"embed_download\"><a href=\"https:\/\/isisbernocchi.edu.it\/od\/wp-content\/uploads\/2020\/01\/Incontro-di-presentazione-del-corso-di-preparazione-al-concorso-straordinario_-2.pdf\" download>Download [59.62 KB] <\/a><\/p><\/div>\n<div class=\"ead-preview\"><div class=\"ead-document\" style=\"position: relative;\"><div class=\"ead-iframe-wrapper\"><iframe src=\"\/\/docs.google.com\/viewer?url=https%3A%2F%2Fisisbernocchi.edu.it%2Fod%2Fwp-content%2Fuploads%2F2020%2F01%2FCorso-di-preparazione-al-concorso-straordinario-1-e-2-grado-1.pdf&amp;embedded=true&amp;hl=en\" title=\"Embedded Document\" class=\"ead-iframe\" style=\"width: 50%;height: 50%;border: none;min-height: 500px;visibility: hidden;\"><\/iframe><\/div>\t\t\t<div class=\"ead-document-loading\" style=\"width:100%;height:100%;position:absolute;left:0;top:0;z-index:10;\">\n\t\t\t\t<div class=\"ead-loading-wrap\">\n\t\t\t\t\t<div class=\"ead-loading-main\">\n\t\t\t\t\t\t<div class=\"ead-loading\">\n\t\t\t\t\t\t\t<img loading=\"lazy\" decoding=\"async\" src=\"https:\/\/isisbernocchi.edu.it\/od\/wp-content\/plugins\/embed-any-document\/images\/loading.svg\" width=\"55\" height=\"55\" alt=\"Loader\">\n\t\t\t\t\t\t\t<span>Loading...<\/span>\n\t\t\t\t\t\t<\/div>\n\t\t\t\t\t<\/div>\n\t\t\t\t\t<div class=\"ead-loading-foot\">\n\t\t\t\t\t\t<div class=\"ead-loading-foot-title\">\n\t\t\t\t\t\t\t<img loading=\"lazy\" decoding=\"async\" src=\"https:\/\/isisbernocchi.edu.it\/od\/wp-content\/plugins\/embed-any-document\/images\/EAD-logo.svg\" alt=\"EAD Logo\" width=\"36\" height=\"23\"\/>\n\t\t\t\t\t\t\t<span>Taking too long?<\/span>\n\t\t\t\t\t\t<\/div>\n\t\t\t\t\t\t<p>\n\t\t\t\t\t\t\t<div class=\"ead-document-btn ead-reload-btn\" role=\"button\">\n\t\t\t\t\t\t\t\t<img loading=\"lazy\" decoding=\"async\" src=\"https:\/\/isisbernocchi.edu.it\/od\/wp-content\/plugins\/embed-any-document\/images\/reload.svg\" alt=\"Reload\" width=\"12\" height=\"12\"\/> Reload document\t\t\t\t\t\t\t<\/div>\n\t\t\t\t\t\t\t<span>|<\/span>\n\t\t\t\t\t\t\t<a href=\"https:\/\/isisbernocchi.edu.it\/od\/wp-content\/uploads\/2020\/01\/Corso-di-preparazione-al-concorso-straordinario-1-e-2-grado-1.pdf\" class=\"ead-document-btn\" target=\"_blank\">\n\t\t\t\t\t\t\t\t<img loading=\"lazy\" decoding=\"async\" src=\"https:\/\/isisbernocchi.edu.it\/od\/wp-content\/plugins\/embed-any-document\/images\/open.svg\" alt=\"Open\" width=\"12\" height=\"12\"\/> Open in new tab\t\t\t\t\t\t\t<\/a>\n\t\t\t\t\t<\/div>\n\t\t\t\t<\/div>\n\t\t\t<\/div>\n\t\t<\/div><p class=\"embed_download\"><a href=\"https:\/\/isisbernocchi.edu.it\/od\/wp-content\/uploads\/2020\/01\/Corso-di-preparazione-al-concorso-straordinario-1-e-2-grado-1.pdf\" download>Download [190.60 KB] <\/a><\/p><\/div>\n<div class=\"ead-preview\"><div class=\"ead-document\" style=\"position: relative;\"><div class=\"ead-iframe-wrapper\"><iframe src=\"\/\/docs.google.com\/viewer?url=https%3A%2F%2Fisisbernocchi.edu.it%2Fod%2Fwp-content%2Fuploads%2F2020%2F01%2FIncontro-presentazione-del-corso-di-preparazione-al-concorso-ordinario_-1.pdf&amp;embedded=true&amp;hl=en\" title=\"Embedded Document\" class=\"ead-iframe\" style=\"width: 50%;height: 50%;border: none;min-height: 500px;visibility: hidden;\"><\/iframe><\/div>\t\t\t<div class=\"ead-document-loading\" style=\"width:100%;height:100%;position:absolute;left:0;top:0;z-index:10;\">\n\t\t\t\t<div class=\"ead-loading-wrap\">\n\t\t\t\t\t<div class=\"ead-loading-main\">\n\t\t\t\t\t\t<div class=\"ead-loading\">\n\t\t\t\t\t\t\t<img loading=\"lazy\" decoding=\"async\" src=\"https:\/\/isisbernocchi.edu.it\/od\/wp-content\/plugins\/embed-any-document\/images\/loading.svg\" width=\"55\" height=\"55\" alt=\"Loader\">\n\t\t\t\t\t\t\t<span>Loading...<\/span>\n\t\t\t\t\t\t<\/div>\n\t\t\t\t\t<\/div>\n\t\t\t\t\t<div class=\"ead-loading-foot\">\n\t\t\t\t\t\t<div class=\"ead-loading-foot-title\">\n\t\t\t\t\t\t\t<img loading=\"lazy\" decoding=\"async\" src=\"https:\/\/isisbernocchi.edu.it\/od\/wp-content\/plugins\/embed-any-document\/images\/EAD-logo.svg\" alt=\"EAD Logo\" width=\"36\" height=\"23\"\/>\n\t\t\t\t\t\t\t<span>Taking too long?<\/span>\n\t\t\t\t\t\t<\/div>\n\t\t\t\t\t\t<p>\n\t\t\t\t\t\t\t<div class=\"ead-document-btn ead-reload-btn\" role=\"button\">\n\t\t\t\t\t\t\t\t<img loading=\"lazy\" decoding=\"async\" src=\"https:\/\/isisbernocchi.edu.it\/od\/wp-content\/plugins\/embed-any-document\/images\/reload.svg\" alt=\"Reload\" width=\"12\" height=\"12\"\/> Reload document\t\t\t\t\t\t\t<\/div>\n\t\t\t\t\t\t\t<span>|<\/span>\n\t\t\t\t\t\t\t<a href=\"https:\/\/isisbernocchi.edu.it\/od\/wp-content\/uploads\/2020\/01\/Incontro-presentazione-del-corso-di-preparazione-al-concorso-ordinario_-1.pdf\" class=\"ead-document-btn\" target=\"_blank\">\n\t\t\t\t\t\t\t\t<img loading=\"lazy\" decoding=\"async\" src=\"https:\/\/isisbernocchi.edu.it\/od\/wp-content\/plugins\/embed-any-document\/images\/open.svg\" alt=\"Open\" width=\"12\" height=\"12\"\/> Open in new tab\t\t\t\t\t\t\t<\/a>\n\t\t\t\t\t<\/div>\n\t\t\t\t<\/div>\n\t\t\t<\/div>\n\t\t<\/div><p class=\"embed_download\"><a href=\"https:\/\/isisbernocchi.edu.it\/od\/wp-content\/uploads\/2020\/01\/Incontro-presentazione-del-corso-di-preparazione-al-concorso-ordinario_-1.pdf\" download>Download [93.35 KB] <\/a><\/p><\/div>\n<div class=\"ead-preview\"><div class=\"ead-document\" style=\"position: relative;\"><div class=\"ead-iframe-wrapper\"><iframe src=\"\/\/docs.google.com\/viewer?url=https%3A%2F%2Fisisbernocchi.edu.it%2Fod%2Fwp-content%2Fuploads%2F2020%2F01%2FCorso-di-preparazione-ai-concorsi-ordinari-di-tutti-gli-ordini_-2.pdf&amp;embedded=true&amp;hl=en\" title=\"Embedded Document\" class=\"ead-iframe\" style=\"width: 50%;height: 50%;border: none;min-height: 500px;visibility: hidden;\"><\/iframe><\/div>\t\t\t<div class=\"ead-document-loading\" style=\"width:100%;height:100%;position:absolute;left:0;top:0;z-index:10;\">\n\t\t\t\t<div class=\"ead-loading-wrap\">\n\t\t\t\t\t<div class=\"ead-loading-main\">\n\t\t\t\t\t\t<div class=\"ead-loading\">\n\t\t\t\t\t\t\t<img loading=\"lazy\" decoding=\"async\" src=\"https:\/\/isisbernocchi.edu.it\/od\/wp-content\/plugins\/embed-any-document\/images\/loading.svg\" width=\"55\" height=\"55\" alt=\"Loader\">\n\t\t\t\t\t\t\t<span>Loading...<\/span>\n\t\t\t\t\t\t<\/div>\n\t\t\t\t\t<\/div>\n\t\t\t\t\t<div class=\"ead-loading-foot\">\n\t\t\t\t\t\t<div class=\"ead-loading-foot-title\">\n\t\t\t\t\t\t\t<img loading=\"lazy\" decoding=\"async\" src=\"https:\/\/isisbernocchi.edu.it\/od\/wp-content\/plugins\/embed-any-document\/images\/EAD-logo.svg\" alt=\"EAD Logo\" width=\"36\" height=\"23\"\/>\n\t\t\t\t\t\t\t<span>Taking too long?<\/span>\n\t\t\t\t\t\t<\/div>\n\t\t\t\t\t\t<p>\n\t\t\t\t\t\t\t<div class=\"ead-document-btn ead-reload-btn\" role=\"button\">\n\t\t\t\t\t\t\t\t<img loading=\"lazy\" decoding=\"async\" src=\"https:\/\/isisbernocchi.edu.it\/od\/wp-content\/plugins\/embed-any-document\/images\/reload.svg\" alt=\"Reload\" width=\"12\" height=\"12\"\/> Reload document\t\t\t\t\t\t\t<\/div>\n\t\t\t\t\t\t\t<span>|<\/span>\n\t\t\t\t\t\t\t<a href=\"https:\/\/isisbernocchi.edu.it\/od\/wp-content\/uploads\/2020\/01\/Corso-di-preparazione-ai-concorsi-ordinari-di-tutti-gli-ordini_-2.pdf\" class=\"ead-document-btn\" target=\"_blank\">\n\t\t\t\t\t\t\t\t<img loading=\"lazy\" decoding=\"async\" src=\"https:\/\/isisbernocchi.edu.it\/od\/wp-content\/plugins\/embed-any-document\/images\/open.svg\" alt=\"Open\" width=\"12\" height=\"12\"\/> Open in new tab\t\t\t\t\t\t\t<\/a>\n\t\t\t\t\t<\/div>\n\t\t\t\t<\/div>\n\t\t\t<\/div>\n\t\t<\/div><p class=\"embed_download\"><a href=\"https:\/\/isisbernocchi.edu.it\/od\/wp-content\/uploads\/2020\/01\/Corso-di-preparazione-ai-concorsi-ordinari-di-tutti-gli-ordini_-2.pdf\" download>Download [188.48 KB] <\/a><\/p><\/div>\n<p>&nbsp;<\/p>\n<p>&nbsp;<\/p>\n<p>&nbsp;<\/p>\n","protected":false},"excerpt":{"rendered":"<p>Automazione dei contratti degli incaricati annuali di religione a.s. 2025\/2026 &nbsp; DOCENTI IMMESSI IN RUOLO E PERIODO DI PROVA &nbsp; Procedura straordinaria &#8211; Approvate le &#8230; <\/p>\n","protected":false},"author":1,"featured_media":0,"parent":0,"menu_order":0,"comment_status":"closed","ping_status":"closed","template":"","meta":{"footnotes":""},"class_list":["post-910","page","type-page","status-publish","hentry"],"jetpack_sharing_enabled":true,"_links":{"self":[{"href":"https:\/\/isisbernocchi.edu.it\/od\/wp-json\/wp\/v2\/pages\/910","targetHints":{"allow":["GET"]}}],"collection":[{"href":"https:\/\/isisbernocchi.edu.it\/od\/wp-json\/wp\/v2\/pages"}],"about":[{"href":"https:\/\/isisbernocchi.edu.it\/od\/wp-json\/wp\/v2\/types\/page"}],"author":[{"embeddable":true,"href":"https:\/\/isisbernocchi.edu.it\/od\/wp-json\/wp\/v2\/users\/1"}],"replies":[{"embeddable":true,"href":"https:\/\/isisbernocchi.edu.it\/od\/wp-json\/wp\/v2\/comments?post=910"}],"version-history":[{"count":256,"href":"https:\/\/isisbernocchi.edu.it\/od\/wp-json\/wp\/v2\/pages\/910\/revisions"}],"predecessor-version":[{"id":38472,"href":"https:\/\/isisbernocchi.edu.it\/od\/wp-json\/wp\/v2\/pages\/910\/revisions\/38472"}],"wp:attachment":[{"href":"https:\/\/isisbernocchi.edu.it\/od\/wp-json\/wp\/v2\/media?parent=910"}],"curies":[{"name":"wp","href":"https:\/\/api.w.org\/{rel}","templated":true}]}}